



{"id":510,"date":"2023-10-01T11:28:35","date_gmt":"2023-10-01T08:28:35","guid":{"rendered":"https:\/\/turunlennokkiseura.com\/tls\/?page_id=510"},"modified":"2023-11-15T22:07:42","modified_gmt":"2023-11-15T19:07:42","slug":"kuvia-lennattamaan-avoimien-ovien-paiva-23-9-2023","status":"publish","type":"page","link":"https:\/\/turunlennokkiseura.com\/tls\/kuvia-lennattamaan-avoimien-ovien-paiva-23-9-2023\/","title":{"rendered":"Media &#8211; Lenn\u00e4tt\u00e4m\u00e4\u00e4n tapahtuma 23.9.2023"},"content":{"rendered":"\n<p> <\/p>\n\n\n\n<figure class=\"wp-block-embed is-type-video is-provider-youtube wp-block-embed-youtube wp-embed-aspect-4-3 wp-has-aspect-ratio\"><div class=\"wp-block-embed__wrapper\">\n<iframe loading=\"lazy\" title=\"TLS Lenn\u00e4tt\u00e4m\u00e4\u00e4n avoimien ovien p\u00e4iv\u00e4 23.9.2023\" width=\"500\" height=\"375\" src=\"https:\/\/www.youtube.com\/embed\/W3Ss92GzwHA?feature=oembed\" frameborder=\"0\" allow=\"accelerometer; autoplay; clipboard-write; encrypted-media; gyroscope; picture-in-picture; web-share\" referrerpolicy=\"strict-origin-when-cross-origin\" allowfullscreen><\/iframe>\n<\/div><figcaption class=\"wp-element-caption\">Time-lapse video tapahtumap\u00e4iv\u00e4lt\u00e4.<\/figcaption><\/figure>\n\n\n\n<figure class=\"wp-block-embed is-type-video is-provider-youtube wp-block-embed-youtube wp-embed-aspect-16-9 wp-has-aspect-ratio\"><div class=\"wp-block-embed__wrapper\">\n<iframe loading=\"lazy\" title=\"FPV drone video by Matti\" width=\"500\" height=\"281\" src=\"https:\/\/www.youtube.com\/embed\/xpB4JLHXl4Y?feature=oembed\" frameborder=\"0\" allow=\"accelerometer; autoplay; clipboard-write; encrypted-media; gyroscope; picture-in-picture; web-share\" referrerpolicy=\"strict-origin-when-cross-origin\" allowfullscreen><\/iframe>\n<\/div><figcaption class=\"wp-element-caption\">Matin tekem\u00e4 hieno video drone-lenn\u00e4tyksest\u00e4 Paattisilla <\/figcaption><\/figure>\n\n\n<div class=\"pgc-sgb-cb wp-block-pgcsimplygalleryblock-grid \" data-gallery-id=\"ecb76047\"><div class=\"sgb-preloader\" id=\"pr_ecb76047\">\n\t<div class=\"sgb-square\" style=\"background:#d4d4d4\"><\/div>\n\t<div class=\"sgb-square\" style=\"background:#d4d4d4\"><\/div>\n\t<div class=\"sgb-square\" style=\"background:#d4d4d4\"><\/div>\n\t<div class=\"sgb-square\" style=\"background:#d4d4d4\"><\/div><\/div><div class=\"simply-gallery-amp pgc_sgb_slider \"><noscript><div class=\"sgb-gallery\"><div class=\"sgb-item\"><a href=\"https:\/\/turunlennokkiseura.com\/tls\/kuvia-lennattamaan-avoimien-ovien-paiva-23-9-2023\/20230923_094116\/\" target=\"_blank\"><img decoding=\"async\" alt=\"\" width=\"169\" height=\"300\" loading=\"lazy\" src=\"https:\/\/turunlennokkiseura.com\/tls\/wp-content\/uploads\/2023\/10\/20230923_094116-169x300.jpg\" srcset=\"https:\/\/turunlennokkiseura.com\/tls\/wp-content\/uploads\/2023\/10\/20230923_094116-169x300.jpg 169w,https:\/\/turunlennokkiseura.com\/tls\/wp-content\/uploads\/2023\/10\/20230923_094116-576x1024.jpg 576w,https:\/\/turunlennokkiseura.com\/tls\/wp-content\/uploads\/2023\/10\/20230923_094116.jpg 1351w\" sizes=\"auto, 250px\"\/><\/a><div class=\"sgb-item-caption\"><em>Opaste Sakontien alussa<\/em><\/div><\/div><div class=\"sgb-item\"><a href=\"https:\/\/turunlennokkiseura.com\/tls\/kuvia-lennattamaan-avoimien-ovien-paiva-23-9-2023\/videocapture_20231006-120035\/\" target=\"_blank\"><img decoding=\"async\" alt=\"\" width=\"300\" height=\"169\" loading=\"lazy\" src=\"https:\/\/turunlennokkiseura.com\/tls\/wp-content\/uploads\/2023\/10\/VideoCapture_20231006-120035-300x169.jpg\" srcset=\"https:\/\/turunlennokkiseura.com\/tls\/wp-content\/uploads\/2023\/10\/VideoCapture_20231006-120035-300x169.jpg 300w,https:\/\/turunlennokkiseura.com\/tls\/wp-content\/uploads\/2023\/10\/VideoCapture_20231006-120035-1024x576.jpg 1024w,https:\/\/turunlennokkiseura.com\/tls\/wp-content\/uploads\/2023\/10\/VideoCapture_20231006-120035.jpg 1920w\" sizes=\"auto, 250px\"\/><\/a><div class=\"sgb-item-caption\"><em>Pitts savuilla<\/em><\/div><\/div><div class=\"sgb-item\"><a href=\"https:\/\/turunlennokkiseura.com\/tls\/kuvia-lennattamaan-avoimien-ovien-paiva-23-9-2023\/20230923_115424\/\" target=\"_blank\"><img decoding=\"async\" alt=\"\" width=\"169\" height=\"300\" loading=\"lazy\" src=\"https:\/\/turunlennokkiseura.com\/tls\/wp-content\/uploads\/2023\/10\/20230923_115424-169x300.jpg\" srcset=\"https:\/\/turunlennokkiseura.com\/tls\/wp-content\/uploads\/2023\/10\/20230923_115424-169x300.jpg 169w,https:\/\/turunlennokkiseura.com\/tls\/wp-content\/uploads\/2023\/10\/20230923_115424-576x1024.jpg 576w,https:\/\/turunlennokkiseura.com\/tls\/wp-content\/uploads\/2023\/10\/20230923_115424.jpg 792w\" sizes=\"auto, 250px\"\/><\/a><div class=\"sgb-item-caption\"><em>MEGA- Jamppu <\/em><\/div><\/div><div class=\"sgb-item\"><a href=\"https:\/\/turunlennokkiseura.com\/tls\/kuvia-lennattamaan-avoimien-ovien-paiva-23-9-2023\/2023-10-02_11-27-22\/\" target=\"_blank\"><img decoding=\"async\" alt=\"\" width=\"300\" height=\"169\" loading=\"lazy\" src=\"https:\/\/turunlennokkiseura.com\/tls\/wp-content\/uploads\/2023\/10\/2023-10-02_11-27-22-300x169.jpg\" srcset=\"https:\/\/turunlennokkiseura.com\/tls\/wp-content\/uploads\/2023\/10\/2023-10-02_11-27-22-300x169.jpg 300w,https:\/\/turunlennokkiseura.com\/tls\/wp-content\/uploads\/2023\/10\/2023-10-02_11-27-22.jpg 320w\" sizes=\"auto, 250px\"\/><\/a><\/div><div class=\"sgb-item\"><a href=\"https:\/\/turunlennokkiseura.com\/tls\/kuvia-lennattamaan-avoimien-ovien-paiva-23-9-2023\/20230923_113852\/\" target=\"_blank\"><img decoding=\"async\" alt=\"\" width=\"300\" height=\"170\" loading=\"lazy\" src=\"https:\/\/turunlennokkiseura.com\/tls\/wp-content\/uploads\/2023\/10\/20230923_113852-300x170.jpg\" srcset=\"https:\/\/turunlennokkiseura.com\/tls\/wp-content\/uploads\/2023\/10\/20230923_113852-300x170.jpg 300w,https:\/\/turunlennokkiseura.com\/tls\/wp-content\/uploads\/2023\/10\/20230923_113852-1024x579.jpg 1024w,https:\/\/turunlennokkiseura.com\/tls\/wp-content\/uploads\/2023\/10\/20230923_113852.jpg 1888w\" sizes=\"auto, 250px\"\/><\/a><\/div><div class=\"sgb-item\"><a href=\"https:\/\/turunlennokkiseura.com\/tls\/kuvia-lennattamaan-avoimien-ovien-paiva-23-9-2023\/20230923_114021\/\" target=\"_blank\"><img decoding=\"async\" alt=\"\" width=\"300\" height=\"169\" loading=\"lazy\" src=\"https:\/\/turunlennokkiseura.com\/tls\/wp-content\/uploads\/2023\/10\/20230923_114021-300x169.jpg\" srcset=\"https:\/\/turunlennokkiseura.com\/tls\/wp-content\/uploads\/2023\/10\/20230923_114021-300x169.jpg 300w,https:\/\/turunlennokkiseura.com\/tls\/wp-content\/uploads\/2023\/10\/20230923_114021-1024x576.jpg 1024w,https:\/\/turunlennokkiseura.com\/tls\/wp-content\/uploads\/2023\/10\/20230923_114021.jpg 2400w\" sizes=\"auto, 250px\"\/><\/a><\/div><div class=\"sgb-item\"><a href=\"https:\/\/turunlennokkiseura.com\/tls\/kuvia-lennattamaan-avoimien-ovien-paiva-23-9-2023\/videocapture_20231002-005323\/\" target=\"_blank\"><img decoding=\"async\" alt=\"\" width=\"300\" height=\"169\" loading=\"lazy\" src=\"https:\/\/turunlennokkiseura.com\/tls\/wp-content\/uploads\/2023\/10\/VideoCapture_20231002-005323-300x169.jpg\" srcset=\"https:\/\/turunlennokkiseura.com\/tls\/wp-content\/uploads\/2023\/10\/VideoCapture_20231002-005323-300x169.jpg 300w,https:\/\/turunlennokkiseura.com\/tls\/wp-content\/uploads\/2023\/10\/VideoCapture_20231002-005323-1024x576.jpg 1024w,https:\/\/turunlennokkiseura.com\/tls\/wp-content\/uploads\/2023\/10\/VideoCapture_20231002-005323-scaled.jpg 2560w\" sizes=\"auto, 250px\"\/><\/a><div class=\"sgb-item-caption\"><em>Drone<\/em><\/div><\/div><div class=\"sgb-item\"><a href=\"https:\/\/turunlennokkiseura.com\/tls\/kuvia-lennattamaan-avoimien-ovien-paiva-23-9-2023\/20230923_143322\/\" target=\"_blank\"><img decoding=\"async\" alt=\"\" width=\"300\" height=\"169\" loading=\"lazy\" src=\"https:\/\/turunlennokkiseura.com\/tls\/wp-content\/uploads\/2023\/10\/20230923_143322-300x169.jpg\" srcset=\"https:\/\/turunlennokkiseura.com\/tls\/wp-content\/uploads\/2023\/10\/20230923_143322-300x169.jpg 300w,https:\/\/turunlennokkiseura.com\/tls\/wp-content\/uploads\/2023\/10\/20230923_143322-1024x576.jpg 1024w,https:\/\/turunlennokkiseura.com\/tls\/wp-content\/uploads\/2023\/10\/20230923_143322.jpg 2400w\" sizes=\"auto, 250px\"\/><\/a><div class=\"sgb-item-caption\"><em>Ritsaliidokki<\/em><\/div><\/div><div class=\"sgb-item\"><a href=\"https:\/\/turunlennokkiseura.com\/tls\/kuvia-lennattamaan-avoimien-ovien-paiva-23-9-2023\/videocapture_20231006-120901\/\" target=\"_blank\"><img decoding=\"async\" alt=\"\" width=\"300\" height=\"169\" loading=\"lazy\" src=\"https:\/\/turunlennokkiseura.com\/tls\/wp-content\/uploads\/2023\/10\/VideoCapture_20231006-120901-300x169.jpg\" srcset=\"https:\/\/turunlennokkiseura.com\/tls\/wp-content\/uploads\/2023\/10\/VideoCapture_20231006-120901-300x169.jpg 300w,https:\/\/turunlennokkiseura.com\/tls\/wp-content\/uploads\/2023\/10\/VideoCapture_20231006-120901-1024x576.jpg 1024w,https:\/\/turunlennokkiseura.com\/tls\/wp-content\/uploads\/2023\/10\/VideoCapture_20231006-120901.jpg 1920w\" sizes=\"auto, 250px\"\/><\/a><\/div><div class=\"sgb-item\"><a href=\"https:\/\/turunlennokkiseura.com\/tls\/kuvia-lennattamaan-avoimien-ovien-paiva-23-9-2023\/20230923_143246\/\" target=\"_blank\"><img decoding=\"async\" alt=\"\" width=\"169\" height=\"300\" loading=\"lazy\" src=\"https:\/\/turunlennokkiseura.com\/tls\/wp-content\/uploads\/2023\/10\/20230923_143246-169x300.jpg\" srcset=\"https:\/\/turunlennokkiseura.com\/tls\/wp-content\/uploads\/2023\/10\/20230923_143246-169x300.jpg 169w,https:\/\/turunlennokkiseura.com\/tls\/wp-content\/uploads\/2023\/10\/20230923_143246.jpg 1351w\" sizes=\"auto, 250px\"\/><\/a><div class=\"sgb-item-caption\"><em>Traineri ahkerasti ilmassa<\/em><\/div><\/div><div class=\"sgb-item\"><a href=\"https:\/\/turunlennokkiseura.com\/tls\/kuvia-lennattamaan-avoimien-ovien-paiva-23-9-2023\/videocapture_20231002-005119\/\" target=\"_blank\"><img decoding=\"async\" alt=\"\" width=\"300\" height=\"300\" loading=\"lazy\" src=\"https:\/\/turunlennokkiseura.com\/tls\/wp-content\/uploads\/2023\/10\/VideoCapture_20231002-005119.jpg\" srcset=\",https:\/\/turunlennokkiseura.com\/tls\/wp-content\/uploads\/2023\/10\/VideoCapture_20231002-005119.jpg 300w\" sizes=\"auto, 250px\"\/><\/a><div class=\"sgb-item-caption\"><em>FPV &#8221;maali&#8221;<\/em><\/div><\/div><div class=\"sgb-item\"><a href=\"https:\/\/turunlennokkiseura.com\/tls\/kuvia-lennattamaan-avoimien-ovien-paiva-23-9-2023\/videocapture_20231006-121159\/\" target=\"_blank\"><img decoding=\"async\" alt=\"\" width=\"300\" height=\"169\" loading=\"lazy\" src=\"https:\/\/turunlennokkiseura.com\/tls\/wp-content\/uploads\/2023\/10\/VideoCapture_20231006-121159-300x169.jpg\" srcset=\"https:\/\/turunlennokkiseura.com\/tls\/wp-content\/uploads\/2023\/10\/VideoCapture_20231006-121159-300x169.jpg 300w,https:\/\/turunlennokkiseura.com\/tls\/wp-content\/uploads\/2023\/10\/VideoCapture_20231006-121159-1024x576.jpg 1024w,https:\/\/turunlennokkiseura.com\/tls\/wp-content\/uploads\/2023\/10\/VideoCapture_20231006-121159.jpg 1920w\" sizes=\"auto, 250px\"\/><\/a><div class=\"sgb-item-caption\"><em>Ari ja siimalennokki<\/em><\/div><\/div><div class=\"sgb-item\"><a href=\"https:\/\/turunlennokkiseura.com\/tls\/kuvia-lennattamaan-avoimien-ovien-paiva-23-9-2023\/20230923_143400\/\" target=\"_blank\"><img decoding=\"async\" alt=\"\" width=\"300\" height=\"169\" loading=\"lazy\" src=\"https:\/\/turunlennokkiseura.com\/tls\/wp-content\/uploads\/2023\/10\/20230923_143400-300x169.jpg\" srcset=\"https:\/\/turunlennokkiseura.com\/tls\/wp-content\/uploads\/2023\/10\/20230923_143400-300x169.jpg 300w,https:\/\/turunlennokkiseura.com\/tls\/wp-content\/uploads\/2023\/10\/20230923_143400-1024x576.jpg 1024w,https:\/\/turunlennokkiseura.com\/tls\/wp-content\/uploads\/2023\/10\/20230923_143400.jpg 2400w\" sizes=\"auto, 250px\"\/><\/a><div class=\"sgb-item-caption\"><em>Ostaa vai myyd\u00e4?<\/em><\/div><\/div><div class=\"sgb-item\"><a href=\"https:\/\/turunlennokkiseura.com\/tls\/kuvia-lennattamaan-avoimien-ovien-paiva-23-9-2023\/20230923_105743\/\" target=\"_blank\"><img decoding=\"async\" alt=\"\" width=\"300\" height=\"169\" loading=\"lazy\" src=\"https:\/\/turunlennokkiseura.com\/tls\/wp-content\/uploads\/2023\/10\/20230923_105743-300x169.jpg\" srcset=\"https:\/\/turunlennokkiseura.com\/tls\/wp-content\/uploads\/2023\/10\/20230923_105743-300x169.jpg 300w,https:\/\/turunlennokkiseura.com\/tls\/wp-content\/uploads\/2023\/10\/20230923_105743-1024x576.jpg 1024w,https:\/\/turunlennokkiseura.com\/tls\/wp-content\/uploads\/2023\/10\/20230923_105743.jpg 2400w\" sizes=\"auto, 250px\"\/><\/a><\/div><div class=\"sgb-item\"><a href=\"https:\/\/turunlennokkiseura.com\/tls\/kuvia-lennattamaan-avoimien-ovien-paiva-23-9-2023\/videocapture_20231002-005007\/\" target=\"_blank\"><img decoding=\"async\" alt=\"\" width=\"300\" height=\"169\" loading=\"lazy\" src=\"https:\/\/turunlennokkiseura.com\/tls\/wp-content\/uploads\/2023\/10\/VideoCapture_20231002-005007-300x169.jpg\" srcset=\"https:\/\/turunlennokkiseura.com\/tls\/wp-content\/uploads\/2023\/10\/VideoCapture_20231002-005007-300x169.jpg 300w,https:\/\/turunlennokkiseura.com\/tls\/wp-content\/uploads\/2023\/10\/VideoCapture_20231002-005007-1024x576.jpg 1024w,https:\/\/turunlennokkiseura.com\/tls\/wp-content\/uploads\/2023\/10\/VideoCapture_20231002-005007.jpg 1920w\" sizes=\"auto, 250px\"\/><\/a><div class=\"sgb-item-caption\"><em>Matti N. FPV Drone <\/em><\/div><\/div><div class=\"sgb-item\"><a href=\"https:\/\/turunlennokkiseura.com\/tls\/kuvia-lennattamaan-avoimien-ovien-paiva-23-9-2023\/20230923_140124\/\" target=\"_blank\"><img decoding=\"async\" alt=\"\" width=\"300\" height=\"170\" loading=\"lazy\" src=\"https:\/\/turunlennokkiseura.com\/tls\/wp-content\/uploads\/2023\/10\/20230923_140124-300x170.jpg\" srcset=\"https:\/\/turunlennokkiseura.com\/tls\/wp-content\/uploads\/2023\/10\/20230923_140124-300x170.jpg 300w,https:\/\/turunlennokkiseura.com\/tls\/wp-content\/uploads\/2023\/10\/20230923_140124-1024x580.jpg 1024w,https:\/\/turunlennokkiseura.com\/tls\/wp-content\/uploads\/2023\/10\/20230923_140124.jpg 2520w\" sizes=\"auto, 250px\"\/><\/a><div class=\"sgb-item-caption\"><em>Lippisch<\/em><\/div><\/div><div class=\"sgb-item\"><a href=\"https:\/\/turunlennokkiseura.com\/tls\/kuvia-lennattamaan-avoimien-ovien-paiva-23-9-2023\/20230923_143156\/\" target=\"_blank\"><img decoding=\"async\" alt=\"\" width=\"300\" height=\"169\" loading=\"lazy\" src=\"https:\/\/turunlennokkiseura.com\/tls\/wp-content\/uploads\/2023\/10\/20230923_143156-300x169.jpg\" srcset=\"https:\/\/turunlennokkiseura.com\/tls\/wp-content\/uploads\/2023\/10\/20230923_143156-300x169.jpg 300w,https:\/\/turunlennokkiseura.com\/tls\/wp-content\/uploads\/2023\/10\/20230923_143156-1024x576.jpg 1024w,https:\/\/turunlennokkiseura.com\/tls\/wp-content\/uploads\/2023\/10\/20230923_143156.jpg 2400w\" sizes=\"auto, 250px\"\/><\/a><\/div><div class=\"sgb-item\"><a href=\"https:\/\/turunlennokkiseura.com\/tls\/kuvia-lennattamaan-avoimien-ovien-paiva-23-9-2023\/20230923_143033\/\" target=\"_blank\"><img decoding=\"async\" alt=\"\" width=\"300\" height=\"169\" loading=\"lazy\" src=\"https:\/\/turunlennokkiseura.com\/tls\/wp-content\/uploads\/2023\/10\/20230923_143033-300x169.jpg\" srcset=\"https:\/\/turunlennokkiseura.com\/tls\/wp-content\/uploads\/2023\/10\/20230923_143033-300x169.jpg 300w,https:\/\/turunlennokkiseura.com\/tls\/wp-content\/uploads\/2023\/10\/20230923_143033-1024x576.jpg 1024w,https:\/\/turunlennokkiseura.com\/tls\/wp-content\/uploads\/2023\/10\/20230923_143033.jpg 2400w\" sizes=\"auto, 250px\"\/><\/a><div class=\"sgb-item-caption\"><em>Siimis<\/em><\/div><\/div><div class=\"sgb-item\"><a href=\"https:\/\/turunlennokkiseura.com\/tls\/kuvia-lennattamaan-avoimien-ovien-paiva-23-9-2023\/20230923_140301\/\" target=\"_blank\"><img decoding=\"async\" alt=\"\" width=\"300\" height=\"169\" loading=\"lazy\" src=\"https:\/\/turunlennokkiseura.com\/tls\/wp-content\/uploads\/2023\/10\/20230923_140301-300x169.jpg\" srcset=\"https:\/\/turunlennokkiseura.com\/tls\/wp-content\/uploads\/2023\/10\/20230923_140301-300x169.jpg 300w,https:\/\/turunlennokkiseura.com\/tls\/wp-content\/uploads\/2023\/10\/20230923_140301-1024x576.jpg 1024w,https:\/\/turunlennokkiseura.com\/tls\/wp-content\/uploads\/2023\/10\/20230923_140301-scaled.jpg 2560w\" sizes=\"auto, 250px\"\/><\/a><\/div><div class=\"sgb-item\"><a href=\"https:\/\/turunlennokkiseura.com\/tls\/kuvia-lennattamaan-avoimien-ovien-paiva-23-9-2023\/20230923_133701\/\" target=\"_blank\"><img decoding=\"async\" alt=\"\" width=\"169\" height=\"300\" loading=\"lazy\" src=\"https:\/\/turunlennokkiseura.com\/tls\/wp-content\/uploads\/2023\/10\/20230923_133701-169x300.jpg\" srcset=\"https:\/\/turunlennokkiseura.com\/tls\/wp-content\/uploads\/2023\/10\/20230923_133701-169x300.jpg 169w,https:\/\/turunlennokkiseura.com\/tls\/wp-content\/uploads\/2023\/10\/20230923_133701-576x1024.jpg 576w,https:\/\/turunlennokkiseura.com\/tls\/wp-content\/uploads\/2023\/10\/20230923_133701.jpg 1351w\" sizes=\"auto, 250px\"\/><\/a><\/div><div class=\"sgb-item\"><a href=\"https:\/\/turunlennokkiseura.com\/tls\/kuvia-lennattamaan-avoimien-ovien-paiva-23-9-2023\/20230923_143235\/\" target=\"_blank\"><img decoding=\"async\" alt=\"\" width=\"169\" height=\"300\" loading=\"lazy\" src=\"https:\/\/turunlennokkiseura.com\/tls\/wp-content\/uploads\/2023\/10\/20230923_143235-169x300.jpg\" srcset=\"https:\/\/turunlennokkiseura.com\/tls\/wp-content\/uploads\/2023\/10\/20230923_143235-169x300.jpg 169w,https:\/\/turunlennokkiseura.com\/tls\/wp-content\/uploads\/2023\/10\/20230923_143235-576x1024.jpg 576w,https:\/\/turunlennokkiseura.com\/tls\/wp-content\/uploads\/2023\/10\/20230923_143235.jpg 1351w\" sizes=\"auto, 250px\"\/><\/a><\/div><\/div><\/noscript><\/div><script type=\"application\/json\" class=\"sgb-data\">{\"galleryType\":\"pgc_sgb_grid\",\"galleryId\":\"ecb76047\",\"images\":[{\"id\":548,\"title\":\"20230923_094116\",\"url\":\"https:\/\/turunlennokkiseura.com\/tls\/wp-content\/uploads\/2023\/10\/20230923_094116.jpg\",\"link\":\"https:\/\/turunlennokkiseura.com\/tls\/kuvia-lennattamaan-avoimien-ovien-paiva-23-9-2023\/20230923_094116\/\",\"alt\":\"\",\"description\":\"\",\"caption\":\"Opaste Sakontien alussa\",\"mime\":\"image\/jpeg\",\"type\":\"image\",\"width\":1351,\"height\":2400,\"sizes\":{\"thumbnail\":{\"height\":150,\"width\":150,\"url\":\"https:\/\/turunlennokkiseura.com\/tls\/wp-content\/uploads\/2023\/10\/20230923_094116-150x150.jpg\",\"orientation\":\"landscape\"},\"medium\":{\"height\":300,\"width\":169,\"url\":\"https:\/\/turunlennokkiseura.com\/tls\/wp-content\/uploads\/2023\/10\/20230923_094116-169x300.jpg\",\"orientation\":\"portrait\"},\"large\":{\"height\":1024,\"width\":576,\"url\":\"https:\/\/turunlennokkiseura.com\/tls\/wp-content\/uploads\/2023\/10\/20230923_094116-576x1024.jpg\",\"orientation\":\"portrait\"},\"full\":{\"url\":\"https:\/\/turunlennokkiseura.com\/tls\/wp-content\/uploads\/2023\/10\/20230923_094116.jpg\",\"height\":2400,\"width\":1351,\"orientation\":\"portrait\"}},\"imageMeta\":{\"aperture\":\"1.8\",\"credit\":\"\",\"camera\":\"SM-S908B\",\"caption\":\"\",\"created_timestamp\":\"1695462076\",\"copyright\":\"\",\"focal_length\":\"6.4\",\"iso\":\"50\",\"shutter_speed\":\"0.0037\",\"title\":\"\",\"orientation\":\"1\",\"keywords\":[]},\"meta\":false,\"postlink\":\"https:\/\/turunlennokkiseura.com\/tls\/kuvia-lennattamaan-avoimien-ovien-paiva-23-9-2023\/20230923_094116\/\"},{\"id\":551,\"title\":\"VideoCapture_20231006-120035\",\"url\":\"https:\/\/turunlennokkiseura.com\/tls\/wp-content\/uploads\/2023\/10\/VideoCapture_20231006-120035.jpg\",\"link\":\"https:\/\/turunlennokkiseura.com\/tls\/kuvia-lennattamaan-avoimien-ovien-paiva-23-9-2023\/videocapture_20231006-120035\/\",\"alt\":\"\",\"description\":\"\",\"caption\":\"Pitts savuilla\",\"mime\":\"image\/jpeg\",\"type\":\"image\",\"width\":1920,\"height\":1080,\"sizes\":{\"thumbnail\":{\"height\":150,\"width\":150,\"url\":\"https:\/\/turunlennokkiseura.com\/tls\/wp-content\/uploads\/2023\/10\/VideoCapture_20231006-120035-150x150.jpg\",\"orientation\":\"landscape\"},\"medium\":{\"height\":169,\"width\":300,\"url\":\"https:\/\/turunlennokkiseura.com\/tls\/wp-content\/uploads\/2023\/10\/VideoCapture_20231006-120035-300x169.jpg\",\"orientation\":\"landscape\"},\"large\":{\"height\":576,\"width\":1024,\"url\":\"https:\/\/turunlennokkiseura.com\/tls\/wp-content\/uploads\/2023\/10\/VideoCapture_20231006-120035-1024x576.jpg\",\"orientation\":\"landscape\"},\"full\":{\"url\":\"https:\/\/turunlennokkiseura.com\/tls\/wp-content\/uploads\/2023\/10\/VideoCapture_20231006-120035.jpg\",\"height\":1080,\"width\":1920,\"orientation\":\"landscape\"}},\"imageMeta\":{\"aperture\":\"0\",\"credit\":\"\",\"camera\":\"\",\"caption\":\"\",\"created_timestamp\":\"0\",\"copyright\":\"\",\"focal_length\":\"0\",\"iso\":\"0\",\"shutter_speed\":\"0\",\"title\":\"\",\"orientation\":\"0\",\"keywords\":[]},\"meta\":false,\"postlink\":\"https:\/\/turunlennokkiseura.com\/tls\/kuvia-lennattamaan-avoimien-ovien-paiva-23-9-2023\/videocapture_20231006-120035\/\"},{\"id\":552,\"title\":\"20230923_115424\",\"url\":\"https:\/\/turunlennokkiseura.com\/tls\/wp-content\/uploads\/2023\/10\/20230923_115424.jpg\",\"link\":\"https:\/\/turunlennokkiseura.com\/tls\/kuvia-lennattamaan-avoimien-ovien-paiva-23-9-2023\/20230923_115424\/\",\"alt\":\"\",\"description\":\"\",\"caption\":\"MEGA- Jamppu \",\"mime\":\"image\/jpeg\",\"type\":\"image\",\"width\":792,\"height\":1408,\"sizes\":{\"thumbnail\":{\"height\":150,\"width\":150,\"url\":\"https:\/\/turunlennokkiseura.com\/tls\/wp-content\/uploads\/2023\/10\/20230923_115424-150x150.jpg\",\"orientation\":\"landscape\"},\"medium\":{\"height\":300,\"width\":169,\"url\":\"https:\/\/turunlennokkiseura.com\/tls\/wp-content\/uploads\/2023\/10\/20230923_115424-169x300.jpg\",\"orientation\":\"portrait\"},\"large\":{\"height\":1024,\"width\":576,\"url\":\"https:\/\/turunlennokkiseura.com\/tls\/wp-content\/uploads\/2023\/10\/20230923_115424-576x1024.jpg\",\"orientation\":\"portrait\"},\"full\":{\"url\":\"https:\/\/turunlennokkiseura.com\/tls\/wp-content\/uploads\/2023\/10\/20230923_115424.jpg\",\"height\":1408,\"width\":792,\"orientation\":\"portrait\"}},\"imageMeta\":{\"aperture\":\"1.8\",\"credit\":\"\",\"camera\":\"SM-S908B\",\"caption\":\"\",\"created_timestamp\":\"1695470064\",\"copyright\":\"\",\"focal_length\":\"6.4\",\"iso\":\"50\",\"shutter_speed\":\"0.002\",\"title\":\"\",\"orientation\":\"1\",\"keywords\":[]},\"meta\":false,\"postlink\":\"https:\/\/turunlennokkiseura.com\/tls\/kuvia-lennattamaan-avoimien-ovien-paiva-23-9-2023\/20230923_115424\/\"},{\"id\":553,\"title\":\"2023-10-02_11-27-22\",\"url\":\"https:\/\/turunlennokkiseura.com\/tls\/wp-content\/uploads\/2023\/10\/2023-10-02_11-27-22.jpg\",\"link\":\"https:\/\/turunlennokkiseura.com\/tls\/kuvia-lennattamaan-avoimien-ovien-paiva-23-9-2023\/2023-10-02_11-27-22\/\",\"alt\":\"\",\"description\":\"\",\"caption\":\"\",\"mime\":\"image\/jpeg\",\"type\":\"image\",\"width\":320,\"height\":180,\"sizes\":{\"thumbnail\":{\"height\":150,\"width\":150,\"url\":\"https:\/\/turunlennokkiseura.com\/tls\/wp-content\/uploads\/2023\/10\/2023-10-02_11-27-22-150x150.jpg\",\"orientation\":\"landscape\"},\"medium\":{\"height\":169,\"width\":300,\"url\":\"https:\/\/turunlennokkiseura.com\/tls\/wp-content\/uploads\/2023\/10\/2023-10-02_11-27-22-300x169.jpg\",\"orientation\":\"landscape\"},\"full\":{\"url\":\"https:\/\/turunlennokkiseura.com\/tls\/wp-content\/uploads\/2023\/10\/2023-10-02_11-27-22.jpg\",\"height\":180,\"width\":320,\"orientation\":\"landscape\"}},\"imageMeta\":{\"aperture\":\"0\",\"credit\":\"\",\"camera\":\"\",\"caption\":\"\",\"created_timestamp\":\"0\",\"copyright\":\"\",\"focal_length\":\"0\",\"iso\":\"0\",\"shutter_speed\":\"0\",\"title\":\"\",\"orientation\":\"0\",\"keywords\":[]},\"meta\":false,\"postlink\":\"https:\/\/turunlennokkiseura.com\/tls\/kuvia-lennattamaan-avoimien-ovien-paiva-23-9-2023\/2023-10-02_11-27-22\/\"},{\"id\":554,\"title\":\"20230923_113852\",\"url\":\"https:\/\/turunlennokkiseura.com\/tls\/wp-content\/uploads\/2023\/10\/20230923_113852.jpg\",\"link\":\"https:\/\/turunlennokkiseura.com\/tls\/kuvia-lennattamaan-avoimien-ovien-paiva-23-9-2023\/20230923_113852\/\",\"alt\":\"\",\"description\":\"\",\"caption\":\"\",\"mime\":\"image\/jpeg\",\"type\":\"image\",\"width\":1888,\"height\":1067,\"sizes\":{\"thumbnail\":{\"height\":150,\"width\":150,\"url\":\"https:\/\/turunlennokkiseura.com\/tls\/wp-content\/uploads\/2023\/10\/20230923_113852-150x150.jpg\",\"orientation\":\"landscape\"},\"medium\":{\"height\":170,\"width\":300,\"url\":\"https:\/\/turunlennokkiseura.com\/tls\/wp-content\/uploads\/2023\/10\/20230923_113852-300x170.jpg\",\"orientation\":\"landscape\"},\"large\":{\"height\":579,\"width\":1024,\"url\":\"https:\/\/turunlennokkiseura.com\/tls\/wp-content\/uploads\/2023\/10\/20230923_113852-1024x579.jpg\",\"orientation\":\"landscape\"},\"full\":{\"url\":\"https:\/\/turunlennokkiseura.com\/tls\/wp-content\/uploads\/2023\/10\/20230923_113852.jpg\",\"height\":1067,\"width\":1888,\"orientation\":\"landscape\"}},\"imageMeta\":{\"aperture\":\"2.4\",\"credit\":\"\",\"camera\":\"SM-S908B\",\"caption\":\"\",\"created_timestamp\":\"1695469132\",\"copyright\":\"\",\"focal_length\":\"7.9\",\"iso\":\"50\",\"shutter_speed\":\"0.002\",\"title\":\"\",\"orientation\":\"1\",\"keywords\":[]},\"meta\":false,\"postlink\":\"https:\/\/turunlennokkiseura.com\/tls\/kuvia-lennattamaan-avoimien-ovien-paiva-23-9-2023\/20230923_113852\/\"},{\"id\":555,\"title\":\"20230923_114021\",\"url\":\"https:\/\/turunlennokkiseura.com\/tls\/wp-content\/uploads\/2023\/10\/20230923_114021.jpg\",\"link\":\"https:\/\/turunlennokkiseura.com\/tls\/kuvia-lennattamaan-avoimien-ovien-paiva-23-9-2023\/20230923_114021\/\",\"alt\":\"\",\"description\":\"\",\"caption\":\"\",\"mime\":\"image\/jpeg\",\"type\":\"image\",\"width\":2400,\"height\":1351,\"sizes\":{\"thumbnail\":{\"height\":150,\"width\":150,\"url\":\"https:\/\/turunlennokkiseura.com\/tls\/wp-content\/uploads\/2023\/10\/20230923_114021-150x150.jpg\",\"orientation\":\"landscape\"},\"medium\":{\"height\":169,\"width\":300,\"url\":\"https:\/\/turunlennokkiseura.com\/tls\/wp-content\/uploads\/2023\/10\/20230923_114021-300x169.jpg\",\"orientation\":\"landscape\"},\"large\":{\"height\":576,\"width\":1024,\"url\":\"https:\/\/turunlennokkiseura.com\/tls\/wp-content\/uploads\/2023\/10\/20230923_114021-1024x576.jpg\",\"orientation\":\"landscape\"},\"full\":{\"url\":\"https:\/\/turunlennokkiseura.com\/tls\/wp-content\/uploads\/2023\/10\/20230923_114021.jpg\",\"height\":1351,\"width\":2400,\"orientation\":\"landscape\"}},\"imageMeta\":{\"aperture\":\"1.8\",\"credit\":\"\",\"camera\":\"SM-S908B\",\"caption\":\"\",\"created_timestamp\":\"1695469221\",\"copyright\":\"\",\"focal_length\":\"6.4\",\"iso\":\"50\",\"shutter_speed\":\"0.0014\",\"title\":\"\",\"orientation\":\"1\",\"keywords\":[]},\"meta\":false,\"postlink\":\"https:\/\/turunlennokkiseura.com\/tls\/kuvia-lennattamaan-avoimien-ovien-paiva-23-9-2023\/20230923_114021\/\"},{\"id\":556,\"title\":\"VideoCapture_20231002-005323\",\"url\":\"https:\/\/turunlennokkiseura.com\/tls\/wp-content\/uploads\/2023\/10\/VideoCapture_20231002-005323-scaled.jpg\",\"link\":\"https:\/\/turunlennokkiseura.com\/tls\/kuvia-lennattamaan-avoimien-ovien-paiva-23-9-2023\/videocapture_20231002-005323\/\",\"alt\":\"\",\"description\":\"\",\"caption\":\"Drone\",\"mime\":\"image\/jpeg\",\"type\":\"image\",\"width\":2560,\"height\":1440,\"sizes\":{\"thumbnail\":{\"height\":150,\"width\":150,\"url\":\"https:\/\/turunlennokkiseura.com\/tls\/wp-content\/uploads\/2023\/10\/VideoCapture_20231002-005323-150x150.jpg\",\"orientation\":\"landscape\"},\"medium\":{\"height\":169,\"width\":300,\"url\":\"https:\/\/turunlennokkiseura.com\/tls\/wp-content\/uploads\/2023\/10\/VideoCapture_20231002-005323-300x169.jpg\",\"orientation\":\"landscape\"},\"large\":{\"height\":576,\"width\":1024,\"url\":\"https:\/\/turunlennokkiseura.com\/tls\/wp-content\/uploads\/2023\/10\/VideoCapture_20231002-005323-1024x576.jpg\",\"orientation\":\"landscape\"},\"full\":{\"url\":\"https:\/\/turunlennokkiseura.com\/tls\/wp-content\/uploads\/2023\/10\/VideoCapture_20231002-005323-scaled.jpg\",\"height\":1440,\"width\":2560,\"orientation\":\"landscape\"}},\"imageMeta\":{\"aperture\":\"0\",\"credit\":\"\",\"camera\":\"\",\"caption\":\"\",\"created_timestamp\":\"0\",\"copyright\":\"\",\"focal_length\":\"0\",\"iso\":\"0\",\"shutter_speed\":\"0\",\"title\":\"\",\"orientation\":\"0\",\"keywords\":[]},\"meta\":false,\"postlink\":\"https:\/\/turunlennokkiseura.com\/tls\/kuvia-lennattamaan-avoimien-ovien-paiva-23-9-2023\/videocapture_20231002-005323\/\"},{\"id\":557,\"title\":\"20230923_143322\",\"url\":\"https:\/\/turunlennokkiseura.com\/tls\/wp-content\/uploads\/2023\/10\/20230923_143322.jpg\",\"link\":\"https:\/\/turunlennokkiseura.com\/tls\/kuvia-lennattamaan-avoimien-ovien-paiva-23-9-2023\/20230923_143322\/\",\"alt\":\"\",\"description\":\"\",\"caption\":\"Ritsaliidokki\",\"mime\":\"image\/jpeg\",\"type\":\"image\",\"width\":2400,\"height\":1351,\"sizes\":{\"thumbnail\":{\"height\":150,\"width\":150,\"url\":\"https:\/\/turunlennokkiseura.com\/tls\/wp-content\/uploads\/2023\/10\/20230923_143322-150x150.jpg\",\"orientation\":\"landscape\"},\"medium\":{\"height\":169,\"width\":300,\"url\":\"https:\/\/turunlennokkiseura.com\/tls\/wp-content\/uploads\/2023\/10\/20230923_143322-300x169.jpg\",\"orientation\":\"landscape\"},\"large\":{\"height\":576,\"width\":1024,\"url\":\"https:\/\/turunlennokkiseura.com\/tls\/wp-content\/uploads\/2023\/10\/20230923_143322-1024x576.jpg\",\"orientation\":\"landscape\"},\"full\":{\"url\":\"https:\/\/turunlennokkiseura.com\/tls\/wp-content\/uploads\/2023\/10\/20230923_143322.jpg\",\"height\":1351,\"width\":2400,\"orientation\":\"landscape\"}},\"imageMeta\":{\"aperture\":\"1.8\",\"credit\":\"\",\"camera\":\"SM-S908B\",\"caption\":\"\",\"created_timestamp\":\"1695479602\",\"copyright\":\"\",\"focal_length\":\"6.4\",\"iso\":\"50\",\"shutter_speed\":\"0.0014\",\"title\":\"\",\"orientation\":\"1\",\"keywords\":[]},\"meta\":false,\"postlink\":\"https:\/\/turunlennokkiseura.com\/tls\/kuvia-lennattamaan-avoimien-ovien-paiva-23-9-2023\/20230923_143322\/\"},{\"id\":558,\"title\":\"VideoCapture_20231006-120901\",\"url\":\"https:\/\/turunlennokkiseura.com\/tls\/wp-content\/uploads\/2023\/10\/VideoCapture_20231006-120901.jpg\",\"link\":\"https:\/\/turunlennokkiseura.com\/tls\/kuvia-lennattamaan-avoimien-ovien-paiva-23-9-2023\/videocapture_20231006-120901\/\",\"alt\":\"\",\"description\":\"\",\"caption\":\"\",\"mime\":\"image\/jpeg\",\"type\":\"image\",\"width\":1920,\"height\":1080,\"sizes\":{\"thumbnail\":{\"height\":150,\"width\":150,\"url\":\"https:\/\/turunlennokkiseura.com\/tls\/wp-content\/uploads\/2023\/10\/VideoCapture_20231006-120901-150x150.jpg\",\"orientation\":\"landscape\"},\"medium\":{\"height\":169,\"width\":300,\"url\":\"https:\/\/turunlennokkiseura.com\/tls\/wp-content\/uploads\/2023\/10\/VideoCapture_20231006-120901-300x169.jpg\",\"orientation\":\"landscape\"},\"large\":{\"height\":576,\"width\":1024,\"url\":\"https:\/\/turunlennokkiseura.com\/tls\/wp-content\/uploads\/2023\/10\/VideoCapture_20231006-120901-1024x576.jpg\",\"orientation\":\"landscape\"},\"full\":{\"url\":\"https:\/\/turunlennokkiseura.com\/tls\/wp-content\/uploads\/2023\/10\/VideoCapture_20231006-120901.jpg\",\"height\":1080,\"width\":1920,\"orientation\":\"landscape\"}},\"imageMeta\":{\"aperture\":\"0\",\"credit\":\"\",\"camera\":\"\",\"caption\":\"\",\"created_timestamp\":\"0\",\"copyright\":\"\",\"focal_length\":\"0\",\"iso\":\"0\",\"shutter_speed\":\"0\",\"title\":\"\",\"orientation\":\"0\",\"keywords\":[]},\"meta\":false,\"postlink\":\"https:\/\/turunlennokkiseura.com\/tls\/kuvia-lennattamaan-avoimien-ovien-paiva-23-9-2023\/videocapture_20231006-120901\/\"},{\"id\":559,\"title\":\"20230923_143246\",\"url\":\"https:\/\/turunlennokkiseura.com\/tls\/wp-content\/uploads\/2023\/10\/20230923_143246.jpg\",\"link\":\"https:\/\/turunlennokkiseura.com\/tls\/kuvia-lennattamaan-avoimien-ovien-paiva-23-9-2023\/20230923_143246\/\",\"alt\":\"\",\"description\":\"\",\"caption\":\"Traineri ahkerasti ilmassa\",\"mime\":\"image\/jpeg\",\"type\":\"image\",\"width\":1351,\"height\":2400,\"sizes\":{\"medium\":{\"height\":300,\"width\":169,\"url\":\"https:\/\/turunlennokkiseura.com\/tls\/wp-content\/uploads\/2023\/10\/20230923_143246-169x300.jpg\",\"orientation\":\"portrait\"},\"full\":{\"url\":\"https:\/\/turunlennokkiseura.com\/tls\/wp-content\/uploads\/2023\/10\/20230923_143246.jpg\",\"height\":2400,\"width\":1351,\"orientation\":\"portrait\"}},\"imageMeta\":{\"aperture\":\"2.4\",\"credit\":\"\",\"camera\":\"SM-S908B\",\"caption\":\"\",\"created_timestamp\":\"1695479566\",\"copyright\":\"\",\"focal_length\":\"7.9\",\"iso\":\"50\",\"shutter_speed\":\"0.0008\",\"title\":\"\",\"orientation\":\"1\",\"keywords\":[]},\"meta\":false,\"postlink\":\"https:\/\/turunlennokkiseura.com\/tls\/kuvia-lennattamaan-avoimien-ovien-paiva-23-9-2023\/20230923_143246\/\"},{\"id\":560,\"title\":\"VideoCapture_20231002-005119\",\"url\":\"https:\/\/turunlennokkiseura.com\/tls\/wp-content\/uploads\/2023\/10\/VideoCapture_20231002-005119.jpg\",\"link\":\"https:\/\/turunlennokkiseura.com\/tls\/kuvia-lennattamaan-avoimien-ovien-paiva-23-9-2023\/videocapture_20231002-005119\/\",\"alt\":\"\",\"description\":\"\",\"caption\":\"FPV \\u0022maali\\u0022\",\"mime\":\"image\/jpeg\",\"type\":\"image\",\"meta\":false,\"postlink\":\"https:\/\/turunlennokkiseura.com\/tls\/kuvia-lennattamaan-avoimien-ovien-paiva-23-9-2023\/videocapture_20231002-005119\/\"},{\"id\":561,\"title\":\"VideoCapture_20231006-121159\",\"url\":\"https:\/\/turunlennokkiseura.com\/tls\/wp-content\/uploads\/2023\/10\/VideoCapture_20231006-121159.jpg\",\"link\":\"https:\/\/turunlennokkiseura.com\/tls\/kuvia-lennattamaan-avoimien-ovien-paiva-23-9-2023\/videocapture_20231006-121159\/\",\"alt\":\"\",\"description\":\"\",\"caption\":\"Ari ja siimalennokki\",\"mime\":\"image\/jpeg\",\"type\":\"image\",\"width\":1920,\"height\":1080,\"sizes\":{\"thumbnail\":{\"height\":150,\"width\":150,\"url\":\"https:\/\/turunlennokkiseura.com\/tls\/wp-content\/uploads\/2023\/10\/VideoCapture_20231006-121159-150x150.jpg\",\"orientation\":\"landscape\"},\"medium\":{\"height\":169,\"width\":300,\"url\":\"https:\/\/turunlennokkiseura.com\/tls\/wp-content\/uploads\/2023\/10\/VideoCapture_20231006-121159-300x169.jpg\",\"orientation\":\"landscape\"},\"large\":{\"height\":576,\"width\":1024,\"url\":\"https:\/\/turunlennokkiseura.com\/tls\/wp-content\/uploads\/2023\/10\/VideoCapture_20231006-121159-1024x576.jpg\",\"orientation\":\"landscape\"},\"full\":{\"url\":\"https:\/\/turunlennokkiseura.com\/tls\/wp-content\/uploads\/2023\/10\/VideoCapture_20231006-121159.jpg\",\"height\":1080,\"width\":1920,\"orientation\":\"landscape\"}},\"imageMeta\":{\"aperture\":\"0\",\"credit\":\"\",\"camera\":\"\",\"caption\":\"\",\"created_timestamp\":\"0\",\"copyright\":\"\",\"focal_length\":\"0\",\"iso\":\"0\",\"shutter_speed\":\"0\",\"title\":\"\",\"orientation\":\"0\",\"keywords\":[]},\"meta\":false,\"postlink\":\"https:\/\/turunlennokkiseura.com\/tls\/kuvia-lennattamaan-avoimien-ovien-paiva-23-9-2023\/videocapture_20231006-121159\/\"},{\"id\":562,\"title\":\"20230923_143400\",\"url\":\"https:\/\/turunlennokkiseura.com\/tls\/wp-content\/uploads\/2023\/10\/20230923_143400.jpg\",\"link\":\"https:\/\/turunlennokkiseura.com\/tls\/kuvia-lennattamaan-avoimien-ovien-paiva-23-9-2023\/20230923_143400\/\",\"alt\":\"\",\"description\":\"\",\"caption\":\"Ostaa vai myyd\u00e4?\",\"mime\":\"image\/jpeg\",\"type\":\"image\",\"width\":2400,\"height\":1351,\"sizes\":{\"thumbnail\":{\"height\":150,\"width\":150,\"url\":\"https:\/\/turunlennokkiseura.com\/tls\/wp-content\/uploads\/2023\/10\/20230923_143400-150x150.jpg\",\"orientation\":\"landscape\"},\"medium\":{\"height\":169,\"width\":300,\"url\":\"https:\/\/turunlennokkiseura.com\/tls\/wp-content\/uploads\/2023\/10\/20230923_143400-300x169.jpg\",\"orientation\":\"landscape\"},\"large\":{\"height\":576,\"width\":1024,\"url\":\"https:\/\/turunlennokkiseura.com\/tls\/wp-content\/uploads\/2023\/10\/20230923_143400-1024x576.jpg\",\"orientation\":\"landscape\"},\"full\":{\"url\":\"https:\/\/turunlennokkiseura.com\/tls\/wp-content\/uploads\/2023\/10\/20230923_143400.jpg\",\"height\":1351,\"width\":2400,\"orientation\":\"landscape\"}},\"imageMeta\":{\"aperture\":\"2.4\",\"credit\":\"\",\"camera\":\"SM-S908B\",\"caption\":\"\",\"created_timestamp\":\"1695479640\",\"copyright\":\"\",\"focal_length\":\"7.9\",\"iso\":\"50\",\"shutter_speed\":\"0.0018\",\"title\":\"\",\"orientation\":\"1\",\"keywords\":[]},\"meta\":false,\"postlink\":\"https:\/\/turunlennokkiseura.com\/tls\/kuvia-lennattamaan-avoimien-ovien-paiva-23-9-2023\/20230923_143400\/\"},{\"id\":563,\"title\":\"20230923_105743\",\"url\":\"https:\/\/turunlennokkiseura.com\/tls\/wp-content\/uploads\/2023\/10\/20230923_105743.jpg\",\"link\":\"https:\/\/turunlennokkiseura.com\/tls\/kuvia-lennattamaan-avoimien-ovien-paiva-23-9-2023\/20230923_105743\/\",\"alt\":\"\",\"description\":\"\",\"caption\":\"\",\"mime\":\"image\/jpeg\",\"type\":\"image\",\"width\":2400,\"height\":1351,\"sizes\":{\"thumbnail\":{\"height\":150,\"width\":150,\"url\":\"https:\/\/turunlennokkiseura.com\/tls\/wp-content\/uploads\/2023\/10\/20230923_105743-150x150.jpg\",\"orientation\":\"landscape\"},\"medium\":{\"height\":169,\"width\":300,\"url\":\"https:\/\/turunlennokkiseura.com\/tls\/wp-content\/uploads\/2023\/10\/20230923_105743-300x169.jpg\",\"orientation\":\"landscape\"},\"large\":{\"height\":576,\"width\":1024,\"url\":\"https:\/\/turunlennokkiseura.com\/tls\/wp-content\/uploads\/2023\/10\/20230923_105743-1024x576.jpg\",\"orientation\":\"landscape\"},\"full\":{\"url\":\"https:\/\/turunlennokkiseura.com\/tls\/wp-content\/uploads\/2023\/10\/20230923_105743.jpg\",\"height\":1351,\"width\":2400,\"orientation\":\"landscape\"}},\"imageMeta\":{\"aperture\":\"1.8\",\"credit\":\"\",\"camera\":\"SM-S908B\",\"caption\":\"\",\"created_timestamp\":\"1695466663\",\"copyright\":\"\",\"focal_length\":\"6.4\",\"iso\":\"50\",\"shutter_speed\":\"0.0019\",\"title\":\"\",\"orientation\":\"1\",\"keywords\":[]},\"meta\":false,\"postlink\":\"https:\/\/turunlennokkiseura.com\/tls\/kuvia-lennattamaan-avoimien-ovien-paiva-23-9-2023\/20230923_105743\/\"},{\"id\":564,\"title\":\"VideoCapture_20231002-005007\",\"url\":\"https:\/\/turunlennokkiseura.com\/tls\/wp-content\/uploads\/2023\/10\/VideoCapture_20231002-005007.jpg\",\"link\":\"https:\/\/turunlennokkiseura.com\/tls\/kuvia-lennattamaan-avoimien-ovien-paiva-23-9-2023\/videocapture_20231002-005007\/\",\"alt\":\"\",\"description\":\"\",\"caption\":\"Matti N. FPV Drone \",\"mime\":\"image\/jpeg\",\"type\":\"image\",\"width\":1920,\"height\":1080,\"sizes\":{\"thumbnail\":{\"height\":150,\"width\":150,\"url\":\"https:\/\/turunlennokkiseura.com\/tls\/wp-content\/uploads\/2023\/10\/VideoCapture_20231002-005007-150x150.jpg\",\"orientation\":\"landscape\"},\"medium\":{\"height\":169,\"width\":300,\"url\":\"https:\/\/turunlennokkiseura.com\/tls\/wp-content\/uploads\/2023\/10\/VideoCapture_20231002-005007-300x169.jpg\",\"orientation\":\"landscape\"},\"large\":{\"height\":576,\"width\":1024,\"url\":\"https:\/\/turunlennokkiseura.com\/tls\/wp-content\/uploads\/2023\/10\/VideoCapture_20231002-005007-1024x576.jpg\",\"orientation\":\"landscape\"},\"full\":{\"url\":\"https:\/\/turunlennokkiseura.com\/tls\/wp-content\/uploads\/2023\/10\/VideoCapture_20231002-005007.jpg\",\"height\":1080,\"width\":1920,\"orientation\":\"landscape\"}},\"imageMeta\":{\"aperture\":\"0\",\"credit\":\"\",\"camera\":\"\",\"caption\":\"\",\"created_timestamp\":\"0\",\"copyright\":\"\",\"focal_length\":\"0\",\"iso\":\"0\",\"shutter_speed\":\"0\",\"title\":\"\",\"orientation\":\"0\",\"keywords\":[]},\"meta\":false,\"postlink\":\"https:\/\/turunlennokkiseura.com\/tls\/kuvia-lennattamaan-avoimien-ovien-paiva-23-9-2023\/videocapture_20231002-005007\/\"},{\"id\":565,\"title\":\"20230923_140124\",\"url\":\"https:\/\/turunlennokkiseura.com\/tls\/wp-content\/uploads\/2023\/10\/20230923_140124.jpg\",\"link\":\"https:\/\/turunlennokkiseura.com\/tls\/kuvia-lennattamaan-avoimien-ovien-paiva-23-9-2023\/20230923_140124\/\",\"alt\":\"\",\"description\":\"\",\"caption\":\"Lippisch\",\"mime\":\"image\/jpeg\",\"type\":\"image\",\"width\":2520,\"height\":1428,\"sizes\":{\"thumbnail\":{\"height\":150,\"width\":150,\"url\":\"https:\/\/turunlennokkiseura.com\/tls\/wp-content\/uploads\/2023\/10\/20230923_140124-150x150.jpg\",\"orientation\":\"landscape\"},\"medium\":{\"height\":170,\"width\":300,\"url\":\"https:\/\/turunlennokkiseura.com\/tls\/wp-content\/uploads\/2023\/10\/20230923_140124-300x170.jpg\",\"orientation\":\"landscape\"},\"large\":{\"height\":580,\"width\":1024,\"url\":\"https:\/\/turunlennokkiseura.com\/tls\/wp-content\/uploads\/2023\/10\/20230923_140124-1024x580.jpg\",\"orientation\":\"landscape\"},\"full\":{\"url\":\"https:\/\/turunlennokkiseura.com\/tls\/wp-content\/uploads\/2023\/10\/20230923_140124.jpg\",\"height\":1428,\"width\":2520,\"orientation\":\"landscape\"}},\"imageMeta\":{\"aperture\":\"1.8\",\"credit\":\"\",\"camera\":\"SM-S908B\",\"caption\":\"\",\"created_timestamp\":\"1695477684\",\"copyright\":\"\",\"focal_length\":\"6.4\",\"iso\":\"50\",\"shutter_speed\":\"0.003\",\"title\":\"\",\"orientation\":\"1\",\"keywords\":[]},\"meta\":false,\"postlink\":\"https:\/\/turunlennokkiseura.com\/tls\/kuvia-lennattamaan-avoimien-ovien-paiva-23-9-2023\/20230923_140124\/\"},{\"id\":566,\"title\":\"20230923_143156\",\"url\":\"https:\/\/turunlennokkiseura.com\/tls\/wp-content\/uploads\/2023\/10\/20230923_143156.jpg\",\"link\":\"https:\/\/turunlennokkiseura.com\/tls\/kuvia-lennattamaan-avoimien-ovien-paiva-23-9-2023\/20230923_143156\/\",\"alt\":\"\",\"description\":\"\",\"caption\":\"\",\"mime\":\"image\/jpeg\",\"type\":\"image\",\"width\":2400,\"height\":1351,\"sizes\":{\"thumbnail\":{\"height\":150,\"width\":150,\"url\":\"https:\/\/turunlennokkiseura.com\/tls\/wp-content\/uploads\/2023\/10\/20230923_143156-150x150.jpg\",\"orientation\":\"landscape\"},\"medium\":{\"height\":169,\"width\":300,\"url\":\"https:\/\/turunlennokkiseura.com\/tls\/wp-content\/uploads\/2023\/10\/20230923_143156-300x169.jpg\",\"orientation\":\"landscape\"},\"large\":{\"height\":576,\"width\":1024,\"url\":\"https:\/\/turunlennokkiseura.com\/tls\/wp-content\/uploads\/2023\/10\/20230923_143156-1024x576.jpg\",\"orientation\":\"landscape\"},\"full\":{\"url\":\"https:\/\/turunlennokkiseura.com\/tls\/wp-content\/uploads\/2023\/10\/20230923_143156.jpg\",\"height\":1351,\"width\":2400,\"orientation\":\"landscape\"}},\"imageMeta\":{\"aperture\":\"1.8\",\"credit\":\"\",\"camera\":\"SM-S908B\",\"caption\":\"\",\"created_timestamp\":\"1695479516\",\"copyright\":\"\",\"focal_length\":\"6.4\",\"iso\":\"50\",\"shutter_speed\":\"0.002\",\"title\":\"\",\"orientation\":\"1\",\"keywords\":[]},\"meta\":false,\"postlink\":\"https:\/\/turunlennokkiseura.com\/tls\/kuvia-lennattamaan-avoimien-ovien-paiva-23-9-2023\/20230923_143156\/\"},{\"id\":567,\"title\":\"20230923_143033\",\"url\":\"https:\/\/turunlennokkiseura.com\/tls\/wp-content\/uploads\/2023\/10\/20230923_143033.jpg\",\"link\":\"https:\/\/turunlennokkiseura.com\/tls\/kuvia-lennattamaan-avoimien-ovien-paiva-23-9-2023\/20230923_143033\/\",\"alt\":\"\",\"description\":\"\",\"caption\":\"Siimis\",\"mime\":\"image\/jpeg\",\"type\":\"image\",\"width\":2400,\"height\":1351,\"sizes\":{\"thumbnail\":{\"height\":150,\"width\":150,\"url\":\"https:\/\/turunlennokkiseura.com\/tls\/wp-content\/uploads\/2023\/10\/20230923_143033-150x150.jpg\",\"orientation\":\"landscape\"},\"medium\":{\"height\":169,\"width\":300,\"url\":\"https:\/\/turunlennokkiseura.com\/tls\/wp-content\/uploads\/2023\/10\/20230923_143033-300x169.jpg\",\"orientation\":\"landscape\"},\"large\":{\"height\":576,\"width\":1024,\"url\":\"https:\/\/turunlennokkiseura.com\/tls\/wp-content\/uploads\/2023\/10\/20230923_143033-1024x576.jpg\",\"orientation\":\"landscape\"},\"full\":{\"url\":\"https:\/\/turunlennokkiseura.com\/tls\/wp-content\/uploads\/2023\/10\/20230923_143033.jpg\",\"height\":1351,\"width\":2400,\"orientation\":\"landscape\"}},\"imageMeta\":{\"aperture\":\"1.8\",\"credit\":\"\",\"camera\":\"SM-S908B\",\"caption\":\"\",\"created_timestamp\":\"1695479433\",\"copyright\":\"\",\"focal_length\":\"6.4\",\"iso\":\"50\",\"shutter_speed\":\"0.0027\",\"title\":\"\",\"orientation\":\"1\",\"keywords\":[]},\"meta\":false,\"postlink\":\"https:\/\/turunlennokkiseura.com\/tls\/kuvia-lennattamaan-avoimien-ovien-paiva-23-9-2023\/20230923_143033\/\"},{\"id\":568,\"title\":\"20230923_140301\",\"url\":\"https:\/\/turunlennokkiseura.com\/tls\/wp-content\/uploads\/2023\/10\/20230923_140301-scaled.jpg\",\"link\":\"https:\/\/turunlennokkiseura.com\/tls\/kuvia-lennattamaan-avoimien-ovien-paiva-23-9-2023\/20230923_140301\/\",\"alt\":\"\",\"description\":\"\",\"caption\":\"\",\"mime\":\"image\/jpeg\",\"type\":\"image\",\"width\":2560,\"height\":1439,\"sizes\":{\"thumbnail\":{\"height\":150,\"width\":150,\"url\":\"https:\/\/turunlennokkiseura.com\/tls\/wp-content\/uploads\/2023\/10\/20230923_140301-150x150.jpg\",\"orientation\":\"landscape\"},\"medium\":{\"height\":169,\"width\":300,\"url\":\"https:\/\/turunlennokkiseura.com\/tls\/wp-content\/uploads\/2023\/10\/20230923_140301-300x169.jpg\",\"orientation\":\"landscape\"},\"large\":{\"height\":576,\"width\":1024,\"url\":\"https:\/\/turunlennokkiseura.com\/tls\/wp-content\/uploads\/2023\/10\/20230923_140301-1024x576.jpg\",\"orientation\":\"landscape\"},\"full\":{\"url\":\"https:\/\/turunlennokkiseura.com\/tls\/wp-content\/uploads\/2023\/10\/20230923_140301-scaled.jpg\",\"height\":1439,\"width\":2560,\"orientation\":\"landscape\"}},\"imageMeta\":{\"aperture\":\"1.8\",\"credit\":\"\",\"camera\":\"SM-S908B\",\"caption\":\"\",\"created_timestamp\":\"1695477781\",\"copyright\":\"\",\"focal_length\":\"6.4\",\"iso\":\"50\",\"shutter_speed\":\"0.0025\",\"title\":\"\",\"orientation\":\"1\",\"keywords\":[]},\"meta\":false,\"postlink\":\"https:\/\/turunlennokkiseura.com\/tls\/kuvia-lennattamaan-avoimien-ovien-paiva-23-9-2023\/20230923_140301\/\"},{\"id\":569,\"title\":\"20230923_133701\",\"url\":\"https:\/\/turunlennokkiseura.com\/tls\/wp-content\/uploads\/2023\/10\/20230923_133701.jpg\",\"link\":\"https:\/\/turunlennokkiseura.com\/tls\/kuvia-lennattamaan-avoimien-ovien-paiva-23-9-2023\/20230923_133701\/\",\"alt\":\"\",\"description\":\"\",\"caption\":\"\",\"mime\":\"image\/jpeg\",\"type\":\"image\",\"width\":1351,\"height\":2400,\"sizes\":{\"thumbnail\":{\"height\":150,\"width\":150,\"url\":\"https:\/\/turunlennokkiseura.com\/tls\/wp-content\/uploads\/2023\/10\/20230923_133701-150x150.jpg\",\"orientation\":\"landscape\"},\"medium\":{\"height\":300,\"width\":169,\"url\":\"https:\/\/turunlennokkiseura.com\/tls\/wp-content\/uploads\/2023\/10\/20230923_133701-169x300.jpg\",\"orientation\":\"portrait\"},\"large\":{\"height\":1024,\"width\":576,\"url\":\"https:\/\/turunlennokkiseura.com\/tls\/wp-content\/uploads\/2023\/10\/20230923_133701-576x1024.jpg\",\"orientation\":\"portrait\"},\"full\":{\"url\":\"https:\/\/turunlennokkiseura.com\/tls\/wp-content\/uploads\/2023\/10\/20230923_133701.jpg\",\"height\":2400,\"width\":1351,\"orientation\":\"portrait\"}},\"imageMeta\":{\"aperture\":\"1.8\",\"credit\":\"\",\"camera\":\"SM-S908B\",\"caption\":\"\",\"created_timestamp\":\"1695476221\",\"copyright\":\"\",\"focal_length\":\"6.4\",\"iso\":\"50\",\"shutter_speed\":\"0.0011\",\"title\":\"\",\"orientation\":\"1\",\"keywords\":[]},\"meta\":false,\"postlink\":\"https:\/\/turunlennokkiseura.com\/tls\/kuvia-lennattamaan-avoimien-ovien-paiva-23-9-2023\/20230923_133701\/\"},{\"id\":570,\"title\":\"20230923_143235\",\"url\":\"https:\/\/turunlennokkiseura.com\/tls\/wp-content\/uploads\/2023\/10\/20230923_143235.jpg\",\"link\":\"https:\/\/turunlennokkiseura.com\/tls\/kuvia-lennattamaan-avoimien-ovien-paiva-23-9-2023\/20230923_143235\/\",\"alt\":\"\",\"description\":\"\",\"caption\":\"\",\"mime\":\"image\/jpeg\",\"type\":\"image\",\"width\":1351,\"height\":2400,\"sizes\":{\"thumbnail\":{\"height\":150,\"width\":150,\"url\":\"https:\/\/turunlennokkiseura.com\/tls\/wp-content\/uploads\/2023\/10\/20230923_143235-150x150.jpg\",\"orientation\":\"landscape\"},\"medium\":{\"height\":300,\"width\":169,\"url\":\"https:\/\/turunlennokkiseura.com\/tls\/wp-content\/uploads\/2023\/10\/20230923_143235-169x300.jpg\",\"orientation\":\"portrait\"},\"large\":{\"height\":1024,\"width\":576,\"url\":\"https:\/\/turunlennokkiseura.com\/tls\/wp-content\/uploads\/2023\/10\/20230923_143235-576x1024.jpg\",\"orientation\":\"portrait\"},\"full\":{\"url\":\"https:\/\/turunlennokkiseura.com\/tls\/wp-content\/uploads\/2023\/10\/20230923_143235.jpg\",\"height\":2400,\"width\":1351,\"orientation\":\"portrait\"}},\"imageMeta\":{\"aperture\":\"1.8\",\"credit\":\"\",\"camera\":\"SM-S908B\",\"caption\":\"\",\"created_timestamp\":\"1695479555\",\"copyright\":\"\",\"focal_length\":\"6.4\",\"iso\":\"50\",\"shutter_speed\":\"0.0027\",\"title\":\"\",\"orientation\":\"1\",\"keywords\":[]},\"meta\":false,\"postlink\":\"https:\/\/turunlennokkiseura.com\/tls\/kuvia-lennattamaan-avoimien-ovien-paiva-23-9-2023\/20230923_143235\/\"}],\"itemsMetaDataCollection\":[],\"sliderItemTitleFontSize\":20,\"sliderSlideshow\":false,\"sliderZoomEnable\":false}<\/script><script>(function(){if(window.PGC_SGB && window.PGC_SGB.searcher){window.PGC_SGB.searcher.initBlocks()}})()<\/script><\/div>","protected":false},"excerpt":{"rendered":"","protected":false},"author":1,"featured_media":0,"parent":0,"menu_order":0,"comment_status":"closed","ping_status":"closed","template":"","meta":{"pgc_sgb_lightbox_settings":"","footnotes":""},"class_list":["post-510","page","type-page","status-publish","hentry"],"_links":{"self":[{"href":"https:\/\/turunlennokkiseura.com\/tls\/wp-json\/wp\/v2\/pages\/510","targetHints":{"allow":["GET"]}}],"collection":[{"href":"https:\/\/turunlennokkiseura.com\/tls\/wp-json\/wp\/v2\/pages"}],"about":[{"href":"https:\/\/turunlennokkiseura.com\/tls\/wp-json\/wp\/v2\/types\/page"}],"author":[{"embeddable":true,"href":"https:\/\/turunlennokkiseura.com\/tls\/wp-json\/wp\/v2\/users\/1"}],"replies":[{"embeddable":true,"href":"https:\/\/turunlennokkiseura.com\/tls\/wp-json\/wp\/v2\/comments?post=510"}],"version-history":[{"count":14,"href":"https:\/\/turunlennokkiseura.com\/tls\/wp-json\/wp\/v2\/pages\/510\/revisions"}],"predecessor-version":[{"id":861,"href":"https:\/\/turunlennokkiseura.com\/tls\/wp-json\/wp\/v2\/pages\/510\/revisions\/861"}],"wp:attachment":[{"href":"https:\/\/turunlennokkiseura.com\/tls\/wp-json\/wp\/v2\/media?parent=510"}],"curies":[{"name":"wp","href":"https:\/\/api.w.org\/{rel}","templated":true}]}}