



{"id":484,"date":"2023-10-01T10:08:41","date_gmt":"2023-10-01T07:08:41","guid":{"rendered":"https:\/\/turunlennokkiseura.com\/tls\/?page_id=484"},"modified":"2023-11-15T21:57:52","modified_gmt":"2023-11-15T18:57:52","slug":"kuvia-kesakauden-paattajaiset-30-9-2023","status":"publish","type":"page","link":"https:\/\/turunlennokkiseura.com\/tls\/kuvia-kesakauden-paattajaiset-30-9-2023\/","title":{"rendered":"Media &#8211; Kes\u00e4kauden p\u00e4\u00e4tt\u00e4j\u00e4iset 30.9.2023"},"content":{"rendered":"<div class=\"pgc-sgb-cb wp-block-pgcsimplygalleryblock-grid \" data-gallery-id=\"31e67809\"><div class=\"sgb-preloader\" id=\"pr_31e67809\">\n\t<div class=\"sgb-square\" style=\"background:#d4d4d4\"><\/div>\n\t<div class=\"sgb-square\" style=\"background:#d4d4d4\"><\/div>\n\t<div class=\"sgb-square\" style=\"background:#d4d4d4\"><\/div>\n\t<div class=\"sgb-square\" style=\"background:#d4d4d4\"><\/div><\/div><div class=\"simply-gallery-amp pgc_sgb_slider \"><noscript><div class=\"sgb-gallery\"><div class=\"sgb-item\"><a href=\"https:\/\/turunlennokkiseura.com\/tls\/img-20230930-wa0004\/\" target=\"_blank\"><img decoding=\"async\" alt=\"\" width=\"169\" height=\"300\" loading=\"lazy\" src=\"https:\/\/turunlennokkiseura.com\/tls\/wp-content\/uploads\/2023\/10\/IMG-20230930-WA0004-169x300.jpg\" srcset=\"https:\/\/turunlennokkiseura.com\/tls\/wp-content\/uploads\/2023\/10\/IMG-20230930-WA0004-169x300.jpg 169w,https:\/\/turunlennokkiseura.com\/tls\/wp-content\/uploads\/2023\/10\/IMG-20230930-WA0004-576x1024.jpg 576w,https:\/\/turunlennokkiseura.com\/tls\/wp-content\/uploads\/2023\/10\/IMG-20230930-WA0004.jpg 1152w\" sizes=\"auto, 250px\"\/><\/a><\/div><div class=\"sgb-item\"><a href=\"https:\/\/turunlennokkiseura.com\/tls\/20230930_141735-1\/\" target=\"_blank\"><img decoding=\"async\" alt=\"\" width=\"300\" height=\"168\" loading=\"lazy\" src=\"https:\/\/turunlennokkiseura.com\/tls\/wp-content\/uploads\/2023\/10\/20230930_141735-1-300x168.jpg\" srcset=\"https:\/\/turunlennokkiseura.com\/tls\/wp-content\/uploads\/2023\/10\/20230930_141735-1-300x168.jpg 300w,https:\/\/turunlennokkiseura.com\/tls\/wp-content\/uploads\/2023\/10\/20230930_141735-1-1024x574.jpg 1024w,https:\/\/turunlennokkiseura.com\/tls\/wp-content\/uploads\/2023\/10\/20230930_141735-1.jpg 2298w\" sizes=\"auto, 250px\"\/><\/a><\/div><div class=\"sgb-item\"><a href=\"https:\/\/turunlennokkiseura.com\/tls\/img-20230930-wa0007\/\" target=\"_blank\"><img decoding=\"async\" alt=\"\" width=\"300\" height=\"169\" loading=\"lazy\" src=\"https:\/\/turunlennokkiseura.com\/tls\/wp-content\/uploads\/2023\/10\/IMG-20230930-WA0007-300x169.jpg\" srcset=\"https:\/\/turunlennokkiseura.com\/tls\/wp-content\/uploads\/2023\/10\/IMG-20230930-WA0007-300x169.jpg 300w,https:\/\/turunlennokkiseura.com\/tls\/wp-content\/uploads\/2023\/10\/IMG-20230930-WA0007-1024x577.jpg 1024w,https:\/\/turunlennokkiseura.com\/tls\/wp-content\/uploads\/2023\/10\/IMG-20230930-WA0007.jpg 2000w\" sizes=\"auto, 250px\"\/><\/a><\/div><\/div><\/noscript><\/div><script type=\"application\/json\" class=\"sgb-data\">{\"galleryType\":\"pgc_sgb_grid\",\"galleryId\":\"31e67809\",\"images\":[{\"id\":490,\"title\":\"IMG-20230930-WA0004\",\"url\":\"https:\/\/turunlennokkiseura.com\/tls\/wp-content\/uploads\/2023\/10\/IMG-20230930-WA0004.jpg\",\"link\":\"https:\/\/turunlennokkiseura.com\/tls\/img-20230930-wa0004\/\",\"alt\":\"\",\"description\":\"\",\"caption\":\"\",\"mime\":\"image\/jpeg\",\"type\":\"image\",\"width\":1152,\"height\":2048,\"sizes\":{\"thumbnail\":{\"height\":150,\"width\":150,\"url\":\"https:\/\/turunlennokkiseura.com\/tls\/wp-content\/uploads\/2023\/10\/IMG-20230930-WA0004-150x150.jpg\",\"orientation\":\"landscape\"},\"medium\":{\"height\":300,\"width\":169,\"url\":\"https:\/\/turunlennokkiseura.com\/tls\/wp-content\/uploads\/2023\/10\/IMG-20230930-WA0004-169x300.jpg\",\"orientation\":\"portrait\"},\"large\":{\"height\":1024,\"width\":576,\"url\":\"https:\/\/turunlennokkiseura.com\/tls\/wp-content\/uploads\/2023\/10\/IMG-20230930-WA0004-576x1024.jpg\",\"orientation\":\"portrait\"},\"full\":{\"url\":\"https:\/\/turunlennokkiseura.com\/tls\/wp-content\/uploads\/2023\/10\/IMG-20230930-WA0004.jpg\",\"height\":2048,\"width\":1152,\"orientation\":\"portrait\"}},\"imageMeta\":{\"aperture\":\"0\",\"credit\":\"\",\"camera\":\"\",\"caption\":\"\",\"created_timestamp\":\"0\",\"copyright\":\"\",\"focal_length\":\"0\",\"iso\":\"0\",\"shutter_speed\":\"0\",\"title\":\"\",\"orientation\":\"0\",\"keywords\":[]},\"meta\":false,\"postlink\":\"https:\/\/turunlennokkiseura.com\/tls\/img-20230930-wa0004\/\"},{\"id\":488,\"title\":\"20230930_141735-1\",\"url\":\"https:\/\/turunlennokkiseura.com\/tls\/wp-content\/uploads\/2023\/10\/20230930_141735-1.jpg\",\"link\":\"https:\/\/turunlennokkiseura.com\/tls\/20230930_141735-1\/\",\"alt\":\"\",\"description\":\"\",\"caption\":\"\",\"mime\":\"image\/jpeg\",\"type\":\"image\",\"width\":2298,\"height\":1288,\"sizes\":{\"thumbnail\":{\"height\":150,\"width\":150,\"url\":\"https:\/\/turunlennokkiseura.com\/tls\/wp-content\/uploads\/2023\/10\/20230930_141735-1-150x150.jpg\",\"orientation\":\"landscape\"},\"medium\":{\"height\":168,\"width\":300,\"url\":\"https:\/\/turunlennokkiseura.com\/tls\/wp-content\/uploads\/2023\/10\/20230930_141735-1-300x168.jpg\",\"orientation\":\"landscape\"},\"large\":{\"height\":574,\"width\":1024,\"url\":\"https:\/\/turunlennokkiseura.com\/tls\/wp-content\/uploads\/2023\/10\/20230930_141735-1-1024x574.jpg\",\"orientation\":\"landscape\"},\"full\":{\"url\":\"https:\/\/turunlennokkiseura.com\/tls\/wp-content\/uploads\/2023\/10\/20230930_141735-1.jpg\",\"height\":1288,\"width\":2298,\"orientation\":\"landscape\"}},\"imageMeta\":{\"aperture\":\"0\",\"credit\":\"\",\"camera\":\"\",\"caption\":\"\",\"created_timestamp\":\"0\",\"copyright\":\"\",\"focal_length\":\"0\",\"iso\":\"0\",\"shutter_speed\":\"0\",\"title\":\"\",\"orientation\":\"0\",\"keywords\":[]},\"meta\":false,\"postlink\":\"https:\/\/turunlennokkiseura.com\/tls\/20230930_141735-1\/\"},{\"id\":489,\"title\":\"IMG-20230930-WA0007\",\"url\":\"https:\/\/turunlennokkiseura.com\/tls\/wp-content\/uploads\/2023\/10\/IMG-20230930-WA0007.jpg\",\"link\":\"https:\/\/turunlennokkiseura.com\/tls\/img-20230930-wa0007\/\",\"alt\":\"\",\"description\":\"\",\"caption\":\"\",\"mime\":\"image\/jpeg\",\"type\":\"image\",\"width\":2000,\"height\":1126,\"sizes\":{\"thumbnail\":{\"height\":150,\"width\":150,\"url\":\"https:\/\/turunlennokkiseura.com\/tls\/wp-content\/uploads\/2023\/10\/IMG-20230930-WA0007-150x150.jpg\",\"orientation\":\"landscape\"},\"medium\":{\"height\":169,\"width\":300,\"url\":\"https:\/\/turunlennokkiseura.com\/tls\/wp-content\/uploads\/2023\/10\/IMG-20230930-WA0007-300x169.jpg\",\"orientation\":\"landscape\"},\"large\":{\"height\":577,\"width\":1024,\"url\":\"https:\/\/turunlennokkiseura.com\/tls\/wp-content\/uploads\/2023\/10\/IMG-20230930-WA0007-1024x577.jpg\",\"orientation\":\"landscape\"},\"full\":{\"url\":\"https:\/\/turunlennokkiseura.com\/tls\/wp-content\/uploads\/2023\/10\/IMG-20230930-WA0007.jpg\",\"height\":1126,\"width\":2000,\"orientation\":\"landscape\"}},\"imageMeta\":{\"aperture\":\"0\",\"credit\":\"\",\"camera\":\"\",\"caption\":\"\",\"created_timestamp\":\"0\",\"copyright\":\"\",\"focal_length\":\"0\",\"iso\":\"0\",\"shutter_speed\":\"0\",\"title\":\"\",\"orientation\":\"0\",\"keywords\":[]},\"meta\":false,\"postlink\":\"https:\/\/turunlennokkiseura.com\/tls\/img-20230930-wa0007\/\"}],\"itemsMetaDataCollection\":[]}<\/script><script>(function(){if(window.PGC_SGB && window.PGC_SGB.searcher){window.PGC_SGB.searcher.initBlocks()}})()<\/script><\/div>\n\n<div class=\"pgc-sgb-cb wp-block-pgcsimplygalleryblock-grid \" data-gallery-id=\"16b09363\"><div class=\"sgb-preloader\" id=\"pr_16b09363\">\n\t<div class=\"sgb-square\" style=\"background:#d4d4d4\"><\/div>\n\t<div class=\"sgb-square\" style=\"background:#d4d4d4\"><\/div>\n\t<div class=\"sgb-square\" style=\"background:#d4d4d4\"><\/div>\n\t<div class=\"sgb-square\" style=\"background:#d4d4d4\"><\/div><\/div><div class=\"simply-gallery-amp pgc_sgb_slider \"><noscript><div class=\"sgb-gallery\"><div class=\"sgb-item\"><a href=\"https:\/\/turunlennokkiseura.com\/tls\/pgc_simply_gallery\/kesakauden-paattajaiset-30-9-2023\/vvl_1296\/\" target=\"_blank\"><img decoding=\"async\" alt=\"\" width=\"300\" height=\"200\" loading=\"lazy\" src=\"https:\/\/turunlennokkiseura.com\/tls\/wp-content\/uploads\/2023\/10\/VVL_1296-300x200.jpg\" srcset=\"https:\/\/turunlennokkiseura.com\/tls\/wp-content\/uploads\/2023\/10\/VVL_1296-300x200.jpg 300w,https:\/\/turunlennokkiseura.com\/tls\/wp-content\/uploads\/2023\/10\/VVL_1296-1024x682.jpg 1024w,https:\/\/turunlennokkiseura.com\/tls\/wp-content\/uploads\/2023\/10\/VVL_1296.jpg 2048w\" sizes=\"auto, 250px\"\/><\/a><\/div><div class=\"sgb-item\"><a href=\"https:\/\/turunlennokkiseura.com\/tls\/pgc_simply_gallery\/kesakauden-paattajaiset-30-9-2023\/vvl_1510\/\" target=\"_blank\"><img decoding=\"async\" alt=\"\" width=\"300\" height=\"200\" loading=\"lazy\" src=\"https:\/\/turunlennokkiseura.com\/tls\/wp-content\/uploads\/2023\/10\/VVL_1510-300x200.jpg\" srcset=\"https:\/\/turunlennokkiseura.com\/tls\/wp-content\/uploads\/2023\/10\/VVL_1510-300x200.jpg 300w,https:\/\/turunlennokkiseura.com\/tls\/wp-content\/uploads\/2023\/10\/VVL_1510-1024x682.jpg 1024w,https:\/\/turunlennokkiseura.com\/tls\/wp-content\/uploads\/2023\/10\/VVL_1510.jpg 2048w\" sizes=\"auto, 250px\"\/><\/a><\/div><div class=\"sgb-item\"><a href=\"https:\/\/turunlennokkiseura.com\/tls\/pgc_simply_gallery\/kesakauden-paattajaiset-30-9-2023\/vvl_1644\/\" target=\"_blank\"><img decoding=\"async\" alt=\"\" width=\"300\" height=\"200\" loading=\"lazy\" src=\"https:\/\/turunlennokkiseura.com\/tls\/wp-content\/uploads\/2023\/10\/VVL_1644-300x200.jpg\" srcset=\"https:\/\/turunlennokkiseura.com\/tls\/wp-content\/uploads\/2023\/10\/VVL_1644-300x200.jpg 300w,https:\/\/turunlennokkiseura.com\/tls\/wp-content\/uploads\/2023\/10\/VVL_1644-1024x682.jpg 1024w,https:\/\/turunlennokkiseura.com\/tls\/wp-content\/uploads\/2023\/10\/VVL_1644.jpg 2048w\" sizes=\"auto, 250px\"\/><\/a><\/div><div class=\"sgb-item\"><a href=\"https:\/\/turunlennokkiseura.com\/tls\/pgc_simply_gallery\/kesakauden-paattajaiset-30-9-2023\/vvl_1437\/\" target=\"_blank\"><img decoding=\"async\" alt=\"\" width=\"300\" height=\"200\" loading=\"lazy\" src=\"https:\/\/turunlennokkiseura.com\/tls\/wp-content\/uploads\/2023\/10\/VVL_1437-300x200.jpg\" srcset=\"https:\/\/turunlennokkiseura.com\/tls\/wp-content\/uploads\/2023\/10\/VVL_1437-300x200.jpg 300w,https:\/\/turunlennokkiseura.com\/tls\/wp-content\/uploads\/2023\/10\/VVL_1437-1024x682.jpg 1024w,https:\/\/turunlennokkiseura.com\/tls\/wp-content\/uploads\/2023\/10\/VVL_1437.jpg 2048w\" sizes=\"auto, 250px\"\/><\/a><\/div><div class=\"sgb-item\"><a href=\"https:\/\/turunlennokkiseura.com\/tls\/pgc_simply_gallery\/kesakauden-paattajaiset-30-9-2023\/vvl_1580\/\" target=\"_blank\"><img decoding=\"async\" alt=\"\" width=\"300\" height=\"200\" loading=\"lazy\" src=\"https:\/\/turunlennokkiseura.com\/tls\/wp-content\/uploads\/2023\/10\/VVL_1580-300x200.jpg\" srcset=\"https:\/\/turunlennokkiseura.com\/tls\/wp-content\/uploads\/2023\/10\/VVL_1580-300x200.jpg 300w,https:\/\/turunlennokkiseura.com\/tls\/wp-content\/uploads\/2023\/10\/VVL_1580-1024x682.jpg 1024w,https:\/\/turunlennokkiseura.com\/tls\/wp-content\/uploads\/2023\/10\/VVL_1580.jpg 2048w\" sizes=\"auto, 250px\"\/><\/a><\/div><div class=\"sgb-item\"><a href=\"https:\/\/turunlennokkiseura.com\/tls\/pgc_simply_gallery\/kesakauden-paattajaiset-30-9-2023\/vvl_1558\/\" target=\"_blank\"><img decoding=\"async\" alt=\"\" width=\"300\" height=\"200\" loading=\"lazy\" src=\"https:\/\/turunlennokkiseura.com\/tls\/wp-content\/uploads\/2023\/10\/VVL_1558-300x200.jpg\" srcset=\"https:\/\/turunlennokkiseura.com\/tls\/wp-content\/uploads\/2023\/10\/VVL_1558-300x200.jpg 300w,https:\/\/turunlennokkiseura.com\/tls\/wp-content\/uploads\/2023\/10\/VVL_1558-1024x682.jpg 1024w,https:\/\/turunlennokkiseura.com\/tls\/wp-content\/uploads\/2023\/10\/VVL_1558.jpg 2048w\" sizes=\"auto, 250px\"\/><\/a><\/div><div class=\"sgb-item\"><a href=\"https:\/\/turunlennokkiseura.com\/tls\/pgc_simply_gallery\/kesakauden-paattajaiset-30-9-2023\/vvl_1673\/\" target=\"_blank\"><img decoding=\"async\" alt=\"\" width=\"300\" height=\"200\" loading=\"lazy\" src=\"https:\/\/turunlennokkiseura.com\/tls\/wp-content\/uploads\/2023\/10\/VVL_1673-300x200.jpg\" srcset=\"https:\/\/turunlennokkiseura.com\/tls\/wp-content\/uploads\/2023\/10\/VVL_1673-300x200.jpg 300w,https:\/\/turunlennokkiseura.com\/tls\/wp-content\/uploads\/2023\/10\/VVL_1673-1024x682.jpg 1024w,https:\/\/turunlennokkiseura.com\/tls\/wp-content\/uploads\/2023\/10\/VVL_1673.jpg 2048w\" sizes=\"auto, 250px\"\/><\/a><\/div><div class=\"sgb-item\"><a href=\"https:\/\/turunlennokkiseura.com\/tls\/pgc_simply_gallery\/kesakauden-paattajaiset-30-9-2023\/vvl_1498\/\" target=\"_blank\"><img decoding=\"async\" alt=\"\" width=\"300\" height=\"200\" loading=\"lazy\" src=\"https:\/\/turunlennokkiseura.com\/tls\/wp-content\/uploads\/2023\/10\/VVL_1498-300x200.jpg\" srcset=\"https:\/\/turunlennokkiseura.com\/tls\/wp-content\/uploads\/2023\/10\/VVL_1498-300x200.jpg 300w,https:\/\/turunlennokkiseura.com\/tls\/wp-content\/uploads\/2023\/10\/VVL_1498-1024x682.jpg 1024w,https:\/\/turunlennokkiseura.com\/tls\/wp-content\/uploads\/2023\/10\/VVL_1498.jpg 2048w\" sizes=\"auto, 250px\"\/><\/a><\/div><div class=\"sgb-item\"><a href=\"https:\/\/turunlennokkiseura.com\/tls\/pgc_simply_gallery\/kesakauden-paattajaiset-30-9-2023\/vvl_1733\/\" target=\"_blank\"><img decoding=\"async\" alt=\"\" width=\"300\" height=\"200\" loading=\"lazy\" src=\"https:\/\/turunlennokkiseura.com\/tls\/wp-content\/uploads\/2023\/10\/VVL_1733-300x200.jpg\" srcset=\"https:\/\/turunlennokkiseura.com\/tls\/wp-content\/uploads\/2023\/10\/VVL_1733-300x200.jpg 300w,https:\/\/turunlennokkiseura.com\/tls\/wp-content\/uploads\/2023\/10\/VVL_1733-1024x682.jpg 1024w,https:\/\/turunlennokkiseura.com\/tls\/wp-content\/uploads\/2023\/10\/VVL_1733.jpg 2048w\" sizes=\"auto, 250px\"\/><\/a><\/div><div class=\"sgb-item\"><a href=\"https:\/\/turunlennokkiseura.com\/tls\/pgc_simply_gallery\/kesakauden-paattajaiset-30-9-2023\/vvl_1479\/\" target=\"_blank\"><img decoding=\"async\" alt=\"\" width=\"300\" height=\"200\" loading=\"lazy\" src=\"https:\/\/turunlennokkiseura.com\/tls\/wp-content\/uploads\/2023\/10\/VVL_1479-300x200.jpg\" srcset=\"https:\/\/turunlennokkiseura.com\/tls\/wp-content\/uploads\/2023\/10\/VVL_1479-300x200.jpg 300w,https:\/\/turunlennokkiseura.com\/tls\/wp-content\/uploads\/2023\/10\/VVL_1479-1024x682.jpg 1024w,https:\/\/turunlennokkiseura.com\/tls\/wp-content\/uploads\/2023\/10\/VVL_1479.jpg 2048w\" sizes=\"auto, 250px\"\/><\/a><\/div><div class=\"sgb-item\"><a href=\"https:\/\/turunlennokkiseura.com\/tls\/pgc_simply_gallery\/kesakauden-paattajaiset-30-9-2023\/vvl_1553\/\" target=\"_blank\"><img decoding=\"async\" alt=\"\" width=\"300\" height=\"200\" loading=\"lazy\" src=\"https:\/\/turunlennokkiseura.com\/tls\/wp-content\/uploads\/2023\/10\/VVL_1553-300x200.jpg\" srcset=\"https:\/\/turunlennokkiseura.com\/tls\/wp-content\/uploads\/2023\/10\/VVL_1553-300x200.jpg 300w,https:\/\/turunlennokkiseura.com\/tls\/wp-content\/uploads\/2023\/10\/VVL_1553-1024x682.jpg 1024w,https:\/\/turunlennokkiseura.com\/tls\/wp-content\/uploads\/2023\/10\/VVL_1553.jpg 2048w\" sizes=\"auto, 250px\"\/><\/a><\/div><div class=\"sgb-item\"><a href=\"https:\/\/turunlennokkiseura.com\/tls\/pgc_simply_gallery\/kesakauden-paattajaiset-30-9-2023\/vvl_1505\/\" target=\"_blank\"><img decoding=\"async\" alt=\"\" width=\"300\" height=\"200\" loading=\"lazy\" src=\"https:\/\/turunlennokkiseura.com\/tls\/wp-content\/uploads\/2023\/10\/VVL_1505-300x200.jpg\" srcset=\"https:\/\/turunlennokkiseura.com\/tls\/wp-content\/uploads\/2023\/10\/VVL_1505-300x200.jpg 300w,https:\/\/turunlennokkiseura.com\/tls\/wp-content\/uploads\/2023\/10\/VVL_1505-1024x682.jpg 1024w,https:\/\/turunlennokkiseura.com\/tls\/wp-content\/uploads\/2023\/10\/VVL_1505.jpg 2048w\" sizes=\"auto, 250px\"\/><\/a><\/div><div class=\"sgb-item\"><a href=\"https:\/\/turunlennokkiseura.com\/tls\/pgc_simply_gallery\/kesakauden-paattajaiset-30-9-2023\/vvl_1476\/\" target=\"_blank\"><img decoding=\"async\" alt=\"\" width=\"300\" height=\"200\" loading=\"lazy\" src=\"https:\/\/turunlennokkiseura.com\/tls\/wp-content\/uploads\/2023\/10\/VVL_1476-300x200.jpg\" srcset=\"https:\/\/turunlennokkiseura.com\/tls\/wp-content\/uploads\/2023\/10\/VVL_1476-300x200.jpg 300w,https:\/\/turunlennokkiseura.com\/tls\/wp-content\/uploads\/2023\/10\/VVL_1476-1024x682.jpg 1024w,https:\/\/turunlennokkiseura.com\/tls\/wp-content\/uploads\/2023\/10\/VVL_1476.jpg 2048w\" sizes=\"auto, 250px\"\/><\/a><\/div><div class=\"sgb-item\"><a href=\"https:\/\/turunlennokkiseura.com\/tls\/pgc_simply_gallery\/kesakauden-paattajaiset-30-9-2023\/vvl_1512\/\" target=\"_blank\"><img decoding=\"async\" alt=\"\" width=\"300\" height=\"200\" loading=\"lazy\" src=\"https:\/\/turunlennokkiseura.com\/tls\/wp-content\/uploads\/2023\/10\/VVL_1512-300x200.jpg\" srcset=\"https:\/\/turunlennokkiseura.com\/tls\/wp-content\/uploads\/2023\/10\/VVL_1512-300x200.jpg 300w,https:\/\/turunlennokkiseura.com\/tls\/wp-content\/uploads\/2023\/10\/VVL_1512-1024x682.jpg 1024w,https:\/\/turunlennokkiseura.com\/tls\/wp-content\/uploads\/2023\/10\/VVL_1512.jpg 2048w\" sizes=\"auto, 250px\"\/><\/a><\/div><div class=\"sgb-item\"><a href=\"https:\/\/turunlennokkiseura.com\/tls\/pgc_simply_gallery\/kesakauden-paattajaiset-30-9-2023\/vvl_1480\/\" target=\"_blank\"><img decoding=\"async\" alt=\"\" width=\"300\" height=\"200\" loading=\"lazy\" src=\"https:\/\/turunlennokkiseura.com\/tls\/wp-content\/uploads\/2023\/10\/VVL_1480-300x200.jpg\" srcset=\"https:\/\/turunlennokkiseura.com\/tls\/wp-content\/uploads\/2023\/10\/VVL_1480-300x200.jpg 300w,https:\/\/turunlennokkiseura.com\/tls\/wp-content\/uploads\/2023\/10\/VVL_1480-1024x682.jpg 1024w,https:\/\/turunlennokkiseura.com\/tls\/wp-content\/uploads\/2023\/10\/VVL_1480.jpg 2048w\" sizes=\"auto, 250px\"\/><\/a><\/div><div class=\"sgb-item\"><a href=\"https:\/\/turunlennokkiseura.com\/tls\/pgc_simply_gallery\/kesakauden-paattajaiset-30-9-2023\/vvl_1634\/\" target=\"_blank\"><img decoding=\"async\" alt=\"\" width=\"300\" height=\"200\" loading=\"lazy\" src=\"https:\/\/turunlennokkiseura.com\/tls\/wp-content\/uploads\/2023\/10\/VVL_1634-300x200.jpg\" srcset=\"https:\/\/turunlennokkiseura.com\/tls\/wp-content\/uploads\/2023\/10\/VVL_1634-300x200.jpg 300w,https:\/\/turunlennokkiseura.com\/tls\/wp-content\/uploads\/2023\/10\/VVL_1634-1024x682.jpg 1024w,https:\/\/turunlennokkiseura.com\/tls\/wp-content\/uploads\/2023\/10\/VVL_1634.jpg 2048w\" sizes=\"auto, 250px\"\/><\/a><\/div><div class=\"sgb-item\"><a href=\"https:\/\/turunlennokkiseura.com\/tls\/pgc_simply_gallery\/kesakauden-paattajaiset-30-9-2023\/vvl_1506\/\" target=\"_blank\"><img decoding=\"async\" alt=\"\" width=\"300\" height=\"200\" loading=\"lazy\" src=\"https:\/\/turunlennokkiseura.com\/tls\/wp-content\/uploads\/2023\/10\/VVL_1506-300x200.jpg\" srcset=\"https:\/\/turunlennokkiseura.com\/tls\/wp-content\/uploads\/2023\/10\/VVL_1506-300x200.jpg 300w,https:\/\/turunlennokkiseura.com\/tls\/wp-content\/uploads\/2023\/10\/VVL_1506-1024x682.jpg 1024w,https:\/\/turunlennokkiseura.com\/tls\/wp-content\/uploads\/2023\/10\/VVL_1506.jpg 2048w\" sizes=\"auto, 250px\"\/><\/a><\/div><div class=\"sgb-item\"><a href=\"https:\/\/turunlennokkiseura.com\/tls\/pgc_simply_gallery\/kesakauden-paattajaiset-30-9-2023\/vvl_1792\/\" target=\"_blank\"><img decoding=\"async\" alt=\"\" width=\"300\" height=\"200\" loading=\"lazy\" src=\"https:\/\/turunlennokkiseura.com\/tls\/wp-content\/uploads\/2023\/10\/VVL_1792-300x200.jpg\" srcset=\"https:\/\/turunlennokkiseura.com\/tls\/wp-content\/uploads\/2023\/10\/VVL_1792-300x200.jpg 300w,https:\/\/turunlennokkiseura.com\/tls\/wp-content\/uploads\/2023\/10\/VVL_1792-1024x682.jpg 1024w,https:\/\/turunlennokkiseura.com\/tls\/wp-content\/uploads\/2023\/10\/VVL_1792.jpg 2048w\" sizes=\"auto, 250px\"\/><\/a><\/div><div class=\"sgb-item\"><a href=\"https:\/\/turunlennokkiseura.com\/tls\/pgc_simply_gallery\/kesakauden-paattajaiset-30-9-2023\/vvl_1637\/\" target=\"_blank\"><img decoding=\"async\" alt=\"\" width=\"300\" height=\"200\" loading=\"lazy\" src=\"https:\/\/turunlennokkiseura.com\/tls\/wp-content\/uploads\/2023\/10\/VVL_1637-300x200.jpg\" srcset=\"https:\/\/turunlennokkiseura.com\/tls\/wp-content\/uploads\/2023\/10\/VVL_1637-300x200.jpg 300w,https:\/\/turunlennokkiseura.com\/tls\/wp-content\/uploads\/2023\/10\/VVL_1637-1024x682.jpg 1024w,https:\/\/turunlennokkiseura.com\/tls\/wp-content\/uploads\/2023\/10\/VVL_1637.jpg 2048w\" sizes=\"auto, 250px\"\/><\/a><\/div><div class=\"sgb-item\"><a href=\"https:\/\/turunlennokkiseura.com\/tls\/pgc_simply_gallery\/kesakauden-paattajaiset-30-9-2023\/vvl_1643\/\" target=\"_blank\"><img decoding=\"async\" alt=\"\" width=\"300\" height=\"200\" loading=\"lazy\" src=\"https:\/\/turunlennokkiseura.com\/tls\/wp-content\/uploads\/2023\/10\/VVL_1643-300x200.jpg\" srcset=\"https:\/\/turunlennokkiseura.com\/tls\/wp-content\/uploads\/2023\/10\/VVL_1643-300x200.jpg 300w,https:\/\/turunlennokkiseura.com\/tls\/wp-content\/uploads\/2023\/10\/VVL_1643-1024x682.jpg 1024w,https:\/\/turunlennokkiseura.com\/tls\/wp-content\/uploads\/2023\/10\/VVL_1643.jpg 2048w\" sizes=\"auto, 250px\"\/><\/a><\/div><div class=\"sgb-item\"><a href=\"https:\/\/turunlennokkiseura.com\/tls\/pgc_simply_gallery\/kesakauden-paattajaiset-30-9-2023\/vvl_1545\/\" target=\"_blank\"><img decoding=\"async\" alt=\"\" width=\"300\" height=\"200\" loading=\"lazy\" src=\"https:\/\/turunlennokkiseura.com\/tls\/wp-content\/uploads\/2023\/10\/VVL_1545-300x200.jpg\" srcset=\"https:\/\/turunlennokkiseura.com\/tls\/wp-content\/uploads\/2023\/10\/VVL_1545-300x200.jpg 300w,https:\/\/turunlennokkiseura.com\/tls\/wp-content\/uploads\/2023\/10\/VVL_1545-1024x682.jpg 1024w,https:\/\/turunlennokkiseura.com\/tls\/wp-content\/uploads\/2023\/10\/VVL_1545.jpg 2048w\" sizes=\"auto, 250px\"\/><\/a><\/div><div class=\"sgb-item\"><a href=\"https:\/\/turunlennokkiseura.com\/tls\/pgc_simply_gallery\/kesakauden-paattajaiset-30-9-2023\/vvl_1431\/\" target=\"_blank\"><img decoding=\"async\" alt=\"\" width=\"300\" height=\"200\" loading=\"lazy\" src=\"https:\/\/turunlennokkiseura.com\/tls\/wp-content\/uploads\/2023\/10\/VVL_1431-300x200.jpg\" srcset=\"https:\/\/turunlennokkiseura.com\/tls\/wp-content\/uploads\/2023\/10\/VVL_1431-300x200.jpg 300w,https:\/\/turunlennokkiseura.com\/tls\/wp-content\/uploads\/2023\/10\/VVL_1431-1024x682.jpg 1024w,https:\/\/turunlennokkiseura.com\/tls\/wp-content\/uploads\/2023\/10\/VVL_1431.jpg 2048w\" sizes=\"auto, 250px\"\/><\/a><\/div><div class=\"sgb-item\"><a href=\"https:\/\/turunlennokkiseura.com\/tls\/pgc_simply_gallery\/kesakauden-paattajaiset-30-9-2023\/vvl_1550\/\" target=\"_blank\"><img decoding=\"async\" alt=\"\" width=\"300\" height=\"200\" loading=\"lazy\" src=\"https:\/\/turunlennokkiseura.com\/tls\/wp-content\/uploads\/2023\/10\/VVL_1550-300x200.jpg\" srcset=\"https:\/\/turunlennokkiseura.com\/tls\/wp-content\/uploads\/2023\/10\/VVL_1550-300x200.jpg 300w,https:\/\/turunlennokkiseura.com\/tls\/wp-content\/uploads\/2023\/10\/VVL_1550-1024x682.jpg 1024w,https:\/\/turunlennokkiseura.com\/tls\/wp-content\/uploads\/2023\/10\/VVL_1550.jpg 2048w\" sizes=\"auto, 250px\"\/><\/a><\/div><div class=\"sgb-item\"><a href=\"https:\/\/turunlennokkiseura.com\/tls\/pgc_simply_gallery\/kesakauden-paattajaiset-30-9-2023\/vvl_1779\/\" target=\"_blank\"><img decoding=\"async\" alt=\"\" width=\"300\" height=\"200\" loading=\"lazy\" src=\"https:\/\/turunlennokkiseura.com\/tls\/wp-content\/uploads\/2023\/10\/VVL_1779-300x200.jpg\" srcset=\"https:\/\/turunlennokkiseura.com\/tls\/wp-content\/uploads\/2023\/10\/VVL_1779-300x200.jpg 300w,https:\/\/turunlennokkiseura.com\/tls\/wp-content\/uploads\/2023\/10\/VVL_1779-1024x682.jpg 1024w,https:\/\/turunlennokkiseura.com\/tls\/wp-content\/uploads\/2023\/10\/VVL_1779.jpg 2048w\" sizes=\"auto, 250px\"\/><\/a><\/div><div class=\"sgb-item\"><a href=\"https:\/\/turunlennokkiseura.com\/tls\/pgc_simply_gallery\/kesakauden-paattajaiset-30-9-2023\/vvl_1382\/\" target=\"_blank\"><img decoding=\"async\" alt=\"\" width=\"300\" height=\"200\" loading=\"lazy\" src=\"https:\/\/turunlennokkiseura.com\/tls\/wp-content\/uploads\/2023\/10\/VVL_1382-300x200.jpg\" srcset=\"https:\/\/turunlennokkiseura.com\/tls\/wp-content\/uploads\/2023\/10\/VVL_1382-300x200.jpg 300w,https:\/\/turunlennokkiseura.com\/tls\/wp-content\/uploads\/2023\/10\/VVL_1382-1024x682.jpg 1024w,https:\/\/turunlennokkiseura.com\/tls\/wp-content\/uploads\/2023\/10\/VVL_1382.jpg 2048w\" sizes=\"auto, 250px\"\/><\/a><\/div><div class=\"sgb-item\"><a href=\"https:\/\/turunlennokkiseura.com\/tls\/pgc_simply_gallery\/kesakauden-paattajaiset-30-9-2023\/vvl_1355\/\" target=\"_blank\"><img decoding=\"async\" alt=\"\" width=\"300\" height=\"200\" loading=\"lazy\" src=\"https:\/\/turunlennokkiseura.com\/tls\/wp-content\/uploads\/2023\/10\/VVL_1355-300x200.jpg\" srcset=\"https:\/\/turunlennokkiseura.com\/tls\/wp-content\/uploads\/2023\/10\/VVL_1355-300x200.jpg 300w,https:\/\/turunlennokkiseura.com\/tls\/wp-content\/uploads\/2023\/10\/VVL_1355-1024x682.jpg 1024w,https:\/\/turunlennokkiseura.com\/tls\/wp-content\/uploads\/2023\/10\/VVL_1355.jpg 2048w\" sizes=\"auto, 250px\"\/><\/a><\/div><div class=\"sgb-item\"><a href=\"https:\/\/turunlennokkiseura.com\/tls\/pgc_simply_gallery\/kesakauden-paattajaiset-30-9-2023\/vvl_1584\/\" target=\"_blank\"><img decoding=\"async\" alt=\"\" width=\"300\" height=\"200\" loading=\"lazy\" src=\"https:\/\/turunlennokkiseura.com\/tls\/wp-content\/uploads\/2023\/10\/VVL_1584-300x200.jpg\" srcset=\"https:\/\/turunlennokkiseura.com\/tls\/wp-content\/uploads\/2023\/10\/VVL_1584-300x200.jpg 300w,https:\/\/turunlennokkiseura.com\/tls\/wp-content\/uploads\/2023\/10\/VVL_1584-1024x682.jpg 1024w,https:\/\/turunlennokkiseura.com\/tls\/wp-content\/uploads\/2023\/10\/VVL_1584.jpg 2048w\" sizes=\"auto, 250px\"\/><\/a><\/div><div class=\"sgb-item\"><a href=\"https:\/\/turunlennokkiseura.com\/tls\/pgc_simply_gallery\/kesakauden-paattajaiset-30-9-2023\/vvl_1379\/\" target=\"_blank\"><img decoding=\"async\" alt=\"\" width=\"300\" height=\"200\" loading=\"lazy\" src=\"https:\/\/turunlennokkiseura.com\/tls\/wp-content\/uploads\/2023\/10\/VVL_1379-300x200.jpg\" srcset=\"https:\/\/turunlennokkiseura.com\/tls\/wp-content\/uploads\/2023\/10\/VVL_1379-300x200.jpg 300w,https:\/\/turunlennokkiseura.com\/tls\/wp-content\/uploads\/2023\/10\/VVL_1379-1024x682.jpg 1024w,https:\/\/turunlennokkiseura.com\/tls\/wp-content\/uploads\/2023\/10\/VVL_1379.jpg 2048w\" sizes=\"auto, 250px\"\/><\/a><\/div><div class=\"sgb-item\"><a href=\"https:\/\/turunlennokkiseura.com\/tls\/pgc_simply_gallery\/kesakauden-paattajaiset-30-9-2023\/vvl_1334\/\" target=\"_blank\"><img decoding=\"async\" alt=\"\" width=\"300\" height=\"200\" loading=\"lazy\" src=\"https:\/\/turunlennokkiseura.com\/tls\/wp-content\/uploads\/2023\/10\/VVL_1334-300x200.jpg\" srcset=\"https:\/\/turunlennokkiseura.com\/tls\/wp-content\/uploads\/2023\/10\/VVL_1334-300x200.jpg 300w,https:\/\/turunlennokkiseura.com\/tls\/wp-content\/uploads\/2023\/10\/VVL_1334-1024x682.jpg 1024w,https:\/\/turunlennokkiseura.com\/tls\/wp-content\/uploads\/2023\/10\/VVL_1334.jpg 2048w\" sizes=\"auto, 250px\"\/><\/a><\/div><div class=\"sgb-item\"><a href=\"https:\/\/turunlennokkiseura.com\/tls\/pgc_simply_gallery\/kesakauden-paattajaiset-30-9-2023\/vvl_1362\/\" target=\"_blank\"><img decoding=\"async\" alt=\"\" width=\"300\" height=\"200\" loading=\"lazy\" src=\"https:\/\/turunlennokkiseura.com\/tls\/wp-content\/uploads\/2023\/10\/VVL_1362-300x200.jpg\" srcset=\"https:\/\/turunlennokkiseura.com\/tls\/wp-content\/uploads\/2023\/10\/VVL_1362-300x200.jpg 300w,https:\/\/turunlennokkiseura.com\/tls\/wp-content\/uploads\/2023\/10\/VVL_1362-1024x682.jpg 1024w,https:\/\/turunlennokkiseura.com\/tls\/wp-content\/uploads\/2023\/10\/VVL_1362.jpg 2048w\" sizes=\"auto, 250px\"\/><\/a><\/div><div class=\"sgb-item\"><a href=\"https:\/\/turunlennokkiseura.com\/tls\/pgc_simply_gallery\/kesakauden-paattajaiset-30-9-2023\/vvl_1376\/\" target=\"_blank\"><img decoding=\"async\" alt=\"\" width=\"300\" height=\"200\" loading=\"lazy\" src=\"https:\/\/turunlennokkiseura.com\/tls\/wp-content\/uploads\/2023\/10\/VVL_1376-300x200.jpg\" srcset=\"https:\/\/turunlennokkiseura.com\/tls\/wp-content\/uploads\/2023\/10\/VVL_1376-300x200.jpg 300w,https:\/\/turunlennokkiseura.com\/tls\/wp-content\/uploads\/2023\/10\/VVL_1376-1024x682.jpg 1024w,https:\/\/turunlennokkiseura.com\/tls\/wp-content\/uploads\/2023\/10\/VVL_1376.jpg 2048w\" sizes=\"auto, 250px\"\/><\/a><\/div><div class=\"sgb-item\"><a href=\"https:\/\/turunlennokkiseura.com\/tls\/pgc_simply_gallery\/kesakauden-paattajaiset-30-9-2023\/vvl_1280\/\" target=\"_blank\"><img decoding=\"async\" alt=\"\" width=\"300\" height=\"200\" loading=\"lazy\" src=\"https:\/\/turunlennokkiseura.com\/tls\/wp-content\/uploads\/2023\/10\/VVL_1280-300x200.jpg\" srcset=\"https:\/\/turunlennokkiseura.com\/tls\/wp-content\/uploads\/2023\/10\/VVL_1280-300x200.jpg 300w,https:\/\/turunlennokkiseura.com\/tls\/wp-content\/uploads\/2023\/10\/VVL_1280-1024x682.jpg 1024w,https:\/\/turunlennokkiseura.com\/tls\/wp-content\/uploads\/2023\/10\/VVL_1280.jpg 2048w\" sizes=\"auto, 250px\"\/><\/a><\/div><div class=\"sgb-item\"><a href=\"https:\/\/turunlennokkiseura.com\/tls\/pgc_simply_gallery\/kesakauden-paattajaiset-30-9-2023\/vvl_1295\/\" target=\"_blank\"><img decoding=\"async\" alt=\"\" width=\"300\" height=\"200\" loading=\"lazy\" src=\"https:\/\/turunlennokkiseura.com\/tls\/wp-content\/uploads\/2023\/10\/VVL_1295-300x200.jpg\" srcset=\"https:\/\/turunlennokkiseura.com\/tls\/wp-content\/uploads\/2023\/10\/VVL_1295-300x200.jpg 300w,https:\/\/turunlennokkiseura.com\/tls\/wp-content\/uploads\/2023\/10\/VVL_1295-1024x682.jpg 1024w,https:\/\/turunlennokkiseura.com\/tls\/wp-content\/uploads\/2023\/10\/VVL_1295.jpg 2048w\" sizes=\"auto, 250px\"\/><\/a><\/div><div class=\"sgb-item\"><a href=\"https:\/\/turunlennokkiseura.com\/tls\/pgc_simply_gallery\/kesakauden-paattajaiset-30-9-2023\/vvl_1707\/\" target=\"_blank\"><img decoding=\"async\" alt=\"\" width=\"300\" height=\"200\" loading=\"lazy\" src=\"https:\/\/turunlennokkiseura.com\/tls\/wp-content\/uploads\/2023\/10\/VVL_1707-300x200.jpg\" srcset=\"https:\/\/turunlennokkiseura.com\/tls\/wp-content\/uploads\/2023\/10\/VVL_1707-300x200.jpg 300w,https:\/\/turunlennokkiseura.com\/tls\/wp-content\/uploads\/2023\/10\/VVL_1707-1024x682.jpg 1024w,https:\/\/turunlennokkiseura.com\/tls\/wp-content\/uploads\/2023\/10\/VVL_1707.jpg 2048w\" sizes=\"auto, 250px\"\/><\/a><\/div><div class=\"sgb-item\"><a href=\"https:\/\/turunlennokkiseura.com\/tls\/pgc_simply_gallery\/kesakauden-paattajaiset-30-9-2023\/vvl_1292\/\" target=\"_blank\"><img decoding=\"async\" alt=\"\" width=\"300\" height=\"200\" loading=\"lazy\" src=\"https:\/\/turunlennokkiseura.com\/tls\/wp-content\/uploads\/2023\/10\/VVL_1292-300x200.jpg\" srcset=\"https:\/\/turunlennokkiseura.com\/tls\/wp-content\/uploads\/2023\/10\/VVL_1292-300x200.jpg 300w,https:\/\/turunlennokkiseura.com\/tls\/wp-content\/uploads\/2023\/10\/VVL_1292-1024x682.jpg 1024w,https:\/\/turunlennokkiseura.com\/tls\/wp-content\/uploads\/2023\/10\/VVL_1292.jpg 2048w\" sizes=\"auto, 250px\"\/><\/a><\/div><div class=\"sgb-item\"><a href=\"https:\/\/turunlennokkiseura.com\/tls\/pgc_simply_gallery\/kesakauden-paattajaiset-30-9-2023\/vvl_1404\/\" target=\"_blank\"><img decoding=\"async\" alt=\"\" width=\"300\" height=\"200\" loading=\"lazy\" src=\"https:\/\/turunlennokkiseura.com\/tls\/wp-content\/uploads\/2023\/10\/VVL_1404-300x200.jpg\" srcset=\"https:\/\/turunlennokkiseura.com\/tls\/wp-content\/uploads\/2023\/10\/VVL_1404-300x200.jpg 300w,https:\/\/turunlennokkiseura.com\/tls\/wp-content\/uploads\/2023\/10\/VVL_1404-1024x682.jpg 1024w,https:\/\/turunlennokkiseura.com\/tls\/wp-content\/uploads\/2023\/10\/VVL_1404.jpg 2048w\" sizes=\"auto, 250px\"\/><\/a><\/div><div class=\"sgb-item\"><a href=\"https:\/\/turunlennokkiseura.com\/tls\/pgc_simply_gallery\/kesakauden-paattajaiset-30-9-2023\/vvl_1294\/\" target=\"_blank\"><img decoding=\"async\" alt=\"\" width=\"300\" height=\"200\" loading=\"lazy\" src=\"https:\/\/turunlennokkiseura.com\/tls\/wp-content\/uploads\/2023\/10\/VVL_1294-300x200.jpg\" srcset=\"https:\/\/turunlennokkiseura.com\/tls\/wp-content\/uploads\/2023\/10\/VVL_1294-300x200.jpg 300w,https:\/\/turunlennokkiseura.com\/tls\/wp-content\/uploads\/2023\/10\/VVL_1294-1024x682.jpg 1024w,https:\/\/turunlennokkiseura.com\/tls\/wp-content\/uploads\/2023\/10\/VVL_1294.jpg 2048w\" sizes=\"auto, 250px\"\/><\/a><\/div><div class=\"sgb-item\"><a href=\"https:\/\/turunlennokkiseura.com\/tls\/pgc_simply_gallery\/kesakauden-paattajaiset-30-9-2023\/vvl_1602\/\" target=\"_blank\"><img decoding=\"async\" alt=\"\" width=\"300\" height=\"200\" loading=\"lazy\" src=\"https:\/\/turunlennokkiseura.com\/tls\/wp-content\/uploads\/2023\/10\/VVL_1602-300x200.jpg\" srcset=\"https:\/\/turunlennokkiseura.com\/tls\/wp-content\/uploads\/2023\/10\/VVL_1602-300x200.jpg 300w,https:\/\/turunlennokkiseura.com\/tls\/wp-content\/uploads\/2023\/10\/VVL_1602-1024x682.jpg 1024w,https:\/\/turunlennokkiseura.com\/tls\/wp-content\/uploads\/2023\/10\/VVL_1602.jpg 2048w\" sizes=\"auto, 250px\"\/><\/a><\/div><div class=\"sgb-item\"><a href=\"https:\/\/turunlennokkiseura.com\/tls\/pgc_simply_gallery\/kesakauden-paattajaiset-30-9-2023\/vvl_1761\/\" target=\"_blank\"><img decoding=\"async\" alt=\"\" width=\"300\" height=\"200\" loading=\"lazy\" src=\"https:\/\/turunlennokkiseura.com\/tls\/wp-content\/uploads\/2023\/10\/VVL_1761-300x200.jpg\" srcset=\"https:\/\/turunlennokkiseura.com\/tls\/wp-content\/uploads\/2023\/10\/VVL_1761-300x200.jpg 300w,https:\/\/turunlennokkiseura.com\/tls\/wp-content\/uploads\/2023\/10\/VVL_1761-1024x682.jpg 1024w,https:\/\/turunlennokkiseura.com\/tls\/wp-content\/uploads\/2023\/10\/VVL_1761.jpg 2048w\" sizes=\"auto, 250px\"\/><\/a><\/div><div class=\"sgb-item\"><a href=\"https:\/\/turunlennokkiseura.com\/tls\/pgc_simply_gallery\/kesakauden-paattajaiset-30-9-2023\/vvl_1261\/\" target=\"_blank\"><img decoding=\"async\" alt=\"\" width=\"300\" height=\"200\" loading=\"lazy\" src=\"https:\/\/turunlennokkiseura.com\/tls\/wp-content\/uploads\/2023\/10\/VVL_1261-300x200.jpg\" srcset=\"https:\/\/turunlennokkiseura.com\/tls\/wp-content\/uploads\/2023\/10\/VVL_1261-300x200.jpg 300w,https:\/\/turunlennokkiseura.com\/tls\/wp-content\/uploads\/2023\/10\/VVL_1261-1024x681.jpg 1024w,https:\/\/turunlennokkiseura.com\/tls\/wp-content\/uploads\/2023\/10\/VVL_1261.jpg 2048w\" sizes=\"auto, 250px\"\/><\/a><\/div><div class=\"sgb-item\"><a href=\"https:\/\/turunlennokkiseura.com\/tls\/pgc_simply_gallery\/kesakauden-paattajaiset-30-9-2023\/vvl_1255\/\" target=\"_blank\"><img decoding=\"async\" alt=\"\" width=\"200\" height=\"300\" loading=\"lazy\" src=\"https:\/\/turunlennokkiseura.com\/tls\/wp-content\/uploads\/2023\/10\/VVL_1255-200x300.jpg\" srcset=\"https:\/\/turunlennokkiseura.com\/tls\/wp-content\/uploads\/2023\/10\/VVL_1255-200x300.jpg 200w,https:\/\/turunlennokkiseura.com\/tls\/wp-content\/uploads\/2023\/10\/VVL_1255-681x1024.jpg 681w,https:\/\/turunlennokkiseura.com\/tls\/wp-content\/uploads\/2023\/10\/VVL_1255.jpg 1022w\" sizes=\"auto, 250px\"\/><\/a><\/div><div class=\"sgb-item\"><a href=\"https:\/\/turunlennokkiseura.com\/tls\/pgc_simply_gallery\/kesakauden-paattajaiset-30-9-2023\/vvl_1283\/\" target=\"_blank\"><img decoding=\"async\" alt=\"\" width=\"300\" height=\"200\" loading=\"lazy\" src=\"https:\/\/turunlennokkiseura.com\/tls\/wp-content\/uploads\/2023\/10\/VVL_1283-300x200.jpg\" srcset=\"https:\/\/turunlennokkiseura.com\/tls\/wp-content\/uploads\/2023\/10\/VVL_1283-300x200.jpg 300w,https:\/\/turunlennokkiseura.com\/tls\/wp-content\/uploads\/2023\/10\/VVL_1283-1024x682.jpg 1024w,https:\/\/turunlennokkiseura.com\/tls\/wp-content\/uploads\/2023\/10\/VVL_1283.jpg 2048w\" sizes=\"auto, 250px\"\/><\/a><\/div><div class=\"sgb-item\"><a href=\"https:\/\/turunlennokkiseura.com\/tls\/pgc_simply_gallery\/kesakauden-paattajaiset-30-9-2023\/vvl_1491\/\" target=\"_blank\"><img decoding=\"async\" alt=\"\" width=\"300\" height=\"200\" loading=\"lazy\" src=\"https:\/\/turunlennokkiseura.com\/tls\/wp-content\/uploads\/2023\/10\/VVL_1491-300x200.jpg\" srcset=\"https:\/\/turunlennokkiseura.com\/tls\/wp-content\/uploads\/2023\/10\/VVL_1491-300x200.jpg 300w,https:\/\/turunlennokkiseura.com\/tls\/wp-content\/uploads\/2023\/10\/VVL_1491-1024x682.jpg 1024w,https:\/\/turunlennokkiseura.com\/tls\/wp-content\/uploads\/2023\/10\/VVL_1491.jpg 2048w\" sizes=\"auto, 250px\"\/><\/a><\/div><div class=\"sgb-item\"><a href=\"https:\/\/turunlennokkiseura.com\/tls\/pgc_simply_gallery\/kesakauden-paattajaiset-30-9-2023\/vvl_1402\/\" target=\"_blank\"><img decoding=\"async\" alt=\"\" width=\"300\" height=\"200\" loading=\"lazy\" src=\"https:\/\/turunlennokkiseura.com\/tls\/wp-content\/uploads\/2023\/10\/VVL_1402-300x200.jpg\" srcset=\"https:\/\/turunlennokkiseura.com\/tls\/wp-content\/uploads\/2023\/10\/VVL_1402-300x200.jpg 300w,https:\/\/turunlennokkiseura.com\/tls\/wp-content\/uploads\/2023\/10\/VVL_1402-1024x682.jpg 1024w,https:\/\/turunlennokkiseura.com\/tls\/wp-content\/uploads\/2023\/10\/VVL_1402.jpg 2048w\" sizes=\"auto, 250px\"\/><\/a><\/div><div class=\"sgb-item\"><a href=\"https:\/\/turunlennokkiseura.com\/tls\/pgc_simply_gallery\/kesakauden-paattajaiset-30-9-2023\/vvl_1513\/\" target=\"_blank\"><img decoding=\"async\" alt=\"\" width=\"300\" height=\"200\" loading=\"lazy\" src=\"https:\/\/turunlennokkiseura.com\/tls\/wp-content\/uploads\/2023\/10\/VVL_1513-300x200.jpg\" srcset=\"https:\/\/turunlennokkiseura.com\/tls\/wp-content\/uploads\/2023\/10\/VVL_1513-300x200.jpg 300w,https:\/\/turunlennokkiseura.com\/tls\/wp-content\/uploads\/2023\/10\/VVL_1513-1024x682.jpg 1024w,https:\/\/turunlennokkiseura.com\/tls\/wp-content\/uploads\/2023\/10\/VVL_1513.jpg 2048w\" sizes=\"auto, 250px\"\/><\/a><\/div><div class=\"sgb-item\"><a href=\"https:\/\/turunlennokkiseura.com\/tls\/pgc_simply_gallery\/kesakauden-paattajaiset-30-9-2023\/vvl_1397\/\" target=\"_blank\"><img decoding=\"async\" alt=\"\" width=\"300\" height=\"200\" loading=\"lazy\" src=\"https:\/\/turunlennokkiseura.com\/tls\/wp-content\/uploads\/2023\/10\/VVL_1397-300x200.jpg\" srcset=\"https:\/\/turunlennokkiseura.com\/tls\/wp-content\/uploads\/2023\/10\/VVL_1397-300x200.jpg 300w,https:\/\/turunlennokkiseura.com\/tls\/wp-content\/uploads\/2023\/10\/VVL_1397-1024x682.jpg 1024w,https:\/\/turunlennokkiseura.com\/tls\/wp-content\/uploads\/2023\/10\/VVL_1397.jpg 2048w\" sizes=\"auto, 250px\"\/><\/a><\/div><div class=\"sgb-item\"><a href=\"https:\/\/turunlennokkiseura.com\/tls\/pgc_simply_gallery\/kesakauden-paattajaiset-30-9-2023\/vvl_1756\/\" target=\"_blank\"><img decoding=\"async\" alt=\"\" width=\"300\" height=\"200\" loading=\"lazy\" src=\"https:\/\/turunlennokkiseura.com\/tls\/wp-content\/uploads\/2023\/10\/VVL_1756-300x200.jpg\" srcset=\"https:\/\/turunlennokkiseura.com\/tls\/wp-content\/uploads\/2023\/10\/VVL_1756-300x200.jpg 300w,https:\/\/turunlennokkiseura.com\/tls\/wp-content\/uploads\/2023\/10\/VVL_1756-1024x682.jpg 1024w,https:\/\/turunlennokkiseura.com\/tls\/wp-content\/uploads\/2023\/10\/VVL_1756.jpg 2048w\" sizes=\"auto, 250px\"\/><\/a><\/div><div class=\"sgb-item\"><a href=\"https:\/\/turunlennokkiseura.com\/tls\/pgc_simply_gallery\/kesakauden-paattajaiset-30-9-2023\/vvl_1460\/\" target=\"_blank\"><img decoding=\"async\" alt=\"\" width=\"300\" height=\"200\" loading=\"lazy\" src=\"https:\/\/turunlennokkiseura.com\/tls\/wp-content\/uploads\/2023\/10\/VVL_1460-300x200.jpg\" srcset=\"https:\/\/turunlennokkiseura.com\/tls\/wp-content\/uploads\/2023\/10\/VVL_1460-300x200.jpg 300w,https:\/\/turunlennokkiseura.com\/tls\/wp-content\/uploads\/2023\/10\/VVL_1460-1024x682.jpg 1024w,https:\/\/turunlennokkiseura.com\/tls\/wp-content\/uploads\/2023\/10\/VVL_1460.jpg 2048w\" sizes=\"auto, 250px\"\/><\/a><\/div><div class=\"sgb-item\"><a href=\"https:\/\/turunlennokkiseura.com\/tls\/pgc_simply_gallery\/kesakauden-paattajaiset-30-9-2023\/vvl_1287\/\" target=\"_blank\"><img decoding=\"async\" alt=\"\" width=\"300\" height=\"200\" loading=\"lazy\" src=\"https:\/\/turunlennokkiseura.com\/tls\/wp-content\/uploads\/2023\/10\/VVL_1287-300x200.jpg\" srcset=\"https:\/\/turunlennokkiseura.com\/tls\/wp-content\/uploads\/2023\/10\/VVL_1287-300x200.jpg 300w,https:\/\/turunlennokkiseura.com\/tls\/wp-content\/uploads\/2023\/10\/VVL_1287-1024x682.jpg 1024w,https:\/\/turunlennokkiseura.com\/tls\/wp-content\/uploads\/2023\/10\/VVL_1287.jpg 2048w\" sizes=\"auto, 250px\"\/><\/a><\/div><div class=\"sgb-item\"><a href=\"https:\/\/turunlennokkiseura.com\/tls\/pgc_simply_gallery\/kesakauden-paattajaiset-30-9-2023\/vvl_1759\/\" target=\"_blank\"><img decoding=\"async\" alt=\"\" width=\"300\" height=\"200\" loading=\"lazy\" src=\"https:\/\/turunlennokkiseura.com\/tls\/wp-content\/uploads\/2023\/10\/VVL_1759-300x200.jpg\" srcset=\"https:\/\/turunlennokkiseura.com\/tls\/wp-content\/uploads\/2023\/10\/VVL_1759-300x200.jpg 300w,https:\/\/turunlennokkiseura.com\/tls\/wp-content\/uploads\/2023\/10\/VVL_1759-1024x682.jpg 1024w,https:\/\/turunlennokkiseura.com\/tls\/wp-content\/uploads\/2023\/10\/VVL_1759.jpg 2048w\" sizes=\"auto, 250px\"\/><\/a><\/div><div class=\"sgb-item\"><a href=\"https:\/\/turunlennokkiseura.com\/tls\/pgc_simply_gallery\/kesakauden-paattajaiset-30-9-2023\/vvl_1605\/\" target=\"_blank\"><img decoding=\"async\" alt=\"\" width=\"300\" height=\"200\" loading=\"lazy\" src=\"https:\/\/turunlennokkiseura.com\/tls\/wp-content\/uploads\/2023\/10\/VVL_1605-300x200.jpg\" srcset=\"https:\/\/turunlennokkiseura.com\/tls\/wp-content\/uploads\/2023\/10\/VVL_1605-300x200.jpg 300w,https:\/\/turunlennokkiseura.com\/tls\/wp-content\/uploads\/2023\/10\/VVL_1605-1024x682.jpg 1024w,https:\/\/turunlennokkiseura.com\/tls\/wp-content\/uploads\/2023\/10\/VVL_1605.jpg 2048w\" sizes=\"auto, 250px\"\/><\/a><\/div><div class=\"sgb-item\"><a href=\"https:\/\/turunlennokkiseura.com\/tls\/pgc_simply_gallery\/kesakauden-paattajaiset-30-9-2023\/vvl_1620\/\" target=\"_blank\"><img decoding=\"async\" alt=\"\" width=\"300\" height=\"200\" loading=\"lazy\" src=\"https:\/\/turunlennokkiseura.com\/tls\/wp-content\/uploads\/2023\/10\/VVL_1620-300x200.jpg\" srcset=\"https:\/\/turunlennokkiseura.com\/tls\/wp-content\/uploads\/2023\/10\/VVL_1620-300x200.jpg 300w,https:\/\/turunlennokkiseura.com\/tls\/wp-content\/uploads\/2023\/10\/VVL_1620-1024x682.jpg 1024w,https:\/\/turunlennokkiseura.com\/tls\/wp-content\/uploads\/2023\/10\/VVL_1620.jpg 2048w\" sizes=\"auto, 250px\"\/><\/a><\/div><div class=\"sgb-item\"><a href=\"https:\/\/turunlennokkiseura.com\/tls\/pgc_simply_gallery\/kesakauden-paattajaiset-30-9-2023\/vvl_1515\/\" target=\"_blank\"><img decoding=\"async\" alt=\"\" width=\"300\" height=\"200\" loading=\"lazy\" src=\"https:\/\/turunlennokkiseura.com\/tls\/wp-content\/uploads\/2023\/10\/VVL_1515-300x200.jpg\" srcset=\"https:\/\/turunlennokkiseura.com\/tls\/wp-content\/uploads\/2023\/10\/VVL_1515-300x200.jpg 300w,https:\/\/turunlennokkiseura.com\/tls\/wp-content\/uploads\/2023\/10\/VVL_1515-1024x682.jpg 1024w,https:\/\/turunlennokkiseura.com\/tls\/wp-content\/uploads\/2023\/10\/VVL_1515.jpg 2048w\" sizes=\"auto, 250px\"\/><\/a><\/div><div class=\"sgb-item\"><a href=\"https:\/\/turunlennokkiseura.com\/tls\/pgc_simply_gallery\/kesakauden-paattajaiset-30-9-2023\/vvl_1275\/\" target=\"_blank\"><img decoding=\"async\" alt=\"\" width=\"200\" height=\"300\" loading=\"lazy\" src=\"https:\/\/turunlennokkiseura.com\/tls\/wp-content\/uploads\/2023\/10\/VVL_1275-200x300.jpg\" srcset=\"https:\/\/turunlennokkiseura.com\/tls\/wp-content\/uploads\/2023\/10\/VVL_1275-200x300.jpg 200w,https:\/\/turunlennokkiseura.com\/tls\/wp-content\/uploads\/2023\/10\/VVL_1275-681x1024.jpg 681w,https:\/\/turunlennokkiseura.com\/tls\/wp-content\/uploads\/2023\/10\/VVL_1275.jpg 1022w\" sizes=\"auto, 250px\"\/><\/a><\/div><div class=\"sgb-item\"><a href=\"https:\/\/turunlennokkiseura.com\/tls\/pgc_simply_gallery\/kesakauden-paattajaiset-30-9-2023\/vvl_1452\/\" target=\"_blank\"><img decoding=\"async\" alt=\"\" width=\"300\" height=\"200\" loading=\"lazy\" src=\"https:\/\/turunlennokkiseura.com\/tls\/wp-content\/uploads\/2023\/10\/VVL_1452-300x200.jpg\" srcset=\"https:\/\/turunlennokkiseura.com\/tls\/wp-content\/uploads\/2023\/10\/VVL_1452-300x200.jpg 300w,https:\/\/turunlennokkiseura.com\/tls\/wp-content\/uploads\/2023\/10\/VVL_1452-1024x682.jpg 1024w,https:\/\/turunlennokkiseura.com\/tls\/wp-content\/uploads\/2023\/10\/VVL_1452.jpg 2048w\" sizes=\"auto, 250px\"\/><\/a><\/div><div class=\"sgb-item\"><a href=\"https:\/\/turunlennokkiseura.com\/tls\/pgc_simply_gallery\/kesakauden-paattajaiset-30-9-2023\/vvl_1805\/\" target=\"_blank\"><img decoding=\"async\" alt=\"\" width=\"300\" height=\"200\" loading=\"lazy\" src=\"https:\/\/turunlennokkiseura.com\/tls\/wp-content\/uploads\/2023\/10\/VVL_1805-300x200.jpg\" srcset=\"https:\/\/turunlennokkiseura.com\/tls\/wp-content\/uploads\/2023\/10\/VVL_1805-300x200.jpg 300w,https:\/\/turunlennokkiseura.com\/tls\/wp-content\/uploads\/2023\/10\/VVL_1805-1024x682.jpg 1024w,https:\/\/turunlennokkiseura.com\/tls\/wp-content\/uploads\/2023\/10\/VVL_1805.jpg 2048w\" sizes=\"auto, 250px\"\/><\/a><\/div><div class=\"sgb-item\"><a href=\"https:\/\/turunlennokkiseura.com\/tls\/pgc_simply_gallery\/kesakauden-paattajaiset-30-9-2023\/vvl_1490\/\" target=\"_blank\"><img decoding=\"async\" alt=\"\" width=\"300\" height=\"200\" loading=\"lazy\" src=\"https:\/\/turunlennokkiseura.com\/tls\/wp-content\/uploads\/2023\/10\/VVL_1490-300x200.jpg\" srcset=\"https:\/\/turunlennokkiseura.com\/tls\/wp-content\/uploads\/2023\/10\/VVL_1490-300x200.jpg 300w,https:\/\/turunlennokkiseura.com\/tls\/wp-content\/uploads\/2023\/10\/VVL_1490-1024x682.jpg 1024w,https:\/\/turunlennokkiseura.com\/tls\/wp-content\/uploads\/2023\/10\/VVL_1490.jpg 2048w\" sizes=\"auto, 250px\"\/><\/a><\/div><div class=\"sgb-item\"><a href=\"https:\/\/turunlennokkiseura.com\/tls\/pgc_simply_gallery\/kesakauden-paattajaiset-30-9-2023\/vvl_1528\/\" target=\"_blank\"><img decoding=\"async\" alt=\"\" width=\"300\" height=\"200\" loading=\"lazy\" src=\"https:\/\/turunlennokkiseura.com\/tls\/wp-content\/uploads\/2023\/10\/VVL_1528-300x200.jpg\" srcset=\"https:\/\/turunlennokkiseura.com\/tls\/wp-content\/uploads\/2023\/10\/VVL_1528-300x200.jpg 300w,https:\/\/turunlennokkiseura.com\/tls\/wp-content\/uploads\/2023\/10\/VVL_1528-1024x682.jpg 1024w,https:\/\/turunlennokkiseura.com\/tls\/wp-content\/uploads\/2023\/10\/VVL_1528.jpg 2048w\" sizes=\"auto, 250px\"\/><\/a><\/div><div class=\"sgb-item\"><a href=\"https:\/\/turunlennokkiseura.com\/tls\/pgc_simply_gallery\/kesakauden-paattajaiset-30-9-2023\/vvl_1291\/\" target=\"_blank\"><img decoding=\"async\" alt=\"\" width=\"300\" height=\"200\" loading=\"lazy\" src=\"https:\/\/turunlennokkiseura.com\/tls\/wp-content\/uploads\/2023\/10\/VVL_1291-300x200.jpg\" srcset=\"https:\/\/turunlennokkiseura.com\/tls\/wp-content\/uploads\/2023\/10\/VVL_1291-300x200.jpg 300w,https:\/\/turunlennokkiseura.com\/tls\/wp-content\/uploads\/2023\/10\/VVL_1291-1024x682.jpg 1024w,https:\/\/turunlennokkiseura.com\/tls\/wp-content\/uploads\/2023\/10\/VVL_1291.jpg 2048w\" sizes=\"auto, 250px\"\/><\/a><\/div><div class=\"sgb-item\"><a href=\"https:\/\/turunlennokkiseura.com\/tls\/pgc_simply_gallery\/kesakauden-paattajaiset-30-9-2023\/vvl_1393\/\" target=\"_blank\"><img decoding=\"async\" alt=\"\" width=\"300\" height=\"200\" loading=\"lazy\" src=\"https:\/\/turunlennokkiseura.com\/tls\/wp-content\/uploads\/2023\/10\/VVL_1393-300x200.jpg\" srcset=\"https:\/\/turunlennokkiseura.com\/tls\/wp-content\/uploads\/2023\/10\/VVL_1393-300x200.jpg 300w,https:\/\/turunlennokkiseura.com\/tls\/wp-content\/uploads\/2023\/10\/VVL_1393-1024x682.jpg 1024w,https:\/\/turunlennokkiseura.com\/tls\/wp-content\/uploads\/2023\/10\/VVL_1393.jpg 2048w\" sizes=\"auto, 250px\"\/><\/a><\/div><div class=\"sgb-item\"><a href=\"https:\/\/turunlennokkiseura.com\/tls\/pgc_simply_gallery\/kesakauden-paattajaiset-30-9-2023\/vvl_1712\/\" target=\"_blank\"><img decoding=\"async\" alt=\"\" width=\"300\" height=\"200\" loading=\"lazy\" src=\"https:\/\/turunlennokkiseura.com\/tls\/wp-content\/uploads\/2023\/10\/VVL_1712-300x200.jpg\" srcset=\"https:\/\/turunlennokkiseura.com\/tls\/wp-content\/uploads\/2023\/10\/VVL_1712-300x200.jpg 300w,https:\/\/turunlennokkiseura.com\/tls\/wp-content\/uploads\/2023\/10\/VVL_1712-1024x682.jpg 1024w,https:\/\/turunlennokkiseura.com\/tls\/wp-content\/uploads\/2023\/10\/VVL_1712.jpg 2048w\" sizes=\"auto, 250px\"\/><\/a><\/div><div class=\"sgb-item\"><a href=\"https:\/\/turunlennokkiseura.com\/tls\/pgc_simply_gallery\/kesakauden-paattajaiset-30-9-2023\/vvl_1399\/\" target=\"_blank\"><img decoding=\"async\" alt=\"\" width=\"300\" height=\"200\" loading=\"lazy\" src=\"https:\/\/turunlennokkiseura.com\/tls\/wp-content\/uploads\/2023\/10\/VVL_1399-300x200.jpg\" srcset=\"https:\/\/turunlennokkiseura.com\/tls\/wp-content\/uploads\/2023\/10\/VVL_1399-300x200.jpg 300w,https:\/\/turunlennokkiseura.com\/tls\/wp-content\/uploads\/2023\/10\/VVL_1399-1024x682.jpg 1024w,https:\/\/turunlennokkiseura.com\/tls\/wp-content\/uploads\/2023\/10\/VVL_1399.jpg 2048w\" sizes=\"auto, 250px\"\/><\/a><\/div><div class=\"sgb-item\"><a href=\"https:\/\/turunlennokkiseura.com\/tls\/pgc_simply_gallery\/kesakauden-paattajaiset-30-9-2023\/vvl_1451\/\" target=\"_blank\"><img decoding=\"async\" alt=\"\" width=\"300\" height=\"200\" loading=\"lazy\" src=\"https:\/\/turunlennokkiseura.com\/tls\/wp-content\/uploads\/2023\/10\/VVL_1451-300x200.jpg\" srcset=\"https:\/\/turunlennokkiseura.com\/tls\/wp-content\/uploads\/2023\/10\/VVL_1451-300x200.jpg 300w,https:\/\/turunlennokkiseura.com\/tls\/wp-content\/uploads\/2023\/10\/VVL_1451-1024x682.jpg 1024w,https:\/\/turunlennokkiseura.com\/tls\/wp-content\/uploads\/2023\/10\/VVL_1451.jpg 2048w\" sizes=\"auto, 250px\"\/><\/a><\/div><div class=\"sgb-item\"><a href=\"https:\/\/turunlennokkiseura.com\/tls\/pgc_simply_gallery\/kesakauden-paattajaiset-30-9-2023\/vvl_1514\/\" target=\"_blank\"><img decoding=\"async\" alt=\"\" width=\"300\" height=\"200\" loading=\"lazy\" src=\"https:\/\/turunlennokkiseura.com\/tls\/wp-content\/uploads\/2023\/10\/VVL_1514-300x200.jpg\" srcset=\"https:\/\/turunlennokkiseura.com\/tls\/wp-content\/uploads\/2023\/10\/VVL_1514-300x200.jpg 300w,https:\/\/turunlennokkiseura.com\/tls\/wp-content\/uploads\/2023\/10\/VVL_1514-1024x682.jpg 1024w,https:\/\/turunlennokkiseura.com\/tls\/wp-content\/uploads\/2023\/10\/VVL_1514.jpg 2048w\" sizes=\"auto, 250px\"\/><\/a><\/div><div class=\"sgb-item\"><a href=\"https:\/\/turunlennokkiseura.com\/tls\/pgc_simply_gallery\/kesakauden-paattajaiset-30-9-2023\/vvl_1309\/\" target=\"_blank\"><img decoding=\"async\" alt=\"\" width=\"300\" height=\"200\" loading=\"lazy\" src=\"https:\/\/turunlennokkiseura.com\/tls\/wp-content\/uploads\/2023\/10\/VVL_1309-300x200.jpg\" srcset=\"https:\/\/turunlennokkiseura.com\/tls\/wp-content\/uploads\/2023\/10\/VVL_1309-300x200.jpg 300w,https:\/\/turunlennokkiseura.com\/tls\/wp-content\/uploads\/2023\/10\/VVL_1309-1024x682.jpg 1024w,https:\/\/turunlennokkiseura.com\/tls\/wp-content\/uploads\/2023\/10\/VVL_1309.jpg 2048w\" sizes=\"auto, 250px\"\/><\/a><\/div><div class=\"sgb-item\"><a href=\"https:\/\/turunlennokkiseura.com\/tls\/pgc_simply_gallery\/kesakauden-paattajaiset-30-9-2023\/vvl_1650\/\" target=\"_blank\"><img decoding=\"async\" alt=\"\" width=\"300\" height=\"200\" loading=\"lazy\" src=\"https:\/\/turunlennokkiseura.com\/tls\/wp-content\/uploads\/2023\/10\/VVL_1650-300x200.jpg\" srcset=\"https:\/\/turunlennokkiseura.com\/tls\/wp-content\/uploads\/2023\/10\/VVL_1650-300x200.jpg 300w,https:\/\/turunlennokkiseura.com\/tls\/wp-content\/uploads\/2023\/10\/VVL_1650-1024x682.jpg 1024w,https:\/\/turunlennokkiseura.com\/tls\/wp-content\/uploads\/2023\/10\/VVL_1650.jpg 2048w\" sizes=\"auto, 250px\"\/><\/a><\/div><div class=\"sgb-item\"><a href=\"https:\/\/turunlennokkiseura.com\/tls\/pgc_simply_gallery\/kesakauden-paattajaiset-30-9-2023\/vvl_1715\/\" target=\"_blank\"><img decoding=\"async\" alt=\"\" width=\"300\" height=\"200\" loading=\"lazy\" src=\"https:\/\/turunlennokkiseura.com\/tls\/wp-content\/uploads\/2023\/10\/VVL_1715-300x200.jpg\" srcset=\"https:\/\/turunlennokkiseura.com\/tls\/wp-content\/uploads\/2023\/10\/VVL_1715-300x200.jpg 300w,https:\/\/turunlennokkiseura.com\/tls\/wp-content\/uploads\/2023\/10\/VVL_1715-1024x682.jpg 1024w,https:\/\/turunlennokkiseura.com\/tls\/wp-content\/uploads\/2023\/10\/VVL_1715.jpg 2048w\" sizes=\"auto, 250px\"\/><\/a><\/div><div class=\"sgb-item\"><a href=\"https:\/\/turunlennokkiseura.com\/tls\/pgc_simply_gallery\/kesakauden-paattajaiset-30-9-2023\/vvl_1687\/\" target=\"_blank\"><img decoding=\"async\" alt=\"\" width=\"300\" height=\"200\" loading=\"lazy\" src=\"https:\/\/turunlennokkiseura.com\/tls\/wp-content\/uploads\/2023\/10\/VVL_1687-300x200.jpg\" srcset=\"https:\/\/turunlennokkiseura.com\/tls\/wp-content\/uploads\/2023\/10\/VVL_1687-300x200.jpg 300w,https:\/\/turunlennokkiseura.com\/tls\/wp-content\/uploads\/2023\/10\/VVL_1687-1024x682.jpg 1024w,https:\/\/turunlennokkiseura.com\/tls\/wp-content\/uploads\/2023\/10\/VVL_1687.jpg 2048w\" sizes=\"auto, 250px\"\/><\/a><\/div><div class=\"sgb-item\"><a href=\"https:\/\/turunlennokkiseura.com\/tls\/pgc_simply_gallery\/kesakauden-paattajaiset-30-9-2023\/vvl_1614\/\" target=\"_blank\"><img decoding=\"async\" alt=\"\" width=\"300\" height=\"200\" loading=\"lazy\" src=\"https:\/\/turunlennokkiseura.com\/tls\/wp-content\/uploads\/2023\/10\/VVL_1614-300x200.jpg\" srcset=\"https:\/\/turunlennokkiseura.com\/tls\/wp-content\/uploads\/2023\/10\/VVL_1614-300x200.jpg 300w,https:\/\/turunlennokkiseura.com\/tls\/wp-content\/uploads\/2023\/10\/VVL_1614-1024x682.jpg 1024w,https:\/\/turunlennokkiseura.com\/tls\/wp-content\/uploads\/2023\/10\/VVL_1614.jpg 2048w\" sizes=\"auto, 250px\"\/><\/a><\/div><div class=\"sgb-item\"><a href=\"https:\/\/turunlennokkiseura.com\/tls\/pgc_simply_gallery\/kesakauden-paattajaiset-30-9-2023\/vvl_1313\/\" target=\"_blank\"><img decoding=\"async\" alt=\"\" width=\"300\" height=\"200\" loading=\"lazy\" src=\"https:\/\/turunlennokkiseura.com\/tls\/wp-content\/uploads\/2023\/10\/VVL_1313-300x200.jpg\" srcset=\"https:\/\/turunlennokkiseura.com\/tls\/wp-content\/uploads\/2023\/10\/VVL_1313-300x200.jpg 300w,https:\/\/turunlennokkiseura.com\/tls\/wp-content\/uploads\/2023\/10\/VVL_1313-1024x682.jpg 1024w,https:\/\/turunlennokkiseura.com\/tls\/wp-content\/uploads\/2023\/10\/VVL_1313.jpg 2048w\" sizes=\"auto, 250px\"\/><\/a><\/div><div class=\"sgb-item\"><a href=\"https:\/\/turunlennokkiseura.com\/tls\/pgc_simply_gallery\/kesakauden-paattajaiset-30-9-2023\/vvl_1802\/\" target=\"_blank\"><img decoding=\"async\" alt=\"\" width=\"300\" height=\"200\" loading=\"lazy\" src=\"https:\/\/turunlennokkiseura.com\/tls\/wp-content\/uploads\/2023\/10\/VVL_1802-300x200.jpg\" srcset=\"https:\/\/turunlennokkiseura.com\/tls\/wp-content\/uploads\/2023\/10\/VVL_1802-300x200.jpg 300w,https:\/\/turunlennokkiseura.com\/tls\/wp-content\/uploads\/2023\/10\/VVL_1802-1024x682.jpg 1024w,https:\/\/turunlennokkiseura.com\/tls\/wp-content\/uploads\/2023\/10\/VVL_1802.jpg 2048w\" sizes=\"auto, 250px\"\/><\/a><\/div><div class=\"sgb-item\"><a href=\"https:\/\/turunlennokkiseura.com\/tls\/pgc_simply_gallery\/kesakauden-paattajaiset-30-9-2023\/vvl_1342\/\" target=\"_blank\"><img decoding=\"async\" alt=\"\" width=\"300\" height=\"200\" loading=\"lazy\" src=\"https:\/\/turunlennokkiseura.com\/tls\/wp-content\/uploads\/2023\/10\/VVL_1342-300x200.jpg\" srcset=\"https:\/\/turunlennokkiseura.com\/tls\/wp-content\/uploads\/2023\/10\/VVL_1342-300x200.jpg 300w,https:\/\/turunlennokkiseura.com\/tls\/wp-content\/uploads\/2023\/10\/VVL_1342-1024x682.jpg 1024w,https:\/\/turunlennokkiseura.com\/tls\/wp-content\/uploads\/2023\/10\/VVL_1342.jpg 2048w\" sizes=\"auto, 250px\"\/><\/a><\/div><div class=\"sgb-item\"><a href=\"https:\/\/turunlennokkiseura.com\/tls\/pgc_simply_gallery\/kesakauden-paattajaiset-30-9-2023\/vvl_1767\/\" target=\"_blank\"><img decoding=\"async\" alt=\"\" width=\"300\" height=\"200\" loading=\"lazy\" src=\"https:\/\/turunlennokkiseura.com\/tls\/wp-content\/uploads\/2023\/10\/VVL_1767-300x200.jpg\" srcset=\"https:\/\/turunlennokkiseura.com\/tls\/wp-content\/uploads\/2023\/10\/VVL_1767-300x200.jpg 300w,https:\/\/turunlennokkiseura.com\/tls\/wp-content\/uploads\/2023\/10\/VVL_1767-1024x682.jpg 1024w,https:\/\/turunlennokkiseura.com\/tls\/wp-content\/uploads\/2023\/10\/VVL_1767.jpg 2048w\" sizes=\"auto, 250px\"\/><\/a><\/div><div class=\"sgb-item\"><a href=\"https:\/\/turunlennokkiseura.com\/tls\/pgc_simply_gallery\/kesakauden-paattajaiset-30-9-2023\/vvl_1487\/\" target=\"_blank\"><img decoding=\"async\" alt=\"\" width=\"300\" height=\"200\" loading=\"lazy\" src=\"https:\/\/turunlennokkiseura.com\/tls\/wp-content\/uploads\/2023\/10\/VVL_1487-300x200.jpg\" srcset=\"https:\/\/turunlennokkiseura.com\/tls\/wp-content\/uploads\/2023\/10\/VVL_1487-300x200.jpg 300w,https:\/\/turunlennokkiseura.com\/tls\/wp-content\/uploads\/2023\/10\/VVL_1487-1024x682.jpg 1024w,https:\/\/turunlennokkiseura.com\/tls\/wp-content\/uploads\/2023\/10\/VVL_1487.jpg 2048w\" sizes=\"auto, 250px\"\/><\/a><\/div><div class=\"sgb-item\"><a href=\"https:\/\/turunlennokkiseura.com\/tls\/pgc_simply_gallery\/kesakauden-paattajaiset-30-9-2023\/vvl_1683\/\" target=\"_blank\"><img decoding=\"async\" alt=\"\" width=\"300\" height=\"200\" loading=\"lazy\" src=\"https:\/\/turunlennokkiseura.com\/tls\/wp-content\/uploads\/2023\/10\/VVL_1683-300x200.jpg\" srcset=\"https:\/\/turunlennokkiseura.com\/tls\/wp-content\/uploads\/2023\/10\/VVL_1683-300x200.jpg 300w,https:\/\/turunlennokkiseura.com\/tls\/wp-content\/uploads\/2023\/10\/VVL_1683-1024x682.jpg 1024w,https:\/\/turunlennokkiseura.com\/tls\/wp-content\/uploads\/2023\/10\/VVL_1683.jpg 2048w\" sizes=\"auto, 250px\"\/><\/a><\/div><div class=\"sgb-item\"><a href=\"https:\/\/turunlennokkiseura.com\/tls\/pgc_simply_gallery\/kesakauden-paattajaiset-30-9-2023\/vvl_1535\/\" target=\"_blank\"><img decoding=\"async\" alt=\"\" width=\"300\" height=\"200\" loading=\"lazy\" src=\"https:\/\/turunlennokkiseura.com\/tls\/wp-content\/uploads\/2023\/10\/VVL_1535-300x200.jpg\" srcset=\"https:\/\/turunlennokkiseura.com\/tls\/wp-content\/uploads\/2023\/10\/VVL_1535-300x200.jpg 300w,https:\/\/turunlennokkiseura.com\/tls\/wp-content\/uploads\/2023\/10\/VVL_1535-1024x682.jpg 1024w,https:\/\/turunlennokkiseura.com\/tls\/wp-content\/uploads\/2023\/10\/VVL_1535.jpg 2048w\" sizes=\"auto, 250px\"\/><\/a><\/div><div class=\"sgb-item\"><a href=\"https:\/\/turunlennokkiseura.com\/tls\/pgc_simply_gallery\/kesakauden-paattajaiset-30-9-2023\/vvl_1269\/\" target=\"_blank\"><img decoding=\"async\" alt=\"\" width=\"300\" height=\"200\" loading=\"lazy\" src=\"https:\/\/turunlennokkiseura.com\/tls\/wp-content\/uploads\/2023\/10\/VVL_1269-300x200.jpg\" srcset=\"https:\/\/turunlennokkiseura.com\/tls\/wp-content\/uploads\/2023\/10\/VVL_1269-300x200.jpg 300w,https:\/\/turunlennokkiseura.com\/tls\/wp-content\/uploads\/2023\/10\/VVL_1269-1024x681.jpg 1024w,https:\/\/turunlennokkiseura.com\/tls\/wp-content\/uploads\/2023\/10\/VVL_1269.jpg 2048w\" sizes=\"auto, 250px\"\/><\/a><\/div><div class=\"sgb-item\"><a href=\"https:\/\/turunlennokkiseura.com\/tls\/pgc_simply_gallery\/kesakauden-paattajaiset-30-9-2023\/vvl_1525\/\" target=\"_blank\"><img decoding=\"async\" alt=\"\" width=\"300\" height=\"200\" loading=\"lazy\" src=\"https:\/\/turunlennokkiseura.com\/tls\/wp-content\/uploads\/2023\/10\/VVL_1525-300x200.jpg\" srcset=\"https:\/\/turunlennokkiseura.com\/tls\/wp-content\/uploads\/2023\/10\/VVL_1525-300x200.jpg 300w,https:\/\/turunlennokkiseura.com\/tls\/wp-content\/uploads\/2023\/10\/VVL_1525-1024x682.jpg 1024w,https:\/\/turunlennokkiseura.com\/tls\/wp-content\/uploads\/2023\/10\/VVL_1525.jpg 2048w\" sizes=\"auto, 250px\"\/><\/a><\/div><div class=\"sgb-item\"><a href=\"https:\/\/turunlennokkiseura.com\/tls\/pgc_simply_gallery\/kesakauden-paattajaiset-30-9-2023\/vvl_1519\/\" target=\"_blank\"><img decoding=\"async\" alt=\"\" width=\"300\" height=\"200\" loading=\"lazy\" src=\"https:\/\/turunlennokkiseura.com\/tls\/wp-content\/uploads\/2023\/10\/VVL_1519-300x200.jpg\" srcset=\"https:\/\/turunlennokkiseura.com\/tls\/wp-content\/uploads\/2023\/10\/VVL_1519-300x200.jpg 300w,https:\/\/turunlennokkiseura.com\/tls\/wp-content\/uploads\/2023\/10\/VVL_1519-1024x682.jpg 1024w,https:\/\/turunlennokkiseura.com\/tls\/wp-content\/uploads\/2023\/10\/VVL_1519.jpg 2048w\" sizes=\"auto, 250px\"\/><\/a><\/div><div class=\"sgb-item\"><a href=\"https:\/\/turunlennokkiseura.com\/tls\/pgc_simply_gallery\/kesakauden-paattajaiset-30-9-2023\/vvl_1629\/\" target=\"_blank\"><img decoding=\"async\" alt=\"\" width=\"300\" height=\"200\" loading=\"lazy\" src=\"https:\/\/turunlennokkiseura.com\/tls\/wp-content\/uploads\/2023\/10\/VVL_1629-300x200.jpg\" srcset=\"https:\/\/turunlennokkiseura.com\/tls\/wp-content\/uploads\/2023\/10\/VVL_1629-300x200.jpg 300w,https:\/\/turunlennokkiseura.com\/tls\/wp-content\/uploads\/2023\/10\/VVL_1629-1024x682.jpg 1024w,https:\/\/turunlennokkiseura.com\/tls\/wp-content\/uploads\/2023\/10\/VVL_1629.jpg 2048w\" sizes=\"auto, 250px\"\/><\/a><\/div><div class=\"sgb-item\"><a href=\"https:\/\/turunlennokkiseura.com\/tls\/pgc_simply_gallery\/kesakauden-paattajaiset-30-9-2023\/vvl_1270\/\" target=\"_blank\"><img decoding=\"async\" alt=\"\" width=\"300\" height=\"200\" loading=\"lazy\" src=\"https:\/\/turunlennokkiseura.com\/tls\/wp-content\/uploads\/2023\/10\/VVL_1270-300x200.jpg\" srcset=\"https:\/\/turunlennokkiseura.com\/tls\/wp-content\/uploads\/2023\/10\/VVL_1270-300x200.jpg 300w,https:\/\/turunlennokkiseura.com\/tls\/wp-content\/uploads\/2023\/10\/VVL_1270-1024x681.jpg 1024w,https:\/\/turunlennokkiseura.com\/tls\/wp-content\/uploads\/2023\/10\/VVL_1270.jpg 2048w\" sizes=\"auto, 250px\"\/><\/a><\/div><div class=\"sgb-item\"><a href=\"https:\/\/turunlennokkiseura.com\/tls\/pgc_simply_gallery\/kesakauden-paattajaiset-30-9-2023\/vvl_1521\/\" target=\"_blank\"><img decoding=\"async\" alt=\"\" width=\"300\" height=\"200\" loading=\"lazy\" src=\"https:\/\/turunlennokkiseura.com\/tls\/wp-content\/uploads\/2023\/10\/VVL_1521-300x200.jpg\" srcset=\"https:\/\/turunlennokkiseura.com\/tls\/wp-content\/uploads\/2023\/10\/VVL_1521-300x200.jpg 300w,https:\/\/turunlennokkiseura.com\/tls\/wp-content\/uploads\/2023\/10\/VVL_1521-1024x682.jpg 1024w,https:\/\/turunlennokkiseura.com\/tls\/wp-content\/uploads\/2023\/10\/VVL_1521.jpg 2048w\" sizes=\"auto, 250px\"\/><\/a><\/div><div class=\"sgb-item\"><a href=\"https:\/\/turunlennokkiseura.com\/tls\/pgc_simply_gallery\/kesakauden-paattajaiset-30-9-2023\/vvl_1681\/\" target=\"_blank\"><img decoding=\"async\" alt=\"\" width=\"300\" height=\"200\" loading=\"lazy\" src=\"https:\/\/turunlennokkiseura.com\/tls\/wp-content\/uploads\/2023\/10\/VVL_1681-300x200.jpg\" srcset=\"https:\/\/turunlennokkiseura.com\/tls\/wp-content\/uploads\/2023\/10\/VVL_1681-300x200.jpg 300w,https:\/\/turunlennokkiseura.com\/tls\/wp-content\/uploads\/2023\/10\/VVL_1681-1024x682.jpg 1024w,https:\/\/turunlennokkiseura.com\/tls\/wp-content\/uploads\/2023\/10\/VVL_1681.jpg 2048w\" sizes=\"auto, 250px\"\/><\/a><\/div><div class=\"sgb-item\"><a href=\"https:\/\/turunlennokkiseura.com\/tls\/pgc_simply_gallery\/kesakauden-paattajaiset-30-9-2023\/vvl_1618\/\" target=\"_blank\"><img decoding=\"async\" alt=\"\" width=\"300\" height=\"200\" loading=\"lazy\" src=\"https:\/\/turunlennokkiseura.com\/tls\/wp-content\/uploads\/2023\/10\/VVL_1618-300x200.jpg\" srcset=\"https:\/\/turunlennokkiseura.com\/tls\/wp-content\/uploads\/2023\/10\/VVL_1618-300x200.jpg 300w,https:\/\/turunlennokkiseura.com\/tls\/wp-content\/uploads\/2023\/10\/VVL_1618-1024x682.jpg 1024w,https:\/\/turunlennokkiseura.com\/tls\/wp-content\/uploads\/2023\/10\/VVL_1618.jpg 2048w\" sizes=\"auto, 250px\"\/><\/a><\/div><div class=\"sgb-item\"><a href=\"https:\/\/turunlennokkiseura.com\/tls\/pgc_simply_gallery\/kesakauden-paattajaiset-30-9-2023\/vvl_1537\/\" target=\"_blank\"><img decoding=\"async\" alt=\"\" width=\"300\" height=\"200\" loading=\"lazy\" src=\"https:\/\/turunlennokkiseura.com\/tls\/wp-content\/uploads\/2023\/10\/VVL_1537-300x200.jpg\" srcset=\"https:\/\/turunlennokkiseura.com\/tls\/wp-content\/uploads\/2023\/10\/VVL_1537-300x200.jpg 300w,https:\/\/turunlennokkiseura.com\/tls\/wp-content\/uploads\/2023\/10\/VVL_1537-1024x682.jpg 1024w,https:\/\/turunlennokkiseura.com\/tls\/wp-content\/uploads\/2023\/10\/VVL_1537.jpg 2048w\" sizes=\"auto, 250px\"\/><\/a><\/div><div class=\"sgb-item\"><a href=\"https:\/\/turunlennokkiseura.com\/tls\/pgc_simply_gallery\/kesakauden-paattajaiset-30-9-2023\/vvl_1656\/\" target=\"_blank\"><img decoding=\"async\" alt=\"\" width=\"300\" height=\"200\" loading=\"lazy\" src=\"https:\/\/turunlennokkiseura.com\/tls\/wp-content\/uploads\/2023\/10\/VVL_1656-300x200.jpg\" srcset=\"https:\/\/turunlennokkiseura.com\/tls\/wp-content\/uploads\/2023\/10\/VVL_1656-300x200.jpg 300w,https:\/\/turunlennokkiseura.com\/tls\/wp-content\/uploads\/2023\/10\/VVL_1656-1024x682.jpg 1024w,https:\/\/turunlennokkiseura.com\/tls\/wp-content\/uploads\/2023\/10\/VVL_1656.jpg 2048w\" sizes=\"auto, 250px\"\/><\/a><\/div><div class=\"sgb-item\"><a href=\"https:\/\/turunlennokkiseura.com\/tls\/pgc_simply_gallery\/kesakauden-paattajaiset-30-9-2023\/vvl_1654\/\" target=\"_blank\"><img decoding=\"async\" alt=\"\" width=\"300\" height=\"200\" loading=\"lazy\" src=\"https:\/\/turunlennokkiseura.com\/tls\/wp-content\/uploads\/2023\/10\/VVL_1654-300x200.jpg\" srcset=\"https:\/\/turunlennokkiseura.com\/tls\/wp-content\/uploads\/2023\/10\/VVL_1654-300x200.jpg 300w,https:\/\/turunlennokkiseura.com\/tls\/wp-content\/uploads\/2023\/10\/VVL_1654-1024x682.jpg 1024w,https:\/\/turunlennokkiseura.com\/tls\/wp-content\/uploads\/2023\/10\/VVL_1654.jpg 2048w\" sizes=\"auto, 250px\"\/><\/a><\/div><div class=\"sgb-item\"><a href=\"https:\/\/turunlennokkiseura.com\/tls\/pgc_simply_gallery\/kesakauden-paattajaiset-30-9-2023\/vvl_1251\/\" target=\"_blank\"><img decoding=\"async\" alt=\"\" width=\"300\" height=\"200\" loading=\"lazy\" src=\"https:\/\/turunlennokkiseura.com\/tls\/wp-content\/uploads\/2023\/10\/VVL_1251-300x200.jpg\" srcset=\"https:\/\/turunlennokkiseura.com\/tls\/wp-content\/uploads\/2023\/10\/VVL_1251-300x200.jpg 300w,https:\/\/turunlennokkiseura.com\/tls\/wp-content\/uploads\/2023\/10\/VVL_1251-1024x681.jpg 1024w,https:\/\/turunlennokkiseura.com\/tls\/wp-content\/uploads\/2023\/10\/VVL_1251.jpg 2048w\" sizes=\"auto, 250px\"\/><\/a><\/div><div class=\"sgb-item\"><a href=\"https:\/\/turunlennokkiseura.com\/tls\/pgc_simply_gallery\/kesakauden-paattajaiset-30-9-2023\/vvl_1617\/\" target=\"_blank\"><img decoding=\"async\" alt=\"\" width=\"300\" height=\"200\" loading=\"lazy\" src=\"https:\/\/turunlennokkiseura.com\/tls\/wp-content\/uploads\/2023\/10\/VVL_1617-300x200.jpg\" srcset=\"https:\/\/turunlennokkiseura.com\/tls\/wp-content\/uploads\/2023\/10\/VVL_1617-300x200.jpg 300w,https:\/\/turunlennokkiseura.com\/tls\/wp-content\/uploads\/2023\/10\/VVL_1617-1024x682.jpg 1024w,https:\/\/turunlennokkiseura.com\/tls\/wp-content\/uploads\/2023\/10\/VVL_1617.jpg 2048w\" sizes=\"auto, 250px\"\/><\/a><\/div><div class=\"sgb-item\"><a href=\"https:\/\/turunlennokkiseura.com\/tls\/pgc_simply_gallery\/kesakauden-paattajaiset-30-9-2023\/vvl_1648\/\" target=\"_blank\"><img decoding=\"async\" alt=\"\" width=\"300\" height=\"200\" loading=\"lazy\" src=\"https:\/\/turunlennokkiseura.com\/tls\/wp-content\/uploads\/2023\/10\/VVL_1648-300x200.jpg\" srcset=\"https:\/\/turunlennokkiseura.com\/tls\/wp-content\/uploads\/2023\/10\/VVL_1648-300x200.jpg 300w,https:\/\/turunlennokkiseura.com\/tls\/wp-content\/uploads\/2023\/10\/VVL_1648-1024x682.jpg 1024w,https:\/\/turunlennokkiseura.com\/tls\/wp-content\/uploads\/2023\/10\/VVL_1648.jpg 2048w\" sizes=\"auto, 250px\"\/><\/a><\/div><div class=\"sgb-item\"><a href=\"https:\/\/turunlennokkiseura.com\/tls\/pgc_simply_gallery\/kesakauden-paattajaiset-30-9-2023\/vvl_1641\/\" target=\"_blank\"><img decoding=\"async\" alt=\"\" width=\"300\" height=\"200\" loading=\"lazy\" src=\"https:\/\/turunlennokkiseura.com\/tls\/wp-content\/uploads\/2023\/10\/VVL_1641-300x200.jpg\" srcset=\"https:\/\/turunlennokkiseura.com\/tls\/wp-content\/uploads\/2023\/10\/VVL_1641-300x200.jpg 300w,https:\/\/turunlennokkiseura.com\/tls\/wp-content\/uploads\/2023\/10\/VVL_1641-1024x682.jpg 1024w,https:\/\/turunlennokkiseura.com\/tls\/wp-content\/uploads\/2023\/10\/VVL_1641.jpg 2048w\" sizes=\"auto, 250px\"\/><\/a><\/div><div class=\"sgb-item\"><a href=\"https:\/\/turunlennokkiseura.com\/tls\/pgc_simply_gallery\/kesakauden-paattajaiset-30-9-2023\/vvl_1252\/\" target=\"_blank\"><img decoding=\"async\" alt=\"\" width=\"300\" height=\"200\" loading=\"lazy\" src=\"https:\/\/turunlennokkiseura.com\/tls\/wp-content\/uploads\/2023\/10\/VVL_1252-300x200.jpg\" srcset=\"https:\/\/turunlennokkiseura.com\/tls\/wp-content\/uploads\/2023\/10\/VVL_1252-300x200.jpg 300w,https:\/\/turunlennokkiseura.com\/tls\/wp-content\/uploads\/2023\/10\/VVL_1252-1024x682.jpg 1024w,https:\/\/turunlennokkiseura.com\/tls\/wp-content\/uploads\/2023\/10\/VVL_1252.jpg 2048w\" sizes=\"auto, 250px\"\/><\/a><\/div><div class=\"sgb-item\"><a href=\"https:\/\/turunlennokkiseura.com\/tls\/pgc_simply_gallery\/kesakauden-paattajaiset-30-9-2023\/vvl_1488\/\" target=\"_blank\"><img decoding=\"async\" alt=\"\" width=\"300\" height=\"200\" loading=\"lazy\" src=\"https:\/\/turunlennokkiseura.com\/tls\/wp-content\/uploads\/2023\/10\/VVL_1488-300x200.jpg\" srcset=\"https:\/\/turunlennokkiseura.com\/tls\/wp-content\/uploads\/2023\/10\/VVL_1488-300x200.jpg 300w,https:\/\/turunlennokkiseura.com\/tls\/wp-content\/uploads\/2023\/10\/VVL_1488-1024x682.jpg 1024w,https:\/\/turunlennokkiseura.com\/tls\/wp-content\/uploads\/2023\/10\/VVL_1488.jpg 2048w\" sizes=\"auto, 250px\"\/><\/a><\/div><div class=\"sgb-item\"><a href=\"https:\/\/turunlennokkiseura.com\/tls\/pgc_simply_gallery\/kesakauden-paattajaiset-30-9-2023\/vvl_1400\/\" target=\"_blank\"><img decoding=\"async\" alt=\"\" width=\"300\" height=\"200\" loading=\"lazy\" src=\"https:\/\/turunlennokkiseura.com\/tls\/wp-content\/uploads\/2023\/10\/VVL_1400-300x200.jpg\" srcset=\"https:\/\/turunlennokkiseura.com\/tls\/wp-content\/uploads\/2023\/10\/VVL_1400-300x200.jpg 300w,https:\/\/turunlennokkiseura.com\/tls\/wp-content\/uploads\/2023\/10\/VVL_1400-1024x682.jpg 1024w,https:\/\/turunlennokkiseura.com\/tls\/wp-content\/uploads\/2023\/10\/VVL_1400.jpg 2048w\" sizes=\"auto, 250px\"\/><\/a><\/div><div class=\"sgb-item\"><a href=\"https:\/\/turunlennokkiseura.com\/tls\/pgc_simply_gallery\/kesakauden-paattajaiset-30-9-2023\/vvl_1459\/\" target=\"_blank\"><img decoding=\"async\" alt=\"\" width=\"300\" height=\"200\" loading=\"lazy\" src=\"https:\/\/turunlennokkiseura.com\/tls\/wp-content\/uploads\/2023\/10\/VVL_1459-300x200.jpg\" srcset=\"https:\/\/turunlennokkiseura.com\/tls\/wp-content\/uploads\/2023\/10\/VVL_1459-300x200.jpg 300w,https:\/\/turunlennokkiseura.com\/tls\/wp-content\/uploads\/2023\/10\/VVL_1459-1024x682.jpg 1024w,https:\/\/turunlennokkiseura.com\/tls\/wp-content\/uploads\/2023\/10\/VVL_1459.jpg 2048w\" sizes=\"auto, 250px\"\/><\/a><\/div><div class=\"sgb-item\"><a href=\"https:\/\/turunlennokkiseura.com\/tls\/pgc_simply_gallery\/kesakauden-paattajaiset-30-9-2023\/vvl_1260\/\" target=\"_blank\"><img decoding=\"async\" alt=\"\" width=\"300\" height=\"200\" loading=\"lazy\" src=\"https:\/\/turunlennokkiseura.com\/tls\/wp-content\/uploads\/2023\/10\/VVL_1260-300x200.jpg\" srcset=\"https:\/\/turunlennokkiseura.com\/tls\/wp-content\/uploads\/2023\/10\/VVL_1260-300x200.jpg 300w,https:\/\/turunlennokkiseura.com\/tls\/wp-content\/uploads\/2023\/10\/VVL_1260-1024x681.jpg 1024w,https:\/\/turunlennokkiseura.com\/tls\/wp-content\/uploads\/2023\/10\/VVL_1260.jpg 2048w\" sizes=\"auto, 250px\"\/><\/a><\/div><div class=\"sgb-item\"><a href=\"https:\/\/turunlennokkiseura.com\/tls\/pgc_simply_gallery\/kesakauden-paattajaiset-30-9-2023\/vvl_1523\/\" target=\"_blank\"><img decoding=\"async\" alt=\"\" width=\"300\" height=\"200\" loading=\"lazy\" src=\"https:\/\/turunlennokkiseura.com\/tls\/wp-content\/uploads\/2023\/10\/VVL_1523-300x200.jpg\" srcset=\"https:\/\/turunlennokkiseura.com\/tls\/wp-content\/uploads\/2023\/10\/VVL_1523-300x200.jpg 300w,https:\/\/turunlennokkiseura.com\/tls\/wp-content\/uploads\/2023\/10\/VVL_1523-1024x682.jpg 1024w,https:\/\/turunlennokkiseura.com\/tls\/wp-content\/uploads\/2023\/10\/VVL_1523.jpg 2048w\" sizes=\"auto, 250px\"\/><\/a><\/div><div class=\"sgb-item\"><a href=\"https:\/\/turunlennokkiseura.com\/tls\/pgc_simply_gallery\/kesakauden-paattajaiset-30-9-2023\/vvl_1536\/\" target=\"_blank\"><img decoding=\"async\" alt=\"\" width=\"300\" height=\"200\" loading=\"lazy\" src=\"https:\/\/turunlennokkiseura.com\/tls\/wp-content\/uploads\/2023\/10\/VVL_1536-300x200.jpg\" srcset=\"https:\/\/turunlennokkiseura.com\/tls\/wp-content\/uploads\/2023\/10\/VVL_1536-300x200.jpg 300w,https:\/\/turunlennokkiseura.com\/tls\/wp-content\/uploads\/2023\/10\/VVL_1536-1024x682.jpg 1024w,https:\/\/turunlennokkiseura.com\/tls\/wp-content\/uploads\/2023\/10\/VVL_1536.jpg 2048w\" sizes=\"auto, 250px\"\/><\/a><\/div><div class=\"sgb-item\"><a href=\"https:\/\/turunlennokkiseura.com\/tls\/pgc_simply_gallery\/kesakauden-paattajaiset-30-9-2023\/vvl_1574\/\" target=\"_blank\"><img decoding=\"async\" alt=\"\" width=\"300\" height=\"200\" loading=\"lazy\" src=\"https:\/\/turunlennokkiseura.com\/tls\/wp-content\/uploads\/2023\/10\/VVL_1574-300x200.jpg\" srcset=\"https:\/\/turunlennokkiseura.com\/tls\/wp-content\/uploads\/2023\/10\/VVL_1574-300x200.jpg 300w,https:\/\/turunlennokkiseura.com\/tls\/wp-content\/uploads\/2023\/10\/VVL_1574-1024x682.jpg 1024w,https:\/\/turunlennokkiseura.com\/tls\/wp-content\/uploads\/2023\/10\/VVL_1574.jpg 2048w\" sizes=\"auto, 250px\"\/><\/a><\/div><div class=\"sgb-item\"><a href=\"https:\/\/turunlennokkiseura.com\/tls\/pgc_simply_gallery\/kesakauden-paattajaiset-30-9-2023\/vvl_1819\/\" target=\"_blank\"><img decoding=\"async\" alt=\"\" width=\"300\" height=\"200\" loading=\"lazy\" src=\"https:\/\/turunlennokkiseura.com\/tls\/wp-content\/uploads\/2023\/10\/VVL_1819-300x200.jpg\" srcset=\"https:\/\/turunlennokkiseura.com\/tls\/wp-content\/uploads\/2023\/10\/VVL_1819-300x200.jpg 300w,https:\/\/turunlennokkiseura.com\/tls\/wp-content\/uploads\/2023\/10\/VVL_1819-1024x682.jpg 1024w,https:\/\/turunlennokkiseura.com\/tls\/wp-content\/uploads\/2023\/10\/VVL_1819.jpg 2048w\" sizes=\"auto, 250px\"\/><\/a><\/div><div class=\"sgb-item\"><a href=\"https:\/\/turunlennokkiseura.com\/tls\/pgc_simply_gallery\/kesakauden-paattajaiset-30-9-2023\/vvl_1274\/\" target=\"_blank\"><img decoding=\"async\" alt=\"\" width=\"300\" height=\"200\" loading=\"lazy\" src=\"https:\/\/turunlennokkiseura.com\/tls\/wp-content\/uploads\/2023\/10\/VVL_1274-300x200.jpg\" srcset=\"https:\/\/turunlennokkiseura.com\/tls\/wp-content\/uploads\/2023\/10\/VVL_1274-300x200.jpg 300w,https:\/\/turunlennokkiseura.com\/tls\/wp-content\/uploads\/2023\/10\/VVL_1274-1024x682.jpg 1024w,https:\/\/turunlennokkiseura.com\/tls\/wp-content\/uploads\/2023\/10\/VVL_1274.jpg 2048w\" sizes=\"auto, 250px\"\/><\/a><\/div><div class=\"sgb-item\"><a href=\"https:\/\/turunlennokkiseura.com\/tls\/pgc_simply_gallery\/kesakauden-paattajaiset-30-9-2023\/vvl_1271\/\" target=\"_blank\"><img decoding=\"async\" alt=\"\" width=\"300\" height=\"186\" loading=\"lazy\" src=\"https:\/\/turunlennokkiseura.com\/tls\/wp-content\/uploads\/2023\/10\/VVL_1271-300x186.jpg\" srcset=\"https:\/\/turunlennokkiseura.com\/tls\/wp-content\/uploads\/2023\/10\/VVL_1271-300x186.jpg 300w,https:\/\/turunlennokkiseura.com\/tls\/wp-content\/uploads\/2023\/10\/VVL_1271-1024x635.jpg 1024w,https:\/\/turunlennokkiseura.com\/tls\/wp-content\/uploads\/2023\/10\/VVL_1271.jpg 2048w\" sizes=\"auto, 250px\"\/><\/a><\/div><div class=\"sgb-item\"><a href=\"https:\/\/turunlennokkiseura.com\/tls\/pgc_simply_gallery\/kesakauden-paattajaiset-30-9-2023\/vvl_1272\/\" target=\"_blank\"><img decoding=\"async\" alt=\"\" width=\"300\" height=\"200\" loading=\"lazy\" src=\"https:\/\/turunlennokkiseura.com\/tls\/wp-content\/uploads\/2023\/10\/VVL_1272-300x200.jpg\" srcset=\"https:\/\/turunlennokkiseura.com\/tls\/wp-content\/uploads\/2023\/10\/VVL_1272-300x200.jpg 300w,https:\/\/turunlennokkiseura.com\/tls\/wp-content\/uploads\/2023\/10\/VVL_1272-1024x682.jpg 1024w,https:\/\/turunlennokkiseura.com\/tls\/wp-content\/uploads\/2023\/10\/VVL_1272.jpg 2048w\" sizes=\"auto, 250px\"\/><\/a><\/div><div class=\"sgb-item\"><a href=\"https:\/\/turunlennokkiseura.com\/tls\/pgc_simply_gallery\/kesakauden-paattajaiset-30-9-2023\/vvl_1253\/\" target=\"_blank\"><img decoding=\"async\" alt=\"\" width=\"300\" height=\"200\" loading=\"lazy\" src=\"https:\/\/turunlennokkiseura.com\/tls\/wp-content\/uploads\/2023\/10\/VVL_1253-300x200.jpg\" srcset=\"https:\/\/turunlennokkiseura.com\/tls\/wp-content\/uploads\/2023\/10\/VVL_1253-300x200.jpg 300w,https:\/\/turunlennokkiseura.com\/tls\/wp-content\/uploads\/2023\/10\/VVL_1253-1024x681.jpg 1024w,https:\/\/turunlennokkiseura.com\/tls\/wp-content\/uploads\/2023\/10\/VVL_1253.jpg 2048w\" sizes=\"auto, 250px\"\/><\/a><\/div><div class=\"sgb-item\"><a href=\"https:\/\/turunlennokkiseura.com\/tls\/pgc_simply_gallery\/kesakauden-paattajaiset-30-9-2023\/vvl_1311\/\" target=\"_blank\"><img decoding=\"async\" alt=\"\" width=\"300\" height=\"200\" loading=\"lazy\" src=\"https:\/\/turunlennokkiseura.com\/tls\/wp-content\/uploads\/2023\/10\/VVL_1311-300x200.jpg\" srcset=\"https:\/\/turunlennokkiseura.com\/tls\/wp-content\/uploads\/2023\/10\/VVL_1311-300x200.jpg 300w,https:\/\/turunlennokkiseura.com\/tls\/wp-content\/uploads\/2023\/10\/VVL_1311-1024x682.jpg 1024w,https:\/\/turunlennokkiseura.com\/tls\/wp-content\/uploads\/2023\/10\/VVL_1311.jpg 2048w\" sizes=\"auto, 250px\"\/><\/a><\/div><div class=\"sgb-item\"><a href=\"https:\/\/turunlennokkiseura.com\/tls\/pgc_simply_gallery\/kesakauden-paattajaiset-30-9-2023\/vvl_1259\/\" target=\"_blank\"><img decoding=\"async\" alt=\"\" width=\"300\" height=\"200\" loading=\"lazy\" src=\"https:\/\/turunlennokkiseura.com\/tls\/wp-content\/uploads\/2023\/10\/VVL_1259-300x200.jpg\" srcset=\"https:\/\/turunlennokkiseura.com\/tls\/wp-content\/uploads\/2023\/10\/VVL_1259-300x200.jpg 300w,https:\/\/turunlennokkiseura.com\/tls\/wp-content\/uploads\/2023\/10\/VVL_1259-1024x682.jpg 1024w,https:\/\/turunlennokkiseura.com\/tls\/wp-content\/uploads\/2023\/10\/VVL_1259.jpg 2048w\" sizes=\"auto, 250px\"\/><\/a><\/div><div class=\"sgb-item\"><a href=\"https:\/\/turunlennokkiseura.com\/tls\/pgc_simply_gallery\/kesakauden-paattajaiset-30-9-2023\/vvl_1273\/\" target=\"_blank\"><img decoding=\"async\" alt=\"\" width=\"300\" height=\"200\" loading=\"lazy\" src=\"https:\/\/turunlennokkiseura.com\/tls\/wp-content\/uploads\/2023\/10\/VVL_1273-300x200.jpg\" srcset=\"https:\/\/turunlennokkiseura.com\/tls\/wp-content\/uploads\/2023\/10\/VVL_1273-300x200.jpg 300w,https:\/\/turunlennokkiseura.com\/tls\/wp-content\/uploads\/2023\/10\/VVL_1273-1024x682.jpg 1024w,https:\/\/turunlennokkiseura.com\/tls\/wp-content\/uploads\/2023\/10\/VVL_1273.jpg 2048w\" sizes=\"auto, 250px\"\/><\/a><\/div><div class=\"sgb-item\"><a href=\"https:\/\/turunlennokkiseura.com\/tls\/pgc_simply_gallery\/kesakauden-paattajaiset-30-9-2023\/vvl_1560\/\" target=\"_blank\"><img decoding=\"async\" alt=\"\" width=\"300\" height=\"200\" loading=\"lazy\" src=\"https:\/\/turunlennokkiseura.com\/tls\/wp-content\/uploads\/2023\/10\/VVL_1560-300x200.jpg\" srcset=\"https:\/\/turunlennokkiseura.com\/tls\/wp-content\/uploads\/2023\/10\/VVL_1560-300x200.jpg 300w,https:\/\/turunlennokkiseura.com\/tls\/wp-content\/uploads\/2023\/10\/VVL_1560-1024x682.jpg 1024w,https:\/\/turunlennokkiseura.com\/tls\/wp-content\/uploads\/2023\/10\/VVL_1560.jpg 2048w\" sizes=\"auto, 250px\"\/><\/a><\/div><div class=\"sgb-item\"><a href=\"https:\/\/turunlennokkiseura.com\/tls\/pgc_simply_gallery\/kesakauden-paattajaiset-30-9-2023\/vvl_1254\/\" target=\"_blank\"><img decoding=\"async\" alt=\"\" width=\"300\" height=\"200\" loading=\"lazy\" src=\"https:\/\/turunlennokkiseura.com\/tls\/wp-content\/uploads\/2023\/10\/VVL_1254-300x200.jpg\" srcset=\"https:\/\/turunlennokkiseura.com\/tls\/wp-content\/uploads\/2023\/10\/VVL_1254-300x200.jpg 300w,https:\/\/turunlennokkiseura.com\/tls\/wp-content\/uploads\/2023\/10\/VVL_1254-1024x681.jpg 1024w,https:\/\/turunlennokkiseura.com\/tls\/wp-content\/uploads\/2023\/10\/VVL_1254.jpg 2048w\" sizes=\"auto, 250px\"\/><\/a><\/div><div class=\"sgb-item\"><a href=\"https:\/\/turunlennokkiseura.com\/tls\/pgc_simply_gallery\/kesakauden-paattajaiset-30-9-2023\/vvl_1277\/\" target=\"_blank\"><img decoding=\"async\" alt=\"\" width=\"300\" height=\"200\" loading=\"lazy\" src=\"https:\/\/turunlennokkiseura.com\/tls\/wp-content\/uploads\/2023\/10\/VVL_1277-300x200.jpg\" srcset=\"https:\/\/turunlennokkiseura.com\/tls\/wp-content\/uploads\/2023\/10\/VVL_1277-300x200.jpg 300w,https:\/\/turunlennokkiseura.com\/tls\/wp-content\/uploads\/2023\/10\/VVL_1277-1024x682.jpg 1024w,https:\/\/turunlennokkiseura.com\/tls\/wp-content\/uploads\/2023\/10\/VVL_1277.jpg 2048w\" sizes=\"auto, 250px\"\/><\/a><\/div><div class=\"sgb-item\"><a href=\"https:\/\/turunlennokkiseura.com\/tls\/pgc_simply_gallery\/kesakauden-paattajaiset-30-9-2023\/vvl_1562\/\" target=\"_blank\"><img decoding=\"async\" alt=\"\" width=\"300\" height=\"200\" loading=\"lazy\" src=\"https:\/\/turunlennokkiseura.com\/tls\/wp-content\/uploads\/2023\/10\/VVL_1562-300x200.jpg\" srcset=\"https:\/\/turunlennokkiseura.com\/tls\/wp-content\/uploads\/2023\/10\/VVL_1562-300x200.jpg 300w,https:\/\/turunlennokkiseura.com\/tls\/wp-content\/uploads\/2023\/10\/VVL_1562-1024x682.jpg 1024w,https:\/\/turunlennokkiseura.com\/tls\/wp-content\/uploads\/2023\/10\/VVL_1562.jpg 2048w\" sizes=\"auto, 250px\"\/><\/a><\/div><\/div><\/noscript><\/div><script type=\"application\/json\" class=\"sgb-data\">{\"galleryType\":\"pgc_sgb_grid\",\"galleryId\":\"16b09363\",\"images\":[{\"id\":588,\"title\":\"VVL_1296\",\"url\":\"https:\/\/turunlennokkiseura.com\/tls\/wp-content\/uploads\/2023\/10\/VVL_1296.jpg\",\"link\":\"https:\/\/turunlennokkiseura.com\/tls\/pgc_simply_gallery\/kesakauden-paattajaiset-30-9-2023\/vvl_1296\/\",\"alt\":\"\",\"description\":\"\",\"caption\":\"\",\"mime\":\"image\/jpeg\",\"type\":\"image\",\"width\":2048,\"height\":1363,\"sizes\":{\"thumbnail\":{\"height\":150,\"width\":150,\"url\":\"https:\/\/turunlennokkiseura.com\/tls\/wp-content\/uploads\/2023\/10\/VVL_1296-150x150.jpg\",\"orientation\":\"landscape\"},\"medium\":{\"height\":200,\"width\":300,\"url\":\"https:\/\/turunlennokkiseura.com\/tls\/wp-content\/uploads\/2023\/10\/VVL_1296-300x200.jpg\",\"orientation\":\"landscape\"},\"large\":{\"height\":682,\"width\":1024,\"url\":\"https:\/\/turunlennokkiseura.com\/tls\/wp-content\/uploads\/2023\/10\/VVL_1296-1024x682.jpg\",\"orientation\":\"landscape\"},\"full\":{\"url\":\"https:\/\/turunlennokkiseura.com\/tls\/wp-content\/uploads\/2023\/10\/VVL_1296.jpg\",\"height\":1363,\"width\":2048,\"orientation\":\"landscape\"}},\"imageMeta\":{\"aperture\":\"0\",\"credit\":\"\",\"camera\":\"\",\"caption\":\"\",\"created_timestamp\":\"0\",\"copyright\":\"\",\"focal_length\":\"0\",\"iso\":\"0\",\"shutter_speed\":\"0\",\"title\":\"\",\"orientation\":\"0\",\"keywords\":[]},\"meta\":false,\"postlink\":\"https:\/\/turunlennokkiseura.com\/tls\/pgc_simply_gallery\/kesakauden-paattajaiset-30-9-2023\/vvl_1296\/\"},{\"id\":589,\"title\":\"VVL_1510\",\"url\":\"https:\/\/turunlennokkiseura.com\/tls\/wp-content\/uploads\/2023\/10\/VVL_1510.jpg\",\"link\":\"https:\/\/turunlennokkiseura.com\/tls\/pgc_simply_gallery\/kesakauden-paattajaiset-30-9-2023\/vvl_1510\/\",\"alt\":\"\",\"description\":\"\",\"caption\":\"\",\"mime\":\"image\/jpeg\",\"type\":\"image\",\"width\":2048,\"height\":1363,\"sizes\":{\"thumbnail\":{\"height\":150,\"width\":150,\"url\":\"https:\/\/turunlennokkiseura.com\/tls\/wp-content\/uploads\/2023\/10\/VVL_1510-150x150.jpg\",\"orientation\":\"landscape\"},\"medium\":{\"height\":200,\"width\":300,\"url\":\"https:\/\/turunlennokkiseura.com\/tls\/wp-content\/uploads\/2023\/10\/VVL_1510-300x200.jpg\",\"orientation\":\"landscape\"},\"large\":{\"height\":682,\"width\":1024,\"url\":\"https:\/\/turunlennokkiseura.com\/tls\/wp-content\/uploads\/2023\/10\/VVL_1510-1024x682.jpg\",\"orientation\":\"landscape\"},\"full\":{\"url\":\"https:\/\/turunlennokkiseura.com\/tls\/wp-content\/uploads\/2023\/10\/VVL_1510.jpg\",\"height\":1363,\"width\":2048,\"orientation\":\"landscape\"}},\"imageMeta\":{\"aperture\":\"0\",\"credit\":\"\",\"camera\":\"\",\"caption\":\"\",\"created_timestamp\":\"0\",\"copyright\":\"\",\"focal_length\":\"0\",\"iso\":\"0\",\"shutter_speed\":\"0\",\"title\":\"\",\"orientation\":\"0\",\"keywords\":[]},\"meta\":false,\"postlink\":\"https:\/\/turunlennokkiseura.com\/tls\/pgc_simply_gallery\/kesakauden-paattajaiset-30-9-2023\/vvl_1510\/\"},{\"id\":590,\"title\":\"VVL_1644\",\"url\":\"https:\/\/turunlennokkiseura.com\/tls\/wp-content\/uploads\/2023\/10\/VVL_1644.jpg\",\"link\":\"https:\/\/turunlennokkiseura.com\/tls\/pgc_simply_gallery\/kesakauden-paattajaiset-30-9-2023\/vvl_1644\/\",\"alt\":\"\",\"description\":\"\",\"caption\":\"\",\"mime\":\"image\/jpeg\",\"type\":\"image\",\"width\":2048,\"height\":1363,\"sizes\":{\"thumbnail\":{\"height\":150,\"width\":150,\"url\":\"https:\/\/turunlennokkiseura.com\/tls\/wp-content\/uploads\/2023\/10\/VVL_1644-150x150.jpg\",\"orientation\":\"landscape\"},\"medium\":{\"height\":200,\"width\":300,\"url\":\"https:\/\/turunlennokkiseura.com\/tls\/wp-content\/uploads\/2023\/10\/VVL_1644-300x200.jpg\",\"orientation\":\"landscape\"},\"large\":{\"height\":682,\"width\":1024,\"url\":\"https:\/\/turunlennokkiseura.com\/tls\/wp-content\/uploads\/2023\/10\/VVL_1644-1024x682.jpg\",\"orientation\":\"landscape\"},\"full\":{\"url\":\"https:\/\/turunlennokkiseura.com\/tls\/wp-content\/uploads\/2023\/10\/VVL_1644.jpg\",\"height\":1363,\"width\":2048,\"orientation\":\"landscape\"}},\"imageMeta\":{\"aperture\":\"0\",\"credit\":\"\",\"camera\":\"\",\"caption\":\"\",\"created_timestamp\":\"0\",\"copyright\":\"\",\"focal_length\":\"0\",\"iso\":\"0\",\"shutter_speed\":\"0\",\"title\":\"\",\"orientation\":\"0\",\"keywords\":[]},\"meta\":false,\"postlink\":\"https:\/\/turunlennokkiseura.com\/tls\/pgc_simply_gallery\/kesakauden-paattajaiset-30-9-2023\/vvl_1644\/\"},{\"id\":591,\"title\":\"VVL_1437\",\"url\":\"https:\/\/turunlennokkiseura.com\/tls\/wp-content\/uploads\/2023\/10\/VVL_1437.jpg\",\"link\":\"https:\/\/turunlennokkiseura.com\/tls\/pgc_simply_gallery\/kesakauden-paattajaiset-30-9-2023\/vvl_1437\/\",\"alt\":\"\",\"description\":\"\",\"caption\":\"\",\"mime\":\"image\/jpeg\",\"type\":\"image\",\"width\":2048,\"height\":1363,\"sizes\":{\"thumbnail\":{\"height\":150,\"width\":150,\"url\":\"https:\/\/turunlennokkiseura.com\/tls\/wp-content\/uploads\/2023\/10\/VVL_1437-150x150.jpg\",\"orientation\":\"landscape\"},\"medium\":{\"height\":200,\"width\":300,\"url\":\"https:\/\/turunlennokkiseura.com\/tls\/wp-content\/uploads\/2023\/10\/VVL_1437-300x200.jpg\",\"orientation\":\"landscape\"},\"large\":{\"height\":682,\"width\":1024,\"url\":\"https:\/\/turunlennokkiseura.com\/tls\/wp-content\/uploads\/2023\/10\/VVL_1437-1024x682.jpg\",\"orientation\":\"landscape\"},\"full\":{\"url\":\"https:\/\/turunlennokkiseura.com\/tls\/wp-content\/uploads\/2023\/10\/VVL_1437.jpg\",\"height\":1363,\"width\":2048,\"orientation\":\"landscape\"}},\"imageMeta\":{\"aperture\":\"0\",\"credit\":\"\",\"camera\":\"\",\"caption\":\"\",\"created_timestamp\":\"0\",\"copyright\":\"\",\"focal_length\":\"0\",\"iso\":\"0\",\"shutter_speed\":\"0\",\"title\":\"\",\"orientation\":\"0\",\"keywords\":[]},\"meta\":false,\"postlink\":\"https:\/\/turunlennokkiseura.com\/tls\/pgc_simply_gallery\/kesakauden-paattajaiset-30-9-2023\/vvl_1437\/\"},{\"id\":592,\"title\":\"VVL_1580\",\"url\":\"https:\/\/turunlennokkiseura.com\/tls\/wp-content\/uploads\/2023\/10\/VVL_1580.jpg\",\"link\":\"https:\/\/turunlennokkiseura.com\/tls\/pgc_simply_gallery\/kesakauden-paattajaiset-30-9-2023\/vvl_1580\/\",\"alt\":\"\",\"description\":\"\",\"caption\":\"\",\"mime\":\"image\/jpeg\",\"type\":\"image\",\"width\":2048,\"height\":1363,\"sizes\":{\"thumbnail\":{\"height\":150,\"width\":150,\"url\":\"https:\/\/turunlennokkiseura.com\/tls\/wp-content\/uploads\/2023\/10\/VVL_1580-150x150.jpg\",\"orientation\":\"landscape\"},\"medium\":{\"height\":200,\"width\":300,\"url\":\"https:\/\/turunlennokkiseura.com\/tls\/wp-content\/uploads\/2023\/10\/VVL_1580-300x200.jpg\",\"orientation\":\"landscape\"},\"large\":{\"height\":682,\"width\":1024,\"url\":\"https:\/\/turunlennokkiseura.com\/tls\/wp-content\/uploads\/2023\/10\/VVL_1580-1024x682.jpg\",\"orientation\":\"landscape\"},\"full\":{\"url\":\"https:\/\/turunlennokkiseura.com\/tls\/wp-content\/uploads\/2023\/10\/VVL_1580.jpg\",\"height\":1363,\"width\":2048,\"orientation\":\"landscape\"}},\"imageMeta\":{\"aperture\":\"0\",\"credit\":\"\",\"camera\":\"\",\"caption\":\"\",\"created_timestamp\":\"0\",\"copyright\":\"\",\"focal_length\":\"0\",\"iso\":\"0\",\"shutter_speed\":\"0\",\"title\":\"\",\"orientation\":\"0\",\"keywords\":[]},\"meta\":false,\"postlink\":\"https:\/\/turunlennokkiseura.com\/tls\/pgc_simply_gallery\/kesakauden-paattajaiset-30-9-2023\/vvl_1580\/\"},{\"id\":593,\"title\":\"VVL_1558\",\"url\":\"https:\/\/turunlennokkiseura.com\/tls\/wp-content\/uploads\/2023\/10\/VVL_1558.jpg\",\"link\":\"https:\/\/turunlennokkiseura.com\/tls\/pgc_simply_gallery\/kesakauden-paattajaiset-30-9-2023\/vvl_1558\/\",\"alt\":\"\",\"description\":\"\",\"caption\":\"\",\"mime\":\"image\/jpeg\",\"type\":\"image\",\"width\":2048,\"height\":1363,\"sizes\":{\"thumbnail\":{\"height\":150,\"width\":150,\"url\":\"https:\/\/turunlennokkiseura.com\/tls\/wp-content\/uploads\/2023\/10\/VVL_1558-150x150.jpg\",\"orientation\":\"landscape\"},\"medium\":{\"height\":200,\"width\":300,\"url\":\"https:\/\/turunlennokkiseura.com\/tls\/wp-content\/uploads\/2023\/10\/VVL_1558-300x200.jpg\",\"orientation\":\"landscape\"},\"large\":{\"height\":682,\"width\":1024,\"url\":\"https:\/\/turunlennokkiseura.com\/tls\/wp-content\/uploads\/2023\/10\/VVL_1558-1024x682.jpg\",\"orientation\":\"landscape\"},\"full\":{\"url\":\"https:\/\/turunlennokkiseura.com\/tls\/wp-content\/uploads\/2023\/10\/VVL_1558.jpg\",\"height\":1363,\"width\":2048,\"orientation\":\"landscape\"}},\"imageMeta\":{\"aperture\":\"0\",\"credit\":\"\",\"camera\":\"\",\"caption\":\"\",\"created_timestamp\":\"0\",\"copyright\":\"\",\"focal_length\":\"0\",\"iso\":\"0\",\"shutter_speed\":\"0\",\"title\":\"\",\"orientation\":\"0\",\"keywords\":[]},\"meta\":false,\"postlink\":\"https:\/\/turunlennokkiseura.com\/tls\/pgc_simply_gallery\/kesakauden-paattajaiset-30-9-2023\/vvl_1558\/\"},{\"id\":594,\"title\":\"VVL_1673\",\"url\":\"https:\/\/turunlennokkiseura.com\/tls\/wp-content\/uploads\/2023\/10\/VVL_1673.jpg\",\"link\":\"https:\/\/turunlennokkiseura.com\/tls\/pgc_simply_gallery\/kesakauden-paattajaiset-30-9-2023\/vvl_1673\/\",\"alt\":\"\",\"description\":\"\",\"caption\":\"\",\"mime\":\"image\/jpeg\",\"type\":\"image\",\"width\":2048,\"height\":1363,\"sizes\":{\"thumbnail\":{\"height\":150,\"width\":150,\"url\":\"https:\/\/turunlennokkiseura.com\/tls\/wp-content\/uploads\/2023\/10\/VVL_1673-150x150.jpg\",\"orientation\":\"landscape\"},\"medium\":{\"height\":200,\"width\":300,\"url\":\"https:\/\/turunlennokkiseura.com\/tls\/wp-content\/uploads\/2023\/10\/VVL_1673-300x200.jpg\",\"orientation\":\"landscape\"},\"large\":{\"height\":682,\"width\":1024,\"url\":\"https:\/\/turunlennokkiseura.com\/tls\/wp-content\/uploads\/2023\/10\/VVL_1673-1024x682.jpg\",\"orientation\":\"landscape\"},\"full\":{\"url\":\"https:\/\/turunlennokkiseura.com\/tls\/wp-content\/uploads\/2023\/10\/VVL_1673.jpg\",\"height\":1363,\"width\":2048,\"orientation\":\"landscape\"}},\"imageMeta\":{\"aperture\":\"0\",\"credit\":\"\",\"camera\":\"\",\"caption\":\"\",\"created_timestamp\":\"0\",\"copyright\":\"\",\"focal_length\":\"0\",\"iso\":\"0\",\"shutter_speed\":\"0\",\"title\":\"\",\"orientation\":\"0\",\"keywords\":[]},\"meta\":false,\"postlink\":\"https:\/\/turunlennokkiseura.com\/tls\/pgc_simply_gallery\/kesakauden-paattajaiset-30-9-2023\/vvl_1673\/\"},{\"id\":595,\"title\":\"VVL_1498\",\"url\":\"https:\/\/turunlennokkiseura.com\/tls\/wp-content\/uploads\/2023\/10\/VVL_1498.jpg\",\"link\":\"https:\/\/turunlennokkiseura.com\/tls\/pgc_simply_gallery\/kesakauden-paattajaiset-30-9-2023\/vvl_1498\/\",\"alt\":\"\",\"description\":\"\",\"caption\":\"\",\"mime\":\"image\/jpeg\",\"type\":\"image\",\"width\":2048,\"height\":1363,\"sizes\":{\"thumbnail\":{\"height\":150,\"width\":150,\"url\":\"https:\/\/turunlennokkiseura.com\/tls\/wp-content\/uploads\/2023\/10\/VVL_1498-150x150.jpg\",\"orientation\":\"landscape\"},\"medium\":{\"height\":200,\"width\":300,\"url\":\"https:\/\/turunlennokkiseura.com\/tls\/wp-content\/uploads\/2023\/10\/VVL_1498-300x200.jpg\",\"orientation\":\"landscape\"},\"large\":{\"height\":682,\"width\":1024,\"url\":\"https:\/\/turunlennokkiseura.com\/tls\/wp-content\/uploads\/2023\/10\/VVL_1498-1024x682.jpg\",\"orientation\":\"landscape\"},\"full\":{\"url\":\"https:\/\/turunlennokkiseura.com\/tls\/wp-content\/uploads\/2023\/10\/VVL_1498.jpg\",\"height\":1363,\"width\":2048,\"orientation\":\"landscape\"}},\"imageMeta\":{\"aperture\":\"0\",\"credit\":\"\",\"camera\":\"\",\"caption\":\"\",\"created_timestamp\":\"0\",\"copyright\":\"\",\"focal_length\":\"0\",\"iso\":\"0\",\"shutter_speed\":\"0\",\"title\":\"\",\"orientation\":\"0\",\"keywords\":[]},\"meta\":false,\"postlink\":\"https:\/\/turunlennokkiseura.com\/tls\/pgc_simply_gallery\/kesakauden-paattajaiset-30-9-2023\/vvl_1498\/\"},{\"id\":596,\"title\":\"VVL_1733\",\"url\":\"https:\/\/turunlennokkiseura.com\/tls\/wp-content\/uploads\/2023\/10\/VVL_1733.jpg\",\"link\":\"https:\/\/turunlennokkiseura.com\/tls\/pgc_simply_gallery\/kesakauden-paattajaiset-30-9-2023\/vvl_1733\/\",\"alt\":\"\",\"description\":\"\",\"caption\":\"\",\"mime\":\"image\/jpeg\",\"type\":\"image\",\"width\":2048,\"height\":1363,\"sizes\":{\"thumbnail\":{\"height\":150,\"width\":150,\"url\":\"https:\/\/turunlennokkiseura.com\/tls\/wp-content\/uploads\/2023\/10\/VVL_1733-150x150.jpg\",\"orientation\":\"landscape\"},\"medium\":{\"height\":200,\"width\":300,\"url\":\"https:\/\/turunlennokkiseura.com\/tls\/wp-content\/uploads\/2023\/10\/VVL_1733-300x200.jpg\",\"orientation\":\"landscape\"},\"large\":{\"height\":682,\"width\":1024,\"url\":\"https:\/\/turunlennokkiseura.com\/tls\/wp-content\/uploads\/2023\/10\/VVL_1733-1024x682.jpg\",\"orientation\":\"landscape\"},\"full\":{\"url\":\"https:\/\/turunlennokkiseura.com\/tls\/wp-content\/uploads\/2023\/10\/VVL_1733.jpg\",\"height\":1363,\"width\":2048,\"orientation\":\"landscape\"}},\"imageMeta\":{\"aperture\":\"0\",\"credit\":\"\",\"camera\":\"\",\"caption\":\"\",\"created_timestamp\":\"0\",\"copyright\":\"\",\"focal_length\":\"0\",\"iso\":\"0\",\"shutter_speed\":\"0\",\"title\":\"\",\"orientation\":\"0\",\"keywords\":[]},\"meta\":false,\"postlink\":\"https:\/\/turunlennokkiseura.com\/tls\/pgc_simply_gallery\/kesakauden-paattajaiset-30-9-2023\/vvl_1733\/\"},{\"id\":597,\"title\":\"VVL_1479\",\"url\":\"https:\/\/turunlennokkiseura.com\/tls\/wp-content\/uploads\/2023\/10\/VVL_1479.jpg\",\"link\":\"https:\/\/turunlennokkiseura.com\/tls\/pgc_simply_gallery\/kesakauden-paattajaiset-30-9-2023\/vvl_1479\/\",\"alt\":\"\",\"description\":\"\",\"caption\":\"\",\"mime\":\"image\/jpeg\",\"type\":\"image\",\"width\":2048,\"height\":1363,\"sizes\":{\"thumbnail\":{\"height\":150,\"width\":150,\"url\":\"https:\/\/turunlennokkiseura.com\/tls\/wp-content\/uploads\/2023\/10\/VVL_1479-150x150.jpg\",\"orientation\":\"landscape\"},\"medium\":{\"height\":200,\"width\":300,\"url\":\"https:\/\/turunlennokkiseura.com\/tls\/wp-content\/uploads\/2023\/10\/VVL_1479-300x200.jpg\",\"orientation\":\"landscape\"},\"large\":{\"height\":682,\"width\":1024,\"url\":\"https:\/\/turunlennokkiseura.com\/tls\/wp-content\/uploads\/2023\/10\/VVL_1479-1024x682.jpg\",\"orientation\":\"landscape\"},\"full\":{\"url\":\"https:\/\/turunlennokkiseura.com\/tls\/wp-content\/uploads\/2023\/10\/VVL_1479.jpg\",\"height\":1363,\"width\":2048,\"orientation\":\"landscape\"}},\"imageMeta\":{\"aperture\":\"0\",\"credit\":\"\",\"camera\":\"\",\"caption\":\"\",\"created_timestamp\":\"0\",\"copyright\":\"\",\"focal_length\":\"0\",\"iso\":\"0\",\"shutter_speed\":\"0\",\"title\":\"\",\"orientation\":\"0\",\"keywords\":[]},\"meta\":false,\"postlink\":\"https:\/\/turunlennokkiseura.com\/tls\/pgc_simply_gallery\/kesakauden-paattajaiset-30-9-2023\/vvl_1479\/\"},{\"id\":598,\"title\":\"VVL_1553\",\"url\":\"https:\/\/turunlennokkiseura.com\/tls\/wp-content\/uploads\/2023\/10\/VVL_1553.jpg\",\"link\":\"https:\/\/turunlennokkiseura.com\/tls\/pgc_simply_gallery\/kesakauden-paattajaiset-30-9-2023\/vvl_1553\/\",\"alt\":\"\",\"description\":\"\",\"caption\":\"\",\"mime\":\"image\/jpeg\",\"type\":\"image\",\"width\":2048,\"height\":1363,\"sizes\":{\"thumbnail\":{\"height\":150,\"width\":150,\"url\":\"https:\/\/turunlennokkiseura.com\/tls\/wp-content\/uploads\/2023\/10\/VVL_1553-150x150.jpg\",\"orientation\":\"landscape\"},\"medium\":{\"height\":200,\"width\":300,\"url\":\"https:\/\/turunlennokkiseura.com\/tls\/wp-content\/uploads\/2023\/10\/VVL_1553-300x200.jpg\",\"orientation\":\"landscape\"},\"large\":{\"height\":682,\"width\":1024,\"url\":\"https:\/\/turunlennokkiseura.com\/tls\/wp-content\/uploads\/2023\/10\/VVL_1553-1024x682.jpg\",\"orientation\":\"landscape\"},\"full\":{\"url\":\"https:\/\/turunlennokkiseura.com\/tls\/wp-content\/uploads\/2023\/10\/VVL_1553.jpg\",\"height\":1363,\"width\":2048,\"orientation\":\"landscape\"}},\"imageMeta\":{\"aperture\":\"0\",\"credit\":\"\",\"camera\":\"\",\"caption\":\"\",\"created_timestamp\":\"0\",\"copyright\":\"\",\"focal_length\":\"0\",\"iso\":\"0\",\"shutter_speed\":\"0\",\"title\":\"\",\"orientation\":\"0\",\"keywords\":[]},\"meta\":false,\"postlink\":\"https:\/\/turunlennokkiseura.com\/tls\/pgc_simply_gallery\/kesakauden-paattajaiset-30-9-2023\/vvl_1553\/\"},{\"id\":599,\"title\":\"VVL_1505\",\"url\":\"https:\/\/turunlennokkiseura.com\/tls\/wp-content\/uploads\/2023\/10\/VVL_1505.jpg\",\"link\":\"https:\/\/turunlennokkiseura.com\/tls\/pgc_simply_gallery\/kesakauden-paattajaiset-30-9-2023\/vvl_1505\/\",\"alt\":\"\",\"description\":\"\",\"caption\":\"\",\"mime\":\"image\/jpeg\",\"type\":\"image\",\"width\":2048,\"height\":1363,\"sizes\":{\"thumbnail\":{\"height\":150,\"width\":150,\"url\":\"https:\/\/turunlennokkiseura.com\/tls\/wp-content\/uploads\/2023\/10\/VVL_1505-150x150.jpg\",\"orientation\":\"landscape\"},\"medium\":{\"height\":200,\"width\":300,\"url\":\"https:\/\/turunlennokkiseura.com\/tls\/wp-content\/uploads\/2023\/10\/VVL_1505-300x200.jpg\",\"orientation\":\"landscape\"},\"large\":{\"height\":682,\"width\":1024,\"url\":\"https:\/\/turunlennokkiseura.com\/tls\/wp-content\/uploads\/2023\/10\/VVL_1505-1024x682.jpg\",\"orientation\":\"landscape\"},\"full\":{\"url\":\"https:\/\/turunlennokkiseura.com\/tls\/wp-content\/uploads\/2023\/10\/VVL_1505.jpg\",\"height\":1363,\"width\":2048,\"orientation\":\"landscape\"}},\"imageMeta\":{\"aperture\":\"0\",\"credit\":\"\",\"camera\":\"\",\"caption\":\"\",\"created_timestamp\":\"0\",\"copyright\":\"\",\"focal_length\":\"0\",\"iso\":\"0\",\"shutter_speed\":\"0\",\"title\":\"\",\"orientation\":\"0\",\"keywords\":[]},\"meta\":false,\"postlink\":\"https:\/\/turunlennokkiseura.com\/tls\/pgc_simply_gallery\/kesakauden-paattajaiset-30-9-2023\/vvl_1505\/\"},{\"id\":600,\"title\":\"VVL_1476\",\"url\":\"https:\/\/turunlennokkiseura.com\/tls\/wp-content\/uploads\/2023\/10\/VVL_1476.jpg\",\"link\":\"https:\/\/turunlennokkiseura.com\/tls\/pgc_simply_gallery\/kesakauden-paattajaiset-30-9-2023\/vvl_1476\/\",\"alt\":\"\",\"description\":\"\",\"caption\":\"\",\"mime\":\"image\/jpeg\",\"type\":\"image\",\"width\":2048,\"height\":1363,\"sizes\":{\"thumbnail\":{\"height\":150,\"width\":150,\"url\":\"https:\/\/turunlennokkiseura.com\/tls\/wp-content\/uploads\/2023\/10\/VVL_1476-150x150.jpg\",\"orientation\":\"landscape\"},\"medium\":{\"height\":200,\"width\":300,\"url\":\"https:\/\/turunlennokkiseura.com\/tls\/wp-content\/uploads\/2023\/10\/VVL_1476-300x200.jpg\",\"orientation\":\"landscape\"},\"large\":{\"height\":682,\"width\":1024,\"url\":\"https:\/\/turunlennokkiseura.com\/tls\/wp-content\/uploads\/2023\/10\/VVL_1476-1024x682.jpg\",\"orientation\":\"landscape\"},\"full\":{\"url\":\"https:\/\/turunlennokkiseura.com\/tls\/wp-content\/uploads\/2023\/10\/VVL_1476.jpg\",\"height\":1363,\"width\":2048,\"orientation\":\"landscape\"}},\"imageMeta\":{\"aperture\":\"0\",\"credit\":\"\",\"camera\":\"\",\"caption\":\"\",\"created_timestamp\":\"0\",\"copyright\":\"\",\"focal_length\":\"0\",\"iso\":\"0\",\"shutter_speed\":\"0\",\"title\":\"\",\"orientation\":\"0\",\"keywords\":[]},\"meta\":false,\"postlink\":\"https:\/\/turunlennokkiseura.com\/tls\/pgc_simply_gallery\/kesakauden-paattajaiset-30-9-2023\/vvl_1476\/\"},{\"id\":601,\"title\":\"VVL_1512\",\"url\":\"https:\/\/turunlennokkiseura.com\/tls\/wp-content\/uploads\/2023\/10\/VVL_1512.jpg\",\"link\":\"https:\/\/turunlennokkiseura.com\/tls\/pgc_simply_gallery\/kesakauden-paattajaiset-30-9-2023\/vvl_1512\/\",\"alt\":\"\",\"description\":\"\",\"caption\":\"\",\"mime\":\"image\/jpeg\",\"type\":\"image\",\"width\":2048,\"height\":1363,\"sizes\":{\"thumbnail\":{\"height\":150,\"width\":150,\"url\":\"https:\/\/turunlennokkiseura.com\/tls\/wp-content\/uploads\/2023\/10\/VVL_1512-150x150.jpg\",\"orientation\":\"landscape\"},\"medium\":{\"height\":200,\"width\":300,\"url\":\"https:\/\/turunlennokkiseura.com\/tls\/wp-content\/uploads\/2023\/10\/VVL_1512-300x200.jpg\",\"orientation\":\"landscape\"},\"large\":{\"height\":682,\"width\":1024,\"url\":\"https:\/\/turunlennokkiseura.com\/tls\/wp-content\/uploads\/2023\/10\/VVL_1512-1024x682.jpg\",\"orientation\":\"landscape\"},\"full\":{\"url\":\"https:\/\/turunlennokkiseura.com\/tls\/wp-content\/uploads\/2023\/10\/VVL_1512.jpg\",\"height\":1363,\"width\":2048,\"orientation\":\"landscape\"}},\"imageMeta\":{\"aperture\":\"0\",\"credit\":\"\",\"camera\":\"\",\"caption\":\"\",\"created_timestamp\":\"0\",\"copyright\":\"\",\"focal_length\":\"0\",\"iso\":\"0\",\"shutter_speed\":\"0\",\"title\":\"\",\"orientation\":\"0\",\"keywords\":[]},\"meta\":false,\"postlink\":\"https:\/\/turunlennokkiseura.com\/tls\/pgc_simply_gallery\/kesakauden-paattajaiset-30-9-2023\/vvl_1512\/\"},{\"id\":602,\"title\":\"VVL_1480\",\"url\":\"https:\/\/turunlennokkiseura.com\/tls\/wp-content\/uploads\/2023\/10\/VVL_1480.jpg\",\"link\":\"https:\/\/turunlennokkiseura.com\/tls\/pgc_simply_gallery\/kesakauden-paattajaiset-30-9-2023\/vvl_1480\/\",\"alt\":\"\",\"description\":\"\",\"caption\":\"\",\"mime\":\"image\/jpeg\",\"type\":\"image\",\"width\":2048,\"height\":1363,\"sizes\":{\"thumbnail\":{\"height\":150,\"width\":150,\"url\":\"https:\/\/turunlennokkiseura.com\/tls\/wp-content\/uploads\/2023\/10\/VVL_1480-150x150.jpg\",\"orientation\":\"landscape\"},\"medium\":{\"height\":200,\"width\":300,\"url\":\"https:\/\/turunlennokkiseura.com\/tls\/wp-content\/uploads\/2023\/10\/VVL_1480-300x200.jpg\",\"orientation\":\"landscape\"},\"large\":{\"height\":682,\"width\":1024,\"url\":\"https:\/\/turunlennokkiseura.com\/tls\/wp-content\/uploads\/2023\/10\/VVL_1480-1024x682.jpg\",\"orientation\":\"landscape\"},\"full\":{\"url\":\"https:\/\/turunlennokkiseura.com\/tls\/wp-content\/uploads\/2023\/10\/VVL_1480.jpg\",\"height\":1363,\"width\":2048,\"orientation\":\"landscape\"}},\"imageMeta\":{\"aperture\":\"0\",\"credit\":\"\",\"camera\":\"\",\"caption\":\"\",\"created_timestamp\":\"0\",\"copyright\":\"\",\"focal_length\":\"0\",\"iso\":\"0\",\"shutter_speed\":\"0\",\"title\":\"\",\"orientation\":\"0\",\"keywords\":[]},\"meta\":false,\"postlink\":\"https:\/\/turunlennokkiseura.com\/tls\/pgc_simply_gallery\/kesakauden-paattajaiset-30-9-2023\/vvl_1480\/\"},{\"id\":603,\"title\":\"VVL_1634\",\"url\":\"https:\/\/turunlennokkiseura.com\/tls\/wp-content\/uploads\/2023\/10\/VVL_1634.jpg\",\"link\":\"https:\/\/turunlennokkiseura.com\/tls\/pgc_simply_gallery\/kesakauden-paattajaiset-30-9-2023\/vvl_1634\/\",\"alt\":\"\",\"description\":\"\",\"caption\":\"\",\"mime\":\"image\/jpeg\",\"type\":\"image\",\"width\":2048,\"height\":1363,\"sizes\":{\"thumbnail\":{\"height\":150,\"width\":150,\"url\":\"https:\/\/turunlennokkiseura.com\/tls\/wp-content\/uploads\/2023\/10\/VVL_1634-150x150.jpg\",\"orientation\":\"landscape\"},\"medium\":{\"height\":200,\"width\":300,\"url\":\"https:\/\/turunlennokkiseura.com\/tls\/wp-content\/uploads\/2023\/10\/VVL_1634-300x200.jpg\",\"orientation\":\"landscape\"},\"large\":{\"height\":682,\"width\":1024,\"url\":\"https:\/\/turunlennokkiseura.com\/tls\/wp-content\/uploads\/2023\/10\/VVL_1634-1024x682.jpg\",\"orientation\":\"landscape\"},\"full\":{\"url\":\"https:\/\/turunlennokkiseura.com\/tls\/wp-content\/uploads\/2023\/10\/VVL_1634.jpg\",\"height\":1363,\"width\":2048,\"orientation\":\"landscape\"}},\"imageMeta\":{\"aperture\":\"0\",\"credit\":\"\",\"camera\":\"\",\"caption\":\"\",\"created_timestamp\":\"0\",\"copyright\":\"\",\"focal_length\":\"0\",\"iso\":\"0\",\"shutter_speed\":\"0\",\"title\":\"\",\"orientation\":\"0\",\"keywords\":[]},\"meta\":false,\"postlink\":\"https:\/\/turunlennokkiseura.com\/tls\/pgc_simply_gallery\/kesakauden-paattajaiset-30-9-2023\/vvl_1634\/\"},{\"id\":604,\"title\":\"VVL_1506\",\"url\":\"https:\/\/turunlennokkiseura.com\/tls\/wp-content\/uploads\/2023\/10\/VVL_1506.jpg\",\"link\":\"https:\/\/turunlennokkiseura.com\/tls\/pgc_simply_gallery\/kesakauden-paattajaiset-30-9-2023\/vvl_1506\/\",\"alt\":\"\",\"description\":\"\",\"caption\":\"\",\"mime\":\"image\/jpeg\",\"type\":\"image\",\"width\":2048,\"height\":1363,\"sizes\":{\"thumbnail\":{\"height\":150,\"width\":150,\"url\":\"https:\/\/turunlennokkiseura.com\/tls\/wp-content\/uploads\/2023\/10\/VVL_1506-150x150.jpg\",\"orientation\":\"landscape\"},\"medium\":{\"height\":200,\"width\":300,\"url\":\"https:\/\/turunlennokkiseura.com\/tls\/wp-content\/uploads\/2023\/10\/VVL_1506-300x200.jpg\",\"orientation\":\"landscape\"},\"large\":{\"height\":682,\"width\":1024,\"url\":\"https:\/\/turunlennokkiseura.com\/tls\/wp-content\/uploads\/2023\/10\/VVL_1506-1024x682.jpg\",\"orientation\":\"landscape\"},\"full\":{\"url\":\"https:\/\/turunlennokkiseura.com\/tls\/wp-content\/uploads\/2023\/10\/VVL_1506.jpg\",\"height\":1363,\"width\":2048,\"orientation\":\"landscape\"}},\"imageMeta\":{\"aperture\":\"0\",\"credit\":\"\",\"camera\":\"\",\"caption\":\"\",\"created_timestamp\":\"0\",\"copyright\":\"\",\"focal_length\":\"0\",\"iso\":\"0\",\"shutter_speed\":\"0\",\"title\":\"\",\"orientation\":\"0\",\"keywords\":[]},\"meta\":false,\"postlink\":\"https:\/\/turunlennokkiseura.com\/tls\/pgc_simply_gallery\/kesakauden-paattajaiset-30-9-2023\/vvl_1506\/\"},{\"id\":605,\"title\":\"VVL_1792\",\"url\":\"https:\/\/turunlennokkiseura.com\/tls\/wp-content\/uploads\/2023\/10\/VVL_1792.jpg\",\"link\":\"https:\/\/turunlennokkiseura.com\/tls\/pgc_simply_gallery\/kesakauden-paattajaiset-30-9-2023\/vvl_1792\/\",\"alt\":\"\",\"description\":\"\",\"caption\":\"\",\"mime\":\"image\/jpeg\",\"type\":\"image\",\"width\":2048,\"height\":1363,\"sizes\":{\"thumbnail\":{\"height\":150,\"width\":150,\"url\":\"https:\/\/turunlennokkiseura.com\/tls\/wp-content\/uploads\/2023\/10\/VVL_1792-150x150.jpg\",\"orientation\":\"landscape\"},\"medium\":{\"height\":200,\"width\":300,\"url\":\"https:\/\/turunlennokkiseura.com\/tls\/wp-content\/uploads\/2023\/10\/VVL_1792-300x200.jpg\",\"orientation\":\"landscape\"},\"large\":{\"height\":682,\"width\":1024,\"url\":\"https:\/\/turunlennokkiseura.com\/tls\/wp-content\/uploads\/2023\/10\/VVL_1792-1024x682.jpg\",\"orientation\":\"landscape\"},\"full\":{\"url\":\"https:\/\/turunlennokkiseura.com\/tls\/wp-content\/uploads\/2023\/10\/VVL_1792.jpg\",\"height\":1363,\"width\":2048,\"orientation\":\"landscape\"}},\"imageMeta\":{\"aperture\":\"0\",\"credit\":\"\",\"camera\":\"\",\"caption\":\"\",\"created_timestamp\":\"0\",\"copyright\":\"\",\"focal_length\":\"0\",\"iso\":\"0\",\"shutter_speed\":\"0\",\"title\":\"\",\"orientation\":\"0\",\"keywords\":[]},\"meta\":false,\"postlink\":\"https:\/\/turunlennokkiseura.com\/tls\/pgc_simply_gallery\/kesakauden-paattajaiset-30-9-2023\/vvl_1792\/\"},{\"id\":606,\"title\":\"VVL_1637\",\"url\":\"https:\/\/turunlennokkiseura.com\/tls\/wp-content\/uploads\/2023\/10\/VVL_1637.jpg\",\"link\":\"https:\/\/turunlennokkiseura.com\/tls\/pgc_simply_gallery\/kesakauden-paattajaiset-30-9-2023\/vvl_1637\/\",\"alt\":\"\",\"description\":\"\",\"caption\":\"\",\"mime\":\"image\/jpeg\",\"type\":\"image\",\"width\":2048,\"height\":1363,\"sizes\":{\"thumbnail\":{\"height\":150,\"width\":150,\"url\":\"https:\/\/turunlennokkiseura.com\/tls\/wp-content\/uploads\/2023\/10\/VVL_1637-150x150.jpg\",\"orientation\":\"landscape\"},\"medium\":{\"height\":200,\"width\":300,\"url\":\"https:\/\/turunlennokkiseura.com\/tls\/wp-content\/uploads\/2023\/10\/VVL_1637-300x200.jpg\",\"orientation\":\"landscape\"},\"large\":{\"height\":682,\"width\":1024,\"url\":\"https:\/\/turunlennokkiseura.com\/tls\/wp-content\/uploads\/2023\/10\/VVL_1637-1024x682.jpg\",\"orientation\":\"landscape\"},\"full\":{\"url\":\"https:\/\/turunlennokkiseura.com\/tls\/wp-content\/uploads\/2023\/10\/VVL_1637.jpg\",\"height\":1363,\"width\":2048,\"orientation\":\"landscape\"}},\"imageMeta\":{\"aperture\":\"0\",\"credit\":\"\",\"camera\":\"\",\"caption\":\"\",\"created_timestamp\":\"0\",\"copyright\":\"\",\"focal_length\":\"0\",\"iso\":\"0\",\"shutter_speed\":\"0\",\"title\":\"\",\"orientation\":\"0\",\"keywords\":[]},\"meta\":false,\"postlink\":\"https:\/\/turunlennokkiseura.com\/tls\/pgc_simply_gallery\/kesakauden-paattajaiset-30-9-2023\/vvl_1637\/\"},{\"id\":607,\"title\":\"VVL_1643\",\"url\":\"https:\/\/turunlennokkiseura.com\/tls\/wp-content\/uploads\/2023\/10\/VVL_1643.jpg\",\"link\":\"https:\/\/turunlennokkiseura.com\/tls\/pgc_simply_gallery\/kesakauden-paattajaiset-30-9-2023\/vvl_1643\/\",\"alt\":\"\",\"description\":\"\",\"caption\":\"\",\"mime\":\"image\/jpeg\",\"type\":\"image\",\"width\":2048,\"height\":1363,\"sizes\":{\"thumbnail\":{\"height\":150,\"width\":150,\"url\":\"https:\/\/turunlennokkiseura.com\/tls\/wp-content\/uploads\/2023\/10\/VVL_1643-150x150.jpg\",\"orientation\":\"landscape\"},\"medium\":{\"height\":200,\"width\":300,\"url\":\"https:\/\/turunlennokkiseura.com\/tls\/wp-content\/uploads\/2023\/10\/VVL_1643-300x200.jpg\",\"orientation\":\"landscape\"},\"large\":{\"height\":682,\"width\":1024,\"url\":\"https:\/\/turunlennokkiseura.com\/tls\/wp-content\/uploads\/2023\/10\/VVL_1643-1024x682.jpg\",\"orientation\":\"landscape\"},\"full\":{\"url\":\"https:\/\/turunlennokkiseura.com\/tls\/wp-content\/uploads\/2023\/10\/VVL_1643.jpg\",\"height\":1363,\"width\":2048,\"orientation\":\"landscape\"}},\"imageMeta\":{\"aperture\":\"0\",\"credit\":\"\",\"camera\":\"\",\"caption\":\"\",\"created_timestamp\":\"0\",\"copyright\":\"\",\"focal_length\":\"0\",\"iso\":\"0\",\"shutter_speed\":\"0\",\"title\":\"\",\"orientation\":\"0\",\"keywords\":[]},\"meta\":false,\"postlink\":\"https:\/\/turunlennokkiseura.com\/tls\/pgc_simply_gallery\/kesakauden-paattajaiset-30-9-2023\/vvl_1643\/\"},{\"id\":608,\"title\":\"VVL_1545\",\"url\":\"https:\/\/turunlennokkiseura.com\/tls\/wp-content\/uploads\/2023\/10\/VVL_1545.jpg\",\"link\":\"https:\/\/turunlennokkiseura.com\/tls\/pgc_simply_gallery\/kesakauden-paattajaiset-30-9-2023\/vvl_1545\/\",\"alt\":\"\",\"description\":\"\",\"caption\":\"\",\"mime\":\"image\/jpeg\",\"type\":\"image\",\"width\":2048,\"height\":1363,\"sizes\":{\"thumbnail\":{\"height\":150,\"width\":150,\"url\":\"https:\/\/turunlennokkiseura.com\/tls\/wp-content\/uploads\/2023\/10\/VVL_1545-150x150.jpg\",\"orientation\":\"landscape\"},\"medium\":{\"height\":200,\"width\":300,\"url\":\"https:\/\/turunlennokkiseura.com\/tls\/wp-content\/uploads\/2023\/10\/VVL_1545-300x200.jpg\",\"orientation\":\"landscape\"},\"large\":{\"height\":682,\"width\":1024,\"url\":\"https:\/\/turunlennokkiseura.com\/tls\/wp-content\/uploads\/2023\/10\/VVL_1545-1024x682.jpg\",\"orientation\":\"landscape\"},\"full\":{\"url\":\"https:\/\/turunlennokkiseura.com\/tls\/wp-content\/uploads\/2023\/10\/VVL_1545.jpg\",\"height\":1363,\"width\":2048,\"orientation\":\"landscape\"}},\"imageMeta\":{\"aperture\":\"0\",\"credit\":\"\",\"camera\":\"\",\"caption\":\"\",\"created_timestamp\":\"0\",\"copyright\":\"\",\"focal_length\":\"0\",\"iso\":\"0\",\"shutter_speed\":\"0\",\"title\":\"\",\"orientation\":\"0\",\"keywords\":[]},\"meta\":false,\"postlink\":\"https:\/\/turunlennokkiseura.com\/tls\/pgc_simply_gallery\/kesakauden-paattajaiset-30-9-2023\/vvl_1545\/\"},{\"id\":609,\"title\":\"VVL_1431\",\"url\":\"https:\/\/turunlennokkiseura.com\/tls\/wp-content\/uploads\/2023\/10\/VVL_1431.jpg\",\"link\":\"https:\/\/turunlennokkiseura.com\/tls\/pgc_simply_gallery\/kesakauden-paattajaiset-30-9-2023\/vvl_1431\/\",\"alt\":\"\",\"description\":\"\",\"caption\":\"\",\"mime\":\"image\/jpeg\",\"type\":\"image\",\"width\":2048,\"height\":1363,\"sizes\":{\"thumbnail\":{\"height\":150,\"width\":150,\"url\":\"https:\/\/turunlennokkiseura.com\/tls\/wp-content\/uploads\/2023\/10\/VVL_1431-150x150.jpg\",\"orientation\":\"landscape\"},\"medium\":{\"height\":200,\"width\":300,\"url\":\"https:\/\/turunlennokkiseura.com\/tls\/wp-content\/uploads\/2023\/10\/VVL_1431-300x200.jpg\",\"orientation\":\"landscape\"},\"large\":{\"height\":682,\"width\":1024,\"url\":\"https:\/\/turunlennokkiseura.com\/tls\/wp-content\/uploads\/2023\/10\/VVL_1431-1024x682.jpg\",\"orientation\":\"landscape\"},\"full\":{\"url\":\"https:\/\/turunlennokkiseura.com\/tls\/wp-content\/uploads\/2023\/10\/VVL_1431.jpg\",\"height\":1363,\"width\":2048,\"orientation\":\"landscape\"}},\"imageMeta\":{\"aperture\":\"0\",\"credit\":\"\",\"camera\":\"\",\"caption\":\"\",\"created_timestamp\":\"0\",\"copyright\":\"\",\"focal_length\":\"0\",\"iso\":\"0\",\"shutter_speed\":\"0\",\"title\":\"\",\"orientation\":\"0\",\"keywords\":[]},\"meta\":false,\"postlink\":\"https:\/\/turunlennokkiseura.com\/tls\/pgc_simply_gallery\/kesakauden-paattajaiset-30-9-2023\/vvl_1431\/\"},{\"id\":610,\"title\":\"VVL_1550\",\"url\":\"https:\/\/turunlennokkiseura.com\/tls\/wp-content\/uploads\/2023\/10\/VVL_1550.jpg\",\"link\":\"https:\/\/turunlennokkiseura.com\/tls\/pgc_simply_gallery\/kesakauden-paattajaiset-30-9-2023\/vvl_1550\/\",\"alt\":\"\",\"description\":\"\",\"caption\":\"\",\"mime\":\"image\/jpeg\",\"type\":\"image\",\"width\":2048,\"height\":1363,\"sizes\":{\"thumbnail\":{\"height\":150,\"width\":150,\"url\":\"https:\/\/turunlennokkiseura.com\/tls\/wp-content\/uploads\/2023\/10\/VVL_1550-150x150.jpg\",\"orientation\":\"landscape\"},\"medium\":{\"height\":200,\"width\":300,\"url\":\"https:\/\/turunlennokkiseura.com\/tls\/wp-content\/uploads\/2023\/10\/VVL_1550-300x200.jpg\",\"orientation\":\"landscape\"},\"large\":{\"height\":682,\"width\":1024,\"url\":\"https:\/\/turunlennokkiseura.com\/tls\/wp-content\/uploads\/2023\/10\/VVL_1550-1024x682.jpg\",\"orientation\":\"landscape\"},\"full\":{\"url\":\"https:\/\/turunlennokkiseura.com\/tls\/wp-content\/uploads\/2023\/10\/VVL_1550.jpg\",\"height\":1363,\"width\":2048,\"orientation\":\"landscape\"}},\"imageMeta\":{\"aperture\":\"0\",\"credit\":\"\",\"camera\":\"\",\"caption\":\"\",\"created_timestamp\":\"0\",\"copyright\":\"\",\"focal_length\":\"0\",\"iso\":\"0\",\"shutter_speed\":\"0\",\"title\":\"\",\"orientation\":\"0\",\"keywords\":[]},\"meta\":false,\"postlink\":\"https:\/\/turunlennokkiseura.com\/tls\/pgc_simply_gallery\/kesakauden-paattajaiset-30-9-2023\/vvl_1550\/\"},{\"id\":611,\"title\":\"VVL_1779\",\"url\":\"https:\/\/turunlennokkiseura.com\/tls\/wp-content\/uploads\/2023\/10\/VVL_1779.jpg\",\"link\":\"https:\/\/turunlennokkiseura.com\/tls\/pgc_simply_gallery\/kesakauden-paattajaiset-30-9-2023\/vvl_1779\/\",\"alt\":\"\",\"description\":\"\",\"caption\":\"\",\"mime\":\"image\/jpeg\",\"type\":\"image\",\"width\":2048,\"height\":1363,\"sizes\":{\"thumbnail\":{\"height\":150,\"width\":150,\"url\":\"https:\/\/turunlennokkiseura.com\/tls\/wp-content\/uploads\/2023\/10\/VVL_1779-150x150.jpg\",\"orientation\":\"landscape\"},\"medium\":{\"height\":200,\"width\":300,\"url\":\"https:\/\/turunlennokkiseura.com\/tls\/wp-content\/uploads\/2023\/10\/VVL_1779-300x200.jpg\",\"orientation\":\"landscape\"},\"large\":{\"height\":682,\"width\":1024,\"url\":\"https:\/\/turunlennokkiseura.com\/tls\/wp-content\/uploads\/2023\/10\/VVL_1779-1024x682.jpg\",\"orientation\":\"landscape\"},\"full\":{\"url\":\"https:\/\/turunlennokkiseura.com\/tls\/wp-content\/uploads\/2023\/10\/VVL_1779.jpg\",\"height\":1363,\"width\":2048,\"orientation\":\"landscape\"}},\"imageMeta\":{\"aperture\":\"0\",\"credit\":\"\",\"camera\":\"\",\"caption\":\"\",\"created_timestamp\":\"0\",\"copyright\":\"\",\"focal_length\":\"0\",\"iso\":\"0\",\"shutter_speed\":\"0\",\"title\":\"\",\"orientation\":\"0\",\"keywords\":[]},\"meta\":false,\"postlink\":\"https:\/\/turunlennokkiseura.com\/tls\/pgc_simply_gallery\/kesakauden-paattajaiset-30-9-2023\/vvl_1779\/\"},{\"id\":612,\"title\":\"VVL_1382\",\"url\":\"https:\/\/turunlennokkiseura.com\/tls\/wp-content\/uploads\/2023\/10\/VVL_1382.jpg\",\"link\":\"https:\/\/turunlennokkiseura.com\/tls\/pgc_simply_gallery\/kesakauden-paattajaiset-30-9-2023\/vvl_1382\/\",\"alt\":\"\",\"description\":\"\",\"caption\":\"\",\"mime\":\"image\/jpeg\",\"type\":\"image\",\"width\":2048,\"height\":1363,\"sizes\":{\"thumbnail\":{\"height\":150,\"width\":150,\"url\":\"https:\/\/turunlennokkiseura.com\/tls\/wp-content\/uploads\/2023\/10\/VVL_1382-150x150.jpg\",\"orientation\":\"landscape\"},\"medium\":{\"height\":200,\"width\":300,\"url\":\"https:\/\/turunlennokkiseura.com\/tls\/wp-content\/uploads\/2023\/10\/VVL_1382-300x200.jpg\",\"orientation\":\"landscape\"},\"large\":{\"height\":682,\"width\":1024,\"url\":\"https:\/\/turunlennokkiseura.com\/tls\/wp-content\/uploads\/2023\/10\/VVL_1382-1024x682.jpg\",\"orientation\":\"landscape\"},\"full\":{\"url\":\"https:\/\/turunlennokkiseura.com\/tls\/wp-content\/uploads\/2023\/10\/VVL_1382.jpg\",\"height\":1363,\"width\":2048,\"orientation\":\"landscape\"}},\"imageMeta\":{\"aperture\":\"0\",\"credit\":\"\",\"camera\":\"\",\"caption\":\"\",\"created_timestamp\":\"0\",\"copyright\":\"\",\"focal_length\":\"0\",\"iso\":\"0\",\"shutter_speed\":\"0\",\"title\":\"\",\"orientation\":\"0\",\"keywords\":[]},\"meta\":false,\"postlink\":\"https:\/\/turunlennokkiseura.com\/tls\/pgc_simply_gallery\/kesakauden-paattajaiset-30-9-2023\/vvl_1382\/\"},{\"id\":613,\"title\":\"VVL_1355\",\"url\":\"https:\/\/turunlennokkiseura.com\/tls\/wp-content\/uploads\/2023\/10\/VVL_1355.jpg\",\"link\":\"https:\/\/turunlennokkiseura.com\/tls\/pgc_simply_gallery\/kesakauden-paattajaiset-30-9-2023\/vvl_1355\/\",\"alt\":\"\",\"description\":\"\",\"caption\":\"\",\"mime\":\"image\/jpeg\",\"type\":\"image\",\"width\":2048,\"height\":1363,\"sizes\":{\"thumbnail\":{\"height\":150,\"width\":150,\"url\":\"https:\/\/turunlennokkiseura.com\/tls\/wp-content\/uploads\/2023\/10\/VVL_1355-150x150.jpg\",\"orientation\":\"landscape\"},\"medium\":{\"height\":200,\"width\":300,\"url\":\"https:\/\/turunlennokkiseura.com\/tls\/wp-content\/uploads\/2023\/10\/VVL_1355-300x200.jpg\",\"orientation\":\"landscape\"},\"large\":{\"height\":682,\"width\":1024,\"url\":\"https:\/\/turunlennokkiseura.com\/tls\/wp-content\/uploads\/2023\/10\/VVL_1355-1024x682.jpg\",\"orientation\":\"landscape\"},\"full\":{\"url\":\"https:\/\/turunlennokkiseura.com\/tls\/wp-content\/uploads\/2023\/10\/VVL_1355.jpg\",\"height\":1363,\"width\":2048,\"orientation\":\"landscape\"}},\"imageMeta\":{\"aperture\":\"0\",\"credit\":\"\",\"camera\":\"\",\"caption\":\"\",\"created_timestamp\":\"0\",\"copyright\":\"\",\"focal_length\":\"0\",\"iso\":\"0\",\"shutter_speed\":\"0\",\"title\":\"\",\"orientation\":\"0\",\"keywords\":[]},\"meta\":false,\"postlink\":\"https:\/\/turunlennokkiseura.com\/tls\/pgc_simply_gallery\/kesakauden-paattajaiset-30-9-2023\/vvl_1355\/\"},{\"id\":614,\"title\":\"VVL_1584\",\"url\":\"https:\/\/turunlennokkiseura.com\/tls\/wp-content\/uploads\/2023\/10\/VVL_1584.jpg\",\"link\":\"https:\/\/turunlennokkiseura.com\/tls\/pgc_simply_gallery\/kesakauden-paattajaiset-30-9-2023\/vvl_1584\/\",\"alt\":\"\",\"description\":\"\",\"caption\":\"\",\"mime\":\"image\/jpeg\",\"type\":\"image\",\"width\":2048,\"height\":1363,\"sizes\":{\"thumbnail\":{\"height\":150,\"width\":150,\"url\":\"https:\/\/turunlennokkiseura.com\/tls\/wp-content\/uploads\/2023\/10\/VVL_1584-150x150.jpg\",\"orientation\":\"landscape\"},\"medium\":{\"height\":200,\"width\":300,\"url\":\"https:\/\/turunlennokkiseura.com\/tls\/wp-content\/uploads\/2023\/10\/VVL_1584-300x200.jpg\",\"orientation\":\"landscape\"},\"large\":{\"height\":682,\"width\":1024,\"url\":\"https:\/\/turunlennokkiseura.com\/tls\/wp-content\/uploads\/2023\/10\/VVL_1584-1024x682.jpg\",\"orientation\":\"landscape\"},\"full\":{\"url\":\"https:\/\/turunlennokkiseura.com\/tls\/wp-content\/uploads\/2023\/10\/VVL_1584.jpg\",\"height\":1363,\"width\":2048,\"orientation\":\"landscape\"}},\"imageMeta\":{\"aperture\":\"0\",\"credit\":\"\",\"camera\":\"\",\"caption\":\"\",\"created_timestamp\":\"0\",\"copyright\":\"\",\"focal_length\":\"0\",\"iso\":\"0\",\"shutter_speed\":\"0\",\"title\":\"\",\"orientation\":\"0\",\"keywords\":[]},\"meta\":false,\"postlink\":\"https:\/\/turunlennokkiseura.com\/tls\/pgc_simply_gallery\/kesakauden-paattajaiset-30-9-2023\/vvl_1584\/\"},{\"id\":615,\"title\":\"VVL_1379\",\"url\":\"https:\/\/turunlennokkiseura.com\/tls\/wp-content\/uploads\/2023\/10\/VVL_1379.jpg\",\"link\":\"https:\/\/turunlennokkiseura.com\/tls\/pgc_simply_gallery\/kesakauden-paattajaiset-30-9-2023\/vvl_1379\/\",\"alt\":\"\",\"description\":\"\",\"caption\":\"\",\"mime\":\"image\/jpeg\",\"type\":\"image\",\"width\":2048,\"height\":1363,\"sizes\":{\"thumbnail\":{\"height\":150,\"width\":150,\"url\":\"https:\/\/turunlennokkiseura.com\/tls\/wp-content\/uploads\/2023\/10\/VVL_1379-150x150.jpg\",\"orientation\":\"landscape\"},\"medium\":{\"height\":200,\"width\":300,\"url\":\"https:\/\/turunlennokkiseura.com\/tls\/wp-content\/uploads\/2023\/10\/VVL_1379-300x200.jpg\",\"orientation\":\"landscape\"},\"large\":{\"height\":682,\"width\":1024,\"url\":\"https:\/\/turunlennokkiseura.com\/tls\/wp-content\/uploads\/2023\/10\/VVL_1379-1024x682.jpg\",\"orientation\":\"landscape\"},\"full\":{\"url\":\"https:\/\/turunlennokkiseura.com\/tls\/wp-content\/uploads\/2023\/10\/VVL_1379.jpg\",\"height\":1363,\"width\":2048,\"orientation\":\"landscape\"}},\"imageMeta\":{\"aperture\":\"0\",\"credit\":\"\",\"camera\":\"\",\"caption\":\"\",\"created_timestamp\":\"0\",\"copyright\":\"\",\"focal_length\":\"0\",\"iso\":\"0\",\"shutter_speed\":\"0\",\"title\":\"\",\"orientation\":\"0\",\"keywords\":[]},\"meta\":false,\"postlink\":\"https:\/\/turunlennokkiseura.com\/tls\/pgc_simply_gallery\/kesakauden-paattajaiset-30-9-2023\/vvl_1379\/\"},{\"id\":616,\"title\":\"VVL_1334\",\"url\":\"https:\/\/turunlennokkiseura.com\/tls\/wp-content\/uploads\/2023\/10\/VVL_1334.jpg\",\"link\":\"https:\/\/turunlennokkiseura.com\/tls\/pgc_simply_gallery\/kesakauden-paattajaiset-30-9-2023\/vvl_1334\/\",\"alt\":\"\",\"description\":\"\",\"caption\":\"\",\"mime\":\"image\/jpeg\",\"type\":\"image\",\"width\":2048,\"height\":1363,\"sizes\":{\"thumbnail\":{\"height\":150,\"width\":150,\"url\":\"https:\/\/turunlennokkiseura.com\/tls\/wp-content\/uploads\/2023\/10\/VVL_1334-150x150.jpg\",\"orientation\":\"landscape\"},\"medium\":{\"height\":200,\"width\":300,\"url\":\"https:\/\/turunlennokkiseura.com\/tls\/wp-content\/uploads\/2023\/10\/VVL_1334-300x200.jpg\",\"orientation\":\"landscape\"},\"large\":{\"height\":682,\"width\":1024,\"url\":\"https:\/\/turunlennokkiseura.com\/tls\/wp-content\/uploads\/2023\/10\/VVL_1334-1024x682.jpg\",\"orientation\":\"landscape\"},\"full\":{\"url\":\"https:\/\/turunlennokkiseura.com\/tls\/wp-content\/uploads\/2023\/10\/VVL_1334.jpg\",\"height\":1363,\"width\":2048,\"orientation\":\"landscape\"}},\"imageMeta\":{\"aperture\":\"0\",\"credit\":\"\",\"camera\":\"\",\"caption\":\"\",\"created_timestamp\":\"0\",\"copyright\":\"\",\"focal_length\":\"0\",\"iso\":\"0\",\"shutter_speed\":\"0\",\"title\":\"\",\"orientation\":\"0\",\"keywords\":[]},\"meta\":false,\"postlink\":\"https:\/\/turunlennokkiseura.com\/tls\/pgc_simply_gallery\/kesakauden-paattajaiset-30-9-2023\/vvl_1334\/\"},{\"id\":617,\"title\":\"VVL_1362\",\"url\":\"https:\/\/turunlennokkiseura.com\/tls\/wp-content\/uploads\/2023\/10\/VVL_1362.jpg\",\"link\":\"https:\/\/turunlennokkiseura.com\/tls\/pgc_simply_gallery\/kesakauden-paattajaiset-30-9-2023\/vvl_1362\/\",\"alt\":\"\",\"description\":\"\",\"caption\":\"\",\"mime\":\"image\/jpeg\",\"type\":\"image\",\"width\":2048,\"height\":1363,\"sizes\":{\"thumbnail\":{\"height\":150,\"width\":150,\"url\":\"https:\/\/turunlennokkiseura.com\/tls\/wp-content\/uploads\/2023\/10\/VVL_1362-150x150.jpg\",\"orientation\":\"landscape\"},\"medium\":{\"height\":200,\"width\":300,\"url\":\"https:\/\/turunlennokkiseura.com\/tls\/wp-content\/uploads\/2023\/10\/VVL_1362-300x200.jpg\",\"orientation\":\"landscape\"},\"large\":{\"height\":682,\"width\":1024,\"url\":\"https:\/\/turunlennokkiseura.com\/tls\/wp-content\/uploads\/2023\/10\/VVL_1362-1024x682.jpg\",\"orientation\":\"landscape\"},\"full\":{\"url\":\"https:\/\/turunlennokkiseura.com\/tls\/wp-content\/uploads\/2023\/10\/VVL_1362.jpg\",\"height\":1363,\"width\":2048,\"orientation\":\"landscape\"}},\"imageMeta\":{\"aperture\":\"0\",\"credit\":\"\",\"camera\":\"\",\"caption\":\"\",\"created_timestamp\":\"0\",\"copyright\":\"\",\"focal_length\":\"0\",\"iso\":\"0\",\"shutter_speed\":\"0\",\"title\":\"\",\"orientation\":\"0\",\"keywords\":[]},\"meta\":false,\"postlink\":\"https:\/\/turunlennokkiseura.com\/tls\/pgc_simply_gallery\/kesakauden-paattajaiset-30-9-2023\/vvl_1362\/\"},{\"id\":618,\"title\":\"VVL_1376\",\"url\":\"https:\/\/turunlennokkiseura.com\/tls\/wp-content\/uploads\/2023\/10\/VVL_1376.jpg\",\"link\":\"https:\/\/turunlennokkiseura.com\/tls\/pgc_simply_gallery\/kesakauden-paattajaiset-30-9-2023\/vvl_1376\/\",\"alt\":\"\",\"description\":\"\",\"caption\":\"\",\"mime\":\"image\/jpeg\",\"type\":\"image\",\"width\":2048,\"height\":1363,\"sizes\":{\"thumbnail\":{\"height\":150,\"width\":150,\"url\":\"https:\/\/turunlennokkiseura.com\/tls\/wp-content\/uploads\/2023\/10\/VVL_1376-150x150.jpg\",\"orientation\":\"landscape\"},\"medium\":{\"height\":200,\"width\":300,\"url\":\"https:\/\/turunlennokkiseura.com\/tls\/wp-content\/uploads\/2023\/10\/VVL_1376-300x200.jpg\",\"orientation\":\"landscape\"},\"large\":{\"height\":682,\"width\":1024,\"url\":\"https:\/\/turunlennokkiseura.com\/tls\/wp-content\/uploads\/2023\/10\/VVL_1376-1024x682.jpg\",\"orientation\":\"landscape\"},\"full\":{\"url\":\"https:\/\/turunlennokkiseura.com\/tls\/wp-content\/uploads\/2023\/10\/VVL_1376.jpg\",\"height\":1363,\"width\":2048,\"orientation\":\"landscape\"}},\"imageMeta\":{\"aperture\":\"0\",\"credit\":\"\",\"camera\":\"\",\"caption\":\"\",\"created_timestamp\":\"0\",\"copyright\":\"\",\"focal_length\":\"0\",\"iso\":\"0\",\"shutter_speed\":\"0\",\"title\":\"\",\"orientation\":\"0\",\"keywords\":[]},\"meta\":false,\"postlink\":\"https:\/\/turunlennokkiseura.com\/tls\/pgc_simply_gallery\/kesakauden-paattajaiset-30-9-2023\/vvl_1376\/\"},{\"id\":619,\"title\":\"VVL_1280\",\"url\":\"https:\/\/turunlennokkiseura.com\/tls\/wp-content\/uploads\/2023\/10\/VVL_1280.jpg\",\"link\":\"https:\/\/turunlennokkiseura.com\/tls\/pgc_simply_gallery\/kesakauden-paattajaiset-30-9-2023\/vvl_1280\/\",\"alt\":\"\",\"description\":\"\",\"caption\":\"\",\"mime\":\"image\/jpeg\",\"type\":\"image\",\"width\":2048,\"height\":1363,\"sizes\":{\"thumbnail\":{\"height\":150,\"width\":150,\"url\":\"https:\/\/turunlennokkiseura.com\/tls\/wp-content\/uploads\/2023\/10\/VVL_1280-150x150.jpg\",\"orientation\":\"landscape\"},\"medium\":{\"height\":200,\"width\":300,\"url\":\"https:\/\/turunlennokkiseura.com\/tls\/wp-content\/uploads\/2023\/10\/VVL_1280-300x200.jpg\",\"orientation\":\"landscape\"},\"large\":{\"height\":682,\"width\":1024,\"url\":\"https:\/\/turunlennokkiseura.com\/tls\/wp-content\/uploads\/2023\/10\/VVL_1280-1024x682.jpg\",\"orientation\":\"landscape\"},\"full\":{\"url\":\"https:\/\/turunlennokkiseura.com\/tls\/wp-content\/uploads\/2023\/10\/VVL_1280.jpg\",\"height\":1363,\"width\":2048,\"orientation\":\"landscape\"}},\"imageMeta\":{\"aperture\":\"0\",\"credit\":\"\",\"camera\":\"\",\"caption\":\"\",\"created_timestamp\":\"0\",\"copyright\":\"\",\"focal_length\":\"0\",\"iso\":\"0\",\"shutter_speed\":\"0\",\"title\":\"\",\"orientation\":\"0\",\"keywords\":[]},\"meta\":false,\"postlink\":\"https:\/\/turunlennokkiseura.com\/tls\/pgc_simply_gallery\/kesakauden-paattajaiset-30-9-2023\/vvl_1280\/\"},{\"id\":620,\"title\":\"VVL_1295\",\"url\":\"https:\/\/turunlennokkiseura.com\/tls\/wp-content\/uploads\/2023\/10\/VVL_1295.jpg\",\"link\":\"https:\/\/turunlennokkiseura.com\/tls\/pgc_simply_gallery\/kesakauden-paattajaiset-30-9-2023\/vvl_1295\/\",\"alt\":\"\",\"description\":\"\",\"caption\":\"\",\"mime\":\"image\/jpeg\",\"type\":\"image\",\"width\":2048,\"height\":1363,\"sizes\":{\"thumbnail\":{\"height\":150,\"width\":150,\"url\":\"https:\/\/turunlennokkiseura.com\/tls\/wp-content\/uploads\/2023\/10\/VVL_1295-150x150.jpg\",\"orientation\":\"landscape\"},\"medium\":{\"height\":200,\"width\":300,\"url\":\"https:\/\/turunlennokkiseura.com\/tls\/wp-content\/uploads\/2023\/10\/VVL_1295-300x200.jpg\",\"orientation\":\"landscape\"},\"large\":{\"height\":682,\"width\":1024,\"url\":\"https:\/\/turunlennokkiseura.com\/tls\/wp-content\/uploads\/2023\/10\/VVL_1295-1024x682.jpg\",\"orientation\":\"landscape\"},\"full\":{\"url\":\"https:\/\/turunlennokkiseura.com\/tls\/wp-content\/uploads\/2023\/10\/VVL_1295.jpg\",\"height\":1363,\"width\":2048,\"orientation\":\"landscape\"}},\"imageMeta\":{\"aperture\":\"0\",\"credit\":\"\",\"camera\":\"\",\"caption\":\"\",\"created_timestamp\":\"0\",\"copyright\":\"\",\"focal_length\":\"0\",\"iso\":\"0\",\"shutter_speed\":\"0\",\"title\":\"\",\"orientation\":\"0\",\"keywords\":[]},\"meta\":false,\"postlink\":\"https:\/\/turunlennokkiseura.com\/tls\/pgc_simply_gallery\/kesakauden-paattajaiset-30-9-2023\/vvl_1295\/\"},{\"id\":621,\"title\":\"VVL_1707\",\"url\":\"https:\/\/turunlennokkiseura.com\/tls\/wp-content\/uploads\/2023\/10\/VVL_1707.jpg\",\"link\":\"https:\/\/turunlennokkiseura.com\/tls\/pgc_simply_gallery\/kesakauden-paattajaiset-30-9-2023\/vvl_1707\/\",\"alt\":\"\",\"description\":\"\",\"caption\":\"\",\"mime\":\"image\/jpeg\",\"type\":\"image\",\"width\":2048,\"height\":1363,\"sizes\":{\"thumbnail\":{\"height\":150,\"width\":150,\"url\":\"https:\/\/turunlennokkiseura.com\/tls\/wp-content\/uploads\/2023\/10\/VVL_1707-150x150.jpg\",\"orientation\":\"landscape\"},\"medium\":{\"height\":200,\"width\":300,\"url\":\"https:\/\/turunlennokkiseura.com\/tls\/wp-content\/uploads\/2023\/10\/VVL_1707-300x200.jpg\",\"orientation\":\"landscape\"},\"large\":{\"height\":682,\"width\":1024,\"url\":\"https:\/\/turunlennokkiseura.com\/tls\/wp-content\/uploads\/2023\/10\/VVL_1707-1024x682.jpg\",\"orientation\":\"landscape\"},\"full\":{\"url\":\"https:\/\/turunlennokkiseura.com\/tls\/wp-content\/uploads\/2023\/10\/VVL_1707.jpg\",\"height\":1363,\"width\":2048,\"orientation\":\"landscape\"}},\"imageMeta\":{\"aperture\":\"0\",\"credit\":\"\",\"camera\":\"\",\"caption\":\"\",\"created_timestamp\":\"0\",\"copyright\":\"\",\"focal_length\":\"0\",\"iso\":\"0\",\"shutter_speed\":\"0\",\"title\":\"\",\"orientation\":\"0\",\"keywords\":[]},\"meta\":false,\"postlink\":\"https:\/\/turunlennokkiseura.com\/tls\/pgc_simply_gallery\/kesakauden-paattajaiset-30-9-2023\/vvl_1707\/\"},{\"id\":622,\"title\":\"VVL_1292\",\"url\":\"https:\/\/turunlennokkiseura.com\/tls\/wp-content\/uploads\/2023\/10\/VVL_1292.jpg\",\"link\":\"https:\/\/turunlennokkiseura.com\/tls\/pgc_simply_gallery\/kesakauden-paattajaiset-30-9-2023\/vvl_1292\/\",\"alt\":\"\",\"description\":\"\",\"caption\":\"\",\"mime\":\"image\/jpeg\",\"type\":\"image\",\"width\":2048,\"height\":1363,\"sizes\":{\"thumbnail\":{\"height\":150,\"width\":150,\"url\":\"https:\/\/turunlennokkiseura.com\/tls\/wp-content\/uploads\/2023\/10\/VVL_1292-150x150.jpg\",\"orientation\":\"landscape\"},\"medium\":{\"height\":200,\"width\":300,\"url\":\"https:\/\/turunlennokkiseura.com\/tls\/wp-content\/uploads\/2023\/10\/VVL_1292-300x200.jpg\",\"orientation\":\"landscape\"},\"large\":{\"height\":682,\"width\":1024,\"url\":\"https:\/\/turunlennokkiseura.com\/tls\/wp-content\/uploads\/2023\/10\/VVL_1292-1024x682.jpg\",\"orientation\":\"landscape\"},\"full\":{\"url\":\"https:\/\/turunlennokkiseura.com\/tls\/wp-content\/uploads\/2023\/10\/VVL_1292.jpg\",\"height\":1363,\"width\":2048,\"orientation\":\"landscape\"}},\"imageMeta\":{\"aperture\":\"0\",\"credit\":\"\",\"camera\":\"\",\"caption\":\"\",\"created_timestamp\":\"0\",\"copyright\":\"\",\"focal_length\":\"0\",\"iso\":\"0\",\"shutter_speed\":\"0\",\"title\":\"\",\"orientation\":\"0\",\"keywords\":[]},\"meta\":false,\"postlink\":\"https:\/\/turunlennokkiseura.com\/tls\/pgc_simply_gallery\/kesakauden-paattajaiset-30-9-2023\/vvl_1292\/\"},{\"id\":623,\"title\":\"VVL_1404\",\"url\":\"https:\/\/turunlennokkiseura.com\/tls\/wp-content\/uploads\/2023\/10\/VVL_1404.jpg\",\"link\":\"https:\/\/turunlennokkiseura.com\/tls\/pgc_simply_gallery\/kesakauden-paattajaiset-30-9-2023\/vvl_1404\/\",\"alt\":\"\",\"description\":\"\",\"caption\":\"\",\"mime\":\"image\/jpeg\",\"type\":\"image\",\"width\":2048,\"height\":1363,\"sizes\":{\"thumbnail\":{\"height\":150,\"width\":150,\"url\":\"https:\/\/turunlennokkiseura.com\/tls\/wp-content\/uploads\/2023\/10\/VVL_1404-150x150.jpg\",\"orientation\":\"landscape\"},\"medium\":{\"height\":200,\"width\":300,\"url\":\"https:\/\/turunlennokkiseura.com\/tls\/wp-content\/uploads\/2023\/10\/VVL_1404-300x200.jpg\",\"orientation\":\"landscape\"},\"large\":{\"height\":682,\"width\":1024,\"url\":\"https:\/\/turunlennokkiseura.com\/tls\/wp-content\/uploads\/2023\/10\/VVL_1404-1024x682.jpg\",\"orientation\":\"landscape\"},\"full\":{\"url\":\"https:\/\/turunlennokkiseura.com\/tls\/wp-content\/uploads\/2023\/10\/VVL_1404.jpg\",\"height\":1363,\"width\":2048,\"orientation\":\"landscape\"}},\"imageMeta\":{\"aperture\":\"0\",\"credit\":\"\",\"camera\":\"\",\"caption\":\"\",\"created_timestamp\":\"0\",\"copyright\":\"\",\"focal_length\":\"0\",\"iso\":\"0\",\"shutter_speed\":\"0\",\"title\":\"\",\"orientation\":\"0\",\"keywords\":[]},\"meta\":false,\"postlink\":\"https:\/\/turunlennokkiseura.com\/tls\/pgc_simply_gallery\/kesakauden-paattajaiset-30-9-2023\/vvl_1404\/\"},{\"id\":624,\"title\":\"VVL_1294\",\"url\":\"https:\/\/turunlennokkiseura.com\/tls\/wp-content\/uploads\/2023\/10\/VVL_1294.jpg\",\"link\":\"https:\/\/turunlennokkiseura.com\/tls\/pgc_simply_gallery\/kesakauden-paattajaiset-30-9-2023\/vvl_1294\/\",\"alt\":\"\",\"description\":\"\",\"caption\":\"\",\"mime\":\"image\/jpeg\",\"type\":\"image\",\"width\":2048,\"height\":1363,\"sizes\":{\"thumbnail\":{\"height\":150,\"width\":150,\"url\":\"https:\/\/turunlennokkiseura.com\/tls\/wp-content\/uploads\/2023\/10\/VVL_1294-150x150.jpg\",\"orientation\":\"landscape\"},\"medium\":{\"height\":200,\"width\":300,\"url\":\"https:\/\/turunlennokkiseura.com\/tls\/wp-content\/uploads\/2023\/10\/VVL_1294-300x200.jpg\",\"orientation\":\"landscape\"},\"large\":{\"height\":682,\"width\":1024,\"url\":\"https:\/\/turunlennokkiseura.com\/tls\/wp-content\/uploads\/2023\/10\/VVL_1294-1024x682.jpg\",\"orientation\":\"landscape\"},\"full\":{\"url\":\"https:\/\/turunlennokkiseura.com\/tls\/wp-content\/uploads\/2023\/10\/VVL_1294.jpg\",\"height\":1363,\"width\":2048,\"orientation\":\"landscape\"}},\"imageMeta\":{\"aperture\":\"0\",\"credit\":\"\",\"camera\":\"\",\"caption\":\"\",\"created_timestamp\":\"0\",\"copyright\":\"\",\"focal_length\":\"0\",\"iso\":\"0\",\"shutter_speed\":\"0\",\"title\":\"\",\"orientation\":\"0\",\"keywords\":[]},\"meta\":false,\"postlink\":\"https:\/\/turunlennokkiseura.com\/tls\/pgc_simply_gallery\/kesakauden-paattajaiset-30-9-2023\/vvl_1294\/\"},{\"id\":625,\"title\":\"VVL_1602\",\"url\":\"https:\/\/turunlennokkiseura.com\/tls\/wp-content\/uploads\/2023\/10\/VVL_1602.jpg\",\"link\":\"https:\/\/turunlennokkiseura.com\/tls\/pgc_simply_gallery\/kesakauden-paattajaiset-30-9-2023\/vvl_1602\/\",\"alt\":\"\",\"description\":\"\",\"caption\":\"\",\"mime\":\"image\/jpeg\",\"type\":\"image\",\"width\":2048,\"height\":1363,\"sizes\":{\"thumbnail\":{\"height\":150,\"width\":150,\"url\":\"https:\/\/turunlennokkiseura.com\/tls\/wp-content\/uploads\/2023\/10\/VVL_1602-150x150.jpg\",\"orientation\":\"landscape\"},\"medium\":{\"height\":200,\"width\":300,\"url\":\"https:\/\/turunlennokkiseura.com\/tls\/wp-content\/uploads\/2023\/10\/VVL_1602-300x200.jpg\",\"orientation\":\"landscape\"},\"large\":{\"height\":682,\"width\":1024,\"url\":\"https:\/\/turunlennokkiseura.com\/tls\/wp-content\/uploads\/2023\/10\/VVL_1602-1024x682.jpg\",\"orientation\":\"landscape\"},\"full\":{\"url\":\"https:\/\/turunlennokkiseura.com\/tls\/wp-content\/uploads\/2023\/10\/VVL_1602.jpg\",\"height\":1363,\"width\":2048,\"orientation\":\"landscape\"}},\"imageMeta\":{\"aperture\":\"0\",\"credit\":\"\",\"camera\":\"\",\"caption\":\"\",\"created_timestamp\":\"0\",\"copyright\":\"\",\"focal_length\":\"0\",\"iso\":\"0\",\"shutter_speed\":\"0\",\"title\":\"\",\"orientation\":\"0\",\"keywords\":[]},\"meta\":false,\"postlink\":\"https:\/\/turunlennokkiseura.com\/tls\/pgc_simply_gallery\/kesakauden-paattajaiset-30-9-2023\/vvl_1602\/\"},{\"id\":626,\"title\":\"VVL_1761\",\"url\":\"https:\/\/turunlennokkiseura.com\/tls\/wp-content\/uploads\/2023\/10\/VVL_1761.jpg\",\"link\":\"https:\/\/turunlennokkiseura.com\/tls\/pgc_simply_gallery\/kesakauden-paattajaiset-30-9-2023\/vvl_1761\/\",\"alt\":\"\",\"description\":\"\",\"caption\":\"\",\"mime\":\"image\/jpeg\",\"type\":\"image\",\"width\":2048,\"height\":1363,\"sizes\":{\"thumbnail\":{\"height\":150,\"width\":150,\"url\":\"https:\/\/turunlennokkiseura.com\/tls\/wp-content\/uploads\/2023\/10\/VVL_1761-150x150.jpg\",\"orientation\":\"landscape\"},\"medium\":{\"height\":200,\"width\":300,\"url\":\"https:\/\/turunlennokkiseura.com\/tls\/wp-content\/uploads\/2023\/10\/VVL_1761-300x200.jpg\",\"orientation\":\"landscape\"},\"large\":{\"height\":682,\"width\":1024,\"url\":\"https:\/\/turunlennokkiseura.com\/tls\/wp-content\/uploads\/2023\/10\/VVL_1761-1024x682.jpg\",\"orientation\":\"landscape\"},\"full\":{\"url\":\"https:\/\/turunlennokkiseura.com\/tls\/wp-content\/uploads\/2023\/10\/VVL_1761.jpg\",\"height\":1363,\"width\":2048,\"orientation\":\"landscape\"}},\"imageMeta\":{\"aperture\":\"0\",\"credit\":\"\",\"camera\":\"\",\"caption\":\"\",\"created_timestamp\":\"0\",\"copyright\":\"\",\"focal_length\":\"0\",\"iso\":\"0\",\"shutter_speed\":\"0\",\"title\":\"\",\"orientation\":\"0\",\"keywords\":[]},\"meta\":false,\"postlink\":\"https:\/\/turunlennokkiseura.com\/tls\/pgc_simply_gallery\/kesakauden-paattajaiset-30-9-2023\/vvl_1761\/\"},{\"id\":627,\"title\":\"VVL_1261\",\"url\":\"https:\/\/turunlennokkiseura.com\/tls\/wp-content\/uploads\/2023\/10\/VVL_1261.jpg\",\"link\":\"https:\/\/turunlennokkiseura.com\/tls\/pgc_simply_gallery\/kesakauden-paattajaiset-30-9-2023\/vvl_1261\/\",\"alt\":\"\",\"description\":\"\",\"caption\":\"\",\"mime\":\"image\/jpeg\",\"type\":\"image\",\"width\":2048,\"height\":1362,\"sizes\":{\"thumbnail\":{\"height\":150,\"width\":150,\"url\":\"https:\/\/turunlennokkiseura.com\/tls\/wp-content\/uploads\/2023\/10\/VVL_1261-150x150.jpg\",\"orientation\":\"landscape\"},\"medium\":{\"height\":200,\"width\":300,\"url\":\"https:\/\/turunlennokkiseura.com\/tls\/wp-content\/uploads\/2023\/10\/VVL_1261-300x200.jpg\",\"orientation\":\"landscape\"},\"large\":{\"height\":681,\"width\":1024,\"url\":\"https:\/\/turunlennokkiseura.com\/tls\/wp-content\/uploads\/2023\/10\/VVL_1261-1024x681.jpg\",\"orientation\":\"landscape\"},\"full\":{\"url\":\"https:\/\/turunlennokkiseura.com\/tls\/wp-content\/uploads\/2023\/10\/VVL_1261.jpg\",\"height\":1362,\"width\":2048,\"orientation\":\"landscape\"}},\"imageMeta\":{\"aperture\":\"0\",\"credit\":\"\",\"camera\":\"\",\"caption\":\"\",\"created_timestamp\":\"0\",\"copyright\":\"\",\"focal_length\":\"0\",\"iso\":\"0\",\"shutter_speed\":\"0\",\"title\":\"\",\"orientation\":\"0\",\"keywords\":[]},\"meta\":false,\"postlink\":\"https:\/\/turunlennokkiseura.com\/tls\/pgc_simply_gallery\/kesakauden-paattajaiset-30-9-2023\/vvl_1261\/\"},{\"id\":628,\"title\":\"VVL_1255\",\"url\":\"https:\/\/turunlennokkiseura.com\/tls\/wp-content\/uploads\/2023\/10\/VVL_1255.jpg\",\"link\":\"https:\/\/turunlennokkiseura.com\/tls\/pgc_simply_gallery\/kesakauden-paattajaiset-30-9-2023\/vvl_1255\/\",\"alt\":\"\",\"description\":\"\",\"caption\":\"\",\"mime\":\"image\/jpeg\",\"type\":\"image\",\"width\":1022,\"height\":1536,\"sizes\":{\"thumbnail\":{\"height\":150,\"width\":150,\"url\":\"https:\/\/turunlennokkiseura.com\/tls\/wp-content\/uploads\/2023\/10\/VVL_1255-150x150.jpg\",\"orientation\":\"landscape\"},\"medium\":{\"height\":300,\"width\":200,\"url\":\"https:\/\/turunlennokkiseura.com\/tls\/wp-content\/uploads\/2023\/10\/VVL_1255-200x300.jpg\",\"orientation\":\"portrait\"},\"large\":{\"height\":1024,\"width\":681,\"url\":\"https:\/\/turunlennokkiseura.com\/tls\/wp-content\/uploads\/2023\/10\/VVL_1255-681x1024.jpg\",\"orientation\":\"portrait\"},\"full\":{\"url\":\"https:\/\/turunlennokkiseura.com\/tls\/wp-content\/uploads\/2023\/10\/VVL_1255.jpg\",\"height\":1536,\"width\":1022,\"orientation\":\"portrait\"}},\"imageMeta\":{\"aperture\":\"0\",\"credit\":\"\",\"camera\":\"\",\"caption\":\"\",\"created_timestamp\":\"0\",\"copyright\":\"\",\"focal_length\":\"0\",\"iso\":\"0\",\"shutter_speed\":\"0\",\"title\":\"\",\"orientation\":\"0\",\"keywords\":[]},\"meta\":false,\"postlink\":\"https:\/\/turunlennokkiseura.com\/tls\/pgc_simply_gallery\/kesakauden-paattajaiset-30-9-2023\/vvl_1255\/\"},{\"id\":629,\"title\":\"VVL_1283\",\"url\":\"https:\/\/turunlennokkiseura.com\/tls\/wp-content\/uploads\/2023\/10\/VVL_1283.jpg\",\"link\":\"https:\/\/turunlennokkiseura.com\/tls\/pgc_simply_gallery\/kesakauden-paattajaiset-30-9-2023\/vvl_1283\/\",\"alt\":\"\",\"description\":\"\",\"caption\":\"\",\"mime\":\"image\/jpeg\",\"type\":\"image\",\"width\":2048,\"height\":1363,\"sizes\":{\"thumbnail\":{\"height\":150,\"width\":150,\"url\":\"https:\/\/turunlennokkiseura.com\/tls\/wp-content\/uploads\/2023\/10\/VVL_1283-150x150.jpg\",\"orientation\":\"landscape\"},\"medium\":{\"height\":200,\"width\":300,\"url\":\"https:\/\/turunlennokkiseura.com\/tls\/wp-content\/uploads\/2023\/10\/VVL_1283-300x200.jpg\",\"orientation\":\"landscape\"},\"large\":{\"height\":682,\"width\":1024,\"url\":\"https:\/\/turunlennokkiseura.com\/tls\/wp-content\/uploads\/2023\/10\/VVL_1283-1024x682.jpg\",\"orientation\":\"landscape\"},\"full\":{\"url\":\"https:\/\/turunlennokkiseura.com\/tls\/wp-content\/uploads\/2023\/10\/VVL_1283.jpg\",\"height\":1363,\"width\":2048,\"orientation\":\"landscape\"}},\"imageMeta\":{\"aperture\":\"0\",\"credit\":\"\",\"camera\":\"\",\"caption\":\"\",\"created_timestamp\":\"0\",\"copyright\":\"\",\"focal_length\":\"0\",\"iso\":\"0\",\"shutter_speed\":\"0\",\"title\":\"\",\"orientation\":\"0\",\"keywords\":[]},\"meta\":false,\"postlink\":\"https:\/\/turunlennokkiseura.com\/tls\/pgc_simply_gallery\/kesakauden-paattajaiset-30-9-2023\/vvl_1283\/\"},{\"id\":630,\"title\":\"VVL_1491\",\"url\":\"https:\/\/turunlennokkiseura.com\/tls\/wp-content\/uploads\/2023\/10\/VVL_1491.jpg\",\"link\":\"https:\/\/turunlennokkiseura.com\/tls\/pgc_simply_gallery\/kesakauden-paattajaiset-30-9-2023\/vvl_1491\/\",\"alt\":\"\",\"description\":\"\",\"caption\":\"\",\"mime\":\"image\/jpeg\",\"type\":\"image\",\"width\":2048,\"height\":1363,\"sizes\":{\"thumbnail\":{\"height\":150,\"width\":150,\"url\":\"https:\/\/turunlennokkiseura.com\/tls\/wp-content\/uploads\/2023\/10\/VVL_1491-150x150.jpg\",\"orientation\":\"landscape\"},\"medium\":{\"height\":200,\"width\":300,\"url\":\"https:\/\/turunlennokkiseura.com\/tls\/wp-content\/uploads\/2023\/10\/VVL_1491-300x200.jpg\",\"orientation\":\"landscape\"},\"large\":{\"height\":682,\"width\":1024,\"url\":\"https:\/\/turunlennokkiseura.com\/tls\/wp-content\/uploads\/2023\/10\/VVL_1491-1024x682.jpg\",\"orientation\":\"landscape\"},\"full\":{\"url\":\"https:\/\/turunlennokkiseura.com\/tls\/wp-content\/uploads\/2023\/10\/VVL_1491.jpg\",\"height\":1363,\"width\":2048,\"orientation\":\"landscape\"}},\"imageMeta\":{\"aperture\":\"0\",\"credit\":\"\",\"camera\":\"\",\"caption\":\"\",\"created_timestamp\":\"0\",\"copyright\":\"\",\"focal_length\":\"0\",\"iso\":\"0\",\"shutter_speed\":\"0\",\"title\":\"\",\"orientation\":\"0\",\"keywords\":[]},\"meta\":false,\"postlink\":\"https:\/\/turunlennokkiseura.com\/tls\/pgc_simply_gallery\/kesakauden-paattajaiset-30-9-2023\/vvl_1491\/\"},{\"id\":631,\"title\":\"VVL_1402\",\"url\":\"https:\/\/turunlennokkiseura.com\/tls\/wp-content\/uploads\/2023\/10\/VVL_1402.jpg\",\"link\":\"https:\/\/turunlennokkiseura.com\/tls\/pgc_simply_gallery\/kesakauden-paattajaiset-30-9-2023\/vvl_1402\/\",\"alt\":\"\",\"description\":\"\",\"caption\":\"\",\"mime\":\"image\/jpeg\",\"type\":\"image\",\"width\":2048,\"height\":1363,\"sizes\":{\"thumbnail\":{\"height\":150,\"width\":150,\"url\":\"https:\/\/turunlennokkiseura.com\/tls\/wp-content\/uploads\/2023\/10\/VVL_1402-150x150.jpg\",\"orientation\":\"landscape\"},\"medium\":{\"height\":200,\"width\":300,\"url\":\"https:\/\/turunlennokkiseura.com\/tls\/wp-content\/uploads\/2023\/10\/VVL_1402-300x200.jpg\",\"orientation\":\"landscape\"},\"large\":{\"height\":682,\"width\":1024,\"url\":\"https:\/\/turunlennokkiseura.com\/tls\/wp-content\/uploads\/2023\/10\/VVL_1402-1024x682.jpg\",\"orientation\":\"landscape\"},\"full\":{\"url\":\"https:\/\/turunlennokkiseura.com\/tls\/wp-content\/uploads\/2023\/10\/VVL_1402.jpg\",\"height\":1363,\"width\":2048,\"orientation\":\"landscape\"}},\"imageMeta\":{\"aperture\":\"0\",\"credit\":\"\",\"camera\":\"\",\"caption\":\"\",\"created_timestamp\":\"0\",\"copyright\":\"\",\"focal_length\":\"0\",\"iso\":\"0\",\"shutter_speed\":\"0\",\"title\":\"\",\"orientation\":\"0\",\"keywords\":[]},\"meta\":false,\"postlink\":\"https:\/\/turunlennokkiseura.com\/tls\/pgc_simply_gallery\/kesakauden-paattajaiset-30-9-2023\/vvl_1402\/\"},{\"id\":632,\"title\":\"VVL_1513\",\"url\":\"https:\/\/turunlennokkiseura.com\/tls\/wp-content\/uploads\/2023\/10\/VVL_1513.jpg\",\"link\":\"https:\/\/turunlennokkiseura.com\/tls\/pgc_simply_gallery\/kesakauden-paattajaiset-30-9-2023\/vvl_1513\/\",\"alt\":\"\",\"description\":\"\",\"caption\":\"\",\"mime\":\"image\/jpeg\",\"type\":\"image\",\"width\":2048,\"height\":1363,\"sizes\":{\"thumbnail\":{\"height\":150,\"width\":150,\"url\":\"https:\/\/turunlennokkiseura.com\/tls\/wp-content\/uploads\/2023\/10\/VVL_1513-150x150.jpg\",\"orientation\":\"landscape\"},\"medium\":{\"height\":200,\"width\":300,\"url\":\"https:\/\/turunlennokkiseura.com\/tls\/wp-content\/uploads\/2023\/10\/VVL_1513-300x200.jpg\",\"orientation\":\"landscape\"},\"large\":{\"height\":682,\"width\":1024,\"url\":\"https:\/\/turunlennokkiseura.com\/tls\/wp-content\/uploads\/2023\/10\/VVL_1513-1024x682.jpg\",\"orientation\":\"landscape\"},\"full\":{\"url\":\"https:\/\/turunlennokkiseura.com\/tls\/wp-content\/uploads\/2023\/10\/VVL_1513.jpg\",\"height\":1363,\"width\":2048,\"orientation\":\"landscape\"}},\"imageMeta\":{\"aperture\":\"0\",\"credit\":\"\",\"camera\":\"\",\"caption\":\"\",\"created_timestamp\":\"0\",\"copyright\":\"\",\"focal_length\":\"0\",\"iso\":\"0\",\"shutter_speed\":\"0\",\"title\":\"\",\"orientation\":\"0\",\"keywords\":[]},\"meta\":false,\"postlink\":\"https:\/\/turunlennokkiseura.com\/tls\/pgc_simply_gallery\/kesakauden-paattajaiset-30-9-2023\/vvl_1513\/\"},{\"id\":633,\"title\":\"VVL_1397\",\"url\":\"https:\/\/turunlennokkiseura.com\/tls\/wp-content\/uploads\/2023\/10\/VVL_1397.jpg\",\"link\":\"https:\/\/turunlennokkiseura.com\/tls\/pgc_simply_gallery\/kesakauden-paattajaiset-30-9-2023\/vvl_1397\/\",\"alt\":\"\",\"description\":\"\",\"caption\":\"\",\"mime\":\"image\/jpeg\",\"type\":\"image\",\"width\":2048,\"height\":1363,\"sizes\":{\"thumbnail\":{\"height\":150,\"width\":150,\"url\":\"https:\/\/turunlennokkiseura.com\/tls\/wp-content\/uploads\/2023\/10\/VVL_1397-150x150.jpg\",\"orientation\":\"landscape\"},\"medium\":{\"height\":200,\"width\":300,\"url\":\"https:\/\/turunlennokkiseura.com\/tls\/wp-content\/uploads\/2023\/10\/VVL_1397-300x200.jpg\",\"orientation\":\"landscape\"},\"large\":{\"height\":682,\"width\":1024,\"url\":\"https:\/\/turunlennokkiseura.com\/tls\/wp-content\/uploads\/2023\/10\/VVL_1397-1024x682.jpg\",\"orientation\":\"landscape\"},\"full\":{\"url\":\"https:\/\/turunlennokkiseura.com\/tls\/wp-content\/uploads\/2023\/10\/VVL_1397.jpg\",\"height\":1363,\"width\":2048,\"orientation\":\"landscape\"}},\"imageMeta\":{\"aperture\":\"0\",\"credit\":\"\",\"camera\":\"\",\"caption\":\"\",\"created_timestamp\":\"0\",\"copyright\":\"\",\"focal_length\":\"0\",\"iso\":\"0\",\"shutter_speed\":\"0\",\"title\":\"\",\"orientation\":\"0\",\"keywords\":[]},\"meta\":false,\"postlink\":\"https:\/\/turunlennokkiseura.com\/tls\/pgc_simply_gallery\/kesakauden-paattajaiset-30-9-2023\/vvl_1397\/\"},{\"id\":634,\"title\":\"VVL_1756\",\"url\":\"https:\/\/turunlennokkiseura.com\/tls\/wp-content\/uploads\/2023\/10\/VVL_1756.jpg\",\"link\":\"https:\/\/turunlennokkiseura.com\/tls\/pgc_simply_gallery\/kesakauden-paattajaiset-30-9-2023\/vvl_1756\/\",\"alt\":\"\",\"description\":\"\",\"caption\":\"\",\"mime\":\"image\/jpeg\",\"type\":\"image\",\"width\":2048,\"height\":1363,\"sizes\":{\"thumbnail\":{\"height\":150,\"width\":150,\"url\":\"https:\/\/turunlennokkiseura.com\/tls\/wp-content\/uploads\/2023\/10\/VVL_1756-150x150.jpg\",\"orientation\":\"landscape\"},\"medium\":{\"height\":200,\"width\":300,\"url\":\"https:\/\/turunlennokkiseura.com\/tls\/wp-content\/uploads\/2023\/10\/VVL_1756-300x200.jpg\",\"orientation\":\"landscape\"},\"large\":{\"height\":682,\"width\":1024,\"url\":\"https:\/\/turunlennokkiseura.com\/tls\/wp-content\/uploads\/2023\/10\/VVL_1756-1024x682.jpg\",\"orientation\":\"landscape\"},\"full\":{\"url\":\"https:\/\/turunlennokkiseura.com\/tls\/wp-content\/uploads\/2023\/10\/VVL_1756.jpg\",\"height\":1363,\"width\":2048,\"orientation\":\"landscape\"}},\"imageMeta\":{\"aperture\":\"0\",\"credit\":\"\",\"camera\":\"\",\"caption\":\"\",\"created_timestamp\":\"0\",\"copyright\":\"\",\"focal_length\":\"0\",\"iso\":\"0\",\"shutter_speed\":\"0\",\"title\":\"\",\"orientation\":\"0\",\"keywords\":[]},\"meta\":false,\"postlink\":\"https:\/\/turunlennokkiseura.com\/tls\/pgc_simply_gallery\/kesakauden-paattajaiset-30-9-2023\/vvl_1756\/\"},{\"id\":635,\"title\":\"VVL_1460\",\"url\":\"https:\/\/turunlennokkiseura.com\/tls\/wp-content\/uploads\/2023\/10\/VVL_1460.jpg\",\"link\":\"https:\/\/turunlennokkiseura.com\/tls\/pgc_simply_gallery\/kesakauden-paattajaiset-30-9-2023\/vvl_1460\/\",\"alt\":\"\",\"description\":\"\",\"caption\":\"\",\"mime\":\"image\/jpeg\",\"type\":\"image\",\"width\":2048,\"height\":1363,\"sizes\":{\"thumbnail\":{\"height\":150,\"width\":150,\"url\":\"https:\/\/turunlennokkiseura.com\/tls\/wp-content\/uploads\/2023\/10\/VVL_1460-150x150.jpg\",\"orientation\":\"landscape\"},\"medium\":{\"height\":200,\"width\":300,\"url\":\"https:\/\/turunlennokkiseura.com\/tls\/wp-content\/uploads\/2023\/10\/VVL_1460-300x200.jpg\",\"orientation\":\"landscape\"},\"large\":{\"height\":682,\"width\":1024,\"url\":\"https:\/\/turunlennokkiseura.com\/tls\/wp-content\/uploads\/2023\/10\/VVL_1460-1024x682.jpg\",\"orientation\":\"landscape\"},\"full\":{\"url\":\"https:\/\/turunlennokkiseura.com\/tls\/wp-content\/uploads\/2023\/10\/VVL_1460.jpg\",\"height\":1363,\"width\":2048,\"orientation\":\"landscape\"}},\"imageMeta\":{\"aperture\":\"0\",\"credit\":\"\",\"camera\":\"\",\"caption\":\"\",\"created_timestamp\":\"0\",\"copyright\":\"\",\"focal_length\":\"0\",\"iso\":\"0\",\"shutter_speed\":\"0\",\"title\":\"\",\"orientation\":\"0\",\"keywords\":[]},\"meta\":false,\"postlink\":\"https:\/\/turunlennokkiseura.com\/tls\/pgc_simply_gallery\/kesakauden-paattajaiset-30-9-2023\/vvl_1460\/\"},{\"id\":636,\"title\":\"VVL_1287\",\"url\":\"https:\/\/turunlennokkiseura.com\/tls\/wp-content\/uploads\/2023\/10\/VVL_1287.jpg\",\"link\":\"https:\/\/turunlennokkiseura.com\/tls\/pgc_simply_gallery\/kesakauden-paattajaiset-30-9-2023\/vvl_1287\/\",\"alt\":\"\",\"description\":\"\",\"caption\":\"\",\"mime\":\"image\/jpeg\",\"type\":\"image\",\"width\":2048,\"height\":1363,\"sizes\":{\"thumbnail\":{\"height\":150,\"width\":150,\"url\":\"https:\/\/turunlennokkiseura.com\/tls\/wp-content\/uploads\/2023\/10\/VVL_1287-150x150.jpg\",\"orientation\":\"landscape\"},\"medium\":{\"height\":200,\"width\":300,\"url\":\"https:\/\/turunlennokkiseura.com\/tls\/wp-content\/uploads\/2023\/10\/VVL_1287-300x200.jpg\",\"orientation\":\"landscape\"},\"large\":{\"height\":682,\"width\":1024,\"url\":\"https:\/\/turunlennokkiseura.com\/tls\/wp-content\/uploads\/2023\/10\/VVL_1287-1024x682.jpg\",\"orientation\":\"landscape\"},\"full\":{\"url\":\"https:\/\/turunlennokkiseura.com\/tls\/wp-content\/uploads\/2023\/10\/VVL_1287.jpg\",\"height\":1363,\"width\":2048,\"orientation\":\"landscape\"}},\"imageMeta\":{\"aperture\":\"0\",\"credit\":\"\",\"camera\":\"\",\"caption\":\"\",\"created_timestamp\":\"0\",\"copyright\":\"\",\"focal_length\":\"0\",\"iso\":\"0\",\"shutter_speed\":\"0\",\"title\":\"\",\"orientation\":\"0\",\"keywords\":[]},\"meta\":false,\"postlink\":\"https:\/\/turunlennokkiseura.com\/tls\/pgc_simply_gallery\/kesakauden-paattajaiset-30-9-2023\/vvl_1287\/\"},{\"id\":637,\"title\":\"VVL_1759\",\"url\":\"https:\/\/turunlennokkiseura.com\/tls\/wp-content\/uploads\/2023\/10\/VVL_1759.jpg\",\"link\":\"https:\/\/turunlennokkiseura.com\/tls\/pgc_simply_gallery\/kesakauden-paattajaiset-30-9-2023\/vvl_1759\/\",\"alt\":\"\",\"description\":\"\",\"caption\":\"\",\"mime\":\"image\/jpeg\",\"type\":\"image\",\"width\":2048,\"height\":1363,\"sizes\":{\"thumbnail\":{\"height\":150,\"width\":150,\"url\":\"https:\/\/turunlennokkiseura.com\/tls\/wp-content\/uploads\/2023\/10\/VVL_1759-150x150.jpg\",\"orientation\":\"landscape\"},\"medium\":{\"height\":200,\"width\":300,\"url\":\"https:\/\/turunlennokkiseura.com\/tls\/wp-content\/uploads\/2023\/10\/VVL_1759-300x200.jpg\",\"orientation\":\"landscape\"},\"large\":{\"height\":682,\"width\":1024,\"url\":\"https:\/\/turunlennokkiseura.com\/tls\/wp-content\/uploads\/2023\/10\/VVL_1759-1024x682.jpg\",\"orientation\":\"landscape\"},\"full\":{\"url\":\"https:\/\/turunlennokkiseura.com\/tls\/wp-content\/uploads\/2023\/10\/VVL_1759.jpg\",\"height\":1363,\"width\":2048,\"orientation\":\"landscape\"}},\"imageMeta\":{\"aperture\":\"0\",\"credit\":\"\",\"camera\":\"\",\"caption\":\"\",\"created_timestamp\":\"0\",\"copyright\":\"\",\"focal_length\":\"0\",\"iso\":\"0\",\"shutter_speed\":\"0\",\"title\":\"\",\"orientation\":\"0\",\"keywords\":[]},\"meta\":false,\"postlink\":\"https:\/\/turunlennokkiseura.com\/tls\/pgc_simply_gallery\/kesakauden-paattajaiset-30-9-2023\/vvl_1759\/\"},{\"id\":638,\"title\":\"VVL_1605\",\"url\":\"https:\/\/turunlennokkiseura.com\/tls\/wp-content\/uploads\/2023\/10\/VVL_1605.jpg\",\"link\":\"https:\/\/turunlennokkiseura.com\/tls\/pgc_simply_gallery\/kesakauden-paattajaiset-30-9-2023\/vvl_1605\/\",\"alt\":\"\",\"description\":\"\",\"caption\":\"\",\"mime\":\"image\/jpeg\",\"type\":\"image\",\"width\":2048,\"height\":1363,\"sizes\":{\"thumbnail\":{\"height\":150,\"width\":150,\"url\":\"https:\/\/turunlennokkiseura.com\/tls\/wp-content\/uploads\/2023\/10\/VVL_1605-150x150.jpg\",\"orientation\":\"landscape\"},\"medium\":{\"height\":200,\"width\":300,\"url\":\"https:\/\/turunlennokkiseura.com\/tls\/wp-content\/uploads\/2023\/10\/VVL_1605-300x200.jpg\",\"orientation\":\"landscape\"},\"large\":{\"height\":682,\"width\":1024,\"url\":\"https:\/\/turunlennokkiseura.com\/tls\/wp-content\/uploads\/2023\/10\/VVL_1605-1024x682.jpg\",\"orientation\":\"landscape\"},\"full\":{\"url\":\"https:\/\/turunlennokkiseura.com\/tls\/wp-content\/uploads\/2023\/10\/VVL_1605.jpg\",\"height\":1363,\"width\":2048,\"orientation\":\"landscape\"}},\"imageMeta\":{\"aperture\":\"0\",\"credit\":\"\",\"camera\":\"\",\"caption\":\"\",\"created_timestamp\":\"0\",\"copyright\":\"\",\"focal_length\":\"0\",\"iso\":\"0\",\"shutter_speed\":\"0\",\"title\":\"\",\"orientation\":\"0\",\"keywords\":[]},\"meta\":false,\"postlink\":\"https:\/\/turunlennokkiseura.com\/tls\/pgc_simply_gallery\/kesakauden-paattajaiset-30-9-2023\/vvl_1605\/\"},{\"id\":639,\"title\":\"VVL_1620\",\"url\":\"https:\/\/turunlennokkiseura.com\/tls\/wp-content\/uploads\/2023\/10\/VVL_1620.jpg\",\"link\":\"https:\/\/turunlennokkiseura.com\/tls\/pgc_simply_gallery\/kesakauden-paattajaiset-30-9-2023\/vvl_1620\/\",\"alt\":\"\",\"description\":\"\",\"caption\":\"\",\"mime\":\"image\/jpeg\",\"type\":\"image\",\"width\":2048,\"height\":1363,\"sizes\":{\"thumbnail\":{\"height\":150,\"width\":150,\"url\":\"https:\/\/turunlennokkiseura.com\/tls\/wp-content\/uploads\/2023\/10\/VVL_1620-150x150.jpg\",\"orientation\":\"landscape\"},\"medium\":{\"height\":200,\"width\":300,\"url\":\"https:\/\/turunlennokkiseura.com\/tls\/wp-content\/uploads\/2023\/10\/VVL_1620-300x200.jpg\",\"orientation\":\"landscape\"},\"large\":{\"height\":682,\"width\":1024,\"url\":\"https:\/\/turunlennokkiseura.com\/tls\/wp-content\/uploads\/2023\/10\/VVL_1620-1024x682.jpg\",\"orientation\":\"landscape\"},\"full\":{\"url\":\"https:\/\/turunlennokkiseura.com\/tls\/wp-content\/uploads\/2023\/10\/VVL_1620.jpg\",\"height\":1363,\"width\":2048,\"orientation\":\"landscape\"}},\"imageMeta\":{\"aperture\":\"0\",\"credit\":\"\",\"camera\":\"\",\"caption\":\"\",\"created_timestamp\":\"0\",\"copyright\":\"\",\"focal_length\":\"0\",\"iso\":\"0\",\"shutter_speed\":\"0\",\"title\":\"\",\"orientation\":\"0\",\"keywords\":[]},\"meta\":false,\"postlink\":\"https:\/\/turunlennokkiseura.com\/tls\/pgc_simply_gallery\/kesakauden-paattajaiset-30-9-2023\/vvl_1620\/\"},{\"id\":640,\"title\":\"VVL_1515\",\"url\":\"https:\/\/turunlennokkiseura.com\/tls\/wp-content\/uploads\/2023\/10\/VVL_1515.jpg\",\"link\":\"https:\/\/turunlennokkiseura.com\/tls\/pgc_simply_gallery\/kesakauden-paattajaiset-30-9-2023\/vvl_1515\/\",\"alt\":\"\",\"description\":\"\",\"caption\":\"\",\"mime\":\"image\/jpeg\",\"type\":\"image\",\"width\":2048,\"height\":1363,\"sizes\":{\"thumbnail\":{\"height\":150,\"width\":150,\"url\":\"https:\/\/turunlennokkiseura.com\/tls\/wp-content\/uploads\/2023\/10\/VVL_1515-150x150.jpg\",\"orientation\":\"landscape\"},\"medium\":{\"height\":200,\"width\":300,\"url\":\"https:\/\/turunlennokkiseura.com\/tls\/wp-content\/uploads\/2023\/10\/VVL_1515-300x200.jpg\",\"orientation\":\"landscape\"},\"large\":{\"height\":682,\"width\":1024,\"url\":\"https:\/\/turunlennokkiseura.com\/tls\/wp-content\/uploads\/2023\/10\/VVL_1515-1024x682.jpg\",\"orientation\":\"landscape\"},\"full\":{\"url\":\"https:\/\/turunlennokkiseura.com\/tls\/wp-content\/uploads\/2023\/10\/VVL_1515.jpg\",\"height\":1363,\"width\":2048,\"orientation\":\"landscape\"}},\"imageMeta\":{\"aperture\":\"0\",\"credit\":\"\",\"camera\":\"\",\"caption\":\"\",\"created_timestamp\":\"0\",\"copyright\":\"\",\"focal_length\":\"0\",\"iso\":\"0\",\"shutter_speed\":\"0\",\"title\":\"\",\"orientation\":\"0\",\"keywords\":[]},\"meta\":false,\"postlink\":\"https:\/\/turunlennokkiseura.com\/tls\/pgc_simply_gallery\/kesakauden-paattajaiset-30-9-2023\/vvl_1515\/\"},{\"id\":641,\"title\":\"VVL_1275\",\"url\":\"https:\/\/turunlennokkiseura.com\/tls\/wp-content\/uploads\/2023\/10\/VVL_1275.jpg\",\"link\":\"https:\/\/turunlennokkiseura.com\/tls\/pgc_simply_gallery\/kesakauden-paattajaiset-30-9-2023\/vvl_1275\/\",\"alt\":\"\",\"description\":\"\",\"caption\":\"\",\"mime\":\"image\/jpeg\",\"type\":\"image\",\"width\":1022,\"height\":1536,\"sizes\":{\"thumbnail\":{\"height\":150,\"width\":150,\"url\":\"https:\/\/turunlennokkiseura.com\/tls\/wp-content\/uploads\/2023\/10\/VVL_1275-150x150.jpg\",\"orientation\":\"landscape\"},\"medium\":{\"height\":300,\"width\":200,\"url\":\"https:\/\/turunlennokkiseura.com\/tls\/wp-content\/uploads\/2023\/10\/VVL_1275-200x300.jpg\",\"orientation\":\"portrait\"},\"large\":{\"height\":1024,\"width\":681,\"url\":\"https:\/\/turunlennokkiseura.com\/tls\/wp-content\/uploads\/2023\/10\/VVL_1275-681x1024.jpg\",\"orientation\":\"portrait\"},\"full\":{\"url\":\"https:\/\/turunlennokkiseura.com\/tls\/wp-content\/uploads\/2023\/10\/VVL_1275.jpg\",\"height\":1536,\"width\":1022,\"orientation\":\"portrait\"}},\"imageMeta\":{\"aperture\":\"0\",\"credit\":\"\",\"camera\":\"\",\"caption\":\"\",\"created_timestamp\":\"0\",\"copyright\":\"\",\"focal_length\":\"0\",\"iso\":\"0\",\"shutter_speed\":\"0\",\"title\":\"\",\"orientation\":\"0\",\"keywords\":[]},\"meta\":false,\"postlink\":\"https:\/\/turunlennokkiseura.com\/tls\/pgc_simply_gallery\/kesakauden-paattajaiset-30-9-2023\/vvl_1275\/\"},{\"id\":642,\"title\":\"VVL_1452\",\"url\":\"https:\/\/turunlennokkiseura.com\/tls\/wp-content\/uploads\/2023\/10\/VVL_1452.jpg\",\"link\":\"https:\/\/turunlennokkiseura.com\/tls\/pgc_simply_gallery\/kesakauden-paattajaiset-30-9-2023\/vvl_1452\/\",\"alt\":\"\",\"description\":\"\",\"caption\":\"\",\"mime\":\"image\/jpeg\",\"type\":\"image\",\"width\":2048,\"height\":1363,\"sizes\":{\"thumbnail\":{\"height\":150,\"width\":150,\"url\":\"https:\/\/turunlennokkiseura.com\/tls\/wp-content\/uploads\/2023\/10\/VVL_1452-150x150.jpg\",\"orientation\":\"landscape\"},\"medium\":{\"height\":200,\"width\":300,\"url\":\"https:\/\/turunlennokkiseura.com\/tls\/wp-content\/uploads\/2023\/10\/VVL_1452-300x200.jpg\",\"orientation\":\"landscape\"},\"large\":{\"height\":682,\"width\":1024,\"url\":\"https:\/\/turunlennokkiseura.com\/tls\/wp-content\/uploads\/2023\/10\/VVL_1452-1024x682.jpg\",\"orientation\":\"landscape\"},\"full\":{\"url\":\"https:\/\/turunlennokkiseura.com\/tls\/wp-content\/uploads\/2023\/10\/VVL_1452.jpg\",\"height\":1363,\"width\":2048,\"orientation\":\"landscape\"}},\"imageMeta\":{\"aperture\":\"0\",\"credit\":\"\",\"camera\":\"\",\"caption\":\"\",\"created_timestamp\":\"0\",\"copyright\":\"\",\"focal_length\":\"0\",\"iso\":\"0\",\"shutter_speed\":\"0\",\"title\":\"\",\"orientation\":\"0\",\"keywords\":[]},\"meta\":false,\"postlink\":\"https:\/\/turunlennokkiseura.com\/tls\/pgc_simply_gallery\/kesakauden-paattajaiset-30-9-2023\/vvl_1452\/\"},{\"id\":643,\"title\":\"VVL_1805\",\"url\":\"https:\/\/turunlennokkiseura.com\/tls\/wp-content\/uploads\/2023\/10\/VVL_1805.jpg\",\"link\":\"https:\/\/turunlennokkiseura.com\/tls\/pgc_simply_gallery\/kesakauden-paattajaiset-30-9-2023\/vvl_1805\/\",\"alt\":\"\",\"description\":\"\",\"caption\":\"\",\"mime\":\"image\/jpeg\",\"type\":\"image\",\"width\":2048,\"height\":1363,\"sizes\":{\"thumbnail\":{\"height\":150,\"width\":150,\"url\":\"https:\/\/turunlennokkiseura.com\/tls\/wp-content\/uploads\/2023\/10\/VVL_1805-150x150.jpg\",\"orientation\":\"landscape\"},\"medium\":{\"height\":200,\"width\":300,\"url\":\"https:\/\/turunlennokkiseura.com\/tls\/wp-content\/uploads\/2023\/10\/VVL_1805-300x200.jpg\",\"orientation\":\"landscape\"},\"large\":{\"height\":682,\"width\":1024,\"url\":\"https:\/\/turunlennokkiseura.com\/tls\/wp-content\/uploads\/2023\/10\/VVL_1805-1024x682.jpg\",\"orientation\":\"landscape\"},\"full\":{\"url\":\"https:\/\/turunlennokkiseura.com\/tls\/wp-content\/uploads\/2023\/10\/VVL_1805.jpg\",\"height\":1363,\"width\":2048,\"orientation\":\"landscape\"}},\"imageMeta\":{\"aperture\":\"0\",\"credit\":\"\",\"camera\":\"\",\"caption\":\"\",\"created_timestamp\":\"0\",\"copyright\":\"\",\"focal_length\":\"0\",\"iso\":\"0\",\"shutter_speed\":\"0\",\"title\":\"\",\"orientation\":\"0\",\"keywords\":[]},\"meta\":false,\"postlink\":\"https:\/\/turunlennokkiseura.com\/tls\/pgc_simply_gallery\/kesakauden-paattajaiset-30-9-2023\/vvl_1805\/\"},{\"id\":644,\"title\":\"VVL_1490\",\"url\":\"https:\/\/turunlennokkiseura.com\/tls\/wp-content\/uploads\/2023\/10\/VVL_1490.jpg\",\"link\":\"https:\/\/turunlennokkiseura.com\/tls\/pgc_simply_gallery\/kesakauden-paattajaiset-30-9-2023\/vvl_1490\/\",\"alt\":\"\",\"description\":\"\",\"caption\":\"\",\"mime\":\"image\/jpeg\",\"type\":\"image\",\"width\":2048,\"height\":1363,\"sizes\":{\"thumbnail\":{\"height\":150,\"width\":150,\"url\":\"https:\/\/turunlennokkiseura.com\/tls\/wp-content\/uploads\/2023\/10\/VVL_1490-150x150.jpg\",\"orientation\":\"landscape\"},\"medium\":{\"height\":200,\"width\":300,\"url\":\"https:\/\/turunlennokkiseura.com\/tls\/wp-content\/uploads\/2023\/10\/VVL_1490-300x200.jpg\",\"orientation\":\"landscape\"},\"large\":{\"height\":682,\"width\":1024,\"url\":\"https:\/\/turunlennokkiseura.com\/tls\/wp-content\/uploads\/2023\/10\/VVL_1490-1024x682.jpg\",\"orientation\":\"landscape\"},\"full\":{\"url\":\"https:\/\/turunlennokkiseura.com\/tls\/wp-content\/uploads\/2023\/10\/VVL_1490.jpg\",\"height\":1363,\"width\":2048,\"orientation\":\"landscape\"}},\"imageMeta\":{\"aperture\":\"0\",\"credit\":\"\",\"camera\":\"\",\"caption\":\"\",\"created_timestamp\":\"0\",\"copyright\":\"\",\"focal_length\":\"0\",\"iso\":\"0\",\"shutter_speed\":\"0\",\"title\":\"\",\"orientation\":\"0\",\"keywords\":[]},\"meta\":false,\"postlink\":\"https:\/\/turunlennokkiseura.com\/tls\/pgc_simply_gallery\/kesakauden-paattajaiset-30-9-2023\/vvl_1490\/\"},{\"id\":645,\"title\":\"VVL_1528\",\"url\":\"https:\/\/turunlennokkiseura.com\/tls\/wp-content\/uploads\/2023\/10\/VVL_1528.jpg\",\"link\":\"https:\/\/turunlennokkiseura.com\/tls\/pgc_simply_gallery\/kesakauden-paattajaiset-30-9-2023\/vvl_1528\/\",\"alt\":\"\",\"description\":\"\",\"caption\":\"\",\"mime\":\"image\/jpeg\",\"type\":\"image\",\"width\":2048,\"height\":1363,\"sizes\":{\"thumbnail\":{\"height\":150,\"width\":150,\"url\":\"https:\/\/turunlennokkiseura.com\/tls\/wp-content\/uploads\/2023\/10\/VVL_1528-150x150.jpg\",\"orientation\":\"landscape\"},\"medium\":{\"height\":200,\"width\":300,\"url\":\"https:\/\/turunlennokkiseura.com\/tls\/wp-content\/uploads\/2023\/10\/VVL_1528-300x200.jpg\",\"orientation\":\"landscape\"},\"large\":{\"height\":682,\"width\":1024,\"url\":\"https:\/\/turunlennokkiseura.com\/tls\/wp-content\/uploads\/2023\/10\/VVL_1528-1024x682.jpg\",\"orientation\":\"landscape\"},\"full\":{\"url\":\"https:\/\/turunlennokkiseura.com\/tls\/wp-content\/uploads\/2023\/10\/VVL_1528.jpg\",\"height\":1363,\"width\":2048,\"orientation\":\"landscape\"}},\"imageMeta\":{\"aperture\":\"0\",\"credit\":\"\",\"camera\":\"\",\"caption\":\"\",\"created_timestamp\":\"0\",\"copyright\":\"\",\"focal_length\":\"0\",\"iso\":\"0\",\"shutter_speed\":\"0\",\"title\":\"\",\"orientation\":\"0\",\"keywords\":[]},\"meta\":false,\"postlink\":\"https:\/\/turunlennokkiseura.com\/tls\/pgc_simply_gallery\/kesakauden-paattajaiset-30-9-2023\/vvl_1528\/\"},{\"id\":646,\"title\":\"VVL_1291\",\"url\":\"https:\/\/turunlennokkiseura.com\/tls\/wp-content\/uploads\/2023\/10\/VVL_1291.jpg\",\"link\":\"https:\/\/turunlennokkiseura.com\/tls\/pgc_simply_gallery\/kesakauden-paattajaiset-30-9-2023\/vvl_1291\/\",\"alt\":\"\",\"description\":\"\",\"caption\":\"\",\"mime\":\"image\/jpeg\",\"type\":\"image\",\"width\":2048,\"height\":1363,\"sizes\":{\"thumbnail\":{\"height\":150,\"width\":150,\"url\":\"https:\/\/turunlennokkiseura.com\/tls\/wp-content\/uploads\/2023\/10\/VVL_1291-150x150.jpg\",\"orientation\":\"landscape\"},\"medium\":{\"height\":200,\"width\":300,\"url\":\"https:\/\/turunlennokkiseura.com\/tls\/wp-content\/uploads\/2023\/10\/VVL_1291-300x200.jpg\",\"orientation\":\"landscape\"},\"large\":{\"height\":682,\"width\":1024,\"url\":\"https:\/\/turunlennokkiseura.com\/tls\/wp-content\/uploads\/2023\/10\/VVL_1291-1024x682.jpg\",\"orientation\":\"landscape\"},\"full\":{\"url\":\"https:\/\/turunlennokkiseura.com\/tls\/wp-content\/uploads\/2023\/10\/VVL_1291.jpg\",\"height\":1363,\"width\":2048,\"orientation\":\"landscape\"}},\"imageMeta\":{\"aperture\":\"0\",\"credit\":\"\",\"camera\":\"\",\"caption\":\"\",\"created_timestamp\":\"0\",\"copyright\":\"\",\"focal_length\":\"0\",\"iso\":\"0\",\"shutter_speed\":\"0\",\"title\":\"\",\"orientation\":\"0\",\"keywords\":[]},\"meta\":false,\"postlink\":\"https:\/\/turunlennokkiseura.com\/tls\/pgc_simply_gallery\/kesakauden-paattajaiset-30-9-2023\/vvl_1291\/\"},{\"id\":647,\"title\":\"VVL_1393\",\"url\":\"https:\/\/turunlennokkiseura.com\/tls\/wp-content\/uploads\/2023\/10\/VVL_1393.jpg\",\"link\":\"https:\/\/turunlennokkiseura.com\/tls\/pgc_simply_gallery\/kesakauden-paattajaiset-30-9-2023\/vvl_1393\/\",\"alt\":\"\",\"description\":\"\",\"caption\":\"\",\"mime\":\"image\/jpeg\",\"type\":\"image\",\"width\":2048,\"height\":1363,\"sizes\":{\"thumbnail\":{\"height\":150,\"width\":150,\"url\":\"https:\/\/turunlennokkiseura.com\/tls\/wp-content\/uploads\/2023\/10\/VVL_1393-150x150.jpg\",\"orientation\":\"landscape\"},\"medium\":{\"height\":200,\"width\":300,\"url\":\"https:\/\/turunlennokkiseura.com\/tls\/wp-content\/uploads\/2023\/10\/VVL_1393-300x200.jpg\",\"orientation\":\"landscape\"},\"large\":{\"height\":682,\"width\":1024,\"url\":\"https:\/\/turunlennokkiseura.com\/tls\/wp-content\/uploads\/2023\/10\/VVL_1393-1024x682.jpg\",\"orientation\":\"landscape\"},\"full\":{\"url\":\"https:\/\/turunlennokkiseura.com\/tls\/wp-content\/uploads\/2023\/10\/VVL_1393.jpg\",\"height\":1363,\"width\":2048,\"orientation\":\"landscape\"}},\"imageMeta\":{\"aperture\":\"0\",\"credit\":\"\",\"camera\":\"\",\"caption\":\"\",\"created_timestamp\":\"0\",\"copyright\":\"\",\"focal_length\":\"0\",\"iso\":\"0\",\"shutter_speed\":\"0\",\"title\":\"\",\"orientation\":\"0\",\"keywords\":[]},\"meta\":false,\"postlink\":\"https:\/\/turunlennokkiseura.com\/tls\/pgc_simply_gallery\/kesakauden-paattajaiset-30-9-2023\/vvl_1393\/\"},{\"id\":648,\"title\":\"VVL_1712\",\"url\":\"https:\/\/turunlennokkiseura.com\/tls\/wp-content\/uploads\/2023\/10\/VVL_1712.jpg\",\"link\":\"https:\/\/turunlennokkiseura.com\/tls\/pgc_simply_gallery\/kesakauden-paattajaiset-30-9-2023\/vvl_1712\/\",\"alt\":\"\",\"description\":\"\",\"caption\":\"\",\"mime\":\"image\/jpeg\",\"type\":\"image\",\"width\":2048,\"height\":1363,\"sizes\":{\"thumbnail\":{\"height\":150,\"width\":150,\"url\":\"https:\/\/turunlennokkiseura.com\/tls\/wp-content\/uploads\/2023\/10\/VVL_1712-150x150.jpg\",\"orientation\":\"landscape\"},\"medium\":{\"height\":200,\"width\":300,\"url\":\"https:\/\/turunlennokkiseura.com\/tls\/wp-content\/uploads\/2023\/10\/VVL_1712-300x200.jpg\",\"orientation\":\"landscape\"},\"large\":{\"height\":682,\"width\":1024,\"url\":\"https:\/\/turunlennokkiseura.com\/tls\/wp-content\/uploads\/2023\/10\/VVL_1712-1024x682.jpg\",\"orientation\":\"landscape\"},\"full\":{\"url\":\"https:\/\/turunlennokkiseura.com\/tls\/wp-content\/uploads\/2023\/10\/VVL_1712.jpg\",\"height\":1363,\"width\":2048,\"orientation\":\"landscape\"}},\"imageMeta\":{\"aperture\":\"0\",\"credit\":\"\",\"camera\":\"\",\"caption\":\"\",\"created_timestamp\":\"0\",\"copyright\":\"\",\"focal_length\":\"0\",\"iso\":\"0\",\"shutter_speed\":\"0\",\"title\":\"\",\"orientation\":\"0\",\"keywords\":[]},\"meta\":false,\"postlink\":\"https:\/\/turunlennokkiseura.com\/tls\/pgc_simply_gallery\/kesakauden-paattajaiset-30-9-2023\/vvl_1712\/\"},{\"id\":649,\"title\":\"VVL_1399\",\"url\":\"https:\/\/turunlennokkiseura.com\/tls\/wp-content\/uploads\/2023\/10\/VVL_1399.jpg\",\"link\":\"https:\/\/turunlennokkiseura.com\/tls\/pgc_simply_gallery\/kesakauden-paattajaiset-30-9-2023\/vvl_1399\/\",\"alt\":\"\",\"description\":\"\",\"caption\":\"\",\"mime\":\"image\/jpeg\",\"type\":\"image\",\"width\":2048,\"height\":1363,\"sizes\":{\"thumbnail\":{\"height\":150,\"width\":150,\"url\":\"https:\/\/turunlennokkiseura.com\/tls\/wp-content\/uploads\/2023\/10\/VVL_1399-150x150.jpg\",\"orientation\":\"landscape\"},\"medium\":{\"height\":200,\"width\":300,\"url\":\"https:\/\/turunlennokkiseura.com\/tls\/wp-content\/uploads\/2023\/10\/VVL_1399-300x200.jpg\",\"orientation\":\"landscape\"},\"large\":{\"height\":682,\"width\":1024,\"url\":\"https:\/\/turunlennokkiseura.com\/tls\/wp-content\/uploads\/2023\/10\/VVL_1399-1024x682.jpg\",\"orientation\":\"landscape\"},\"full\":{\"url\":\"https:\/\/turunlennokkiseura.com\/tls\/wp-content\/uploads\/2023\/10\/VVL_1399.jpg\",\"height\":1363,\"width\":2048,\"orientation\":\"landscape\"}},\"imageMeta\":{\"aperture\":\"0\",\"credit\":\"\",\"camera\":\"\",\"caption\":\"\",\"created_timestamp\":\"0\",\"copyright\":\"\",\"focal_length\":\"0\",\"iso\":\"0\",\"shutter_speed\":\"0\",\"title\":\"\",\"orientation\":\"0\",\"keywords\":[]},\"meta\":false,\"postlink\":\"https:\/\/turunlennokkiseura.com\/tls\/pgc_simply_gallery\/kesakauden-paattajaiset-30-9-2023\/vvl_1399\/\"},{\"id\":650,\"title\":\"VVL_1451\",\"url\":\"https:\/\/turunlennokkiseura.com\/tls\/wp-content\/uploads\/2023\/10\/VVL_1451.jpg\",\"link\":\"https:\/\/turunlennokkiseura.com\/tls\/pgc_simply_gallery\/kesakauden-paattajaiset-30-9-2023\/vvl_1451\/\",\"alt\":\"\",\"description\":\"\",\"caption\":\"\",\"mime\":\"image\/jpeg\",\"type\":\"image\",\"width\":2048,\"height\":1363,\"sizes\":{\"thumbnail\":{\"height\":150,\"width\":150,\"url\":\"https:\/\/turunlennokkiseura.com\/tls\/wp-content\/uploads\/2023\/10\/VVL_1451-150x150.jpg\",\"orientation\":\"landscape\"},\"medium\":{\"height\":200,\"width\":300,\"url\":\"https:\/\/turunlennokkiseura.com\/tls\/wp-content\/uploads\/2023\/10\/VVL_1451-300x200.jpg\",\"orientation\":\"landscape\"},\"large\":{\"height\":682,\"width\":1024,\"url\":\"https:\/\/turunlennokkiseura.com\/tls\/wp-content\/uploads\/2023\/10\/VVL_1451-1024x682.jpg\",\"orientation\":\"landscape\"},\"full\":{\"url\":\"https:\/\/turunlennokkiseura.com\/tls\/wp-content\/uploads\/2023\/10\/VVL_1451.jpg\",\"height\":1363,\"width\":2048,\"orientation\":\"landscape\"}},\"imageMeta\":{\"aperture\":\"0\",\"credit\":\"\",\"camera\":\"\",\"caption\":\"\",\"created_timestamp\":\"0\",\"copyright\":\"\",\"focal_length\":\"0\",\"iso\":\"0\",\"shutter_speed\":\"0\",\"title\":\"\",\"orientation\":\"0\",\"keywords\":[]},\"meta\":false,\"postlink\":\"https:\/\/turunlennokkiseura.com\/tls\/pgc_simply_gallery\/kesakauden-paattajaiset-30-9-2023\/vvl_1451\/\"},{\"id\":651,\"title\":\"VVL_1514\",\"url\":\"https:\/\/turunlennokkiseura.com\/tls\/wp-content\/uploads\/2023\/10\/VVL_1514.jpg\",\"link\":\"https:\/\/turunlennokkiseura.com\/tls\/pgc_simply_gallery\/kesakauden-paattajaiset-30-9-2023\/vvl_1514\/\",\"alt\":\"\",\"description\":\"\",\"caption\":\"\",\"mime\":\"image\/jpeg\",\"type\":\"image\",\"width\":2048,\"height\":1363,\"sizes\":{\"thumbnail\":{\"height\":150,\"width\":150,\"url\":\"https:\/\/turunlennokkiseura.com\/tls\/wp-content\/uploads\/2023\/10\/VVL_1514-150x150.jpg\",\"orientation\":\"landscape\"},\"medium\":{\"height\":200,\"width\":300,\"url\":\"https:\/\/turunlennokkiseura.com\/tls\/wp-content\/uploads\/2023\/10\/VVL_1514-300x200.jpg\",\"orientation\":\"landscape\"},\"large\":{\"height\":682,\"width\":1024,\"url\":\"https:\/\/turunlennokkiseura.com\/tls\/wp-content\/uploads\/2023\/10\/VVL_1514-1024x682.jpg\",\"orientation\":\"landscape\"},\"full\":{\"url\":\"https:\/\/turunlennokkiseura.com\/tls\/wp-content\/uploads\/2023\/10\/VVL_1514.jpg\",\"height\":1363,\"width\":2048,\"orientation\":\"landscape\"}},\"imageMeta\":{\"aperture\":\"0\",\"credit\":\"\",\"camera\":\"\",\"caption\":\"\",\"created_timestamp\":\"0\",\"copyright\":\"\",\"focal_length\":\"0\",\"iso\":\"0\",\"shutter_speed\":\"0\",\"title\":\"\",\"orientation\":\"0\",\"keywords\":[]},\"meta\":false,\"postlink\":\"https:\/\/turunlennokkiseura.com\/tls\/pgc_simply_gallery\/kesakauden-paattajaiset-30-9-2023\/vvl_1514\/\"},{\"id\":652,\"title\":\"VVL_1309\",\"url\":\"https:\/\/turunlennokkiseura.com\/tls\/wp-content\/uploads\/2023\/10\/VVL_1309.jpg\",\"link\":\"https:\/\/turunlennokkiseura.com\/tls\/pgc_simply_gallery\/kesakauden-paattajaiset-30-9-2023\/vvl_1309\/\",\"alt\":\"\",\"description\":\"\",\"caption\":\"\",\"mime\":\"image\/jpeg\",\"type\":\"image\",\"width\":2048,\"height\":1363,\"sizes\":{\"thumbnail\":{\"height\":150,\"width\":150,\"url\":\"https:\/\/turunlennokkiseura.com\/tls\/wp-content\/uploads\/2023\/10\/VVL_1309-150x150.jpg\",\"orientation\":\"landscape\"},\"medium\":{\"height\":200,\"width\":300,\"url\":\"https:\/\/turunlennokkiseura.com\/tls\/wp-content\/uploads\/2023\/10\/VVL_1309-300x200.jpg\",\"orientation\":\"landscape\"},\"large\":{\"height\":682,\"width\":1024,\"url\":\"https:\/\/turunlennokkiseura.com\/tls\/wp-content\/uploads\/2023\/10\/VVL_1309-1024x682.jpg\",\"orientation\":\"landscape\"},\"full\":{\"url\":\"https:\/\/turunlennokkiseura.com\/tls\/wp-content\/uploads\/2023\/10\/VVL_1309.jpg\",\"height\":1363,\"width\":2048,\"orientation\":\"landscape\"}},\"imageMeta\":{\"aperture\":\"0\",\"credit\":\"\",\"camera\":\"\",\"caption\":\"\",\"created_timestamp\":\"0\",\"copyright\":\"\",\"focal_length\":\"0\",\"iso\":\"0\",\"shutter_speed\":\"0\",\"title\":\"\",\"orientation\":\"0\",\"keywords\":[]},\"meta\":false,\"postlink\":\"https:\/\/turunlennokkiseura.com\/tls\/pgc_simply_gallery\/kesakauden-paattajaiset-30-9-2023\/vvl_1309\/\"},{\"id\":653,\"title\":\"VVL_1650\",\"url\":\"https:\/\/turunlennokkiseura.com\/tls\/wp-content\/uploads\/2023\/10\/VVL_1650.jpg\",\"link\":\"https:\/\/turunlennokkiseura.com\/tls\/pgc_simply_gallery\/kesakauden-paattajaiset-30-9-2023\/vvl_1650\/\",\"alt\":\"\",\"description\":\"\",\"caption\":\"\",\"mime\":\"image\/jpeg\",\"type\":\"image\",\"width\":2048,\"height\":1363,\"sizes\":{\"thumbnail\":{\"height\":150,\"width\":150,\"url\":\"https:\/\/turunlennokkiseura.com\/tls\/wp-content\/uploads\/2023\/10\/VVL_1650-150x150.jpg\",\"orientation\":\"landscape\"},\"medium\":{\"height\":200,\"width\":300,\"url\":\"https:\/\/turunlennokkiseura.com\/tls\/wp-content\/uploads\/2023\/10\/VVL_1650-300x200.jpg\",\"orientation\":\"landscape\"},\"large\":{\"height\":682,\"width\":1024,\"url\":\"https:\/\/turunlennokkiseura.com\/tls\/wp-content\/uploads\/2023\/10\/VVL_1650-1024x682.jpg\",\"orientation\":\"landscape\"},\"full\":{\"url\":\"https:\/\/turunlennokkiseura.com\/tls\/wp-content\/uploads\/2023\/10\/VVL_1650.jpg\",\"height\":1363,\"width\":2048,\"orientation\":\"landscape\"}},\"imageMeta\":{\"aperture\":\"0\",\"credit\":\"\",\"camera\":\"\",\"caption\":\"\",\"created_timestamp\":\"0\",\"copyright\":\"\",\"focal_length\":\"0\",\"iso\":\"0\",\"shutter_speed\":\"0\",\"title\":\"\",\"orientation\":\"0\",\"keywords\":[]},\"meta\":false,\"postlink\":\"https:\/\/turunlennokkiseura.com\/tls\/pgc_simply_gallery\/kesakauden-paattajaiset-30-9-2023\/vvl_1650\/\"},{\"id\":654,\"title\":\"VVL_1715\",\"url\":\"https:\/\/turunlennokkiseura.com\/tls\/wp-content\/uploads\/2023\/10\/VVL_1715.jpg\",\"link\":\"https:\/\/turunlennokkiseura.com\/tls\/pgc_simply_gallery\/kesakauden-paattajaiset-30-9-2023\/vvl_1715\/\",\"alt\":\"\",\"description\":\"\",\"caption\":\"\",\"mime\":\"image\/jpeg\",\"type\":\"image\",\"width\":2048,\"height\":1363,\"sizes\":{\"thumbnail\":{\"height\":150,\"width\":150,\"url\":\"https:\/\/turunlennokkiseura.com\/tls\/wp-content\/uploads\/2023\/10\/VVL_1715-150x150.jpg\",\"orientation\":\"landscape\"},\"medium\":{\"height\":200,\"width\":300,\"url\":\"https:\/\/turunlennokkiseura.com\/tls\/wp-content\/uploads\/2023\/10\/VVL_1715-300x200.jpg\",\"orientation\":\"landscape\"},\"large\":{\"height\":682,\"width\":1024,\"url\":\"https:\/\/turunlennokkiseura.com\/tls\/wp-content\/uploads\/2023\/10\/VVL_1715-1024x682.jpg\",\"orientation\":\"landscape\"},\"full\":{\"url\":\"https:\/\/turunlennokkiseura.com\/tls\/wp-content\/uploads\/2023\/10\/VVL_1715.jpg\",\"height\":1363,\"width\":2048,\"orientation\":\"landscape\"}},\"imageMeta\":{\"aperture\":\"0\",\"credit\":\"\",\"camera\":\"\",\"caption\":\"\",\"created_timestamp\":\"0\",\"copyright\":\"\",\"focal_length\":\"0\",\"iso\":\"0\",\"shutter_speed\":\"0\",\"title\":\"\",\"orientation\":\"0\",\"keywords\":[]},\"meta\":false,\"postlink\":\"https:\/\/turunlennokkiseura.com\/tls\/pgc_simply_gallery\/kesakauden-paattajaiset-30-9-2023\/vvl_1715\/\"},{\"id\":655,\"title\":\"VVL_1687\",\"url\":\"https:\/\/turunlennokkiseura.com\/tls\/wp-content\/uploads\/2023\/10\/VVL_1687.jpg\",\"link\":\"https:\/\/turunlennokkiseura.com\/tls\/pgc_simply_gallery\/kesakauden-paattajaiset-30-9-2023\/vvl_1687\/\",\"alt\":\"\",\"description\":\"\",\"caption\":\"\",\"mime\":\"image\/jpeg\",\"type\":\"image\",\"width\":2048,\"height\":1363,\"sizes\":{\"thumbnail\":{\"height\":150,\"width\":150,\"url\":\"https:\/\/turunlennokkiseura.com\/tls\/wp-content\/uploads\/2023\/10\/VVL_1687-150x150.jpg\",\"orientation\":\"landscape\"},\"medium\":{\"height\":200,\"width\":300,\"url\":\"https:\/\/turunlennokkiseura.com\/tls\/wp-content\/uploads\/2023\/10\/VVL_1687-300x200.jpg\",\"orientation\":\"landscape\"},\"large\":{\"height\":682,\"width\":1024,\"url\":\"https:\/\/turunlennokkiseura.com\/tls\/wp-content\/uploads\/2023\/10\/VVL_1687-1024x682.jpg\",\"orientation\":\"landscape\"},\"full\":{\"url\":\"https:\/\/turunlennokkiseura.com\/tls\/wp-content\/uploads\/2023\/10\/VVL_1687.jpg\",\"height\":1363,\"width\":2048,\"orientation\":\"landscape\"}},\"imageMeta\":{\"aperture\":\"0\",\"credit\":\"\",\"camera\":\"\",\"caption\":\"\",\"created_timestamp\":\"0\",\"copyright\":\"\",\"focal_length\":\"0\",\"iso\":\"0\",\"shutter_speed\":\"0\",\"title\":\"\",\"orientation\":\"0\",\"keywords\":[]},\"meta\":false,\"postlink\":\"https:\/\/turunlennokkiseura.com\/tls\/pgc_simply_gallery\/kesakauden-paattajaiset-30-9-2023\/vvl_1687\/\"},{\"id\":656,\"title\":\"VVL_1614\",\"url\":\"https:\/\/turunlennokkiseura.com\/tls\/wp-content\/uploads\/2023\/10\/VVL_1614.jpg\",\"link\":\"https:\/\/turunlennokkiseura.com\/tls\/pgc_simply_gallery\/kesakauden-paattajaiset-30-9-2023\/vvl_1614\/\",\"alt\":\"\",\"description\":\"\",\"caption\":\"\",\"mime\":\"image\/jpeg\",\"type\":\"image\",\"width\":2048,\"height\":1363,\"sizes\":{\"thumbnail\":{\"height\":150,\"width\":150,\"url\":\"https:\/\/turunlennokkiseura.com\/tls\/wp-content\/uploads\/2023\/10\/VVL_1614-150x150.jpg\",\"orientation\":\"landscape\"},\"medium\":{\"height\":200,\"width\":300,\"url\":\"https:\/\/turunlennokkiseura.com\/tls\/wp-content\/uploads\/2023\/10\/VVL_1614-300x200.jpg\",\"orientation\":\"landscape\"},\"large\":{\"height\":682,\"width\":1024,\"url\":\"https:\/\/turunlennokkiseura.com\/tls\/wp-content\/uploads\/2023\/10\/VVL_1614-1024x682.jpg\",\"orientation\":\"landscape\"},\"full\":{\"url\":\"https:\/\/turunlennokkiseura.com\/tls\/wp-content\/uploads\/2023\/10\/VVL_1614.jpg\",\"height\":1363,\"width\":2048,\"orientation\":\"landscape\"}},\"imageMeta\":{\"aperture\":\"0\",\"credit\":\"\",\"camera\":\"\",\"caption\":\"\",\"created_timestamp\":\"0\",\"copyright\":\"\",\"focal_length\":\"0\",\"iso\":\"0\",\"shutter_speed\":\"0\",\"title\":\"\",\"orientation\":\"0\",\"keywords\":[]},\"meta\":false,\"postlink\":\"https:\/\/turunlennokkiseura.com\/tls\/pgc_simply_gallery\/kesakauden-paattajaiset-30-9-2023\/vvl_1614\/\"},{\"id\":657,\"title\":\"VVL_1313\",\"url\":\"https:\/\/turunlennokkiseura.com\/tls\/wp-content\/uploads\/2023\/10\/VVL_1313.jpg\",\"link\":\"https:\/\/turunlennokkiseura.com\/tls\/pgc_simply_gallery\/kesakauden-paattajaiset-30-9-2023\/vvl_1313\/\",\"alt\":\"\",\"description\":\"\",\"caption\":\"\",\"mime\":\"image\/jpeg\",\"type\":\"image\",\"width\":2048,\"height\":1363,\"sizes\":{\"thumbnail\":{\"height\":150,\"width\":150,\"url\":\"https:\/\/turunlennokkiseura.com\/tls\/wp-content\/uploads\/2023\/10\/VVL_1313-150x150.jpg\",\"orientation\":\"landscape\"},\"medium\":{\"height\":200,\"width\":300,\"url\":\"https:\/\/turunlennokkiseura.com\/tls\/wp-content\/uploads\/2023\/10\/VVL_1313-300x200.jpg\",\"orientation\":\"landscape\"},\"large\":{\"height\":682,\"width\":1024,\"url\":\"https:\/\/turunlennokkiseura.com\/tls\/wp-content\/uploads\/2023\/10\/VVL_1313-1024x682.jpg\",\"orientation\":\"landscape\"},\"full\":{\"url\":\"https:\/\/turunlennokkiseura.com\/tls\/wp-content\/uploads\/2023\/10\/VVL_1313.jpg\",\"height\":1363,\"width\":2048,\"orientation\":\"landscape\"}},\"imageMeta\":{\"aperture\":\"0\",\"credit\":\"\",\"camera\":\"\",\"caption\":\"\",\"created_timestamp\":\"0\",\"copyright\":\"\",\"focal_length\":\"0\",\"iso\":\"0\",\"shutter_speed\":\"0\",\"title\":\"\",\"orientation\":\"0\",\"keywords\":[]},\"meta\":false,\"postlink\":\"https:\/\/turunlennokkiseura.com\/tls\/pgc_simply_gallery\/kesakauden-paattajaiset-30-9-2023\/vvl_1313\/\"},{\"id\":658,\"title\":\"VVL_1802\",\"url\":\"https:\/\/turunlennokkiseura.com\/tls\/wp-content\/uploads\/2023\/10\/VVL_1802.jpg\",\"link\":\"https:\/\/turunlennokkiseura.com\/tls\/pgc_simply_gallery\/kesakauden-paattajaiset-30-9-2023\/vvl_1802\/\",\"alt\":\"\",\"description\":\"\",\"caption\":\"\",\"mime\":\"image\/jpeg\",\"type\":\"image\",\"width\":2048,\"height\":1363,\"sizes\":{\"thumbnail\":{\"height\":150,\"width\":150,\"url\":\"https:\/\/turunlennokkiseura.com\/tls\/wp-content\/uploads\/2023\/10\/VVL_1802-150x150.jpg\",\"orientation\":\"landscape\"},\"medium\":{\"height\":200,\"width\":300,\"url\":\"https:\/\/turunlennokkiseura.com\/tls\/wp-content\/uploads\/2023\/10\/VVL_1802-300x200.jpg\",\"orientation\":\"landscape\"},\"large\":{\"height\":682,\"width\":1024,\"url\":\"https:\/\/turunlennokkiseura.com\/tls\/wp-content\/uploads\/2023\/10\/VVL_1802-1024x682.jpg\",\"orientation\":\"landscape\"},\"full\":{\"url\":\"https:\/\/turunlennokkiseura.com\/tls\/wp-content\/uploads\/2023\/10\/VVL_1802.jpg\",\"height\":1363,\"width\":2048,\"orientation\":\"landscape\"}},\"imageMeta\":{\"aperture\":\"0\",\"credit\":\"\",\"camera\":\"\",\"caption\":\"\",\"created_timestamp\":\"0\",\"copyright\":\"\",\"focal_length\":\"0\",\"iso\":\"0\",\"shutter_speed\":\"0\",\"title\":\"\",\"orientation\":\"0\",\"keywords\":[]},\"meta\":false,\"postlink\":\"https:\/\/turunlennokkiseura.com\/tls\/pgc_simply_gallery\/kesakauden-paattajaiset-30-9-2023\/vvl_1802\/\"},{\"id\":659,\"title\":\"VVL_1342\",\"url\":\"https:\/\/turunlennokkiseura.com\/tls\/wp-content\/uploads\/2023\/10\/VVL_1342.jpg\",\"link\":\"https:\/\/turunlennokkiseura.com\/tls\/pgc_simply_gallery\/kesakauden-paattajaiset-30-9-2023\/vvl_1342\/\",\"alt\":\"\",\"description\":\"\",\"caption\":\"\",\"mime\":\"image\/jpeg\",\"type\":\"image\",\"width\":2048,\"height\":1363,\"sizes\":{\"thumbnail\":{\"height\":150,\"width\":150,\"url\":\"https:\/\/turunlennokkiseura.com\/tls\/wp-content\/uploads\/2023\/10\/VVL_1342-150x150.jpg\",\"orientation\":\"landscape\"},\"medium\":{\"height\":200,\"width\":300,\"url\":\"https:\/\/turunlennokkiseura.com\/tls\/wp-content\/uploads\/2023\/10\/VVL_1342-300x200.jpg\",\"orientation\":\"landscape\"},\"large\":{\"height\":682,\"width\":1024,\"url\":\"https:\/\/turunlennokkiseura.com\/tls\/wp-content\/uploads\/2023\/10\/VVL_1342-1024x682.jpg\",\"orientation\":\"landscape\"},\"full\":{\"url\":\"https:\/\/turunlennokkiseura.com\/tls\/wp-content\/uploads\/2023\/10\/VVL_1342.jpg\",\"height\":1363,\"width\":2048,\"orientation\":\"landscape\"}},\"imageMeta\":{\"aperture\":\"0\",\"credit\":\"\",\"camera\":\"\",\"caption\":\"\",\"created_timestamp\":\"0\",\"copyright\":\"\",\"focal_length\":\"0\",\"iso\":\"0\",\"shutter_speed\":\"0\",\"title\":\"\",\"orientation\":\"0\",\"keywords\":[]},\"meta\":false,\"postlink\":\"https:\/\/turunlennokkiseura.com\/tls\/pgc_simply_gallery\/kesakauden-paattajaiset-30-9-2023\/vvl_1342\/\"},{\"id\":660,\"title\":\"VVL_1767\",\"url\":\"https:\/\/turunlennokkiseura.com\/tls\/wp-content\/uploads\/2023\/10\/VVL_1767.jpg\",\"link\":\"https:\/\/turunlennokkiseura.com\/tls\/pgc_simply_gallery\/kesakauden-paattajaiset-30-9-2023\/vvl_1767\/\",\"alt\":\"\",\"description\":\"\",\"caption\":\"\",\"mime\":\"image\/jpeg\",\"type\":\"image\",\"width\":2048,\"height\":1363,\"sizes\":{\"thumbnail\":{\"height\":150,\"width\":150,\"url\":\"https:\/\/turunlennokkiseura.com\/tls\/wp-content\/uploads\/2023\/10\/VVL_1767-150x150.jpg\",\"orientation\":\"landscape\"},\"medium\":{\"height\":200,\"width\":300,\"url\":\"https:\/\/turunlennokkiseura.com\/tls\/wp-content\/uploads\/2023\/10\/VVL_1767-300x200.jpg\",\"orientation\":\"landscape\"},\"large\":{\"height\":682,\"width\":1024,\"url\":\"https:\/\/turunlennokkiseura.com\/tls\/wp-content\/uploads\/2023\/10\/VVL_1767-1024x682.jpg\",\"orientation\":\"landscape\"},\"full\":{\"url\":\"https:\/\/turunlennokkiseura.com\/tls\/wp-content\/uploads\/2023\/10\/VVL_1767.jpg\",\"height\":1363,\"width\":2048,\"orientation\":\"landscape\"}},\"imageMeta\":{\"aperture\":\"0\",\"credit\":\"\",\"camera\":\"\",\"caption\":\"\",\"created_timestamp\":\"0\",\"copyright\":\"\",\"focal_length\":\"0\",\"iso\":\"0\",\"shutter_speed\":\"0\",\"title\":\"\",\"orientation\":\"0\",\"keywords\":[]},\"meta\":false,\"postlink\":\"https:\/\/turunlennokkiseura.com\/tls\/pgc_simply_gallery\/kesakauden-paattajaiset-30-9-2023\/vvl_1767\/\"},{\"id\":661,\"title\":\"VVL_1487\",\"url\":\"https:\/\/turunlennokkiseura.com\/tls\/wp-content\/uploads\/2023\/10\/VVL_1487.jpg\",\"link\":\"https:\/\/turunlennokkiseura.com\/tls\/pgc_simply_gallery\/kesakauden-paattajaiset-30-9-2023\/vvl_1487\/\",\"alt\":\"\",\"description\":\"\",\"caption\":\"\",\"mime\":\"image\/jpeg\",\"type\":\"image\",\"width\":2048,\"height\":1363,\"sizes\":{\"thumbnail\":{\"height\":150,\"width\":150,\"url\":\"https:\/\/turunlennokkiseura.com\/tls\/wp-content\/uploads\/2023\/10\/VVL_1487-150x150.jpg\",\"orientation\":\"landscape\"},\"medium\":{\"height\":200,\"width\":300,\"url\":\"https:\/\/turunlennokkiseura.com\/tls\/wp-content\/uploads\/2023\/10\/VVL_1487-300x200.jpg\",\"orientation\":\"landscape\"},\"large\":{\"height\":682,\"width\":1024,\"url\":\"https:\/\/turunlennokkiseura.com\/tls\/wp-content\/uploads\/2023\/10\/VVL_1487-1024x682.jpg\",\"orientation\":\"landscape\"},\"full\":{\"url\":\"https:\/\/turunlennokkiseura.com\/tls\/wp-content\/uploads\/2023\/10\/VVL_1487.jpg\",\"height\":1363,\"width\":2048,\"orientation\":\"landscape\"}},\"imageMeta\":{\"aperture\":\"0\",\"credit\":\"\",\"camera\":\"\",\"caption\":\"\",\"created_timestamp\":\"0\",\"copyright\":\"\",\"focal_length\":\"0\",\"iso\":\"0\",\"shutter_speed\":\"0\",\"title\":\"\",\"orientation\":\"0\",\"keywords\":[]},\"meta\":false,\"postlink\":\"https:\/\/turunlennokkiseura.com\/tls\/pgc_simply_gallery\/kesakauden-paattajaiset-30-9-2023\/vvl_1487\/\"},{\"id\":662,\"title\":\"VVL_1683\",\"url\":\"https:\/\/turunlennokkiseura.com\/tls\/wp-content\/uploads\/2023\/10\/VVL_1683.jpg\",\"link\":\"https:\/\/turunlennokkiseura.com\/tls\/pgc_simply_gallery\/kesakauden-paattajaiset-30-9-2023\/vvl_1683\/\",\"alt\":\"\",\"description\":\"\",\"caption\":\"\",\"mime\":\"image\/jpeg\",\"type\":\"image\",\"width\":2048,\"height\":1363,\"sizes\":{\"thumbnail\":{\"height\":150,\"width\":150,\"url\":\"https:\/\/turunlennokkiseura.com\/tls\/wp-content\/uploads\/2023\/10\/VVL_1683-150x150.jpg\",\"orientation\":\"landscape\"},\"medium\":{\"height\":200,\"width\":300,\"url\":\"https:\/\/turunlennokkiseura.com\/tls\/wp-content\/uploads\/2023\/10\/VVL_1683-300x200.jpg\",\"orientation\":\"landscape\"},\"large\":{\"height\":682,\"width\":1024,\"url\":\"https:\/\/turunlennokkiseura.com\/tls\/wp-content\/uploads\/2023\/10\/VVL_1683-1024x682.jpg\",\"orientation\":\"landscape\"},\"full\":{\"url\":\"https:\/\/turunlennokkiseura.com\/tls\/wp-content\/uploads\/2023\/10\/VVL_1683.jpg\",\"height\":1363,\"width\":2048,\"orientation\":\"landscape\"}},\"imageMeta\":{\"aperture\":\"0\",\"credit\":\"\",\"camera\":\"\",\"caption\":\"\",\"created_timestamp\":\"0\",\"copyright\":\"\",\"focal_length\":\"0\",\"iso\":\"0\",\"shutter_speed\":\"0\",\"title\":\"\",\"orientation\":\"0\",\"keywords\":[]},\"meta\":false,\"postlink\":\"https:\/\/turunlennokkiseura.com\/tls\/pgc_simply_gallery\/kesakauden-paattajaiset-30-9-2023\/vvl_1683\/\"},{\"id\":663,\"title\":\"VVL_1535\",\"url\":\"https:\/\/turunlennokkiseura.com\/tls\/wp-content\/uploads\/2023\/10\/VVL_1535.jpg\",\"link\":\"https:\/\/turunlennokkiseura.com\/tls\/pgc_simply_gallery\/kesakauden-paattajaiset-30-9-2023\/vvl_1535\/\",\"alt\":\"\",\"description\":\"\",\"caption\":\"\",\"mime\":\"image\/jpeg\",\"type\":\"image\",\"width\":2048,\"height\":1363,\"sizes\":{\"thumbnail\":{\"height\":150,\"width\":150,\"url\":\"https:\/\/turunlennokkiseura.com\/tls\/wp-content\/uploads\/2023\/10\/VVL_1535-150x150.jpg\",\"orientation\":\"landscape\"},\"medium\":{\"height\":200,\"width\":300,\"url\":\"https:\/\/turunlennokkiseura.com\/tls\/wp-content\/uploads\/2023\/10\/VVL_1535-300x200.jpg\",\"orientation\":\"landscape\"},\"large\":{\"height\":682,\"width\":1024,\"url\":\"https:\/\/turunlennokkiseura.com\/tls\/wp-content\/uploads\/2023\/10\/VVL_1535-1024x682.jpg\",\"orientation\":\"landscape\"},\"full\":{\"url\":\"https:\/\/turunlennokkiseura.com\/tls\/wp-content\/uploads\/2023\/10\/VVL_1535.jpg\",\"height\":1363,\"width\":2048,\"orientation\":\"landscape\"}},\"imageMeta\":{\"aperture\":\"0\",\"credit\":\"\",\"camera\":\"\",\"caption\":\"\",\"created_timestamp\":\"0\",\"copyright\":\"\",\"focal_length\":\"0\",\"iso\":\"0\",\"shutter_speed\":\"0\",\"title\":\"\",\"orientation\":\"0\",\"keywords\":[]},\"meta\":false,\"postlink\":\"https:\/\/turunlennokkiseura.com\/tls\/pgc_simply_gallery\/kesakauden-paattajaiset-30-9-2023\/vvl_1535\/\"},{\"id\":664,\"title\":\"VVL_1269\",\"url\":\"https:\/\/turunlennokkiseura.com\/tls\/wp-content\/uploads\/2023\/10\/VVL_1269.jpg\",\"link\":\"https:\/\/turunlennokkiseura.com\/tls\/pgc_simply_gallery\/kesakauden-paattajaiset-30-9-2023\/vvl_1269\/\",\"alt\":\"\",\"description\":\"\",\"caption\":\"\",\"mime\":\"image\/jpeg\",\"type\":\"image\",\"width\":2048,\"height\":1362,\"sizes\":{\"thumbnail\":{\"height\":150,\"width\":150,\"url\":\"https:\/\/turunlennokkiseura.com\/tls\/wp-content\/uploads\/2023\/10\/VVL_1269-150x150.jpg\",\"orientation\":\"landscape\"},\"medium\":{\"height\":200,\"width\":300,\"url\":\"https:\/\/turunlennokkiseura.com\/tls\/wp-content\/uploads\/2023\/10\/VVL_1269-300x200.jpg\",\"orientation\":\"landscape\"},\"large\":{\"height\":681,\"width\":1024,\"url\":\"https:\/\/turunlennokkiseura.com\/tls\/wp-content\/uploads\/2023\/10\/VVL_1269-1024x681.jpg\",\"orientation\":\"landscape\"},\"full\":{\"url\":\"https:\/\/turunlennokkiseura.com\/tls\/wp-content\/uploads\/2023\/10\/VVL_1269.jpg\",\"height\":1362,\"width\":2048,\"orientation\":\"landscape\"}},\"imageMeta\":{\"aperture\":\"0\",\"credit\":\"\",\"camera\":\"\",\"caption\":\"\",\"created_timestamp\":\"0\",\"copyright\":\"\",\"focal_length\":\"0\",\"iso\":\"0\",\"shutter_speed\":\"0\",\"title\":\"\",\"orientation\":\"0\",\"keywords\":[]},\"meta\":false,\"postlink\":\"https:\/\/turunlennokkiseura.com\/tls\/pgc_simply_gallery\/kesakauden-paattajaiset-30-9-2023\/vvl_1269\/\"},{\"id\":665,\"title\":\"VVL_1525\",\"url\":\"https:\/\/turunlennokkiseura.com\/tls\/wp-content\/uploads\/2023\/10\/VVL_1525.jpg\",\"link\":\"https:\/\/turunlennokkiseura.com\/tls\/pgc_simply_gallery\/kesakauden-paattajaiset-30-9-2023\/vvl_1525\/\",\"alt\":\"\",\"description\":\"\",\"caption\":\"\",\"mime\":\"image\/jpeg\",\"type\":\"image\",\"width\":2048,\"height\":1363,\"sizes\":{\"thumbnail\":{\"height\":150,\"width\":150,\"url\":\"https:\/\/turunlennokkiseura.com\/tls\/wp-content\/uploads\/2023\/10\/VVL_1525-150x150.jpg\",\"orientation\":\"landscape\"},\"medium\":{\"height\":200,\"width\":300,\"url\":\"https:\/\/turunlennokkiseura.com\/tls\/wp-content\/uploads\/2023\/10\/VVL_1525-300x200.jpg\",\"orientation\":\"landscape\"},\"large\":{\"height\":682,\"width\":1024,\"url\":\"https:\/\/turunlennokkiseura.com\/tls\/wp-content\/uploads\/2023\/10\/VVL_1525-1024x682.jpg\",\"orientation\":\"landscape\"},\"full\":{\"url\":\"https:\/\/turunlennokkiseura.com\/tls\/wp-content\/uploads\/2023\/10\/VVL_1525.jpg\",\"height\":1363,\"width\":2048,\"orientation\":\"landscape\"}},\"imageMeta\":{\"aperture\":\"0\",\"credit\":\"\",\"camera\":\"\",\"caption\":\"\",\"created_timestamp\":\"0\",\"copyright\":\"\",\"focal_length\":\"0\",\"iso\":\"0\",\"shutter_speed\":\"0\",\"title\":\"\",\"orientation\":\"0\",\"keywords\":[]},\"meta\":false,\"postlink\":\"https:\/\/turunlennokkiseura.com\/tls\/pgc_simply_gallery\/kesakauden-paattajaiset-30-9-2023\/vvl_1525\/\"},{\"id\":666,\"title\":\"VVL_1519\",\"url\":\"https:\/\/turunlennokkiseura.com\/tls\/wp-content\/uploads\/2023\/10\/VVL_1519.jpg\",\"link\":\"https:\/\/turunlennokkiseura.com\/tls\/pgc_simply_gallery\/kesakauden-paattajaiset-30-9-2023\/vvl_1519\/\",\"alt\":\"\",\"description\":\"\",\"caption\":\"\",\"mime\":\"image\/jpeg\",\"type\":\"image\",\"width\":2048,\"height\":1363,\"sizes\":{\"thumbnail\":{\"height\":150,\"width\":150,\"url\":\"https:\/\/turunlennokkiseura.com\/tls\/wp-content\/uploads\/2023\/10\/VVL_1519-150x150.jpg\",\"orientation\":\"landscape\"},\"medium\":{\"height\":200,\"width\":300,\"url\":\"https:\/\/turunlennokkiseura.com\/tls\/wp-content\/uploads\/2023\/10\/VVL_1519-300x200.jpg\",\"orientation\":\"landscape\"},\"large\":{\"height\":682,\"width\":1024,\"url\":\"https:\/\/turunlennokkiseura.com\/tls\/wp-content\/uploads\/2023\/10\/VVL_1519-1024x682.jpg\",\"orientation\":\"landscape\"},\"full\":{\"url\":\"https:\/\/turunlennokkiseura.com\/tls\/wp-content\/uploads\/2023\/10\/VVL_1519.jpg\",\"height\":1363,\"width\":2048,\"orientation\":\"landscape\"}},\"imageMeta\":{\"aperture\":\"0\",\"credit\":\"\",\"camera\":\"\",\"caption\":\"\",\"created_timestamp\":\"0\",\"copyright\":\"\",\"focal_length\":\"0\",\"iso\":\"0\",\"shutter_speed\":\"0\",\"title\":\"\",\"orientation\":\"0\",\"keywords\":[]},\"meta\":false,\"postlink\":\"https:\/\/turunlennokkiseura.com\/tls\/pgc_simply_gallery\/kesakauden-paattajaiset-30-9-2023\/vvl_1519\/\"},{\"id\":667,\"title\":\"VVL_1629\",\"url\":\"https:\/\/turunlennokkiseura.com\/tls\/wp-content\/uploads\/2023\/10\/VVL_1629.jpg\",\"link\":\"https:\/\/turunlennokkiseura.com\/tls\/pgc_simply_gallery\/kesakauden-paattajaiset-30-9-2023\/vvl_1629\/\",\"alt\":\"\",\"description\":\"\",\"caption\":\"\",\"mime\":\"image\/jpeg\",\"type\":\"image\",\"width\":2048,\"height\":1363,\"sizes\":{\"thumbnail\":{\"height\":150,\"width\":150,\"url\":\"https:\/\/turunlennokkiseura.com\/tls\/wp-content\/uploads\/2023\/10\/VVL_1629-150x150.jpg\",\"orientation\":\"landscape\"},\"medium\":{\"height\":200,\"width\":300,\"url\":\"https:\/\/turunlennokkiseura.com\/tls\/wp-content\/uploads\/2023\/10\/VVL_1629-300x200.jpg\",\"orientation\":\"landscape\"},\"large\":{\"height\":682,\"width\":1024,\"url\":\"https:\/\/turunlennokkiseura.com\/tls\/wp-content\/uploads\/2023\/10\/VVL_1629-1024x682.jpg\",\"orientation\":\"landscape\"},\"full\":{\"url\":\"https:\/\/turunlennokkiseura.com\/tls\/wp-content\/uploads\/2023\/10\/VVL_1629.jpg\",\"height\":1363,\"width\":2048,\"orientation\":\"landscape\"}},\"imageMeta\":{\"aperture\":\"0\",\"credit\":\"\",\"camera\":\"\",\"caption\":\"\",\"created_timestamp\":\"0\",\"copyright\":\"\",\"focal_length\":\"0\",\"iso\":\"0\",\"shutter_speed\":\"0\",\"title\":\"\",\"orientation\":\"0\",\"keywords\":[]},\"meta\":false,\"postlink\":\"https:\/\/turunlennokkiseura.com\/tls\/pgc_simply_gallery\/kesakauden-paattajaiset-30-9-2023\/vvl_1629\/\"},{\"id\":668,\"title\":\"VVL_1270\",\"url\":\"https:\/\/turunlennokkiseura.com\/tls\/wp-content\/uploads\/2023\/10\/VVL_1270.jpg\",\"link\":\"https:\/\/turunlennokkiseura.com\/tls\/pgc_simply_gallery\/kesakauden-paattajaiset-30-9-2023\/vvl_1270\/\",\"alt\":\"\",\"description\":\"\",\"caption\":\"\",\"mime\":\"image\/jpeg\",\"type\":\"image\",\"width\":2048,\"height\":1362,\"sizes\":{\"thumbnail\":{\"height\":150,\"width\":150,\"url\":\"https:\/\/turunlennokkiseura.com\/tls\/wp-content\/uploads\/2023\/10\/VVL_1270-150x150.jpg\",\"orientation\":\"landscape\"},\"medium\":{\"height\":200,\"width\":300,\"url\":\"https:\/\/turunlennokkiseura.com\/tls\/wp-content\/uploads\/2023\/10\/VVL_1270-300x200.jpg\",\"orientation\":\"landscape\"},\"large\":{\"height\":681,\"width\":1024,\"url\":\"https:\/\/turunlennokkiseura.com\/tls\/wp-content\/uploads\/2023\/10\/VVL_1270-1024x681.jpg\",\"orientation\":\"landscape\"},\"full\":{\"url\":\"https:\/\/turunlennokkiseura.com\/tls\/wp-content\/uploads\/2023\/10\/VVL_1270.jpg\",\"height\":1362,\"width\":2048,\"orientation\":\"landscape\"}},\"imageMeta\":{\"aperture\":\"0\",\"credit\":\"\",\"camera\":\"\",\"caption\":\"\",\"created_timestamp\":\"0\",\"copyright\":\"\",\"focal_length\":\"0\",\"iso\":\"0\",\"shutter_speed\":\"0\",\"title\":\"\",\"orientation\":\"0\",\"keywords\":[]},\"meta\":false,\"postlink\":\"https:\/\/turunlennokkiseura.com\/tls\/pgc_simply_gallery\/kesakauden-paattajaiset-30-9-2023\/vvl_1270\/\"},{\"id\":669,\"title\":\"VVL_1521\",\"url\":\"https:\/\/turunlennokkiseura.com\/tls\/wp-content\/uploads\/2023\/10\/VVL_1521.jpg\",\"link\":\"https:\/\/turunlennokkiseura.com\/tls\/pgc_simply_gallery\/kesakauden-paattajaiset-30-9-2023\/vvl_1521\/\",\"alt\":\"\",\"description\":\"\",\"caption\":\"\",\"mime\":\"image\/jpeg\",\"type\":\"image\",\"width\":2048,\"height\":1363,\"sizes\":{\"thumbnail\":{\"height\":150,\"width\":150,\"url\":\"https:\/\/turunlennokkiseura.com\/tls\/wp-content\/uploads\/2023\/10\/VVL_1521-150x150.jpg\",\"orientation\":\"landscape\"},\"medium\":{\"height\":200,\"width\":300,\"url\":\"https:\/\/turunlennokkiseura.com\/tls\/wp-content\/uploads\/2023\/10\/VVL_1521-300x200.jpg\",\"orientation\":\"landscape\"},\"large\":{\"height\":682,\"width\":1024,\"url\":\"https:\/\/turunlennokkiseura.com\/tls\/wp-content\/uploads\/2023\/10\/VVL_1521-1024x682.jpg\",\"orientation\":\"landscape\"},\"full\":{\"url\":\"https:\/\/turunlennokkiseura.com\/tls\/wp-content\/uploads\/2023\/10\/VVL_1521.jpg\",\"height\":1363,\"width\":2048,\"orientation\":\"landscape\"}},\"imageMeta\":{\"aperture\":\"0\",\"credit\":\"\",\"camera\":\"\",\"caption\":\"\",\"created_timestamp\":\"0\",\"copyright\":\"\",\"focal_length\":\"0\",\"iso\":\"0\",\"shutter_speed\":\"0\",\"title\":\"\",\"orientation\":\"0\",\"keywords\":[]},\"meta\":false,\"postlink\":\"https:\/\/turunlennokkiseura.com\/tls\/pgc_simply_gallery\/kesakauden-paattajaiset-30-9-2023\/vvl_1521\/\"},{\"id\":670,\"title\":\"VVL_1681\",\"url\":\"https:\/\/turunlennokkiseura.com\/tls\/wp-content\/uploads\/2023\/10\/VVL_1681.jpg\",\"link\":\"https:\/\/turunlennokkiseura.com\/tls\/pgc_simply_gallery\/kesakauden-paattajaiset-30-9-2023\/vvl_1681\/\",\"alt\":\"\",\"description\":\"\",\"caption\":\"\",\"mime\":\"image\/jpeg\",\"type\":\"image\",\"width\":2048,\"height\":1363,\"sizes\":{\"thumbnail\":{\"height\":150,\"width\":150,\"url\":\"https:\/\/turunlennokkiseura.com\/tls\/wp-content\/uploads\/2023\/10\/VVL_1681-150x150.jpg\",\"orientation\":\"landscape\"},\"medium\":{\"height\":200,\"width\":300,\"url\":\"https:\/\/turunlennokkiseura.com\/tls\/wp-content\/uploads\/2023\/10\/VVL_1681-300x200.jpg\",\"orientation\":\"landscape\"},\"large\":{\"height\":682,\"width\":1024,\"url\":\"https:\/\/turunlennokkiseura.com\/tls\/wp-content\/uploads\/2023\/10\/VVL_1681-1024x682.jpg\",\"orientation\":\"landscape\"},\"full\":{\"url\":\"https:\/\/turunlennokkiseura.com\/tls\/wp-content\/uploads\/2023\/10\/VVL_1681.jpg\",\"height\":1363,\"width\":2048,\"orientation\":\"landscape\"}},\"imageMeta\":{\"aperture\":\"0\",\"credit\":\"\",\"camera\":\"\",\"caption\":\"\",\"created_timestamp\":\"0\",\"copyright\":\"\",\"focal_length\":\"0\",\"iso\":\"0\",\"shutter_speed\":\"0\",\"title\":\"\",\"orientation\":\"0\",\"keywords\":[]},\"meta\":false,\"postlink\":\"https:\/\/turunlennokkiseura.com\/tls\/pgc_simply_gallery\/kesakauden-paattajaiset-30-9-2023\/vvl_1681\/\"},{\"id\":671,\"title\":\"VVL_1618\",\"url\":\"https:\/\/turunlennokkiseura.com\/tls\/wp-content\/uploads\/2023\/10\/VVL_1618.jpg\",\"link\":\"https:\/\/turunlennokkiseura.com\/tls\/pgc_simply_gallery\/kesakauden-paattajaiset-30-9-2023\/vvl_1618\/\",\"alt\":\"\",\"description\":\"\",\"caption\":\"\",\"mime\":\"image\/jpeg\",\"type\":\"image\",\"width\":2048,\"height\":1363,\"sizes\":{\"thumbnail\":{\"height\":150,\"width\":150,\"url\":\"https:\/\/turunlennokkiseura.com\/tls\/wp-content\/uploads\/2023\/10\/VVL_1618-150x150.jpg\",\"orientation\":\"landscape\"},\"medium\":{\"height\":200,\"width\":300,\"url\":\"https:\/\/turunlennokkiseura.com\/tls\/wp-content\/uploads\/2023\/10\/VVL_1618-300x200.jpg\",\"orientation\":\"landscape\"},\"large\":{\"height\":682,\"width\":1024,\"url\":\"https:\/\/turunlennokkiseura.com\/tls\/wp-content\/uploads\/2023\/10\/VVL_1618-1024x682.jpg\",\"orientation\":\"landscape\"},\"full\":{\"url\":\"https:\/\/turunlennokkiseura.com\/tls\/wp-content\/uploads\/2023\/10\/VVL_1618.jpg\",\"height\":1363,\"width\":2048,\"orientation\":\"landscape\"}},\"imageMeta\":{\"aperture\":\"0\",\"credit\":\"\",\"camera\":\"\",\"caption\":\"\",\"created_timestamp\":\"0\",\"copyright\":\"\",\"focal_length\":\"0\",\"iso\":\"0\",\"shutter_speed\":\"0\",\"title\":\"\",\"orientation\":\"0\",\"keywords\":[]},\"meta\":false,\"postlink\":\"https:\/\/turunlennokkiseura.com\/tls\/pgc_simply_gallery\/kesakauden-paattajaiset-30-9-2023\/vvl_1618\/\"},{\"id\":672,\"title\":\"VVL_1537\",\"url\":\"https:\/\/turunlennokkiseura.com\/tls\/wp-content\/uploads\/2023\/10\/VVL_1537.jpg\",\"link\":\"https:\/\/turunlennokkiseura.com\/tls\/pgc_simply_gallery\/kesakauden-paattajaiset-30-9-2023\/vvl_1537\/\",\"alt\":\"\",\"description\":\"\",\"caption\":\"\",\"mime\":\"image\/jpeg\",\"type\":\"image\",\"width\":2048,\"height\":1363,\"sizes\":{\"thumbnail\":{\"height\":150,\"width\":150,\"url\":\"https:\/\/turunlennokkiseura.com\/tls\/wp-content\/uploads\/2023\/10\/VVL_1537-150x150.jpg\",\"orientation\":\"landscape\"},\"medium\":{\"height\":200,\"width\":300,\"url\":\"https:\/\/turunlennokkiseura.com\/tls\/wp-content\/uploads\/2023\/10\/VVL_1537-300x200.jpg\",\"orientation\":\"landscape\"},\"large\":{\"height\":682,\"width\":1024,\"url\":\"https:\/\/turunlennokkiseura.com\/tls\/wp-content\/uploads\/2023\/10\/VVL_1537-1024x682.jpg\",\"orientation\":\"landscape\"},\"full\":{\"url\":\"https:\/\/turunlennokkiseura.com\/tls\/wp-content\/uploads\/2023\/10\/VVL_1537.jpg\",\"height\":1363,\"width\":2048,\"orientation\":\"landscape\"}},\"imageMeta\":{\"aperture\":\"0\",\"credit\":\"\",\"camera\":\"\",\"caption\":\"\",\"created_timestamp\":\"0\",\"copyright\":\"\",\"focal_length\":\"0\",\"iso\":\"0\",\"shutter_speed\":\"0\",\"title\":\"\",\"orientation\":\"0\",\"keywords\":[]},\"meta\":false,\"postlink\":\"https:\/\/turunlennokkiseura.com\/tls\/pgc_simply_gallery\/kesakauden-paattajaiset-30-9-2023\/vvl_1537\/\"},{\"id\":673,\"title\":\"VVL_1656\",\"url\":\"https:\/\/turunlennokkiseura.com\/tls\/wp-content\/uploads\/2023\/10\/VVL_1656.jpg\",\"link\":\"https:\/\/turunlennokkiseura.com\/tls\/pgc_simply_gallery\/kesakauden-paattajaiset-30-9-2023\/vvl_1656\/\",\"alt\":\"\",\"description\":\"\",\"caption\":\"\",\"mime\":\"image\/jpeg\",\"type\":\"image\",\"width\":2048,\"height\":1363,\"sizes\":{\"thumbnail\":{\"height\":150,\"width\":150,\"url\":\"https:\/\/turunlennokkiseura.com\/tls\/wp-content\/uploads\/2023\/10\/VVL_1656-150x150.jpg\",\"orientation\":\"landscape\"},\"medium\":{\"height\":200,\"width\":300,\"url\":\"https:\/\/turunlennokkiseura.com\/tls\/wp-content\/uploads\/2023\/10\/VVL_1656-300x200.jpg\",\"orientation\":\"landscape\"},\"large\":{\"height\":682,\"width\":1024,\"url\":\"https:\/\/turunlennokkiseura.com\/tls\/wp-content\/uploads\/2023\/10\/VVL_1656-1024x682.jpg\",\"orientation\":\"landscape\"},\"full\":{\"url\":\"https:\/\/turunlennokkiseura.com\/tls\/wp-content\/uploads\/2023\/10\/VVL_1656.jpg\",\"height\":1363,\"width\":2048,\"orientation\":\"landscape\"}},\"imageMeta\":{\"aperture\":\"0\",\"credit\":\"\",\"camera\":\"\",\"caption\":\"\",\"created_timestamp\":\"0\",\"copyright\":\"\",\"focal_length\":\"0\",\"iso\":\"0\",\"shutter_speed\":\"0\",\"title\":\"\",\"orientation\":\"0\",\"keywords\":[]},\"meta\":false,\"postlink\":\"https:\/\/turunlennokkiseura.com\/tls\/pgc_simply_gallery\/kesakauden-paattajaiset-30-9-2023\/vvl_1656\/\"},{\"id\":674,\"title\":\"VVL_1654\",\"url\":\"https:\/\/turunlennokkiseura.com\/tls\/wp-content\/uploads\/2023\/10\/VVL_1654.jpg\",\"link\":\"https:\/\/turunlennokkiseura.com\/tls\/pgc_simply_gallery\/kesakauden-paattajaiset-30-9-2023\/vvl_1654\/\",\"alt\":\"\",\"description\":\"\",\"caption\":\"\",\"mime\":\"image\/jpeg\",\"type\":\"image\",\"width\":2048,\"height\":1363,\"sizes\":{\"thumbnail\":{\"height\":150,\"width\":150,\"url\":\"https:\/\/turunlennokkiseura.com\/tls\/wp-content\/uploads\/2023\/10\/VVL_1654-150x150.jpg\",\"orientation\":\"landscape\"},\"medium\":{\"height\":200,\"width\":300,\"url\":\"https:\/\/turunlennokkiseura.com\/tls\/wp-content\/uploads\/2023\/10\/VVL_1654-300x200.jpg\",\"orientation\":\"landscape\"},\"large\":{\"height\":682,\"width\":1024,\"url\":\"https:\/\/turunlennokkiseura.com\/tls\/wp-content\/uploads\/2023\/10\/VVL_1654-1024x682.jpg\",\"orientation\":\"landscape\"},\"full\":{\"url\":\"https:\/\/turunlennokkiseura.com\/tls\/wp-content\/uploads\/2023\/10\/VVL_1654.jpg\",\"height\":1363,\"width\":2048,\"orientation\":\"landscape\"}},\"imageMeta\":{\"aperture\":\"0\",\"credit\":\"\",\"camera\":\"\",\"caption\":\"\",\"created_timestamp\":\"0\",\"copyright\":\"\",\"focal_length\":\"0\",\"iso\":\"0\",\"shutter_speed\":\"0\",\"title\":\"\",\"orientation\":\"0\",\"keywords\":[]},\"meta\":false,\"postlink\":\"https:\/\/turunlennokkiseura.com\/tls\/pgc_simply_gallery\/kesakauden-paattajaiset-30-9-2023\/vvl_1654\/\"},{\"id\":675,\"title\":\"VVL_1251\",\"url\":\"https:\/\/turunlennokkiseura.com\/tls\/wp-content\/uploads\/2023\/10\/VVL_1251.jpg\",\"link\":\"https:\/\/turunlennokkiseura.com\/tls\/pgc_simply_gallery\/kesakauden-paattajaiset-30-9-2023\/vvl_1251\/\",\"alt\":\"\",\"description\":\"\",\"caption\":\"\",\"mime\":\"image\/jpeg\",\"type\":\"image\",\"width\":2048,\"height\":1362,\"sizes\":{\"thumbnail\":{\"height\":150,\"width\":150,\"url\":\"https:\/\/turunlennokkiseura.com\/tls\/wp-content\/uploads\/2023\/10\/VVL_1251-150x150.jpg\",\"orientation\":\"landscape\"},\"medium\":{\"height\":200,\"width\":300,\"url\":\"https:\/\/turunlennokkiseura.com\/tls\/wp-content\/uploads\/2023\/10\/VVL_1251-300x200.jpg\",\"orientation\":\"landscape\"},\"large\":{\"height\":681,\"width\":1024,\"url\":\"https:\/\/turunlennokkiseura.com\/tls\/wp-content\/uploads\/2023\/10\/VVL_1251-1024x681.jpg\",\"orientation\":\"landscape\"},\"full\":{\"url\":\"https:\/\/turunlennokkiseura.com\/tls\/wp-content\/uploads\/2023\/10\/VVL_1251.jpg\",\"height\":1362,\"width\":2048,\"orientation\":\"landscape\"}},\"imageMeta\":{\"aperture\":\"0\",\"credit\":\"\",\"camera\":\"\",\"caption\":\"\",\"created_timestamp\":\"0\",\"copyright\":\"\",\"focal_length\":\"0\",\"iso\":\"0\",\"shutter_speed\":\"0\",\"title\":\"\",\"orientation\":\"0\",\"keywords\":[]},\"meta\":false,\"postlink\":\"https:\/\/turunlennokkiseura.com\/tls\/pgc_simply_gallery\/kesakauden-paattajaiset-30-9-2023\/vvl_1251\/\"},{\"id\":676,\"title\":\"VVL_1617\",\"url\":\"https:\/\/turunlennokkiseura.com\/tls\/wp-content\/uploads\/2023\/10\/VVL_1617.jpg\",\"link\":\"https:\/\/turunlennokkiseura.com\/tls\/pgc_simply_gallery\/kesakauden-paattajaiset-30-9-2023\/vvl_1617\/\",\"alt\":\"\",\"description\":\"\",\"caption\":\"\",\"mime\":\"image\/jpeg\",\"type\":\"image\",\"width\":2048,\"height\":1363,\"sizes\":{\"thumbnail\":{\"height\":150,\"width\":150,\"url\":\"https:\/\/turunlennokkiseura.com\/tls\/wp-content\/uploads\/2023\/10\/VVL_1617-150x150.jpg\",\"orientation\":\"landscape\"},\"medium\":{\"height\":200,\"width\":300,\"url\":\"https:\/\/turunlennokkiseura.com\/tls\/wp-content\/uploads\/2023\/10\/VVL_1617-300x200.jpg\",\"orientation\":\"landscape\"},\"large\":{\"height\":682,\"width\":1024,\"url\":\"https:\/\/turunlennokkiseura.com\/tls\/wp-content\/uploads\/2023\/10\/VVL_1617-1024x682.jpg\",\"orientation\":\"landscape\"},\"full\":{\"url\":\"https:\/\/turunlennokkiseura.com\/tls\/wp-content\/uploads\/2023\/10\/VVL_1617.jpg\",\"height\":1363,\"width\":2048,\"orientation\":\"landscape\"}},\"imageMeta\":{\"aperture\":\"0\",\"credit\":\"\",\"camera\":\"\",\"caption\":\"\",\"created_timestamp\":\"0\",\"copyright\":\"\",\"focal_length\":\"0\",\"iso\":\"0\",\"shutter_speed\":\"0\",\"title\":\"\",\"orientation\":\"0\",\"keywords\":[]},\"meta\":false,\"postlink\":\"https:\/\/turunlennokkiseura.com\/tls\/pgc_simply_gallery\/kesakauden-paattajaiset-30-9-2023\/vvl_1617\/\"},{\"id\":677,\"title\":\"VVL_1648\",\"url\":\"https:\/\/turunlennokkiseura.com\/tls\/wp-content\/uploads\/2023\/10\/VVL_1648.jpg\",\"link\":\"https:\/\/turunlennokkiseura.com\/tls\/pgc_simply_gallery\/kesakauden-paattajaiset-30-9-2023\/vvl_1648\/\",\"alt\":\"\",\"description\":\"\",\"caption\":\"\",\"mime\":\"image\/jpeg\",\"type\":\"image\",\"width\":2048,\"height\":1363,\"sizes\":{\"thumbnail\":{\"height\":150,\"width\":150,\"url\":\"https:\/\/turunlennokkiseura.com\/tls\/wp-content\/uploads\/2023\/10\/VVL_1648-150x150.jpg\",\"orientation\":\"landscape\"},\"medium\":{\"height\":200,\"width\":300,\"url\":\"https:\/\/turunlennokkiseura.com\/tls\/wp-content\/uploads\/2023\/10\/VVL_1648-300x200.jpg\",\"orientation\":\"landscape\"},\"large\":{\"height\":682,\"width\":1024,\"url\":\"https:\/\/turunlennokkiseura.com\/tls\/wp-content\/uploads\/2023\/10\/VVL_1648-1024x682.jpg\",\"orientation\":\"landscape\"},\"full\":{\"url\":\"https:\/\/turunlennokkiseura.com\/tls\/wp-content\/uploads\/2023\/10\/VVL_1648.jpg\",\"height\":1363,\"width\":2048,\"orientation\":\"landscape\"}},\"imageMeta\":{\"aperture\":\"0\",\"credit\":\"\",\"camera\":\"\",\"caption\":\"\",\"created_timestamp\":\"0\",\"copyright\":\"\",\"focal_length\":\"0\",\"iso\":\"0\",\"shutter_speed\":\"0\",\"title\":\"\",\"orientation\":\"0\",\"keywords\":[]},\"meta\":false,\"postlink\":\"https:\/\/turunlennokkiseura.com\/tls\/pgc_simply_gallery\/kesakauden-paattajaiset-30-9-2023\/vvl_1648\/\"},{\"id\":678,\"title\":\"VVL_1641\",\"url\":\"https:\/\/turunlennokkiseura.com\/tls\/wp-content\/uploads\/2023\/10\/VVL_1641.jpg\",\"link\":\"https:\/\/turunlennokkiseura.com\/tls\/pgc_simply_gallery\/kesakauden-paattajaiset-30-9-2023\/vvl_1641\/\",\"alt\":\"\",\"description\":\"\",\"caption\":\"\",\"mime\":\"image\/jpeg\",\"type\":\"image\",\"width\":2048,\"height\":1363,\"sizes\":{\"thumbnail\":{\"height\":150,\"width\":150,\"url\":\"https:\/\/turunlennokkiseura.com\/tls\/wp-content\/uploads\/2023\/10\/VVL_1641-150x150.jpg\",\"orientation\":\"landscape\"},\"medium\":{\"height\":200,\"width\":300,\"url\":\"https:\/\/turunlennokkiseura.com\/tls\/wp-content\/uploads\/2023\/10\/VVL_1641-300x200.jpg\",\"orientation\":\"landscape\"},\"large\":{\"height\":682,\"width\":1024,\"url\":\"https:\/\/turunlennokkiseura.com\/tls\/wp-content\/uploads\/2023\/10\/VVL_1641-1024x682.jpg\",\"orientation\":\"landscape\"},\"full\":{\"url\":\"https:\/\/turunlennokkiseura.com\/tls\/wp-content\/uploads\/2023\/10\/VVL_1641.jpg\",\"height\":1363,\"width\":2048,\"orientation\":\"landscape\"}},\"imageMeta\":{\"aperture\":\"0\",\"credit\":\"\",\"camera\":\"\",\"caption\":\"\",\"created_timestamp\":\"0\",\"copyright\":\"\",\"focal_length\":\"0\",\"iso\":\"0\",\"shutter_speed\":\"0\",\"title\":\"\",\"orientation\":\"0\",\"keywords\":[]},\"meta\":false,\"postlink\":\"https:\/\/turunlennokkiseura.com\/tls\/pgc_simply_gallery\/kesakauden-paattajaiset-30-9-2023\/vvl_1641\/\"},{\"id\":679,\"title\":\"VVL_1252\",\"url\":\"https:\/\/turunlennokkiseura.com\/tls\/wp-content\/uploads\/2023\/10\/VVL_1252.jpg\",\"link\":\"https:\/\/turunlennokkiseura.com\/tls\/pgc_simply_gallery\/kesakauden-paattajaiset-30-9-2023\/vvl_1252\/\",\"alt\":\"\",\"description\":\"\",\"caption\":\"\",\"mime\":\"image\/jpeg\",\"type\":\"image\",\"width\":2048,\"height\":1363,\"sizes\":{\"thumbnail\":{\"height\":150,\"width\":150,\"url\":\"https:\/\/turunlennokkiseura.com\/tls\/wp-content\/uploads\/2023\/10\/VVL_1252-150x150.jpg\",\"orientation\":\"landscape\"},\"medium\":{\"height\":200,\"width\":300,\"url\":\"https:\/\/turunlennokkiseura.com\/tls\/wp-content\/uploads\/2023\/10\/VVL_1252-300x200.jpg\",\"orientation\":\"landscape\"},\"large\":{\"height\":682,\"width\":1024,\"url\":\"https:\/\/turunlennokkiseura.com\/tls\/wp-content\/uploads\/2023\/10\/VVL_1252-1024x682.jpg\",\"orientation\":\"landscape\"},\"full\":{\"url\":\"https:\/\/turunlennokkiseura.com\/tls\/wp-content\/uploads\/2023\/10\/VVL_1252.jpg\",\"height\":1363,\"width\":2048,\"orientation\":\"landscape\"}},\"imageMeta\":{\"aperture\":\"0\",\"credit\":\"\",\"camera\":\"\",\"caption\":\"\",\"created_timestamp\":\"0\",\"copyright\":\"\",\"focal_length\":\"0\",\"iso\":\"0\",\"shutter_speed\":\"0\",\"title\":\"\",\"orientation\":\"0\",\"keywords\":[]},\"meta\":false,\"postlink\":\"https:\/\/turunlennokkiseura.com\/tls\/pgc_simply_gallery\/kesakauden-paattajaiset-30-9-2023\/vvl_1252\/\"},{\"id\":680,\"title\":\"VVL_1488\",\"url\":\"https:\/\/turunlennokkiseura.com\/tls\/wp-content\/uploads\/2023\/10\/VVL_1488.jpg\",\"link\":\"https:\/\/turunlennokkiseura.com\/tls\/pgc_simply_gallery\/kesakauden-paattajaiset-30-9-2023\/vvl_1488\/\",\"alt\":\"\",\"description\":\"\",\"caption\":\"\",\"mime\":\"image\/jpeg\",\"type\":\"image\",\"width\":2048,\"height\":1363,\"sizes\":{\"thumbnail\":{\"height\":150,\"width\":150,\"url\":\"https:\/\/turunlennokkiseura.com\/tls\/wp-content\/uploads\/2023\/10\/VVL_1488-150x150.jpg\",\"orientation\":\"landscape\"},\"medium\":{\"height\":200,\"width\":300,\"url\":\"https:\/\/turunlennokkiseura.com\/tls\/wp-content\/uploads\/2023\/10\/VVL_1488-300x200.jpg\",\"orientation\":\"landscape\"},\"large\":{\"height\":682,\"width\":1024,\"url\":\"https:\/\/turunlennokkiseura.com\/tls\/wp-content\/uploads\/2023\/10\/VVL_1488-1024x682.jpg\",\"orientation\":\"landscape\"},\"full\":{\"url\":\"https:\/\/turunlennokkiseura.com\/tls\/wp-content\/uploads\/2023\/10\/VVL_1488.jpg\",\"height\":1363,\"width\":2048,\"orientation\":\"landscape\"}},\"imageMeta\":{\"aperture\":\"0\",\"credit\":\"\",\"camera\":\"\",\"caption\":\"\",\"created_timestamp\":\"0\",\"copyright\":\"\",\"focal_length\":\"0\",\"iso\":\"0\",\"shutter_speed\":\"0\",\"title\":\"\",\"orientation\":\"0\",\"keywords\":[]},\"meta\":false,\"postlink\":\"https:\/\/turunlennokkiseura.com\/tls\/pgc_simply_gallery\/kesakauden-paattajaiset-30-9-2023\/vvl_1488\/\"},{\"id\":681,\"title\":\"VVL_1400\",\"url\":\"https:\/\/turunlennokkiseura.com\/tls\/wp-content\/uploads\/2023\/10\/VVL_1400.jpg\",\"link\":\"https:\/\/turunlennokkiseura.com\/tls\/pgc_simply_gallery\/kesakauden-paattajaiset-30-9-2023\/vvl_1400\/\",\"alt\":\"\",\"description\":\"\",\"caption\":\"\",\"mime\":\"image\/jpeg\",\"type\":\"image\",\"width\":2048,\"height\":1363,\"sizes\":{\"thumbnail\":{\"height\":150,\"width\":150,\"url\":\"https:\/\/turunlennokkiseura.com\/tls\/wp-content\/uploads\/2023\/10\/VVL_1400-150x150.jpg\",\"orientation\":\"landscape\"},\"medium\":{\"height\":200,\"width\":300,\"url\":\"https:\/\/turunlennokkiseura.com\/tls\/wp-content\/uploads\/2023\/10\/VVL_1400-300x200.jpg\",\"orientation\":\"landscape\"},\"large\":{\"height\":682,\"width\":1024,\"url\":\"https:\/\/turunlennokkiseura.com\/tls\/wp-content\/uploads\/2023\/10\/VVL_1400-1024x682.jpg\",\"orientation\":\"landscape\"},\"full\":{\"url\":\"https:\/\/turunlennokkiseura.com\/tls\/wp-content\/uploads\/2023\/10\/VVL_1400.jpg\",\"height\":1363,\"width\":2048,\"orientation\":\"landscape\"}},\"imageMeta\":{\"aperture\":\"0\",\"credit\":\"\",\"camera\":\"\",\"caption\":\"\",\"created_timestamp\":\"0\",\"copyright\":\"\",\"focal_length\":\"0\",\"iso\":\"0\",\"shutter_speed\":\"0\",\"title\":\"\",\"orientation\":\"0\",\"keywords\":[]},\"meta\":false,\"postlink\":\"https:\/\/turunlennokkiseura.com\/tls\/pgc_simply_gallery\/kesakauden-paattajaiset-30-9-2023\/vvl_1400\/\"},{\"id\":682,\"title\":\"VVL_1459\",\"url\":\"https:\/\/turunlennokkiseura.com\/tls\/wp-content\/uploads\/2023\/10\/VVL_1459.jpg\",\"link\":\"https:\/\/turunlennokkiseura.com\/tls\/pgc_simply_gallery\/kesakauden-paattajaiset-30-9-2023\/vvl_1459\/\",\"alt\":\"\",\"description\":\"\",\"caption\":\"\",\"mime\":\"image\/jpeg\",\"type\":\"image\",\"width\":2048,\"height\":1363,\"sizes\":{\"thumbnail\":{\"height\":150,\"width\":150,\"url\":\"https:\/\/turunlennokkiseura.com\/tls\/wp-content\/uploads\/2023\/10\/VVL_1459-150x150.jpg\",\"orientation\":\"landscape\"},\"medium\":{\"height\":200,\"width\":300,\"url\":\"https:\/\/turunlennokkiseura.com\/tls\/wp-content\/uploads\/2023\/10\/VVL_1459-300x200.jpg\",\"orientation\":\"landscape\"},\"large\":{\"height\":682,\"width\":1024,\"url\":\"https:\/\/turunlennokkiseura.com\/tls\/wp-content\/uploads\/2023\/10\/VVL_1459-1024x682.jpg\",\"orientation\":\"landscape\"},\"full\":{\"url\":\"https:\/\/turunlennokkiseura.com\/tls\/wp-content\/uploads\/2023\/10\/VVL_1459.jpg\",\"height\":1363,\"width\":2048,\"orientation\":\"landscape\"}},\"imageMeta\":{\"aperture\":\"0\",\"credit\":\"\",\"camera\":\"\",\"caption\":\"\",\"created_timestamp\":\"0\",\"copyright\":\"\",\"focal_length\":\"0\",\"iso\":\"0\",\"shutter_speed\":\"0\",\"title\":\"\",\"orientation\":\"0\",\"keywords\":[]},\"meta\":false,\"postlink\":\"https:\/\/turunlennokkiseura.com\/tls\/pgc_simply_gallery\/kesakauden-paattajaiset-30-9-2023\/vvl_1459\/\"},{\"id\":683,\"title\":\"VVL_1260\",\"url\":\"https:\/\/turunlennokkiseura.com\/tls\/wp-content\/uploads\/2023\/10\/VVL_1260.jpg\",\"link\":\"https:\/\/turunlennokkiseura.com\/tls\/pgc_simply_gallery\/kesakauden-paattajaiset-30-9-2023\/vvl_1260\/\",\"alt\":\"\",\"description\":\"\",\"caption\":\"\",\"mime\":\"image\/jpeg\",\"type\":\"image\",\"width\":2048,\"height\":1362,\"sizes\":{\"thumbnail\":{\"height\":150,\"width\":150,\"url\":\"https:\/\/turunlennokkiseura.com\/tls\/wp-content\/uploads\/2023\/10\/VVL_1260-150x150.jpg\",\"orientation\":\"landscape\"},\"medium\":{\"height\":200,\"width\":300,\"url\":\"https:\/\/turunlennokkiseura.com\/tls\/wp-content\/uploads\/2023\/10\/VVL_1260-300x200.jpg\",\"orientation\":\"landscape\"},\"large\":{\"height\":681,\"width\":1024,\"url\":\"https:\/\/turunlennokkiseura.com\/tls\/wp-content\/uploads\/2023\/10\/VVL_1260-1024x681.jpg\",\"orientation\":\"landscape\"},\"full\":{\"url\":\"https:\/\/turunlennokkiseura.com\/tls\/wp-content\/uploads\/2023\/10\/VVL_1260.jpg\",\"height\":1362,\"width\":2048,\"orientation\":\"landscape\"}},\"imageMeta\":{\"aperture\":\"0\",\"credit\":\"\",\"camera\":\"\",\"caption\":\"\",\"created_timestamp\":\"0\",\"copyright\":\"\",\"focal_length\":\"0\",\"iso\":\"0\",\"shutter_speed\":\"0\",\"title\":\"\",\"orientation\":\"0\",\"keywords\":[]},\"meta\":false,\"postlink\":\"https:\/\/turunlennokkiseura.com\/tls\/pgc_simply_gallery\/kesakauden-paattajaiset-30-9-2023\/vvl_1260\/\"},{\"id\":684,\"title\":\"VVL_1523\",\"url\":\"https:\/\/turunlennokkiseura.com\/tls\/wp-content\/uploads\/2023\/10\/VVL_1523.jpg\",\"link\":\"https:\/\/turunlennokkiseura.com\/tls\/pgc_simply_gallery\/kesakauden-paattajaiset-30-9-2023\/vvl_1523\/\",\"alt\":\"\",\"description\":\"\",\"caption\":\"\",\"mime\":\"image\/jpeg\",\"type\":\"image\",\"width\":2048,\"height\":1363,\"sizes\":{\"thumbnail\":{\"height\":150,\"width\":150,\"url\":\"https:\/\/turunlennokkiseura.com\/tls\/wp-content\/uploads\/2023\/10\/VVL_1523-150x150.jpg\",\"orientation\":\"landscape\"},\"medium\":{\"height\":200,\"width\":300,\"url\":\"https:\/\/turunlennokkiseura.com\/tls\/wp-content\/uploads\/2023\/10\/VVL_1523-300x200.jpg\",\"orientation\":\"landscape\"},\"large\":{\"height\":682,\"width\":1024,\"url\":\"https:\/\/turunlennokkiseura.com\/tls\/wp-content\/uploads\/2023\/10\/VVL_1523-1024x682.jpg\",\"orientation\":\"landscape\"},\"full\":{\"url\":\"https:\/\/turunlennokkiseura.com\/tls\/wp-content\/uploads\/2023\/10\/VVL_1523.jpg\",\"height\":1363,\"width\":2048,\"orientation\":\"landscape\"}},\"imageMeta\":{\"aperture\":\"0\",\"credit\":\"\",\"camera\":\"\",\"caption\":\"\",\"created_timestamp\":\"0\",\"copyright\":\"\",\"focal_length\":\"0\",\"iso\":\"0\",\"shutter_speed\":\"0\",\"title\":\"\",\"orientation\":\"0\",\"keywords\":[]},\"meta\":false,\"postlink\":\"https:\/\/turunlennokkiseura.com\/tls\/pgc_simply_gallery\/kesakauden-paattajaiset-30-9-2023\/vvl_1523\/\"},{\"id\":685,\"title\":\"VVL_1536\",\"url\":\"https:\/\/turunlennokkiseura.com\/tls\/wp-content\/uploads\/2023\/10\/VVL_1536.jpg\",\"link\":\"https:\/\/turunlennokkiseura.com\/tls\/pgc_simply_gallery\/kesakauden-paattajaiset-30-9-2023\/vvl_1536\/\",\"alt\":\"\",\"description\":\"\",\"caption\":\"\",\"mime\":\"image\/jpeg\",\"type\":\"image\",\"width\":2048,\"height\":1363,\"sizes\":{\"thumbnail\":{\"height\":150,\"width\":150,\"url\":\"https:\/\/turunlennokkiseura.com\/tls\/wp-content\/uploads\/2023\/10\/VVL_1536-150x150.jpg\",\"orientation\":\"landscape\"},\"medium\":{\"height\":200,\"width\":300,\"url\":\"https:\/\/turunlennokkiseura.com\/tls\/wp-content\/uploads\/2023\/10\/VVL_1536-300x200.jpg\",\"orientation\":\"landscape\"},\"large\":{\"height\":682,\"width\":1024,\"url\":\"https:\/\/turunlennokkiseura.com\/tls\/wp-content\/uploads\/2023\/10\/VVL_1536-1024x682.jpg\",\"orientation\":\"landscape\"},\"full\":{\"url\":\"https:\/\/turunlennokkiseura.com\/tls\/wp-content\/uploads\/2023\/10\/VVL_1536.jpg\",\"height\":1363,\"width\":2048,\"orientation\":\"landscape\"}},\"imageMeta\":{\"aperture\":\"0\",\"credit\":\"\",\"camera\":\"\",\"caption\":\"\",\"created_timestamp\":\"0\",\"copyright\":\"\",\"focal_length\":\"0\",\"iso\":\"0\",\"shutter_speed\":\"0\",\"title\":\"\",\"orientation\":\"0\",\"keywords\":[]},\"meta\":false,\"postlink\":\"https:\/\/turunlennokkiseura.com\/tls\/pgc_simply_gallery\/kesakauden-paattajaiset-30-9-2023\/vvl_1536\/\"},{\"id\":686,\"title\":\"VVL_1574\",\"url\":\"https:\/\/turunlennokkiseura.com\/tls\/wp-content\/uploads\/2023\/10\/VVL_1574.jpg\",\"link\":\"https:\/\/turunlennokkiseura.com\/tls\/pgc_simply_gallery\/kesakauden-paattajaiset-30-9-2023\/vvl_1574\/\",\"alt\":\"\",\"description\":\"\",\"caption\":\"\",\"mime\":\"image\/jpeg\",\"type\":\"image\",\"width\":2048,\"height\":1363,\"sizes\":{\"thumbnail\":{\"height\":150,\"width\":150,\"url\":\"https:\/\/turunlennokkiseura.com\/tls\/wp-content\/uploads\/2023\/10\/VVL_1574-150x150.jpg\",\"orientation\":\"landscape\"},\"medium\":{\"height\":200,\"width\":300,\"url\":\"https:\/\/turunlennokkiseura.com\/tls\/wp-content\/uploads\/2023\/10\/VVL_1574-300x200.jpg\",\"orientation\":\"landscape\"},\"large\":{\"height\":682,\"width\":1024,\"url\":\"https:\/\/turunlennokkiseura.com\/tls\/wp-content\/uploads\/2023\/10\/VVL_1574-1024x682.jpg\",\"orientation\":\"landscape\"},\"full\":{\"url\":\"https:\/\/turunlennokkiseura.com\/tls\/wp-content\/uploads\/2023\/10\/VVL_1574.jpg\",\"height\":1363,\"width\":2048,\"orientation\":\"landscape\"}},\"imageMeta\":{\"aperture\":\"0\",\"credit\":\"\",\"camera\":\"\",\"caption\":\"\",\"created_timestamp\":\"0\",\"copyright\":\"\",\"focal_length\":\"0\",\"iso\":\"0\",\"shutter_speed\":\"0\",\"title\":\"\",\"orientation\":\"0\",\"keywords\":[]},\"meta\":false,\"postlink\":\"https:\/\/turunlennokkiseura.com\/tls\/pgc_simply_gallery\/kesakauden-paattajaiset-30-9-2023\/vvl_1574\/\"},{\"id\":687,\"title\":\"VVL_1819\",\"url\":\"https:\/\/turunlennokkiseura.com\/tls\/wp-content\/uploads\/2023\/10\/VVL_1819.jpg\",\"link\":\"https:\/\/turunlennokkiseura.com\/tls\/pgc_simply_gallery\/kesakauden-paattajaiset-30-9-2023\/vvl_1819\/\",\"alt\":\"\",\"description\":\"\",\"caption\":\"\",\"mime\":\"image\/jpeg\",\"type\":\"image\",\"width\":2048,\"height\":1363,\"sizes\":{\"thumbnail\":{\"height\":150,\"width\":150,\"url\":\"https:\/\/turunlennokkiseura.com\/tls\/wp-content\/uploads\/2023\/10\/VVL_1819-150x150.jpg\",\"orientation\":\"landscape\"},\"medium\":{\"height\":200,\"width\":300,\"url\":\"https:\/\/turunlennokkiseura.com\/tls\/wp-content\/uploads\/2023\/10\/VVL_1819-300x200.jpg\",\"orientation\":\"landscape\"},\"large\":{\"height\":682,\"width\":1024,\"url\":\"https:\/\/turunlennokkiseura.com\/tls\/wp-content\/uploads\/2023\/10\/VVL_1819-1024x682.jpg\",\"orientation\":\"landscape\"},\"full\":{\"url\":\"https:\/\/turunlennokkiseura.com\/tls\/wp-content\/uploads\/2023\/10\/VVL_1819.jpg\",\"height\":1363,\"width\":2048,\"orientation\":\"landscape\"}},\"imageMeta\":{\"aperture\":\"0\",\"credit\":\"\",\"camera\":\"\",\"caption\":\"\",\"created_timestamp\":\"0\",\"copyright\":\"\",\"focal_length\":\"0\",\"iso\":\"0\",\"shutter_speed\":\"0\",\"title\":\"\",\"orientation\":\"0\",\"keywords\":[]},\"meta\":false,\"postlink\":\"https:\/\/turunlennokkiseura.com\/tls\/pgc_simply_gallery\/kesakauden-paattajaiset-30-9-2023\/vvl_1819\/\"},{\"id\":688,\"title\":\"VVL_1274\",\"url\":\"https:\/\/turunlennokkiseura.com\/tls\/wp-content\/uploads\/2023\/10\/VVL_1274.jpg\",\"link\":\"https:\/\/turunlennokkiseura.com\/tls\/pgc_simply_gallery\/kesakauden-paattajaiset-30-9-2023\/vvl_1274\/\",\"alt\":\"\",\"description\":\"\",\"caption\":\"\",\"mime\":\"image\/jpeg\",\"type\":\"image\",\"width\":2048,\"height\":1363,\"sizes\":{\"thumbnail\":{\"height\":150,\"width\":150,\"url\":\"https:\/\/turunlennokkiseura.com\/tls\/wp-content\/uploads\/2023\/10\/VVL_1274-150x150.jpg\",\"orientation\":\"landscape\"},\"medium\":{\"height\":200,\"width\":300,\"url\":\"https:\/\/turunlennokkiseura.com\/tls\/wp-content\/uploads\/2023\/10\/VVL_1274-300x200.jpg\",\"orientation\":\"landscape\"},\"large\":{\"height\":682,\"width\":1024,\"url\":\"https:\/\/turunlennokkiseura.com\/tls\/wp-content\/uploads\/2023\/10\/VVL_1274-1024x682.jpg\",\"orientation\":\"landscape\"},\"full\":{\"url\":\"https:\/\/turunlennokkiseura.com\/tls\/wp-content\/uploads\/2023\/10\/VVL_1274.jpg\",\"height\":1363,\"width\":2048,\"orientation\":\"landscape\"}},\"imageMeta\":{\"aperture\":\"0\",\"credit\":\"\",\"camera\":\"\",\"caption\":\"\",\"created_timestamp\":\"0\",\"copyright\":\"\",\"focal_length\":\"0\",\"iso\":\"0\",\"shutter_speed\":\"0\",\"title\":\"\",\"orientation\":\"0\",\"keywords\":[]},\"meta\":false,\"postlink\":\"https:\/\/turunlennokkiseura.com\/tls\/pgc_simply_gallery\/kesakauden-paattajaiset-30-9-2023\/vvl_1274\/\"},{\"id\":689,\"title\":\"VVL_1271\",\"url\":\"https:\/\/turunlennokkiseura.com\/tls\/wp-content\/uploads\/2023\/10\/VVL_1271.jpg\",\"link\":\"https:\/\/turunlennokkiseura.com\/tls\/pgc_simply_gallery\/kesakauden-paattajaiset-30-9-2023\/vvl_1271\/\",\"alt\":\"\",\"description\":\"\",\"caption\":\"\",\"mime\":\"image\/jpeg\",\"type\":\"image\",\"width\":2048,\"height\":1269,\"sizes\":{\"thumbnail\":{\"height\":150,\"width\":150,\"url\":\"https:\/\/turunlennokkiseura.com\/tls\/wp-content\/uploads\/2023\/10\/VVL_1271-150x150.jpg\",\"orientation\":\"landscape\"},\"medium\":{\"height\":186,\"width\":300,\"url\":\"https:\/\/turunlennokkiseura.com\/tls\/wp-content\/uploads\/2023\/10\/VVL_1271-300x186.jpg\",\"orientation\":\"landscape\"},\"large\":{\"height\":635,\"width\":1024,\"url\":\"https:\/\/turunlennokkiseura.com\/tls\/wp-content\/uploads\/2023\/10\/VVL_1271-1024x635.jpg\",\"orientation\":\"landscape\"},\"full\":{\"url\":\"https:\/\/turunlennokkiseura.com\/tls\/wp-content\/uploads\/2023\/10\/VVL_1271.jpg\",\"height\":1269,\"width\":2048,\"orientation\":\"landscape\"}},\"imageMeta\":{\"aperture\":\"0\",\"credit\":\"\",\"camera\":\"\",\"caption\":\"\",\"created_timestamp\":\"0\",\"copyright\":\"\",\"focal_length\":\"0\",\"iso\":\"0\",\"shutter_speed\":\"0\",\"title\":\"\",\"orientation\":\"0\",\"keywords\":[]},\"meta\":false,\"postlink\":\"https:\/\/turunlennokkiseura.com\/tls\/pgc_simply_gallery\/kesakauden-paattajaiset-30-9-2023\/vvl_1271\/\"},{\"id\":690,\"title\":\"VVL_1272\",\"url\":\"https:\/\/turunlennokkiseura.com\/tls\/wp-content\/uploads\/2023\/10\/VVL_1272.jpg\",\"link\":\"https:\/\/turunlennokkiseura.com\/tls\/pgc_simply_gallery\/kesakauden-paattajaiset-30-9-2023\/vvl_1272\/\",\"alt\":\"\",\"description\":\"\",\"caption\":\"\",\"mime\":\"image\/jpeg\",\"type\":\"image\",\"width\":2048,\"height\":1363,\"sizes\":{\"thumbnail\":{\"height\":150,\"width\":150,\"url\":\"https:\/\/turunlennokkiseura.com\/tls\/wp-content\/uploads\/2023\/10\/VVL_1272-150x150.jpg\",\"orientation\":\"landscape\"},\"medium\":{\"height\":200,\"width\":300,\"url\":\"https:\/\/turunlennokkiseura.com\/tls\/wp-content\/uploads\/2023\/10\/VVL_1272-300x200.jpg\",\"orientation\":\"landscape\"},\"large\":{\"height\":682,\"width\":1024,\"url\":\"https:\/\/turunlennokkiseura.com\/tls\/wp-content\/uploads\/2023\/10\/VVL_1272-1024x682.jpg\",\"orientation\":\"landscape\"},\"full\":{\"url\":\"https:\/\/turunlennokkiseura.com\/tls\/wp-content\/uploads\/2023\/10\/VVL_1272.jpg\",\"height\":1363,\"width\":2048,\"orientation\":\"landscape\"}},\"imageMeta\":{\"aperture\":\"0\",\"credit\":\"\",\"camera\":\"\",\"caption\":\"\",\"created_timestamp\":\"0\",\"copyright\":\"\",\"focal_length\":\"0\",\"iso\":\"0\",\"shutter_speed\":\"0\",\"title\":\"\",\"orientation\":\"0\",\"keywords\":[]},\"meta\":false,\"postlink\":\"https:\/\/turunlennokkiseura.com\/tls\/pgc_simply_gallery\/kesakauden-paattajaiset-30-9-2023\/vvl_1272\/\"},{\"id\":691,\"title\":\"VVL_1253\",\"url\":\"https:\/\/turunlennokkiseura.com\/tls\/wp-content\/uploads\/2023\/10\/VVL_1253.jpg\",\"link\":\"https:\/\/turunlennokkiseura.com\/tls\/pgc_simply_gallery\/kesakauden-paattajaiset-30-9-2023\/vvl_1253\/\",\"alt\":\"\",\"description\":\"\",\"caption\":\"\",\"mime\":\"image\/jpeg\",\"type\":\"image\",\"width\":2048,\"height\":1362,\"sizes\":{\"thumbnail\":{\"height\":150,\"width\":150,\"url\":\"https:\/\/turunlennokkiseura.com\/tls\/wp-content\/uploads\/2023\/10\/VVL_1253-150x150.jpg\",\"orientation\":\"landscape\"},\"medium\":{\"height\":200,\"width\":300,\"url\":\"https:\/\/turunlennokkiseura.com\/tls\/wp-content\/uploads\/2023\/10\/VVL_1253-300x200.jpg\",\"orientation\":\"landscape\"},\"large\":{\"height\":681,\"width\":1024,\"url\":\"https:\/\/turunlennokkiseura.com\/tls\/wp-content\/uploads\/2023\/10\/VVL_1253-1024x681.jpg\",\"orientation\":\"landscape\"},\"full\":{\"url\":\"https:\/\/turunlennokkiseura.com\/tls\/wp-content\/uploads\/2023\/10\/VVL_1253.jpg\",\"height\":1362,\"width\":2048,\"orientation\":\"landscape\"}},\"imageMeta\":{\"aperture\":\"0\",\"credit\":\"\",\"camera\":\"\",\"caption\":\"\",\"created_timestamp\":\"0\",\"copyright\":\"\",\"focal_length\":\"0\",\"iso\":\"0\",\"shutter_speed\":\"0\",\"title\":\"\",\"orientation\":\"0\",\"keywords\":[]},\"meta\":false,\"postlink\":\"https:\/\/turunlennokkiseura.com\/tls\/pgc_simply_gallery\/kesakauden-paattajaiset-30-9-2023\/vvl_1253\/\"},{\"id\":692,\"title\":\"VVL_1311\",\"url\":\"https:\/\/turunlennokkiseura.com\/tls\/wp-content\/uploads\/2023\/10\/VVL_1311.jpg\",\"link\":\"https:\/\/turunlennokkiseura.com\/tls\/pgc_simply_gallery\/kesakauden-paattajaiset-30-9-2023\/vvl_1311\/\",\"alt\":\"\",\"description\":\"\",\"caption\":\"\",\"mime\":\"image\/jpeg\",\"type\":\"image\",\"width\":2048,\"height\":1363,\"sizes\":{\"thumbnail\":{\"height\":150,\"width\":150,\"url\":\"https:\/\/turunlennokkiseura.com\/tls\/wp-content\/uploads\/2023\/10\/VVL_1311-150x150.jpg\",\"orientation\":\"landscape\"},\"medium\":{\"height\":200,\"width\":300,\"url\":\"https:\/\/turunlennokkiseura.com\/tls\/wp-content\/uploads\/2023\/10\/VVL_1311-300x200.jpg\",\"orientation\":\"landscape\"},\"large\":{\"height\":682,\"width\":1024,\"url\":\"https:\/\/turunlennokkiseura.com\/tls\/wp-content\/uploads\/2023\/10\/VVL_1311-1024x682.jpg\",\"orientation\":\"landscape\"},\"full\":{\"url\":\"https:\/\/turunlennokkiseura.com\/tls\/wp-content\/uploads\/2023\/10\/VVL_1311.jpg\",\"height\":1363,\"width\":2048,\"orientation\":\"landscape\"}},\"imageMeta\":{\"aperture\":\"0\",\"credit\":\"\",\"camera\":\"\",\"caption\":\"\",\"created_timestamp\":\"0\",\"copyright\":\"\",\"focal_length\":\"0\",\"iso\":\"0\",\"shutter_speed\":\"0\",\"title\":\"\",\"orientation\":\"0\",\"keywords\":[]},\"meta\":false,\"postlink\":\"https:\/\/turunlennokkiseura.com\/tls\/pgc_simply_gallery\/kesakauden-paattajaiset-30-9-2023\/vvl_1311\/\"},{\"id\":693,\"title\":\"VVL_1259\",\"url\":\"https:\/\/turunlennokkiseura.com\/tls\/wp-content\/uploads\/2023\/10\/VVL_1259.jpg\",\"link\":\"https:\/\/turunlennokkiseura.com\/tls\/pgc_simply_gallery\/kesakauden-paattajaiset-30-9-2023\/vvl_1259\/\",\"alt\":\"\",\"description\":\"\",\"caption\":\"\",\"mime\":\"image\/jpeg\",\"type\":\"image\",\"width\":2048,\"height\":1363,\"sizes\":{\"thumbnail\":{\"height\":150,\"width\":150,\"url\":\"https:\/\/turunlennokkiseura.com\/tls\/wp-content\/uploads\/2023\/10\/VVL_1259-150x150.jpg\",\"orientation\":\"landscape\"},\"medium\":{\"height\":200,\"width\":300,\"url\":\"https:\/\/turunlennokkiseura.com\/tls\/wp-content\/uploads\/2023\/10\/VVL_1259-300x200.jpg\",\"orientation\":\"landscape\"},\"large\":{\"height\":682,\"width\":1024,\"url\":\"https:\/\/turunlennokkiseura.com\/tls\/wp-content\/uploads\/2023\/10\/VVL_1259-1024x682.jpg\",\"orientation\":\"landscape\"},\"full\":{\"url\":\"https:\/\/turunlennokkiseura.com\/tls\/wp-content\/uploads\/2023\/10\/VVL_1259.jpg\",\"height\":1363,\"width\":2048,\"orientation\":\"landscape\"}},\"imageMeta\":{\"aperture\":\"0\",\"credit\":\"\",\"camera\":\"\",\"caption\":\"\",\"created_timestamp\":\"0\",\"copyright\":\"\",\"focal_length\":\"0\",\"iso\":\"0\",\"shutter_speed\":\"0\",\"title\":\"\",\"orientation\":\"0\",\"keywords\":[]},\"meta\":false,\"postlink\":\"https:\/\/turunlennokkiseura.com\/tls\/pgc_simply_gallery\/kesakauden-paattajaiset-30-9-2023\/vvl_1259\/\"},{\"id\":694,\"title\":\"VVL_1273\",\"url\":\"https:\/\/turunlennokkiseura.com\/tls\/wp-content\/uploads\/2023\/10\/VVL_1273.jpg\",\"link\":\"https:\/\/turunlennokkiseura.com\/tls\/pgc_simply_gallery\/kesakauden-paattajaiset-30-9-2023\/vvl_1273\/\",\"alt\":\"\",\"description\":\"\",\"caption\":\"\",\"mime\":\"image\/jpeg\",\"type\":\"image\",\"width\":2048,\"height\":1363,\"sizes\":{\"thumbnail\":{\"height\":150,\"width\":150,\"url\":\"https:\/\/turunlennokkiseura.com\/tls\/wp-content\/uploads\/2023\/10\/VVL_1273-150x150.jpg\",\"orientation\":\"landscape\"},\"medium\":{\"height\":200,\"width\":300,\"url\":\"https:\/\/turunlennokkiseura.com\/tls\/wp-content\/uploads\/2023\/10\/VVL_1273-300x200.jpg\",\"orientation\":\"landscape\"},\"large\":{\"height\":682,\"width\":1024,\"url\":\"https:\/\/turunlennokkiseura.com\/tls\/wp-content\/uploads\/2023\/10\/VVL_1273-1024x682.jpg\",\"orientation\":\"landscape\"},\"full\":{\"url\":\"https:\/\/turunlennokkiseura.com\/tls\/wp-content\/uploads\/2023\/10\/VVL_1273.jpg\",\"height\":1363,\"width\":2048,\"orientation\":\"landscape\"}},\"imageMeta\":{\"aperture\":\"0\",\"credit\":\"\",\"camera\":\"\",\"caption\":\"\",\"created_timestamp\":\"0\",\"copyright\":\"\",\"focal_length\":\"0\",\"iso\":\"0\",\"shutter_speed\":\"0\",\"title\":\"\",\"orientation\":\"0\",\"keywords\":[]},\"meta\":false,\"postlink\":\"https:\/\/turunlennokkiseura.com\/tls\/pgc_simply_gallery\/kesakauden-paattajaiset-30-9-2023\/vvl_1273\/\"},{\"id\":695,\"title\":\"VVL_1560\",\"url\":\"https:\/\/turunlennokkiseura.com\/tls\/wp-content\/uploads\/2023\/10\/VVL_1560.jpg\",\"link\":\"https:\/\/turunlennokkiseura.com\/tls\/pgc_simply_gallery\/kesakauden-paattajaiset-30-9-2023\/vvl_1560\/\",\"alt\":\"\",\"description\":\"\",\"caption\":\"\",\"mime\":\"image\/jpeg\",\"type\":\"image\",\"width\":2048,\"height\":1363,\"sizes\":{\"thumbnail\":{\"height\":150,\"width\":150,\"url\":\"https:\/\/turunlennokkiseura.com\/tls\/wp-content\/uploads\/2023\/10\/VVL_1560-150x150.jpg\",\"orientation\":\"landscape\"},\"medium\":{\"height\":200,\"width\":300,\"url\":\"https:\/\/turunlennokkiseura.com\/tls\/wp-content\/uploads\/2023\/10\/VVL_1560-300x200.jpg\",\"orientation\":\"landscape\"},\"large\":{\"height\":682,\"width\":1024,\"url\":\"https:\/\/turunlennokkiseura.com\/tls\/wp-content\/uploads\/2023\/10\/VVL_1560-1024x682.jpg\",\"orientation\":\"landscape\"},\"full\":{\"url\":\"https:\/\/turunlennokkiseura.com\/tls\/wp-content\/uploads\/2023\/10\/VVL_1560.jpg\",\"height\":1363,\"width\":2048,\"orientation\":\"landscape\"}},\"imageMeta\":{\"aperture\":\"0\",\"credit\":\"\",\"camera\":\"\",\"caption\":\"\",\"created_timestamp\":\"0\",\"copyright\":\"\",\"focal_length\":\"0\",\"iso\":\"0\",\"shutter_speed\":\"0\",\"title\":\"\",\"orientation\":\"0\",\"keywords\":[]},\"meta\":false,\"postlink\":\"https:\/\/turunlennokkiseura.com\/tls\/pgc_simply_gallery\/kesakauden-paattajaiset-30-9-2023\/vvl_1560\/\"},{\"id\":696,\"title\":\"VVL_1254\",\"url\":\"https:\/\/turunlennokkiseura.com\/tls\/wp-content\/uploads\/2023\/10\/VVL_1254.jpg\",\"link\":\"https:\/\/turunlennokkiseura.com\/tls\/pgc_simply_gallery\/kesakauden-paattajaiset-30-9-2023\/vvl_1254\/\",\"alt\":\"\",\"description\":\"\",\"caption\":\"\",\"mime\":\"image\/jpeg\",\"type\":\"image\",\"width\":2048,\"height\":1362,\"sizes\":{\"thumbnail\":{\"height\":150,\"width\":150,\"url\":\"https:\/\/turunlennokkiseura.com\/tls\/wp-content\/uploads\/2023\/10\/VVL_1254-150x150.jpg\",\"orientation\":\"landscape\"},\"medium\":{\"height\":200,\"width\":300,\"url\":\"https:\/\/turunlennokkiseura.com\/tls\/wp-content\/uploads\/2023\/10\/VVL_1254-300x200.jpg\",\"orientation\":\"landscape\"},\"large\":{\"height\":681,\"width\":1024,\"url\":\"https:\/\/turunlennokkiseura.com\/tls\/wp-content\/uploads\/2023\/10\/VVL_1254-1024x681.jpg\",\"orientation\":\"landscape\"},\"full\":{\"url\":\"https:\/\/turunlennokkiseura.com\/tls\/wp-content\/uploads\/2023\/10\/VVL_1254.jpg\",\"height\":1362,\"width\":2048,\"orientation\":\"landscape\"}},\"imageMeta\":{\"aperture\":\"0\",\"credit\":\"\",\"camera\":\"\",\"caption\":\"\",\"created_timestamp\":\"0\",\"copyright\":\"\",\"focal_length\":\"0\",\"iso\":\"0\",\"shutter_speed\":\"0\",\"title\":\"\",\"orientation\":\"0\",\"keywords\":[]},\"meta\":false,\"postlink\":\"https:\/\/turunlennokkiseura.com\/tls\/pgc_simply_gallery\/kesakauden-paattajaiset-30-9-2023\/vvl_1254\/\"},{\"id\":697,\"title\":\"VVL_1277\",\"url\":\"https:\/\/turunlennokkiseura.com\/tls\/wp-content\/uploads\/2023\/10\/VVL_1277.jpg\",\"link\":\"https:\/\/turunlennokkiseura.com\/tls\/pgc_simply_gallery\/kesakauden-paattajaiset-30-9-2023\/vvl_1277\/\",\"alt\":\"\",\"description\":\"\",\"caption\":\"\",\"mime\":\"image\/jpeg\",\"type\":\"image\",\"width\":2048,\"height\":1363,\"sizes\":{\"thumbnail\":{\"height\":150,\"width\":150,\"url\":\"https:\/\/turunlennokkiseura.com\/tls\/wp-content\/uploads\/2023\/10\/VVL_1277-150x150.jpg\",\"orientation\":\"landscape\"},\"medium\":{\"height\":200,\"width\":300,\"url\":\"https:\/\/turunlennokkiseura.com\/tls\/wp-content\/uploads\/2023\/10\/VVL_1277-300x200.jpg\",\"orientation\":\"landscape\"},\"large\":{\"height\":682,\"width\":1024,\"url\":\"https:\/\/turunlennokkiseura.com\/tls\/wp-content\/uploads\/2023\/10\/VVL_1277-1024x682.jpg\",\"orientation\":\"landscape\"},\"full\":{\"url\":\"https:\/\/turunlennokkiseura.com\/tls\/wp-content\/uploads\/2023\/10\/VVL_1277.jpg\",\"height\":1363,\"width\":2048,\"orientation\":\"landscape\"}},\"imageMeta\":{\"aperture\":\"0\",\"credit\":\"\",\"camera\":\"\",\"caption\":\"\",\"created_timestamp\":\"0\",\"copyright\":\"\",\"focal_length\":\"0\",\"iso\":\"0\",\"shutter_speed\":\"0\",\"title\":\"\",\"orientation\":\"0\",\"keywords\":[]},\"meta\":false,\"postlink\":\"https:\/\/turunlennokkiseura.com\/tls\/pgc_simply_gallery\/kesakauden-paattajaiset-30-9-2023\/vvl_1277\/\"},{\"id\":698,\"title\":\"VVL_1562\",\"url\":\"https:\/\/turunlennokkiseura.com\/tls\/wp-content\/uploads\/2023\/10\/VVL_1562.jpg\",\"link\":\"https:\/\/turunlennokkiseura.com\/tls\/pgc_simply_gallery\/kesakauden-paattajaiset-30-9-2023\/vvl_1562\/\",\"alt\":\"\",\"description\":\"\",\"caption\":\"\",\"mime\":\"image\/jpeg\",\"type\":\"image\",\"width\":2048,\"height\":1363,\"sizes\":{\"thumbnail\":{\"height\":150,\"width\":150,\"url\":\"https:\/\/turunlennokkiseura.com\/tls\/wp-content\/uploads\/2023\/10\/VVL_1562-150x150.jpg\",\"orientation\":\"landscape\"},\"medium\":{\"height\":200,\"width\":300,\"url\":\"https:\/\/turunlennokkiseura.com\/tls\/wp-content\/uploads\/2023\/10\/VVL_1562-300x200.jpg\",\"orientation\":\"landscape\"},\"large\":{\"height\":682,\"width\":1024,\"url\":\"https:\/\/turunlennokkiseura.com\/tls\/wp-content\/uploads\/2023\/10\/VVL_1562-1024x682.jpg\",\"orientation\":\"landscape\"},\"full\":{\"url\":\"https:\/\/turunlennokkiseura.com\/tls\/wp-content\/uploads\/2023\/10\/VVL_1562.jpg\",\"height\":1363,\"width\":2048,\"orientation\":\"landscape\"}},\"imageMeta\":{\"aperture\":\"0\",\"credit\":\"\",\"camera\":\"\",\"caption\":\"\",\"created_timestamp\":\"0\",\"copyright\":\"\",\"focal_length\":\"0\",\"iso\":\"0\",\"shutter_speed\":\"0\",\"title\":\"\",\"orientation\":\"0\",\"keywords\":[]},\"meta\":false,\"postlink\":\"https:\/\/turunlennokkiseura.com\/tls\/pgc_simply_gallery\/kesakauden-paattajaiset-30-9-2023\/vvl_1562\/\"}],\"itemsMetaDataCollection\":[]}<\/script><script>(function(){if(window.PGC_SGB && window.PGC_SGB.searcher){window.PGC_SGB.searcher.initBlocks()}})()<\/script><\/div>\n\n\n<figure class=\"wp-block-embed is-type-video is-provider-youtube wp-block-embed-youtube wp-embed-aspect-4-3 wp-has-aspect-ratio\"><div class=\"wp-block-embed__wrapper\">\n<iframe loading=\"lazy\" title=\"Turun Lennokkiseuran Kes\u00e4kauden p\u00e4\u00e4tt\u00e4j\u00e4iset 30.9.2023\" width=\"500\" height=\"375\" src=\"https:\/\/www.youtube.com\/embed\/f9Qzu_1nVCk?feature=oembed\" frameborder=\"0\" allow=\"accelerometer; autoplay; clipboard-write; encrypted-media; gyroscope; picture-in-picture; web-share\" referrerpolicy=\"strict-origin-when-cross-origin\" allowfullscreen><\/iframe>\n<\/div><figcaption class=\"wp-element-caption\">Koko tapahtuma 44 sekunnissa Iston tapaan<\/figcaption><\/figure>\n\n\n\n<figure class=\"wp-block-embed is-type-video is-provider-youtube wp-block-embed-youtube wp-embed-aspect-16-9 wp-has-aspect-ratio\"><div class=\"wp-block-embed__wrapper\">\n<iframe loading=\"lazy\" title=\"Talkoot ja hupikisa Paattisilla 30.9.23\" width=\"500\" height=\"281\" src=\"https:\/\/www.youtube.com\/embed\/db4Ww3gTeP0?feature=oembed\" frameborder=\"0\" allow=\"accelerometer; autoplay; clipboard-write; encrypted-media; gyroscope; picture-in-picture; web-share\" referrerpolicy=\"strict-origin-when-cross-origin\" allowfullscreen><\/iframe>\n<\/div><figcaption class=\"wp-element-caption\">Timo K: n video <\/figcaption><\/figure>\n\n\n\n<figure class=\"wp-block-embed is-type-video is-provider-youtube wp-block-embed-youtube wp-embed-aspect-16-9 wp-has-aspect-ratio\"><div class=\"wp-block-embed__wrapper\">\n<iframe loading=\"lazy\" title=\"Kes\u00e4kauden p\u00e4\u00e4tt\u00e4j\u00e4iset Paattisilla 30.9.2023\" width=\"500\" height=\"281\" src=\"https:\/\/www.youtube.com\/embed\/09NdsbFvCdc?feature=oembed\" frameborder=\"0\" allow=\"accelerometer; autoplay; clipboard-write; encrypted-media; gyroscope; picture-in-picture; web-share\" referrerpolicy=\"strict-origin-when-cross-origin\" allowfullscreen><\/iframe>\n<\/div><figcaption class=\"wp-element-caption\">Timo L:n video<\/figcaption><\/figure>\n\n\n\n<figure class=\"wp-block-embed is-type-video is-provider-youtube wp-block-embed-youtube wp-embed-aspect-16-9 wp-has-aspect-ratio\"><div class=\"wp-block-embed__wrapper\">\n<iframe loading=\"lazy\" title=\"Kes\u00e4kauden p\u00e4\u00e4tt\u00e4j\u00e4iset 2023\" width=\"500\" height=\"281\" src=\"https:\/\/www.youtube.com\/embed\/eKkGDqRLtK8?feature=oembed\" frameborder=\"0\" allow=\"accelerometer; autoplay; clipboard-write; encrypted-media; gyroscope; picture-in-picture; web-share\" referrerpolicy=\"strict-origin-when-cross-origin\" allowfullscreen><\/iframe>\n<\/div><figcaption class=\"wp-element-caption\">Reiman video <\/figcaption><\/figure>\n","protected":false},"excerpt":{"rendered":"","protected":false},"author":1,"featured_media":0,"parent":0,"menu_order":0,"comment_status":"closed","ping_status":"closed","template":"","meta":{"pgc_sgb_lightbox_settings":"","footnotes":""},"class_list":["post-484","page","type-page","status-publish","hentry"],"_links":{"self":[{"href":"https:\/\/turunlennokkiseura.com\/tls\/wp-json\/wp\/v2\/pages\/484","targetHints":{"allow":["GET"]}}],"collection":[{"href":"https:\/\/turunlennokkiseura.com\/tls\/wp-json\/wp\/v2\/pages"}],"about":[{"href":"https:\/\/turunlennokkiseura.com\/tls\/wp-json\/wp\/v2\/types\/page"}],"author":[{"embeddable":true,"href":"https:\/\/turunlennokkiseura.com\/tls\/wp-json\/wp\/v2\/users\/1"}],"replies":[{"embeddable":true,"href":"https:\/\/turunlennokkiseura.com\/tls\/wp-json\/wp\/v2\/comments?post=484"}],"version-history":[{"count":14,"href":"https:\/\/turunlennokkiseura.com\/tls\/wp-json\/wp\/v2\/pages\/484\/revisions"}],"predecessor-version":[{"id":852,"href":"https:\/\/turunlennokkiseura.com\/tls\/wp-json\/wp\/v2\/pages\/484\/revisions\/852"}],"wp:attachment":[{"href":"https:\/\/turunlennokkiseura.com\/tls\/wp-json\/wp\/v2\/media?parent=484"}],"curies":[{"name":"wp","href":"https:\/\/api.w.org\/{rel}","templated":true}]}}