



{"id":12,"date":"2023-07-08T22:17:43","date_gmt":"2023-07-08T19:17:43","guid":{"rendered":"https:\/\/turunlennokkiseura.com\/tls\/?page_id=12"},"modified":"2026-02-02T14:10:34","modified_gmt":"2026-02-02T11:10:34","slug":"ajankohtaista","status":"publish","type":"page","link":"https:\/\/turunlennokkiseura.com\/tls\/","title":{"rendered":"Ajankohtaista"},"content":{"rendered":"\n<div class=\"wp-block-columns is-layout-flex wp-container-core-columns-is-layout-28f84493 wp-block-columns-is-layout-flex\">\n<div class=\"wp-block-column is-layout-flow wp-block-column-is-layout-flow\" style=\"flex-basis:25%\">\n<p><strong>Sponsorit<\/strong><\/p>\n\n\n\n<figure class=\"wp-block-image size-large\"><a href=\"https:\/\/www.k\u00e4rchercenter.com\/\" target=\"_blank\" rel=\"noreferrer noopener\"><img decoding=\"async\" src=\"https:\/\/turunlennokkiseura.com\/tls\/wp-content\/uploads\/2024\/04\/Kymppipalvelu_logo-300.png\" alt=\"\"\/><\/a><\/figure>\n\n\n\n<figure class=\"wp-block-image size-large\"><a href=\"https:\/\/ac.fi\" target=\"_blank\" rel=\"noreferrer noopener\"><img decoding=\"async\" src=\"https:\/\/turunlennokkiseura.com\/tls\/wp-content\/uploads\/2024\/04\/AC-300.jpg\" alt=\"\"\/><\/a><\/figure>\n\n\n\n<figure class=\"wp-block-image size-large is-resized\"><a href=\"https:\/\/www.hobbylinna.fi\"><img loading=\"lazy\" decoding=\"async\" width=\"1024\" height=\"475\" src=\"https:\/\/turunlennokkiseura.com\/tls\/wp-content\/uploads\/2025\/03\/Hobbylinna_logo_alateksti_cmyk-1024x475.jpg\" alt=\"\" class=\"wp-image-1289\" style=\"width:292px;height:auto\" srcset=\"https:\/\/turunlennokkiseura.com\/tls\/wp-content\/uploads\/2025\/03\/Hobbylinna_logo_alateksti_cmyk-1024x475.jpg 1024w, https:\/\/turunlennokkiseura.com\/tls\/wp-content\/uploads\/2025\/03\/Hobbylinna_logo_alateksti_cmyk-300x139.jpg 300w, https:\/\/turunlennokkiseura.com\/tls\/wp-content\/uploads\/2025\/03\/Hobbylinna_logo_alateksti_cmyk-768x356.jpg 768w, https:\/\/turunlennokkiseura.com\/tls\/wp-content\/uploads\/2025\/03\/Hobbylinna_logo_alateksti_cmyk-1536x712.jpg 1536w, https:\/\/turunlennokkiseura.com\/tls\/wp-content\/uploads\/2025\/03\/Hobbylinna_logo_alateksti_cmyk-2048x950.jpg 2048w\" sizes=\"auto, (max-width: 1024px) 100vw, 1024px\" \/><\/a><\/figure>\n\n\n\n<figure class=\"wp-block-image size-large\"><a href=\"https:\/\/www.turunmaisemointi.fi\/\"><img loading=\"lazy\" decoding=\"async\" width=\"1024\" height=\"435\" src=\"https:\/\/turunlennokkiseura.com\/tls\/wp-content\/uploads\/2025\/10\/Turun-Maisemointi-1024x435.png\" alt=\"\" class=\"wp-image-1586\" srcset=\"https:\/\/turunlennokkiseura.com\/tls\/wp-content\/uploads\/2025\/10\/Turun-Maisemointi-1024x435.png 1024w, https:\/\/turunlennokkiseura.com\/tls\/wp-content\/uploads\/2025\/10\/Turun-Maisemointi-300x128.png 300w, https:\/\/turunlennokkiseura.com\/tls\/wp-content\/uploads\/2025\/10\/Turun-Maisemointi-768x327.png 768w, https:\/\/turunlennokkiseura.com\/tls\/wp-content\/uploads\/2025\/10\/Turun-Maisemointi.png 1418w\" sizes=\"auto, (max-width: 1024px) 100vw, 1024px\" \/><\/a><\/figure>\n\n\n\n<figure class=\"wp-block-image size-full is-resized\"><a href=\"https:\/\/airhud.io\/\"><img loading=\"lazy\" decoding=\"async\" width=\"285\" height=\"348\" src=\"https:\/\/turunlennokkiseura.com\/tls\/wp-content\/uploads\/2024\/04\/airhud_logo_A-300.png\" alt=\"\" class=\"wp-image-1118\" style=\"width:204px;height:auto\" srcset=\"https:\/\/turunlennokkiseura.com\/tls\/wp-content\/uploads\/2024\/04\/airhud_logo_A-300.png 285w, https:\/\/turunlennokkiseura.com\/tls\/wp-content\/uploads\/2024\/04\/airhud_logo_A-300-246x300.png 246w\" sizes=\"auto, (max-width: 285px) 100vw, 285px\" \/><\/a><\/figure>\n<\/div>\n\n\n\n<div class=\"wp-block-column is-layout-flow wp-block-column-is-layout-flow\">\n<div class=\"wp-block-query is-layout-flow wp-block-query-is-layout-flow\"><ul class=\"columns-2 wp-block-post-template is-layout-grid wp-container-core-post-template-is-layout-02493678 wp-block-post-template-is-layout-grid\"><li class=\"wp-block-post post-1743 post type-post status-publish format-standard has-post-thumbnail hentry category-oletus\">\n\n<div class=\"wp-block-group has-global-padding is-layout-constrained wp-container-core-group-is-layout-e5c0cd5e wp-block-group-is-layout-constrained\" style=\"padding-top:30px;padding-right:30px;padding-bottom:30px;padding-left:30px\"><h4 class=\"wp-block-post-title\"><a href=\"https:\/\/turunlennokkiseura.com\/tls\/2026\/04\/01\/tls-ry-verkkokauppa-avattu-1-4-2026\/\" target=\"_self\" >TLS ry verkkokauppa avattu 1.4.2026<\/a><\/h4>\n\n<figure class=\"wp-block-post-featured-image\"><img loading=\"lazy\" decoding=\"async\" width=\"1024\" height=\"1536\" src=\"https:\/\/turunlennokkiseura.com\/tls\/wp-content\/uploads\/2026\/04\/FB_IMG_1775028448504.jpg\" class=\"attachment-post-thumbnail size-post-thumbnail wp-post-image\" alt=\"\" style=\"object-fit:cover;\" srcset=\"https:\/\/turunlennokkiseura.com\/tls\/wp-content\/uploads\/2026\/04\/FB_IMG_1775028448504.jpg 1024w, https:\/\/turunlennokkiseura.com\/tls\/wp-content\/uploads\/2026\/04\/FB_IMG_1775028448504-200x300.jpg 200w, https:\/\/turunlennokkiseura.com\/tls\/wp-content\/uploads\/2026\/04\/FB_IMG_1775028448504-683x1024.jpg 683w, https:\/\/turunlennokkiseura.com\/tls\/wp-content\/uploads\/2026\/04\/FB_IMG_1775028448504-768x1152.jpg 768w\" sizes=\"auto, (max-width: 1024px) 100vw, 1024px\" \/><\/figure>\n\n<div class=\"wp-block-post-excerpt\"><p class=\"wp-block-post-excerpt__excerpt\">Ensimm\u00e4inen tuote jo esill\u00e4 Tutustu t\u00e4h\u00e4n vallankumoukselliseen uutuustuotteeseemme alla. Testausmahdollisuus kent\u00e4ll\u00e4mme Paattisilla kentt\u00e4mestarin paikalla ollessa.<\/p><p class=\"wp-block-post-excerpt__more-text\"><a class=\"wp-block-post-excerpt__more-link\" href=\"https:\/\/turunlennokkiseura.com\/tls\/2026\/04\/01\/tls-ry-verkkokauppa-avattu-1-4-2026\/\">Lis\u00e4\u00e4&#8230;<\/a><\/p><\/div>\n\n<div class=\"wp-block-post-date\"><time datetime=\"2026-04-01T12:45:00+03:00\">01.04.2026<\/time><\/div><\/div>\n\n<\/li><li class=\"wp-block-post post-1735 post type-post status-publish format-standard hentry category-oletus category-tapahtuma tag-kokouskutsu\">\n\n<div class=\"wp-block-group has-global-padding is-layout-constrained wp-container-core-group-is-layout-e5c0cd5e wp-block-group-is-layout-constrained\" style=\"padding-top:30px;padding-right:30px;padding-bottom:30px;padding-left:30px\"><h4 class=\"wp-block-post-title\"><a href=\"https:\/\/turunlennokkiseura.com\/tls\/2026\/02\/27\/kutsu-turun-lennokkiseura-ryn-saantomaaraiseen-vuosikokoukseen-keskiviikkona-18-3-2026-klo-18\/\" target=\"_self\" >Kutsu Turun Lennokkiseura ry:n s\u00e4\u00e4nt\u00f6m\u00e4\u00e4r\u00e4iseen vuosikokoukseen keskiviikkona 18.3.2026 klo 18<\/a><\/h4>\n\n\n\n<div class=\"wp-block-post-excerpt\"><p class=\"wp-block-post-excerpt__excerpt\">Turun Lennokkiseura ry:n vuosikokous pidet\u00e4\u00e4n keskiviikkona 18.3.2026 klo 18:00 alkaen K\u00e4rcher Center Kymppipalvelun tiloissa Raision ABC:n vieress\u00e4 osoitteessa Piilipuunkatu 4 21200 RAISIO. K\u00e4ymme l\u00e4pi s\u00e4\u00e4nt\u00f6m\u00e4\u00e4r\u00e4iset asiat, mm toimintasuunnitelman t\u00e4lle vuodelle sek\u00e4 viime vuoden toimintakertomuksen.&nbsp; Toimintasuunnitelmankin takia toivommekin jollet ole viel\u00e4 maksanut t\u00e4m\u00e4n vuoden j\u00e4senmaksuasi, niin suorittaisit sen jo n\u00e4in alkuvuodesta. Keskustellaan mm kent\u00e4n tieliittym\u00e4n ja<\/p><p class=\"wp-block-post-excerpt__more-text\"><a class=\"wp-block-post-excerpt__more-link\" href=\"https:\/\/turunlennokkiseura.com\/tls\/2026\/02\/27\/kutsu-turun-lennokkiseura-ryn-saantomaaraiseen-vuosikokoukseen-keskiviikkona-18-3-2026-klo-18\/\">Lis\u00e4\u00e4&#8230;<\/a><\/p><\/div>\n\n<div class=\"wp-block-post-date\"><time datetime=\"2026-02-27T20:52:11+03:00\">27.02.2026<\/time><\/div><\/div>\n\n<\/li><li class=\"wp-block-post post-1680 post type-post status-publish format-standard has-post-thumbnail hentry category-oletus tag-jasenmaksu\">\n\n<div class=\"wp-block-group has-global-padding is-layout-constrained wp-container-core-group-is-layout-e5c0cd5e wp-block-group-is-layout-constrained\" style=\"padding-top:30px;padding-right:30px;padding-bottom:30px;padding-left:30px\"><h4 class=\"wp-block-post-title\"><a href=\"https:\/\/turunlennokkiseura.com\/tls\/2026\/01\/19\/jasenmaksut-2026-seka-sahkopostit\/\" target=\"_self\" >J\u00e4senmaksut 2026 sek\u00e4 s\u00e4hk\u00f6postit<\/a><\/h4>\n\n<figure class=\"wp-block-post-featured-image\"><img loading=\"lazy\" decoding=\"async\" width=\"960\" height=\"542\" src=\"https:\/\/turunlennokkiseura.com\/tls\/wp-content\/uploads\/2023\/07\/tls_turvallisuus.jpg\" class=\"attachment-post-thumbnail size-post-thumbnail wp-post-image\" alt=\"\" style=\"object-fit:cover;\" srcset=\"https:\/\/turunlennokkiseura.com\/tls\/wp-content\/uploads\/2023\/07\/tls_turvallisuus.jpg 960w, https:\/\/turunlennokkiseura.com\/tls\/wp-content\/uploads\/2023\/07\/tls_turvallisuus-300x169.jpg 300w, https:\/\/turunlennokkiseura.com\/tls\/wp-content\/uploads\/2023\/07\/tls_turvallisuus-768x434.jpg 768w\" sizes=\"auto, (max-width: 960px) 100vw, 960px\" \/><\/figure>\n\n<div class=\"wp-block-post-excerpt\"><p class=\"wp-block-post-excerpt__excerpt\">On taas vuotuisen j\u00e4senmaksun aika. Olethan saanut s\u00e4hk\u00f6postia koskien t\u00e4m\u00e4n vuoden j\u00e4senmaksua? Jollet, niin voit p\u00e4ivitt\u00e4\u00e4 tietojasi oheisen linkin kautta tai ottamalla yhteytt\u00e4 sihteeriin.<\/p><p class=\"wp-block-post-excerpt__more-text\"><a class=\"wp-block-post-excerpt__more-link\" href=\"https:\/\/turunlennokkiseura.com\/tls\/2026\/01\/19\/jasenmaksut-2026-seka-sahkopostit\/\">Lis\u00e4\u00e4&#8230;<\/a><\/p><\/div>\n\n<div class=\"wp-block-post-date\"><time datetime=\"2026-01-19T13:51:15+03:00\">19.01.2026<\/time><\/div><\/div>\n\n<\/li><li class=\"wp-block-post post-1664 post type-post status-publish format-standard has-post-thumbnail hentry category-oletus category-tapahtuma tag-sisalennatys\">\n\n<div class=\"wp-block-group has-global-padding is-layout-constrained wp-container-core-group-is-layout-e5c0cd5e wp-block-group-is-layout-constrained\" style=\"padding-top:30px;padding-right:30px;padding-bottom:30px;padding-left:30px\"><h4 class=\"wp-block-post-title\"><a href=\"https:\/\/turunlennokkiseura.com\/tls\/2026\/01\/02\/2026-ensimmainen-sisalennatys\/\" target=\"_self\" >2026 ensimm\u00e4inen sis\u00e4lenn\u00e4tys<\/a><\/h4>\n\n<figure class=\"wp-block-post-featured-image\"><img loading=\"lazy\" decoding=\"async\" width=\"2400\" height=\"1350\" src=\"https:\/\/turunlennokkiseura.com\/tls\/wp-content\/uploads\/2024\/10\/20241020_180804.jpg\" class=\"attachment-post-thumbnail size-post-thumbnail wp-post-image\" alt=\"\" style=\"object-fit:cover;\" srcset=\"https:\/\/turunlennokkiseura.com\/tls\/wp-content\/uploads\/2024\/10\/20241020_180804.jpg 2400w, https:\/\/turunlennokkiseura.com\/tls\/wp-content\/uploads\/2024\/10\/20241020_180804-300x169.jpg 300w, https:\/\/turunlennokkiseura.com\/tls\/wp-content\/uploads\/2024\/10\/20241020_180804-1024x576.jpg 1024w, https:\/\/turunlennokkiseura.com\/tls\/wp-content\/uploads\/2024\/10\/20241020_180804-768x432.jpg 768w, https:\/\/turunlennokkiseura.com\/tls\/wp-content\/uploads\/2024\/10\/20241020_180804-1536x864.jpg 1536w, https:\/\/turunlennokkiseura.com\/tls\/wp-content\/uploads\/2024\/10\/20241020_180804-2048x1152.jpg 2048w\" sizes=\"auto, (max-width: 2400px) 100vw, 2400px\" \/><\/figure>\n\n<div class=\"wp-block-post-excerpt\"><p class=\"wp-block-post-excerpt__excerpt\">Lauantaina 3.1.2026 klo 16-18 Lietohallissa. Seuraa kalenteria, vahvistetut lis\u00e4t\u00e4\u00e4n sinne sit\u00e4 mukaan kun saadaan<\/p><p class=\"wp-block-post-excerpt__more-text\"><a class=\"wp-block-post-excerpt__more-link\" href=\"https:\/\/turunlennokkiseura.com\/tls\/2026\/01\/02\/2026-ensimmainen-sisalennatys\/\">Lis\u00e4\u00e4&#8230;<\/a><\/p><\/div>\n\n<div class=\"wp-block-post-date\"><time datetime=\"2026-01-02T18:00:00+03:00\">02.01.2026<\/time><\/div><\/div>\n\n<\/li><li class=\"wp-block-post post-1636 post type-post status-publish format-standard has-post-thumbnail hentry category-oletus\">\n\n<div class=\"wp-block-group has-global-padding is-layout-constrained wp-container-core-group-is-layout-e5c0cd5e wp-block-group-is-layout-constrained\" style=\"padding-top:30px;padding-right:30px;padding-bottom:30px;padding-left:30px\"><h4 class=\"wp-block-post-title\"><a href=\"https:\/\/turunlennokkiseura.com\/tls\/2026\/01\/01\/puheenjohtajan-uudenvuoden-tervehdys-2026\/\" target=\"_self\" >Puheenjohtajan uudenvuoden tervehdys 2026<\/a><\/h4>\n\n<figure class=\"wp-block-post-featured-image\"><img loading=\"lazy\" decoding=\"async\" width=\"1272\" height=\"954\" src=\"https:\/\/turunlennokkiseura.com\/tls\/wp-content\/uploads\/2025\/12\/IMG-20251208-WA0002.jpg\" class=\"attachment-post-thumbnail size-post-thumbnail wp-post-image\" alt=\"\" style=\"object-fit:cover;\" srcset=\"https:\/\/turunlennokkiseura.com\/tls\/wp-content\/uploads\/2025\/12\/IMG-20251208-WA0002.jpg 1272w, https:\/\/turunlennokkiseura.com\/tls\/wp-content\/uploads\/2025\/12\/IMG-20251208-WA0002-300x225.jpg 300w, https:\/\/turunlennokkiseura.com\/tls\/wp-content\/uploads\/2025\/12\/IMG-20251208-WA0002-1024x768.jpg 1024w, https:\/\/turunlennokkiseura.com\/tls\/wp-content\/uploads\/2025\/12\/IMG-20251208-WA0002-768x576.jpg 768w\" sizes=\"auto, (max-width: 1272px) 100vw, 1272px\" \/><\/figure>\n\n<div class=\"wp-block-post-excerpt\"><p class=\"wp-block-post-excerpt__excerpt\">Puheenjohtajan virallinen uudenvuoden tervehdys 1.1.2026 Arvoisat seuran j\u00e4senet, yhteisty\u00f6kumppanit ja harrastuksen yst\u00e4v\u00e4t. Haluan esitt\u00e4\u00e4 teille kaikille parhaat mahdolliset onnentoivotukset alkaneelle vuodelle 2026. Tuleva vuosi on seuramme toiminnan kannalta merkitt\u00e4v\u00e4. Kentt\u00e4mme maanvuokrasopimus on uudistamisen vaiheessa, ja sen lopulliset ehdot sek\u00e4 vuokratason muutokset selvi\u00e4v\u00e4t kuluvan vuoden aikana. Ennakkotietojen mukaan vuokra tulee nousemaan n. 1000\u20ac nykyisen p\u00e4\u00e4lle. T\u00e4m\u00e4n<\/p><p class=\"wp-block-post-excerpt__more-text\"><a class=\"wp-block-post-excerpt__more-link\" href=\"https:\/\/turunlennokkiseura.com\/tls\/2026\/01\/01\/puheenjohtajan-uudenvuoden-tervehdys-2026\/\">Lis\u00e4\u00e4&#8230;<\/a><\/p><\/div>\n\n<div class=\"wp-block-post-date\"><time datetime=\"2026-01-01T12:00:00+03:00\">01.01.2026<\/time><\/div><\/div>\n\n<\/li><li class=\"wp-block-post post-1653 post type-post status-publish format-standard has-post-thumbnail hentry category-oletus\">\n\n<div class=\"wp-block-group has-global-padding is-layout-constrained wp-container-core-group-is-layout-e5c0cd5e wp-block-group-is-layout-constrained\" style=\"padding-top:30px;padding-right:30px;padding-bottom:30px;padding-left:30px\"><h4 class=\"wp-block-post-title\"><a href=\"https:\/\/turunlennokkiseura.com\/tls\/2025\/12\/21\/1653\/\" target=\"_self\" >\u2603\ufe0fRauhallista Joulua\ud83c\udf84<\/a><\/h4>\n\n<figure class=\"wp-block-post-featured-image\"><img loading=\"lazy\" decoding=\"async\" width=\"1440\" height=\"960\" src=\"https:\/\/turunlennokkiseura.com\/tls\/wp-content\/uploads\/2025\/12\/image_1766006159776.jpeg\" class=\"attachment-post-thumbnail size-post-thumbnail wp-post-image\" alt=\"\" style=\"object-fit:cover;\" srcset=\"https:\/\/turunlennokkiseura.com\/tls\/wp-content\/uploads\/2025\/12\/image_1766006159776.jpeg 1440w, https:\/\/turunlennokkiseura.com\/tls\/wp-content\/uploads\/2025\/12\/image_1766006159776-300x200.jpeg 300w, https:\/\/turunlennokkiseura.com\/tls\/wp-content\/uploads\/2025\/12\/image_1766006159776-1024x683.jpeg 1024w, https:\/\/turunlennokkiseura.com\/tls\/wp-content\/uploads\/2025\/12\/image_1766006159776-768x512.jpeg 768w\" sizes=\"auto, (max-width: 1440px) 100vw, 1440px\" \/><\/figure>\n\n<div class=\"wp-block-post-excerpt\"><p class=\"wp-block-post-excerpt__excerpt\"><\/p><p class=\"wp-block-post-excerpt__more-text\"><a class=\"wp-block-post-excerpt__more-link\" href=\"https:\/\/turunlennokkiseura.com\/tls\/2025\/12\/21\/1653\/\">Lis\u00e4\u00e4&#8230;<\/a><\/p><\/div>\n\n<div class=\"wp-block-post-date\"><time datetime=\"2025-12-21T09:00:00+03:00\">21.12.2025<\/time><\/div><\/div>\n\n<\/li><li class=\"wp-block-post post-1606 post type-post status-publish format-standard has-post-thumbnail hentry category-oletus tag-sisalennatys\">\n\n<div class=\"wp-block-group has-global-padding is-layout-constrained wp-container-core-group-is-layout-e5c0cd5e wp-block-group-is-layout-constrained\" style=\"padding-top:30px;padding-right:30px;padding-bottom:30px;padding-left:30px\"><h4 class=\"wp-block-post-title\"><a href=\"https:\/\/turunlennokkiseura.com\/tls\/2025\/11\/03\/sisalennatyskausi-alkaa-perjantaina-7-11-2025\/\" target=\"_self\" >Sis\u00e4lenn\u00e4tyskausi alkaa perjantaina 7.11.2025<\/a><\/h4>\n\n<figure class=\"wp-block-post-featured-image\"><img loading=\"lazy\" decoding=\"async\" width=\"2400\" height=\"1350\" src=\"https:\/\/turunlennokkiseura.com\/tls\/wp-content\/uploads\/2024\/10\/20241020_180804.jpg\" class=\"attachment-post-thumbnail size-post-thumbnail wp-post-image\" alt=\"\" style=\"object-fit:cover;\" srcset=\"https:\/\/turunlennokkiseura.com\/tls\/wp-content\/uploads\/2024\/10\/20241020_180804.jpg 2400w, https:\/\/turunlennokkiseura.com\/tls\/wp-content\/uploads\/2024\/10\/20241020_180804-300x169.jpg 300w, https:\/\/turunlennokkiseura.com\/tls\/wp-content\/uploads\/2024\/10\/20241020_180804-1024x576.jpg 1024w, https:\/\/turunlennokkiseura.com\/tls\/wp-content\/uploads\/2024\/10\/20241020_180804-768x432.jpg 768w, https:\/\/turunlennokkiseura.com\/tls\/wp-content\/uploads\/2024\/10\/20241020_180804-1536x864.jpg 1536w, https:\/\/turunlennokkiseura.com\/tls\/wp-content\/uploads\/2024\/10\/20241020_180804-2048x1152.jpg 2048w\" sizes=\"auto, (max-width: 2400px) 100vw, 2400px\" \/><\/figure>\n\n<div class=\"wp-block-post-excerpt\"><p class=\"wp-block-post-excerpt__excerpt\">Lenn\u00e4tykset l\u00f6ytyv\u00e4t kalenterista sit\u00e4 mukaa kun niit\u00e4 saadaan varattua ja osallistujia on riitt\u00e4v\u00e4sti. Nyt on kaksi kahden tunnin vuoroa varattu.<\/p><p class=\"wp-block-post-excerpt__more-text\"><a class=\"wp-block-post-excerpt__more-link\" href=\"https:\/\/turunlennokkiseura.com\/tls\/2025\/11\/03\/sisalennatyskausi-alkaa-perjantaina-7-11-2025\/\">Lis\u00e4\u00e4&#8230;<\/a><\/p><\/div>\n\n<div class=\"wp-block-post-date\"><time datetime=\"2025-11-03T22:16:17+03:00\">03.11.2025<\/time><\/div><\/div>\n\n<\/li><li class=\"wp-block-post post-1604 post type-post status-publish format-standard has-post-thumbnail hentry category-tapahtuma\">\n\n<div class=\"wp-block-group has-global-padding is-layout-constrained wp-container-core-group-is-layout-e5c0cd5e wp-block-group-is-layout-constrained\" style=\"padding-top:30px;padding-right:30px;padding-bottom:30px;padding-left:30px\"><h4 class=\"wp-block-post-title\"><a href=\"https:\/\/turunlennokkiseura.com\/tls\/2025\/11\/03\/turun-lennokkiseura-ryn-saantomaarainen-syyskokous-3\/\" target=\"_self\" >Turun Lennokkiseura ry:n s\u00e4\u00e4nt\u00f6m\u00e4\u00e4r\u00e4inen syyskokous<\/a><\/h4>\n\n<figure class=\"wp-block-post-featured-image\"><img loading=\"lazy\" decoding=\"async\" width=\"300\" height=\"57\" src=\"https:\/\/turunlennokkiseura.com\/tls\/wp-content\/uploads\/2024\/04\/AC-300.jpg\" class=\"attachment-post-thumbnail size-post-thumbnail wp-post-image\" alt=\"\" style=\"object-fit:cover;\" \/><\/figure>\n\n<div class=\"wp-block-post-excerpt\"><p class=\"wp-block-post-excerpt__excerpt\">Pidet\u00e4\u00e4n keskiviikkona 19.11.2025, klo 18:00 alkaen V-S Auto-Center Oy:n tiloissa osoitteessa Allastie 2, 21200 Raisio. Tarkempi kutsu ja esityslista kokoukseen saapuu j\u00e4senist\u00f6n s\u00e4hk\u00f6posteihin 04.11.2025 klo 08:00 alkaen. Tervetuloa!<\/p><p class=\"wp-block-post-excerpt__more-text\"><a class=\"wp-block-post-excerpt__more-link\" href=\"https:\/\/turunlennokkiseura.com\/tls\/2025\/11\/03\/turun-lennokkiseura-ryn-saantomaarainen-syyskokous-3\/\">Lis\u00e4\u00e4&#8230;<\/a><\/p><\/div>\n\n<div class=\"wp-block-post-date\"><time datetime=\"2025-11-03T22:02:56+03:00\">03.11.2025<\/time><\/div><\/div>\n\n<\/li><li class=\"wp-block-post post-1594 post type-post status-publish format-standard hentry category-oletus tag-f3a tag-kilpailut\">\n\n<div class=\"wp-block-group has-global-padding is-layout-constrained wp-container-core-group-is-layout-e5c0cd5e wp-block-group-is-layout-constrained\" style=\"padding-top:30px;padding-right:30px;padding-bottom:30px;padding-left:30px\"><h4 class=\"wp-block-post-title\"><a href=\"https:\/\/turunlennokkiseura.com\/tls\/2025\/10\/25\/f3a-taitolennon-sport-seka-nordic-ohjelmat-2026-2027\/\" target=\"_self\" >F3A taitolennon Sport, sek\u00e4 Nordic ohjelmat 2026-2027.<\/a><\/h4>\n\n\n\n<div class=\"wp-block-post-excerpt\"><p class=\"wp-block-post-excerpt__excerpt\">Kauden 2026 ensimm\u00e4iset kisat j\u00e4rjestet\u00e4\u00e4n perinteisesti Paattisilla 23-24.5.2026, 24.p\u00e4iv\u00e4n ollessa varap\u00e4iv\u00e4. Lue lis\u00e4\u00e4 F3A Team Finland r.y:n sivuilta<\/p><p class=\"wp-block-post-excerpt__more-text\"><a class=\"wp-block-post-excerpt__more-link\" href=\"https:\/\/turunlennokkiseura.com\/tls\/2025\/10\/25\/f3a-taitolennon-sport-seka-nordic-ohjelmat-2026-2027\/\">Lis\u00e4\u00e4&#8230;<\/a><\/p><\/div>\n\n<div class=\"wp-block-post-date\"><time datetime=\"2025-10-25T02:08:52+03:00\">25.10.2025<\/time><\/div><\/div>\n\n<\/li><li class=\"wp-block-post post-1588 post type-post status-publish format-standard hentry category-oletus tag-hupikisa tag-kilpailut\">\n\n<div class=\"wp-block-group has-global-padding is-layout-constrained wp-container-core-group-is-layout-e5c0cd5e wp-block-group-is-layout-constrained\" style=\"padding-top:30px;padding-right:30px;padding-bottom:30px;padding-left:30px\"><h4 class=\"wp-block-post-title\"><a href=\"https:\/\/turunlennokkiseura.com\/tls\/2025\/10\/16\/hupikisat-ja-rc-kirppis\/\" target=\"_self\" >Hupikisat ja RC kirppis!<\/a><\/h4>\n\n\n\n<div class=\"wp-block-post-excerpt\"><p class=\"wp-block-post-excerpt__excerpt\">Hupikisat ja kirppis lauantaina\u00a018.10.2025 klo 10 alkaen. Talkoissa tuuli oli liian raju hupikisallekin mutta nyt lauantaille on luvattu aurinkoista, v\u00e4h\u00e4tuulista ja kirpsakkaa keli\u00e4. Kentt\u00e4mestarin vihje 1 on ett\u00e4 kannattaa ottaa mukaan kone jossa hyv\u00e4 ohjattavuus. Renkaat, jos sellaiset on, voivat olla sliksit koska lenn\u00e4tys tulee tapahtumaan p\u00e4\u00e4s\u00e4\u00e4nt\u00f6isesti kiitotielt\u00e4.\u00a0 Vihje 2 on ettei v\u00e4ltt\u00e4m\u00e4tt\u00e4 kannata ottaa<\/p><p class=\"wp-block-post-excerpt__more-text\"><a class=\"wp-block-post-excerpt__more-link\" href=\"https:\/\/turunlennokkiseura.com\/tls\/2025\/10\/16\/hupikisat-ja-rc-kirppis\/\">Lis\u00e4\u00e4&#8230;<\/a><\/p><\/div>\n\n<div class=\"wp-block-post-date\"><time datetime=\"2025-10-16T00:37:56+03:00\">16.10.2025<\/time><\/div><\/div>\n\n<\/li><li class=\"wp-block-post post-1571 post type-post status-publish format-standard hentry category-oletus category-tapahtuma tag-hupikisa tag-kesakauden-paattajaiset tag-talkoot\">\n\n<div class=\"wp-block-group has-global-padding is-layout-constrained wp-container-core-group-is-layout-e5c0cd5e wp-block-group-is-layout-constrained\" style=\"padding-top:30px;padding-right:30px;padding-bottom:30px;padding-left:30px\"><h4 class=\"wp-block-post-title\"><a href=\"https:\/\/turunlennokkiseura.com\/tls\/2025\/09\/28\/kesakauden-paattajaiset-talkoot-ja-hupikisa-lauantaina-4-10-2025-alkaen-klo-10\/\" target=\"_self\" >Kes\u00e4kauden p\u00e4\u00e4tt\u00e4j\u00e4iset, talkoot, ja hupikisa lauantaina 4.10.2025 alkaen klo 10<\/a><\/h4>\n\n\n\n<div class=\"wp-block-post-excerpt\"><p class=\"wp-block-post-excerpt__excerpt\">T\u00e4n\u00e4 vuonna ruokailussa menn\u00e4\u00e4n hodari teemalla \ud83c\udf2d Ennen talkoita t\u00e4t\u00e4 tavaraa tulee lis\u00e4\u00e4, mutta onneksi my\u00f6s ammattilaiset levitt\u00e4m\u00e4\u00e4n \ud83d\ude05 Kauneus on katsojan silmiss\u00e4. Hupikisassa t\u00e4m\u00e4 kone saattaa olla vahvoilla, tai sitten ei. Ei voi tiet\u00e4\u00e4 vasta kuin lauantaina.<\/p><p class=\"wp-block-post-excerpt__more-text\"><a class=\"wp-block-post-excerpt__more-link\" href=\"https:\/\/turunlennokkiseura.com\/tls\/2025\/09\/28\/kesakauden-paattajaiset-talkoot-ja-hupikisa-lauantaina-4-10-2025-alkaen-klo-10\/\">Lis\u00e4\u00e4&#8230;<\/a><\/p><\/div>\n\n<div class=\"wp-block-post-date\"><time datetime=\"2025-09-28T23:17:02+03:00\">28.09.2025<\/time><\/div><\/div>\n\n<\/li><li class=\"wp-block-post post-1557 post type-post status-publish format-standard hentry category-oletus tag-tls-asut\">\n\n<div class=\"wp-block-group has-global-padding is-layout-constrained wp-container-core-group-is-layout-e5c0cd5e wp-block-group-is-layout-constrained\" style=\"padding-top:30px;padding-right:30px;padding-bottom:30px;padding-left:30px\"><h4 class=\"wp-block-post-title\"><a href=\"https:\/\/turunlennokkiseura.com\/tls\/2025\/09\/03\/tls-asutilaus-avattu\/\" target=\"_self\" >TLS asutilaus avattu<\/a><\/h4>\n\n\n\n<div class=\"wp-block-post-excerpt\"><p class=\"wp-block-post-excerpt__excerpt\">Tilauslomakkeeseen p\u00e4\u00e4set klikkaamalla kuvaa.<\/p><p class=\"wp-block-post-excerpt__more-text\"><a class=\"wp-block-post-excerpt__more-link\" href=\"https:\/\/turunlennokkiseura.com\/tls\/2025\/09\/03\/tls-asutilaus-avattu\/\">Lis\u00e4\u00e4&#8230;<\/a><\/p><\/div>\n\n<div class=\"wp-block-post-date\"><time datetime=\"2025-09-03T16:12:56+03:00\">03.09.2025<\/time><\/div><\/div>\n\n<\/li><li class=\"wp-block-post post-1547 post type-post status-publish format-standard has-post-thumbnail hentry category-oletus tag-f3a\">\n\n<div class=\"wp-block-group has-global-padding is-layout-constrained wp-container-core-group-is-layout-e5c0cd5e wp-block-group-is-layout-constrained\" style=\"padding-top:30px;padding-right:30px;padding-bottom:30px;padding-left:30px\"><h4 class=\"wp-block-post-title\"><a href=\"https:\/\/turunlennokkiseura.com\/tls\/2025\/08\/30\/f3a-treenipaiva-paattisilla-13-9-2025\/\" target=\"_self\" >F3A Treenip\u00e4iv\u00e4 Paattisilla 13.9.2025<\/a><\/h4>\n\n<figure class=\"wp-block-post-featured-image\"><img loading=\"lazy\" decoding=\"async\" width=\"2400\" height=\"1350\" src=\"https:\/\/turunlennokkiseura.com\/tls\/wp-content\/uploads\/2025\/08\/20250524_102219.jpg\" class=\"attachment-post-thumbnail size-post-thumbnail wp-post-image\" alt=\"\" style=\"object-fit:cover;\" srcset=\"https:\/\/turunlennokkiseura.com\/tls\/wp-content\/uploads\/2025\/08\/20250524_102219.jpg 2400w, https:\/\/turunlennokkiseura.com\/tls\/wp-content\/uploads\/2025\/08\/20250524_102219-300x169.jpg 300w, https:\/\/turunlennokkiseura.com\/tls\/wp-content\/uploads\/2025\/08\/20250524_102219-1024x576.jpg 1024w, https:\/\/turunlennokkiseura.com\/tls\/wp-content\/uploads\/2025\/08\/20250524_102219-768x432.jpg 768w, https:\/\/turunlennokkiseura.com\/tls\/wp-content\/uploads\/2025\/08\/20250524_102219-1536x864.jpg 1536w, https:\/\/turunlennokkiseura.com\/tls\/wp-content\/uploads\/2025\/08\/20250524_102219-2048x1152.jpg 2048w\" sizes=\"auto, (max-width: 2400px) 100vw, 2400px\" \/><\/figure>\n\n<div class=\"wp-block-post-excerpt\"><p class=\"wp-block-post-excerpt__excerpt\">F3A Team Finland j\u00e4rjest\u00e4\u00e4 vapaamuotoisen treenip\u00e4iv\u00e4n halukkaille F3A taitolennosta kiinnostuneille ja lajia jo harrastaville Turun Lennokkiseuran kent\u00e4ll\u00e4 Paattisilla. Paikalla F3A Team Finlandista ainakin Timo Kaksonen. Aiheita p\u00e4iv\u00e4\u00e4 varten olisivat muun ohella:<\/p><p class=\"wp-block-post-excerpt__more-text\"><a class=\"wp-block-post-excerpt__more-link\" href=\"https:\/\/turunlennokkiseura.com\/tls\/2025\/08\/30\/f3a-treenipaiva-paattisilla-13-9-2025\/\">Lis\u00e4\u00e4&#8230;<\/a><\/p><\/div>\n\n<div class=\"wp-block-post-date\"><time datetime=\"2025-08-30T14:04:33+03:00\">30.08.2025<\/time><\/div><\/div>\n\n<\/li><li class=\"wp-block-post post-1506 post type-post status-publish format-standard has-post-thumbnail hentry category-oletus tag-jasentarjous tag-kannatusjasen\">\n\n<div class=\"wp-block-group has-global-padding is-layout-constrained wp-container-core-group-is-layout-e5c0cd5e wp-block-group-is-layout-constrained\" style=\"padding-top:30px;padding-right:30px;padding-bottom:30px;padding-left:30px\"><h4 class=\"wp-block-post-title\"><a href=\"https:\/\/turunlennokkiseura.com\/tls\/2025\/07\/19\/nyt-uusille-jasenille-liittymistarjous-loppuvuosi-40e-2\/\" target=\"_self\" >Nyt uusille j\u00e4senille liittymistarjous: Loppuvuosi 40\u20ac<\/a><\/h4>\n\n<figure class=\"wp-block-post-featured-image\"><img loading=\"lazy\" decoding=\"async\" width=\"2560\" height=\"1440\" src=\"https:\/\/turunlennokkiseura.com\/tls\/wp-content\/uploads\/2025\/07\/20250717_214724-scaled.jpg\" class=\"attachment-post-thumbnail size-post-thumbnail wp-post-image\" alt=\"\" style=\"object-fit:cover;\" srcset=\"https:\/\/turunlennokkiseura.com\/tls\/wp-content\/uploads\/2025\/07\/20250717_214724-scaled.jpg 2560w, https:\/\/turunlennokkiseura.com\/tls\/wp-content\/uploads\/2025\/07\/20250717_214724-300x169.jpg 300w, https:\/\/turunlennokkiseura.com\/tls\/wp-content\/uploads\/2025\/07\/20250717_214724-1024x576.jpg 1024w, https:\/\/turunlennokkiseura.com\/tls\/wp-content\/uploads\/2025\/07\/20250717_214724-768x432.jpg 768w, https:\/\/turunlennokkiseura.com\/tls\/wp-content\/uploads\/2025\/07\/20250717_214724-1536x864.jpg 1536w, https:\/\/turunlennokkiseura.com\/tls\/wp-content\/uploads\/2025\/07\/20250717_214724-2048x1152.jpg 2048w\" sizes=\"auto, (max-width: 2560px) 100vw, 2560px\" \/><\/figure>\n\n<div class=\"wp-block-post-excerpt\"><p class=\"wp-block-post-excerpt__excerpt\">J\u00e4seneksi Kirjoita viestikentt\u00e4\u00e4n &#8221;liittymistarjous 2025&#8221; ja t\u00e4yt\u00e4 tietosi tuolla j\u00e4seneksi v\u00e4lilehdell\u00e4. Ja Sin\u00e4 vanha j\u00e4sen joka et ole hetkeen k\u00e4ynyt lenn\u00e4ttelem\u00e4ss\u00e4, mutta haluat tukea seuran toimintaa, voit tehd\u00e4 sen tuolta samalta v\u00e4lilehdelt\u00e4 ja valikosta valitsemalla kannatusj\u00e4sen. Maksut voi suorittaa my\u00f6s MobilePayll\u00e4. Turun Lennokkiseura l\u00f6ytyy sielt\u00e4 nimell\u00e4 sek\u00e4 my\u00f6s lyhytvalintanumerolla 18404<\/p><p class=\"wp-block-post-excerpt__more-text\"><a class=\"wp-block-post-excerpt__more-link\" href=\"https:\/\/turunlennokkiseura.com\/tls\/2025\/07\/19\/nyt-uusille-jasenille-liittymistarjous-loppuvuosi-40e-2\/\">Lis\u00e4\u00e4&#8230;<\/a><\/p><\/div>\n\n<div class=\"wp-block-post-date\"><time datetime=\"2025-07-19T03:50:18+03:00\">19.07.2025<\/time><\/div><\/div>\n\n<\/li><li class=\"wp-block-post post-1452 post type-post status-publish format-standard hentry category-oletus category-tapahtuma tag-f4c tag-flying-only tag-kansanscale tag-kilpailut tag-mallilennokit tag-rc-lennokki\">\n\n<div class=\"wp-block-group has-global-padding is-layout-constrained wp-container-core-group-is-layout-e5c0cd5e wp-block-group-is-layout-constrained\" style=\"padding-top:30px;padding-right:30px;padding-bottom:30px;padding-left:30px\"><h4 class=\"wp-block-post-title\"><a href=\"https:\/\/turunlennokkiseura.com\/tls\/2025\/06\/11\/paattisten-paroni-2025\/\" target=\"_self\" >Paattisten Paroni 2025<\/a><\/h4>\n\n\n\n<div class=\"wp-block-post-excerpt\"><p class=\"wp-block-post-excerpt__excerpt\">Mallilennokkien Suomen Cup 3\/3 23.8.2025 Paattisten Paroni Turun Lennokkiseura ry j\u00e4rjest\u00e4\u00e4 mallilennokkien Suomen Cup 3\/3 -kilpailun \u201dPaattisten Paronin\u201d lauantaina 23.8.2025 kello 9 alkaen Paattisten lennokkikent\u00e4ll\u00e4. Osoite: Sakontie 170, Turku. Varap\u00e4iv\u00e4 sunnuntai 24.8.Kent\u00e4ll\u00e4mme nurmikkoalueen lis\u00e4ksi 100m pitk\u00e4 asfaltoitu kiitotie. Lis\u00e4tietoa kent\u00e4st\u00e4 sek\u00e4 toiminta ja turvallisuusohjeet: https:\/\/turunlennokkiseura.com\/tls\/kentta\/ Luokat: Flying Only, Kansanscale, F4C. F4C:n ja Kansanscalen voimassa olevat<\/p><p class=\"wp-block-post-excerpt__more-text\"><a class=\"wp-block-post-excerpt__more-link\" href=\"https:\/\/turunlennokkiseura.com\/tls\/2025\/06\/11\/paattisten-paroni-2025\/\">Lis\u00e4\u00e4&#8230;<\/a><\/p><\/div>\n\n<div class=\"wp-block-post-date\"><time datetime=\"2025-06-11T18:23:17+03:00\">11.06.2025<\/time><\/div><\/div>\n\n<\/li><li class=\"wp-block-post post-1427 post type-post status-publish format-standard hentry category-oletus tag-tutustuminen\">\n\n<div class=\"wp-block-group has-global-padding is-layout-constrained wp-container-core-group-is-layout-e5c0cd5e wp-block-group-is-layout-constrained\" style=\"padding-top:30px;padding-right:30px;padding-bottom:30px;padding-left:30px\"><h4 class=\"wp-block-post-title\"><a href=\"https:\/\/turunlennokkiseura.com\/tls\/2025\/05\/28\/lennattamaan-tapahtuma-1-2025-keskiviikkona-11-6-2025-klo-17-21\/\" target=\"_self\" >Lenn\u00e4tt\u00e4m\u00e4\u00e4n tapahtuma 1\/2025 maanantaina 16.6.2025 klo 18-21<\/a><\/h4>\n\n\n\n<div class=\"wp-block-post-excerpt\"><p class=\"wp-block-post-excerpt__excerpt\">Alkuper\u00e4inen 11.6 pidett\u00e4v\u00e4ksi tarkoitettu siirret\u00e4\u00e4n sateen uhkan takia pidett\u00e4v\u00e4ksi 16.6. Tervetuloa!<\/p><p class=\"wp-block-post-excerpt__more-text\"><a class=\"wp-block-post-excerpt__more-link\" href=\"https:\/\/turunlennokkiseura.com\/tls\/2025\/05\/28\/lennattamaan-tapahtuma-1-2025-keskiviikkona-11-6-2025-klo-17-21\/\">Lis\u00e4\u00e4&#8230;<\/a><\/p><\/div>\n\n<div class=\"wp-block-post-date\"><time datetime=\"2025-05-28T20:36:09+03:00\">28.05.2025<\/time><\/div><\/div>\n\n<\/li><li class=\"wp-block-post post-1411 post type-post status-publish format-standard hentry category-oletus tag-f3a tag-kilpailut\">\n\n<div class=\"wp-block-group has-global-padding is-layout-constrained wp-container-core-group-is-layout-e5c0cd5e wp-block-group-is-layout-constrained\" style=\"padding-top:30px;padding-right:30px;padding-bottom:30px;padding-left:30px\"><h4 class=\"wp-block-post-title\"><a href=\"https:\/\/turunlennokkiseura.com\/tls\/2025\/05\/21\/f3a-fai-sm-1-3-f3a-nordic-ja-f3a-sport-suomen-cup-1-3-2025-lauantaina-24-5-2025-paattisilla\/\" target=\"_self\" >F3A FAI SM 1\/3, F3A Nordic ja F3A Sport Suomen cup 1\/3 2025 lauantaina 24.5.2025 Paattisilla.<\/a><\/h4>\n\n\n\n<div class=\"wp-block-post-excerpt\"><p class=\"wp-block-post-excerpt__excerpt\">Tule seuraamaan taitolennon SM ja Suomen cup kisoja ja n\u00e4e miten Suomen huiput lenn\u00e4tt\u00e4\u00e4. Kilpailulennot alkavat n. klo 9:30 21.5. menness\u00e4 kisoihin on ilmoittautunut jo 16 kilpailijaa. TLS buffetissa myynniss\u00e4 makkaraa ja limpparia. Tervetuloa!<\/p><p class=\"wp-block-post-excerpt__more-text\"><a class=\"wp-block-post-excerpt__more-link\" href=\"https:\/\/turunlennokkiseura.com\/tls\/2025\/05\/21\/f3a-fai-sm-1-3-f3a-nordic-ja-f3a-sport-suomen-cup-1-3-2025-lauantaina-24-5-2025-paattisilla\/\">Lis\u00e4\u00e4&#8230;<\/a><\/p><\/div>\n\n<div class=\"wp-block-post-date\"><time datetime=\"2025-05-21T13:28:32+03:00\">21.05.2025<\/time><\/div><\/div>\n\n<\/li><li class=\"wp-block-post post-1407 post type-post status-publish format-standard hentry category-oletus category-tapahtuma\">\n\n<div class=\"wp-block-group has-global-padding is-layout-constrained wp-container-core-group-is-layout-e5c0cd5e wp-block-group-is-layout-constrained\" style=\"padding-top:30px;padding-right:30px;padding-bottom:30px;padding-left:30px\"><h4 class=\"wp-block-post-title\"><a href=\"https:\/\/turunlennokkiseura.com\/tls\/2025\/05\/08\/kenttatalkoot-lauantaina-17-5-2025-alkaen-klo-10\/\" target=\"_self\" >Kentt\u00e4talkoot lauantaina 17.5.2025 alkaen klo 10<\/a><\/h4>\n\n\n\n<div class=\"wp-block-post-excerpt\"><p class=\"wp-block-post-excerpt__excerpt\">Talkoo-ohjelma on mm seuraava:<\/p><p class=\"wp-block-post-excerpt__more-text\"><a class=\"wp-block-post-excerpt__more-link\" href=\"https:\/\/turunlennokkiseura.com\/tls\/2025\/05\/08\/kenttatalkoot-lauantaina-17-5-2025-alkaen-klo-10\/\">Lis\u00e4\u00e4&#8230;<\/a><\/p><\/div>\n\n<div class=\"wp-block-post-date\"><time datetime=\"2025-05-08T20:29:23+03:00\">08.05.2025<\/time><\/div><\/div>\n\n<\/li><li class=\"wp-block-post post-1283 post type-post status-publish format-standard hentry category-oletus category-tapahtuma tag-kokous\">\n\n<div class=\"wp-block-group has-global-padding is-layout-constrained wp-container-core-group-is-layout-e5c0cd5e wp-block-group-is-layout-constrained\" style=\"padding-top:30px;padding-right:30px;padding-bottom:30px;padding-left:30px\"><h4 class=\"wp-block-post-title\"><a href=\"https:\/\/turunlennokkiseura.com\/tls\/2025\/03\/05\/kutsu-turun-lennokkiseura-ryn-saantomaaraiseen-vuosikokoukseen-keskiviikkona-19-3-2025-klo-18\/\" target=\"_self\" >Kutsu Turun Lennokkiseura ry:n s\u00e4\u00e4nt\u00f6m\u00e4\u00e4r\u00e4iseen vuosikokoukseen keskiviikkona 19.3.2025 klo 18<\/a><\/h4>\n\n\n\n<div class=\"wp-block-post-excerpt\"><p class=\"wp-block-post-excerpt__excerpt\">Turun Lennokkiseura ry:n vuosikokous pidet\u00e4\u00e4n keskiviikkona 19.3.2025 klo 18:00 alkaen K\u00e4rcher Center Kymppipalvelun tiloissa Raision ABC:n vieress\u00e4 osoitteessa Piilipuunkatu 4 21200 RAISIO. K\u00e4ymme l\u00e4pi s\u00e4\u00e4nt\u00f6m\u00e4\u00e4r\u00e4iset asiat, mm toimintasuunnitelman t\u00e4lle vuodelle sek\u00e4 viime vuoden toimintakertomuksen. Keskustellaan mm tulevan kes\u00e4n tapahtumista sek\u00e4 ISOSTA kentt\u00e4kunnostus operaatiosta. Kokouksen esityslista on l\u00e4hetetty j\u00e4senist\u00f6lle kokouskutsun liitteen\u00e4 s\u00e4hk\u00f6postitse. Paljastamme my\u00f6s VUODEN LENN\u00c4TT\u00c4J\u00c4N<\/p><p class=\"wp-block-post-excerpt__more-text\"><a class=\"wp-block-post-excerpt__more-link\" href=\"https:\/\/turunlennokkiseura.com\/tls\/2025\/03\/05\/kutsu-turun-lennokkiseura-ryn-saantomaaraiseen-vuosikokoukseen-keskiviikkona-19-3-2025-klo-18\/\">Lis\u00e4\u00e4&#8230;<\/a><\/p><\/div>\n\n<div class=\"wp-block-post-date\"><time datetime=\"2025-03-05T14:05:02+03:00\">05.03.2025<\/time><\/div><\/div>\n\n<\/li><li class=\"wp-block-post post-1271 post type-post status-publish format-standard hentry category-oletus tag-sisalennatys tag-sponsori tag-yhteistyokumppani\">\n\n<div class=\"wp-block-group has-global-padding is-layout-constrained wp-container-core-group-is-layout-e5c0cd5e wp-block-group-is-layout-constrained\" style=\"padding-top:30px;padding-right:30px;padding-bottom:30px;padding-left:30px\"><h4 class=\"wp-block-post-title\"><a href=\"https:\/\/turunlennokkiseura.com\/tls\/2025\/01\/02\/puheenjohtajan-terveiset-alkaneelle-vuodelle\/\" target=\"_self\" >Puheenjohtajan terveiset alkaneelle vuodelle<\/a><\/h4>\n\n\n\n<div class=\"wp-block-post-excerpt\"><p class=\"wp-block-post-excerpt__excerpt\">Hyv\u00e4\u00e4 alkanutta vuotta seuran j\u00e4senille sek\u00e4 yhteisty\u00f6kumppaneillemme. Edellinen vuosi oli tapahtumarikas ja kaikinpuolin menestyksek\u00e4s. Seura t\u00e4ytti kunnioitettavat 40 vuotta ja j\u00e4rjestimme runsaasti kilpailuja ja tapahtumia sek\u00e4 saimme uusia yhteisty\u00f6kumppaneita. Lenn\u00e4tyskausi ei loppunut syksyll\u00e4 vaan saimme n. joka toiseksi viikonlopuksi hallivuoron sis\u00e4lenn\u00e4tyst\u00e4 varten Lietohalliin. Sis\u00e4lenn\u00e4tyksiss\u00e4 on ollut runsaasti lenn\u00e4tt\u00e4ji\u00e4 ja lis\u00e4\u00e4kin olisi mahtunut joten kaikki rohkeasti<\/p><p class=\"wp-block-post-excerpt__more-text\"><a class=\"wp-block-post-excerpt__more-link\" href=\"https:\/\/turunlennokkiseura.com\/tls\/2025\/01\/02\/puheenjohtajan-terveiset-alkaneelle-vuodelle\/\">Lis\u00e4\u00e4&#8230;<\/a><\/p><\/div>\n\n<div class=\"wp-block-post-date\"><time datetime=\"2025-01-02T19:48:30+03:00\">02.01.2025<\/time><\/div><\/div>\n\n<\/li><\/ul><\/div>\n<\/div>\n<\/div>\n","protected":false},"excerpt":{"rendered":"<p>Sponsorit<\/p>\n","protected":false},"author":1,"featured_media":0,"parent":0,"menu_order":0,"comment_status":"closed","ping_status":"closed","template":"","meta":{"pgc_sgb_lightbox_settings":"","footnotes":""},"class_list":["post-12","page","type-page","status-publish","hentry"],"_links":{"self":[{"href":"https:\/\/turunlennokkiseura.com\/tls\/wp-json\/wp\/v2\/pages\/12","targetHints":{"allow":["GET"]}}],"collection":[{"href":"https:\/\/turunlennokkiseura.com\/tls\/wp-json\/wp\/v2\/pages"}],"about":[{"href":"https:\/\/turunlennokkiseura.com\/tls\/wp-json\/wp\/v2\/types\/page"}],"author":[{"embeddable":true,"href":"https:\/\/turunlennokkiseura.com\/tls\/wp-json\/wp\/v2\/users\/1"}],"replies":[{"embeddable":true,"href":"https:\/\/turunlennokkiseura.com\/tls\/wp-json\/wp\/v2\/comments?post=12"}],"version-history":[{"count":33,"href":"https:\/\/turunlennokkiseura.com\/tls\/wp-json\/wp\/v2\/pages\/12\/revisions"}],"predecessor-version":[{"id":1724,"href":"https:\/\/turunlennokkiseura.com\/tls\/wp-json\/wp\/v2\/pages\/12\/revisions\/1724"}],"wp:attachment":[{"href":"https:\/\/turunlennokkiseura.com\/tls\/wp-json\/wp\/v2\/media?parent=12"}],"curies":[{"name":"wp","href":"https:\/\/api.w.org\/{rel}","templated":true}]}}